{"id":7,"date":"2011-09-24T09:51:28","date_gmt":"2011-09-24T07:51:28","guid":{"rendered":"http:\/\/www.ec-magazin.de\/?page_id=6"},"modified":"2026-04-13T11:28:50","modified_gmt":"2026-04-13T09:28:50","slug":"start","status":"publish","type":"page","link":"https:\/\/mag.ebmpapst.com\/de\/","title":{"rendered":"Start"},"content":{"rendered":"\n\n<div class=\"grid-item grid-item-row1\">\n\n\n<article id=\"post-40443\" class=\"entry-preview entry-preview-no-1 post-40443 post type-post status-publish format-standard hentry category-kaelte-klima category-ventilatoren\">\n\t<a href=\"https:\/\/mag.ebmpapst.com\/de\/branchen\/kaelte-klima\/ein-retrofit-fuer-nbcuniversal_40443\/\" rel=\"bookmark\" title=\"Ein Retrofit f\u00fcrs Fern\u00adsehen\">\n\n\n\n\t\t<figure class=\"preview-media\">\n\t\t\n \n\t\t\t\t<div class=\"m2g-media-wrapper\"><img loading=\"lazy\" decoding=\"async\" width=\"1920\" height=\"1080\" src=\"https:\/\/ebmpapst-7237.kxcdn.com\/de\/files\/2026\/03\/NBC_Mixing-Stage_014_FINAL_COL_01GW.webp\" class=\"attachment-full size-full\" alt sizes=\"auto, (max-width: 1920px) 100vw, 1920px\" srcset=\"https:\/\/ebmpapst-7237.kxcdn.com\/de\/files\/2026\/03\/NBC_Mixing-Stage_014_FINAL_COL_01GW.webp 1920w, https:\/\/ebmpapst-7237.kxcdn.com\/de\/files\/2026\/03\/NBC_Mixing-Stage_014_FINAL_COL_01GW-660x371.webp 660w, https:\/\/ebmpapst-7237.kxcdn.com\/de\/files\/2026\/03\/NBC_Mixing-Stage_014_FINAL_COL_01GW-960x540.webp 960w, https:\/\/ebmpapst-7237.kxcdn.com\/de\/files\/2026\/03\/NBC_Mixing-Stage_014_FINAL_COL_01GW-260x146.webp 260w, https:\/\/ebmpapst-7237.kxcdn.com\/de\/files\/2026\/03\/NBC_Mixing-Stage_014_FINAL_COL_01GW-768x432.webp 768w, https:\/\/ebmpapst-7237.kxcdn.com\/de\/files\/2026\/03\/NBC_Mixing-Stage_014_FINAL_COL_01GW-1536x864.webp 1536w, https:\/\/ebmpapst-7237.kxcdn.com\/de\/files\/2026\/03\/NBC_Mixing-Stage_014_FINAL_COL_01GW-450x253.webp 450w, https:\/\/ebmpapst-7237.kxcdn.com\/de\/files\/2026\/03\/NBC_Mixing-Stage_014_FINAL_COL_01GW-300x169.webp 300w\"><\/div>\n\n\t\t<\/figure><!-- .preview-media -->\n\n<div class=\"article-preview-text\">\n\t\t<header class=\"entry-header\">\n\t\t\t<h1 class=\"entry-title\"><span>Ein Retrofit f\u00fcrs Fern\u00adsehen\t\t<\/span><\/h1><\/header><!-- .entry-header -->\n\t\n\t\t<p>Beim zentralen K\u00fchl\u00adturm\u00adsystem des US-ameri\u00ad\u00adka\u00ad\u00adni\u00ad\u00adschen Medi\u00aden\u00adun\u00adter\u00adneh\u00admens <b>NBCUni\u00adversal<\/b> in Los Angeles kommt es mehr\u00adfach zu Ausf\u00e4llen. Deshalb geht die Firma <b>Air Condi\u00adtio\u00adning Solu\u00adtions<\/b> auf Ursa\u00adchen\u00adsuche \u2013 und wendet sich f\u00fcr ein Retrofit dreier K\u00fchl\u00adt\u00fcrme an seinen lang\u00adj\u00e4h\u00adrigen Partner ebm-papst. <span class=\"more\">\u00bb<\/span><\/p>\t\n<\/div>\n\t\t<\/a>\n\t<\/article><!-- .preview -->\n\n<\/div>\n\n\n\n<div class=\"grid-item grid-item-row2\">\n\n\n<article id=\"post-41017\" class=\"entry-preview entry-preview-no-2 post-41017 post type-post status-publish format-standard hentry category-geblaese category-kaelte-klima category-ventilatoren\">\n\t<a href=\"https:\/\/mag.ebmpapst.com\/de\/branchen\/kaelte-klima\/spectronik-mobil-mit-wasserstoff-brennstoffzellen_41017\/\" rel=\"bookmark\" title=\"Mobil mit Wasser\u00adstoff\">\n\n\n\n\t\t<figure class=\"preview-media\">\n\t\t\n \n\t\t\t\t<div class=\"m2g-media-wrapper\"><img loading=\"lazy\" decoding=\"async\" width=\"960\" height=\"540\" src=\"https:\/\/ebmpapst-7237.kxcdn.com\/de\/files\/2026\/04\/Spectronik-Singapur-Wasserstoff-Brennstoffzellen-1-960x540.webp\" class=\"attachment-large size-large\" alt srcset=\"https:\/\/ebmpapst-7237.kxcdn.com\/de\/files\/2026\/04\/Spectronik-Singapur-Wasserstoff-Brennstoffzellen-1-960x540.webp 960w, https:\/\/ebmpapst-7237.kxcdn.com\/de\/files\/2026\/04\/Spectronik-Singapur-Wasserstoff-Brennstoffzellen-1-660x371.webp 660w, https:\/\/ebmpapst-7237.kxcdn.com\/de\/files\/2026\/04\/Spectronik-Singapur-Wasserstoff-Brennstoffzellen-1-260x146.webp 260w, https:\/\/ebmpapst-7237.kxcdn.com\/de\/files\/2026\/04\/Spectronik-Singapur-Wasserstoff-Brennstoffzellen-1-768x432.webp 768w, https:\/\/ebmpapst-7237.kxcdn.com\/de\/files\/2026\/04\/Spectronik-Singapur-Wasserstoff-Brennstoffzellen-1-1536x864.webp 1536w, https:\/\/ebmpapst-7237.kxcdn.com\/de\/files\/2026\/04\/Spectronik-Singapur-Wasserstoff-Brennstoffzellen-1-450x253.webp 450w, https:\/\/ebmpapst-7237.kxcdn.com\/de\/files\/2026\/04\/Spectronik-Singapur-Wasserstoff-Brennstoffzellen-1-300x169.webp 300w, https:\/\/ebmpapst-7237.kxcdn.com\/de\/files\/2026\/04\/Spectronik-Singapur-Wasserstoff-Brennstoffzellen-1.webp 1920w\" sizes=\"auto, (max-width: 960px) 100vw, 960px\"><\/div>\n\n\t\t<\/figure><!-- .preview-media -->\n\n<div class=\"article-preview-text\">\n\t\t<header class=\"entry-header\">\n\t\t\t<h1 class=\"entry-title\"><span>Mobil mit Wasser\u00adstoff\t\t<\/span><\/h1><\/header><!-- .entry-header -->\n\t\n\t\t<p>Ob Drohne, Roboter oder Golf\u00adcart: Mobile Anwen\u00addungen sollen leicht sein, lange laufen und sich schnell wieder aufladen lassen. Mit seinen kompakten <b>Wasser\u00ad\u00adstoff-Bren\u00adn\u00ad\u00adstof\u00adf\u00ad\u00adzellen<\/b> macht Spec\u00adtronik genau das m\u00f6glich. Venti\u00adla\u00adtoren und Gebl\u00e4se von ebm-papst sorgen dabei f\u00fcr stabile Tempe\u00adra\u00adturen und eine zuver\u00adl\u00e4s\u00adsige Sauer\u00adstoff\u00adver\u00adsor\u00adgung.<span class=\"more\">\u00bb<\/span><\/p>\t\n<\/div>\n\t\t<\/a>\n\t<\/article><!-- .preview -->\n\n<\/div>\n\n<div class=\"grid-item grid-item-row2\">\n\n\n<article id=\"post-40908\" class=\"entry-preview entry-preview-no-3 post-40908 post type-post status-publish format-standard hentry category-ventilatoren\">\n\t<a href=\"https:\/\/mag.ebmpapst.com\/de\/produkte\/ventilatoren\/radon-abfuehrung-mit-ventilatoren-festa-radon-technologies_40908\/\" rel=\"bookmark\" title=\"Diese Venti\u00adla\u00adtoren k\u00f6nnen Leben retten\">\n\n\n\n\t\t<figure class=\"preview-media\">\n\t\t\n \n\t\t\t\t<div class=\"m2g-media-wrapper\"><img loading=\"lazy\" decoding=\"async\" width=\"960\" height=\"540\" src=\"https:\/\/ebmpapst-7237.kxcdn.com\/de\/files\/2026\/03\/Festa-Radon-Technologies-Co-960x540.webp\" class=\"attachment-large size-large\" alt style=\"object-position: 50% 0%;\" srcset=\"https:\/\/ebmpapst-7237.kxcdn.com\/de\/files\/2026\/03\/Festa-Radon-Technologies-Co-960x540.webp 960w, https:\/\/ebmpapst-7237.kxcdn.com\/de\/files\/2026\/03\/Festa-Radon-Technologies-Co-660x371.webp 660w, https:\/\/ebmpapst-7237.kxcdn.com\/de\/files\/2026\/03\/Festa-Radon-Technologies-Co-260x146.webp 260w, https:\/\/ebmpapst-7237.kxcdn.com\/de\/files\/2026\/03\/Festa-Radon-Technologies-Co-768x432.webp 768w, https:\/\/ebmpapst-7237.kxcdn.com\/de\/files\/2026\/03\/Festa-Radon-Technologies-Co-1536x864.webp 1536w, https:\/\/ebmpapst-7237.kxcdn.com\/de\/files\/2026\/03\/Festa-Radon-Technologies-Co-450x253.webp 450w, https:\/\/ebmpapst-7237.kxcdn.com\/de\/files\/2026\/03\/Festa-Radon-Technologies-Co-300x169.webp 300w, https:\/\/ebmpapst-7237.kxcdn.com\/de\/files\/2026\/03\/Festa-Radon-Technologies-Co.webp 1920w\" sizes=\"auto, (max-width: 960px) 100vw, 960px\"><\/div>\n\n\t\t<\/figure><!-- .preview-media -->\n\n<div class=\"article-preview-text\">\n\t\t<header class=\"entry-header\">\n\t\t\t<h1 class=\"entry-title\"><span>Diese Venti\u00adla\u00adtoren k\u00f6nnen Leben retten\t\t<\/span><\/h1><\/header><!-- .entry-header -->\n\t\n\t\t<p>Das <b>radio\u00adak\u00adtive Gas Radon (Rn) <\/b> ist unsichtbar, geruchlos \u2013 und gef\u00e4hr\u00adlich. Reichert es sich in Innen\u00adr\u00e4umen an, macht es lang\u00adfristig krank. Das US-Unter\u00ad\u00adnehmen Festa Radon Tech\u00adno\u00adlo\u00adgies hat sich darauf spezia\u00adli\u00adsiert, genau das zu verhin\u00addern \u2013 mit EC-Venti\u00adla\u00ad\u00adtoren von ebm-papst.<span class=\"more\">\u00bb<\/span><\/p>\t\n<\/div>\n\t\t<\/a>\n\t<\/article><!-- .preview -->\n\n<\/div>\n\n\n\n<div class=\"grid-item grid-item\">\n\n\n<article id=\"post-40843\" class=\"entry-preview entry-preview-no-4 m2g-video-teaser  post-40843 post type-post status-publish format-standard hentry category-kaelte-klima category-ventilatoren\">\n\t<a href=\"https:\/\/mag.ebmpapst.com\/de\/branchen\/kaelte-klima\/retrofit-deutsche-messe-ag-nexaira-fit_40843\/\" rel=\"bookmark\" title=\"Hannover Messe setzt auf EC-Tech\u00adno\u00adlogie und digi\u00adtales Moni\u00adto\u00adring\">\n\n\n\n\t\t<figure class=\"preview-media\">\n\t\t\n \n\t\t\t\t<div class=\"m2g-media-wrapper\">\n<div class=\"video-container\" style=\" background-image: url(https:\/\/ebmpapst-7237.kxcdn.com\/de\/files\/2026\/04\/Retrofit-Hannovermesse_Header-960x540.jpg);\"><iframe loading=\"lazy\" class=\"vimeo-iframe\" src=\"https:\/\/player.vimeo.com\/video\/1180706948?dnt=1&amp;autoplay=1&amp;loop=1&amp;autopause=0&amp;muted=1&amp;background=1\" width=\"960\" height=\"540\" frameborder=\"0\" allowfullscreen=\"allowfullscreen\"><\/iframe><\/div>\n<\/div>\n\n\t\t<\/figure><!-- .preview-media -->\n\n<div class=\"article-preview-text\">\n\t\t<header class=\"entry-header\">\n\t\t\t<h1 class=\"entry-title\"><span>Hannover Messe setzt auf EC-Tech\u00ad\u00adno\u00ad\u00adlogie und digi\u00adtales Moni\u00adto\u00adring\t\t<\/span><\/h1><\/header><!-- .entry-header -->\n\t\n\t\t<p>Die <b>Deut\u00adsche Messe AG<\/b> betreibt rund <b>121 zentrale L\u00fcftungs\u00adan\u00adlagen<\/b> \u00fcber das gesamte Gel\u00e4nde \u2013 viele davon stammen noch aus der Zeit der Expo 2000. Entspre\u00adchend hoch sind Ener\u00adgie\u00adver\u00adbrauch und Einspar\u00adpo\u00adten\u00adzial. Ein Retrofit der L\u00fcftungs\u00adan\u00adlagen im Pavillon 36 sorgt mit RadiPac C Perform Venti\u00adla\u00adtoren und NEXAIRA.Fit f\u00fcr deut\u00adlich mehr <b>Effi\u00adzienz und Trans\u00adpa\u00adrenz im Betrieb<\/b>.<span class=\"more\">\u00bb<\/span><\/p>\t\n<\/div>\n\t\t<\/a>\n\t<\/article><!-- .preview -->\n\n<\/div>\n\n<div class=\"grid-item grid-item\">\n\n\n<article id=\"post-40938\" class=\"entry-preview entry-preview-no-5 post-40938 post type-post status-publish format-standard hentry category-kaelte-klima category-ventilatoren\">\n\t<a href=\"https:\/\/mag.ebmpapst.com\/de\/branchen\/kaelte-klima\/l10-formel-der-mechanischen-lebensdauer-von-ventilatoren_40938\/\" rel=\"bookmark\" title=\"Die Formel der mecha\u00adni\u00adschen Lebens\u00addauer von Venti\u00adla\u00adtoren\">\n\n\n\n\t\t<figure class=\"preview-media\">\n\t\t\n \n\t\t\t\t<div class=\"m2g-media-wrapper\"><img loading=\"lazy\" decoding=\"async\" width=\"660\" height=\"371\" src=\"https:\/\/ebmpapst-7237.kxcdn.com\/de\/files\/2026\/04\/L10-Formel-660x371.webp\" class=\"attachment-medium size-medium\" alt srcset=\"https:\/\/ebmpapst-7237.kxcdn.com\/de\/files\/2026\/04\/L10-Formel-660x371.webp 660w, https:\/\/ebmpapst-7237.kxcdn.com\/de\/files\/2026\/04\/L10-Formel-960x540.webp 960w, https:\/\/ebmpapst-7237.kxcdn.com\/de\/files\/2026\/04\/L10-Formel-260x146.webp 260w, https:\/\/ebmpapst-7237.kxcdn.com\/de\/files\/2026\/04\/L10-Formel-768x432.webp 768w, https:\/\/ebmpapst-7237.kxcdn.com\/de\/files\/2026\/04\/L10-Formel-1536x864.webp 1536w, https:\/\/ebmpapst-7237.kxcdn.com\/de\/files\/2026\/04\/L10-Formel-450x253.webp 450w, https:\/\/ebmpapst-7237.kxcdn.com\/de\/files\/2026\/04\/L10-Formel-300x169.webp 300w, https:\/\/ebmpapst-7237.kxcdn.com\/de\/files\/2026\/04\/L10-Formel.webp 1920w\" sizes=\"auto, (max-width: 660px) 100vw, 660px\"><\/div>\n\n\t\t<\/figure><!-- .preview-media -->\n\n<div class=\"article-preview-text\">\n\t\t<header class=\"entry-header\">\n\t\t\t<h1 class=\"entry-title\"><span>Die Formel der mecha\u00adni\u00adschen Lebens\u00addauer von Venti\u00adla\u00adtoren\t\t<\/span><\/h1><\/header><!-- .entry-header -->\n\t\n\t\t<p>Venti\u00adla\u00adtoren leben so lange wie ihr Kugel\u00adlager. Mit der <b>L10 \u2013 Formel<\/b> und dyna\u00admi\u00adschen Echt\u00adzeit\u00addaten berechnet ebm-papst, wie lange diese halten. Die Methode zeigt, wie Betriebs\u00adbe\u00addin\u00adgungen die tats\u00e4ch\u00adliche Fett\u00adle\u00adbens\u00addauer beein\u00adflussen \u2014 und liefert damit eine realis\u00adti\u00adschere Prognose zur <b>Produkt\u00adzu\u00adver\u00adl\u00e4s\u00adsig\u00adkeit<\/b>.<span class=\"more\">\u00bb<\/span><\/p>\t\n<\/div>\n\t\t<\/a>\n\t<\/article><!-- .preview -->\n\n<\/div>\n\n<div class=\"grid-item grid-item\">\n\n\n<article id=\"post-40608\" class=\"entry-preview entry-preview-no-6 m2g-video-teaser  post-40608 post type-post status-publish format-standard hentry category-kaelte-klima category-ventilatoren\">\n\t<a href=\"https:\/\/mag.ebmpapst.com\/de\/branchen\/kaelte-klima\/heim-ag-waermepumpe-mit-propan-radipac-c_40608\/\" rel=\"bookmark\" title=\"Diese Pumpe bekommen wir sicher in deinen Keller.\">\n\n\n\n\t\t<figure class=\"preview-media\">\n\t\t\n \n\t <div class=\"video-overlay\">\n\t <svg class=\"video-overlay-play-button\" viewBox=\"0 0 200 200\" alt=\"Play video\">\\\n                    <circle cx=\"100\" cy=\"100\" r=\"90\" fill=\"rgba(33,33,33,0.2)\" stroke-width=\"15\" stroke=\"#fff\" \/>\n                    <polygon points=\"70, 55 70, 145 145, 100\" fill=\"#fff\" \/>\n\t <\/svg><\/div>\n \n\t\t\t\t<div class=\"m2g-media-wrapper\">\n<div class=\"video-container\" style=\" background-image: url(https:\/\/ebmpapst-7237.kxcdn.com\/de\/files\/2026\/03\/thumb-960x540.jpg);\"><iframe loading=\"lazy\" class=\"vimeo-iframe\" src=\"https:\/\/player.vimeo.com\/video\/1173244238?dnt=1&amp;autoplay=1&amp;loop=1&amp;autopause=0&amp;muted=1&amp;background=1\" width=\"960\" height=\"540\" frameborder=\"0\" allowfullscreen=\"allowfullscreen\"><\/iframe><\/div>\n<\/div>\n\n\t\t<\/figure><!-- .preview-media -->\n\n<div class=\"article-preview-text\">\n\t\t<header class=\"entry-header\">\n\t\t\t<h1 class=\"entry-title\"><span>Diese Pumpe bekommen wir sicher in deinen Keller.\t\t<\/span><\/h1><\/header><!-- .entry-header -->\n\t\n\t\t<p>Die Heim AG hat ihre erste innen\u00adauf\u00adge\u00adstellte Luft-Wasser-W\u00e4rme\u00ad\u00adpumpe f\u00fcr Einfa\u00admi\u00adli\u00aden\u00adh\u00e4user mit dem nicht-fluo\u00adrierte K\u00e4lte\u00admittel <b>Propan<\/b> entwi\u00adckelt. Das ist zwar \u00e4u\u00dferst klima\u00adfreund\u00adlich, aber auch entz\u00fcnd\u00adlich. Der <b>RadiPac C<\/b> macht den Betrieb sicher und effi\u00adzient.<span class=\"more\">\u00bb<\/span><\/p>\t\n<\/div>\n\t\t<\/a>\n\t<\/article><!-- .preview -->\n\n<\/div>\n\n<div class=\"grid-item grid-item\">\n\n\n<article id=\"post-40666\" class=\"entry-preview entry-preview-no-7 post-40666 post type-post status-publish format-standard hentry category-kaelte-klima category-ventilatoren\">\n\t<a href=\"https:\/\/mag.ebmpapst.com\/de\/branchen\/kaelte-klima\/highlightprodukt-axiblade-perform_40666\/\" rel=\"bookmark\" title=\"\u201eKlingt nach einem Detail, ist aber ein Game\u00adch\u00adanger\u201c\">\n\n\n\n\t\t<figure class=\"preview-media\">\n\t\t\n \n\t\t\t\t<div class=\"m2g-media-wrapper\"><img loading=\"lazy\" decoding=\"async\" width=\"660\" height=\"371\" src=\"https:\/\/ebmpapst-7237.kxcdn.com\/de\/files\/2026\/03\/AXIblade-660x371.webp\" class=\"attachment-medium size-medium\" alt srcset=\"https:\/\/ebmpapst-7237.kxcdn.com\/de\/files\/2026\/03\/AXIblade-660x371.webp 660w, https:\/\/ebmpapst-7237.kxcdn.com\/de\/files\/2026\/03\/AXIblade-960x540.webp 960w, https:\/\/ebmpapst-7237.kxcdn.com\/de\/files\/2026\/03\/AXIblade-260x146.webp 260w, https:\/\/ebmpapst-7237.kxcdn.com\/de\/files\/2026\/03\/AXIblade-768x432.webp 768w, https:\/\/ebmpapst-7237.kxcdn.com\/de\/files\/2026\/03\/AXIblade-1536x864.webp 1536w, https:\/\/ebmpapst-7237.kxcdn.com\/de\/files\/2026\/03\/AXIblade-450x253.webp 450w, https:\/\/ebmpapst-7237.kxcdn.com\/de\/files\/2026\/03\/AXIblade-300x169.webp 300w, https:\/\/ebmpapst-7237.kxcdn.com\/de\/files\/2026\/03\/AXIblade.webp 1920w\" sizes=\"auto, (max-width: 660px) 100vw, 660px\"><\/div>\n\n\t\t<\/figure><!-- .preview-media -->\n\n<div class=\"article-preview-text\">\n\t\t<header class=\"entry-header\">\n\t\t\t<h1 class=\"entry-title\"><span>\u201eKlingt nach einem Detail, ist aber ein Game\u00adch\u00adanger\u201c\t\t<\/span><\/h1><\/header><!-- .entry-header -->\n\t\n\t\t<p>Der neue <b>AxiBlade.Perform<\/b> f\u00fcr K\u00e4lte- und Klima\u00adtechnik hat jetzt einen Kunst\u00adstoff\u00adwand\u00adring. Der verant\u00adwort\u00adliche <b>Produkt\u00adma\u00adnager Johannes Neigert<\/b> verr\u00e4t, warum. (Spoiler: Erleich\u00adtert den Einbau und stei\u00adgert die Effi\u00adzienz und Luft\u00adleis\u00adtung.) <span class=\"more\">\u00bb<\/span><\/p>\t\n<\/div>\n\t\t<\/a>\n\t<\/article><!-- .preview -->\n\n<\/div>\n\n\n<div class=\"wp-block-group alignfull nhb-to-page has-background\" style=\"background-color:#a2b91e\"><div class=\"wp-block-group__inner-container is-layout-constrained wp-block-group-is-layout-constrained\">\n<div class=\"wp-block-columns alignwide banner-width is-layout-flex wp-container-core-columns-is-layout-9d6595d7 wp-block-columns-is-layout-flex\">\n<div class=\"wp-block-column is-vertically-aligned-bottom is-layout-flow wp-block-column-is-layout-flow\" style=\"flex-basis:50%\">\n<h2 class=\"wp-block-heading sup-head has-white-color has-text-color has-link-color wp-elements-8c3170c918ece6ee3e6179b92ae20bf0\">Nach\u00adhal\u00adtig\u00adkeits\u00adbe\u00adricht 2023\/24<\/h2>\n\n\n\n<h2 class=\"wp-block-heading has-white-color has-text-color has-background has-link-color wp-elements-7a6484f90887a596c0c79be504ec881f\" style=\"background-color:#a2b91e\">clear vision, sustainable mission<\/h2>\n\n\n\n<p class=\"has-white-color has-text-color has-link-color wp-elements-a1a978f78f82661182eda8bc9e897789\">Tauchen Sie ein in die Geschichten, die hinter unseren gr\u00fcnen Initia\u00adtiven stecken. Lassen Sie sich von dem Enga\u00adge\u00adment anste\u00adcken, mit dem wir eine bessere Zukunft gestalten.<\/p>\n\n\n\n<div class=\"wp-block-buttons is-vertical is-layout-flex wp-container-core-buttons-is-layout-8cf370e7 wp-block-buttons-is-layout-flex\">\n<div class=\"wp-block-button has-custom-font-size button-chevron-right nhb-pdf-download\" style=\"font-size:16px;text-transform:none\"><a class=\"wp-block-button__link has-background wp-element-button\" href=\"https:\/\/www.ebmpapst.com\/de\/de\/company\/sustainability.html#Broschure\" style=\"background-color:#007cbc\" target=\"_blank\" rel=\"noreferrer noopener\">Nach\u00adhal\u00adtig\u00adkeits\u00adbe\u00adricht als PDF <i class=\"mgznkr-icon fa fa-chevron-right fas\"><\/i><\/a><\/div>\n\n\n\n<div class=\"wp-block-button has-custom-font-size button-chevron-right\" style=\"font-size:16px;text-transform:none\"><a class=\"wp-block-button__link has-background wp-element-button\" href=\"https:\/\/mag.ebmpapst.com\/de\/nachhaltigkeitsbericht-2023-2024\" style=\"background-color:#007cbc\" target=\"_blank\" rel=\"noreferrer noopener\">Alle Geschichten entde\u00adcken <i class=\"mgznkr-icon fa fa-chevron-right fas\"><\/i><\/a><\/div>\n<\/div>\n<\/div>\n<\/div>\n\n\n\n<style>\n.post div.nhb-to-page{\nmargin-bottom: 30px;\n}\ndiv.nhb-to-page{\nmargin-top: 30px;\nmargin-bottom: 100px;\n}\n.alignwide.banner-width {\nmax-width: 100%;\nwidth: 1240px;\npadding: 30px;\nmargin: 0;\n}\n.nhb-to-page .wp-block-button a {\ntext-transform: unset;\n}\n.sup-head{\nfont-size: 2.1rem\n}\n.nhb-to-page h2:not(.sup-head) {\nmargin-top: 2px;\npadding: 0.3em 0.4em 0.2em 0.4em;\ntext-transform: uppercase;\ndisplay: inline-block;\nfont-size: 2.6rem;\n}\n.article-content .nhb-to-page h2{\n margin-top: 0\n}\n.nhb-to-page .wp-block-buttons,\n.nhb-to-page .wp-block-image  {\nmargin-bottom: 0;\n}\n.nhb-to-page > div {\nposition: relative;\nz-index: 0;\n}\n.nhb-to-page > div:before {\ncontent:'';\ndisplay: block;\nposition: absolute;\nz-index: -1;\ntop:0;\nwidth: 100%;\nheight: 100%;\nbackground-image: url('\/\/ebmpapst-7237.kxcdn.com\/de\/files\/2024\/06\/Banner-NHB-ebm-papst-2024_6.jpg');\nbackground-position: 0% 40%;\nbackground-repeat: no-repeat;\nbackground-size: cover;\n}\n@media (min-width: 500px) {\n.nhb-to-page h2:not(.sup-head) {\nmin-width: max-content;\n}\n}\n\n@media (min-width: 1003px) {\n.nhb-to-page .wp-container-core-buttons-is-layout-1.wp-container-core-buttons-is-layout-1 {\nflex-direction: row;\ngap: 1em;\n}\n}\n<\/style><script type=\"text\/javascript\">\n\tjQuery(document).ready(function($){\n\t\t$(\".nhb-pdf-download\").on( \"click\", function() {\n\t\t\t_paq.push([\"trackEvent\", \"nhb-2024\", \"nhb-pdf-download\"]);\n\t\t})\n\t});\n<\/script>\n<\/div><\/div>\n\n\n\n\n<div class=\"grid-item grid-item\">\n\n\n<article id=\"post-40543\" class=\"entry-preview entry-preview-no-8 post-40543 post type-post status-publish format-standard hentry category-einblicke\">\n\t<a href=\"https:\/\/mag.ebmpapst.com\/de\/einblicke\/jugend-forscht-engagiert-fuer-die-erfinder-von-morgen_40543\/\" rel=\"bookmark\" title=\"Enga\u00adgiert f\u00fcr die Erfinder von morgen\">\n\n\n\n\t\t<figure class=\"preview-media\">\n\t\t\n \n\t\t\t\t<div class=\"m2g-media-wrapper\"><img loading=\"lazy\" decoding=\"async\" width=\"660\" height=\"371\" src=\"https:\/\/ebmpapst-7237.kxcdn.com\/de\/files\/2026\/03\/JugendForscht_Head-660x371.webp\" class=\"attachment-medium size-medium\" alt srcset=\"https:\/\/ebmpapst-7237.kxcdn.com\/de\/files\/2026\/03\/JugendForscht_Head-660x371.webp 660w, https:\/\/ebmpapst-7237.kxcdn.com\/de\/files\/2026\/03\/JugendForscht_Head-960x540.webp 960w, https:\/\/ebmpapst-7237.kxcdn.com\/de\/files\/2026\/03\/JugendForscht_Head-260x146.webp 260w, https:\/\/ebmpapst-7237.kxcdn.com\/de\/files\/2026\/03\/JugendForscht_Head-768x432.webp 768w, https:\/\/ebmpapst-7237.kxcdn.com\/de\/files\/2026\/03\/JugendForscht_Head-1536x864.webp 1536w, https:\/\/ebmpapst-7237.kxcdn.com\/de\/files\/2026\/03\/JugendForscht_Head-450x253.webp 450w, https:\/\/ebmpapst-7237.kxcdn.com\/de\/files\/2026\/03\/JugendForscht_Head-300x169.webp 300w, https:\/\/ebmpapst-7237.kxcdn.com\/de\/files\/2026\/03\/JugendForscht_Head.webp 1920w\" sizes=\"auto, (max-width: 660px) 100vw, 660px\"><\/div>\n\n\t\t<\/figure><!-- .preview-media -->\n\n<div class=\"article-preview-text\">\n\t\t<header class=\"entry-header\">\n\t\t\t<h1 class=\"entry-title\"><span>Enga\u00adgiert f\u00fcr die Erfinder von morgen\t\t<\/span><\/h1><\/header><!-- .entry-header -->\n\t\n\t\t<p>Der Wett\u00adbe\u00adwerb <b>Jugend forscht<\/b> geht in die 61. Runde. Hier f\u00f6rdert ebm-papst seit 1999 als <b>Paten\u00adun\u00adter\u00adnehmen<\/b> die n\u00e4chste Gene\u00adra\u00adtion der Erfin\u00adde\u00adrinnen und T\u00fcftler. <span class=\"more\">\u00bb<\/span><\/p>\t\n<\/div>\n\t\t<\/a>\n\t<\/article><!-- .preview -->\n\n<\/div>\n\n<div class=\"grid-item grid-item\">\n\n\n<article id=\"post-40520\" class=\"entry-preview entry-preview-no-9 post-40520 post type-post status-publish format-standard hentry category-heizung category-ventilatoren tag-waermepumpe\">\n\t<a href=\"https:\/\/mag.ebmpapst.com\/de\/branchen\/heizung\/eisspeicher-waermepumpe-triton-nullpunkt-die-drei-fur-die-eiszeit_40520\/\" rel=\"bookmark\" title=\"Die Drei f\u00fcr die Eiszeit\">\n\n\n\n\t\t<figure class=\"preview-media\">\n\t\t\n \n\t\t\t\t<div class=\"m2g-media-wrapper\"><img loading=\"lazy\" decoding=\"async\" width=\"660\" height=\"371\" src=\"https:\/\/ebmpapst-7237.kxcdn.com\/de\/files\/2026\/03\/nullpunkt_Eisspeicher-Technik-Pascal-Barmet-Michael-Egli-Thomas-Degelo-660x371.webp\" class=\"attachment-medium size-medium\" alt srcset=\"https:\/\/ebmpapst-7237.kxcdn.com\/de\/files\/2026\/03\/nullpunkt_Eisspeicher-Technik-Pascal-Barmet-Michael-Egli-Thomas-Degelo-660x371.webp 660w, https:\/\/ebmpapst-7237.kxcdn.com\/de\/files\/2026\/03\/nullpunkt_Eisspeicher-Technik-Pascal-Barmet-Michael-Egli-Thomas-Degelo-960x540.webp 960w, https:\/\/ebmpapst-7237.kxcdn.com\/de\/files\/2026\/03\/nullpunkt_Eisspeicher-Technik-Pascal-Barmet-Michael-Egli-Thomas-Degelo-260x146.webp 260w, https:\/\/ebmpapst-7237.kxcdn.com\/de\/files\/2026\/03\/nullpunkt_Eisspeicher-Technik-Pascal-Barmet-Michael-Egli-Thomas-Degelo-768x432.webp 768w, https:\/\/ebmpapst-7237.kxcdn.com\/de\/files\/2026\/03\/nullpunkt_Eisspeicher-Technik-Pascal-Barmet-Michael-Egli-Thomas-Degelo-1536x864.webp 1536w, https:\/\/ebmpapst-7237.kxcdn.com\/de\/files\/2026\/03\/nullpunkt_Eisspeicher-Technik-Pascal-Barmet-Michael-Egli-Thomas-Degelo-450x253.webp 450w, https:\/\/ebmpapst-7237.kxcdn.com\/de\/files\/2026\/03\/nullpunkt_Eisspeicher-Technik-Pascal-Barmet-Michael-Egli-Thomas-Degelo-300x169.webp 300w, https:\/\/ebmpapst-7237.kxcdn.com\/de\/files\/2026\/03\/nullpunkt_Eisspeicher-Technik-Pascal-Barmet-Michael-Egli-Thomas-Degelo.webp 1920w\" sizes=\"auto, (max-width: 660px) 100vw, 660px\"><\/div>\n\n\t\t<\/figure><!-- .preview-media -->\n\n<div class=\"article-preview-text\">\n\t\t<header class=\"entry-header\">\n\t\t\t<h1 class=\"entry-title\"><span>Die Drei f\u00fcr die Eiszeit\t\t<\/span><\/h1><\/header><!-- .entry-header -->\n\t\n\t\t<p>Mit ihrer W\u00e4rme\u00adpumpe <b>\u201eTriton\u201d<\/b> bringen die Schweizer von <b>null\u00adpunkt<\/b> die <b>Eisspei\u00ad\u00adcher-Technik<\/b> ins Eigen\u00adheim. Das stei\u00adgert die Effi\u00adzienz beim Heizen und ist au\u00dferdem fl\u00fcs\u00adter\u00adleise \u2014 auch dank AxiTone.<span class=\"more\">\u00bb<\/span><\/p>\t\n<\/div>\n\t\t<\/a>\n\t<\/article><!-- .preview -->\n\n<\/div>\n\n<div class=\"grid-item grid-item\">\n\n\n<article id=\"post-40386\" class=\"entry-preview entry-preview-no-10 m2g-video-teaser  post-40386 post type-post status-publish format-standard hentry category-erp category-ventilatoren\">\n\t<a href=\"https:\/\/mag.ebmpapst.com\/de\/produkte\/ventilatoren\/fachartikel-erp-2026-verschaerfte-effizienzanforderungen-und-neue-systemgrenzen-fuer-ventilatoren_40386\/\" rel=\"bookmark\" title=\"ErP 2026: Versch\u00e4rfte Effi\u00adzi\u00adenz\u00adan\u00adfor\u00adde\u00adrungen\">\n\n\n\n\t\t<figure class=\"preview-media\">\n\t\t\n \n\t\t\t\t<div class=\"m2g-media-wrapper\">\n<div class=\"video-container\" style=\" background-image: url(https:\/\/ebmpapst-7237.kxcdn.com\/de\/files\/2026\/03\/visual_erp_verodnung-1-960x540.webp);\"><iframe loading=\"lazy\" class=\"vimeo-iframe\" src=\"https:\/\/player.vimeo.com\/video\/1171711656?dnt=1&amp;autoplay=1&amp;loop=1&amp;autopause=0&amp;muted=1&amp;background=1\" width=\"960\" height=\"540\" frameborder=\"0\" allowfullscreen=\"allowfullscreen\"><\/iframe><\/div>\n<\/div>\n\n\t\t<\/figure><!-- .preview-media -->\n\n<div class=\"article-preview-text\">\n\t\t<header class=\"entry-header\">\n\t\t\t<h1 class=\"entry-title\"><span>ErP 2026: Versch\u00e4rfte Effi\u00adzi\u00adenz\u00adan\u00adfor\u00adde\u00adrungen\t\t<\/span><\/h1><\/header><!-- .entry-header -->\n\t\n\t\t<p>Mit der <b>ErP 2026<\/b> versch\u00e4rft die Euro\u00adp\u00e4i\u00adsche Union die Anfor\u00adde\u00adrungen an Venti\u00adla\u00adtoren deut\u00adlich. <b>Neue Effi\u00adzi\u00adenz\u00adgrenzen<\/b>, <b>ver\u00e4n\u00adderte Mess\u00adme\u00adthoden<\/b>, eine klare <b>Defi\u00adni\u00adtion des Venti\u00adla\u00adtors<\/b> sowie erwei\u00adterte <b>Doku\u00ad\u00admen\u00ad\u00adta\u00ad\u00adtions- und Herstel\u00adler\u00adpflichten<\/b> ver\u00e4n\u00addern Ausle\u00adgung, Bewer\u00adtung und Verant\u00adwor\u00adtung in der Luft\u00adtechnik grund\u00adle\u00adgend. ebm-papst bereitet sein Port\u00adfolio fr\u00fch\u00adzeitig auf die neuen Vorgaben vor und unter\u00adst\u00fctzt Kunden dabei, die regu\u00adla\u00adto\u00adri\u00adsche Umstel\u00adlung tech\u00adnisch sicher und planbar zu gestalten.<span class=\"more\">\u00bb<\/span><\/p>\t\n<\/div>\n\t\t<\/a>\n\t<\/article><!-- .preview -->\n\n<\/div>\n\n<div class=\"grid-item grid-item\">\n\n\n<article id=\"post-40365\" class=\"entry-preview entry-preview-no-11 post-40365 post type-post status-publish format-standard hentry category-erp category-ventilatoren\">\n\t<a href=\"https:\/\/mag.ebmpapst.com\/de\/produkte\/ventilatoren\/erp-2026-julien-grilliat-wir-lassen-unsere-kunden-mit-dieser-aufgabe-nicht-allein_40365\/\" rel=\"bookmark\" title=\"\u201eWir lassen unsere Kunden mit dieser Aufgabe nicht allein\u201c\">\n\n\n\n\t\t<figure class=\"preview-media\">\n\t\t\n \n\t\t\t\t<div class=\"m2g-media-wrapper\"><img loading=\"lazy\" decoding=\"async\" width=\"660\" height=\"371\" src=\"https:\/\/ebmpapst-7237.kxcdn.com\/de\/files\/2026\/03\/DrJulienGrilliat_ebm-papst-660x371.webp\" class=\"attachment-medium size-medium\" alt style=\"object-position: 50% 0%;\" srcset=\"https:\/\/ebmpapst-7237.kxcdn.com\/de\/files\/2026\/03\/DrJulienGrilliat_ebm-papst-660x371.webp 660w, https:\/\/ebmpapst-7237.kxcdn.com\/de\/files\/2026\/03\/DrJulienGrilliat_ebm-papst-960x540.webp 960w, https:\/\/ebmpapst-7237.kxcdn.com\/de\/files\/2026\/03\/DrJulienGrilliat_ebm-papst-260x146.webp 260w, https:\/\/ebmpapst-7237.kxcdn.com\/de\/files\/2026\/03\/DrJulienGrilliat_ebm-papst-768x432.webp 768w, https:\/\/ebmpapst-7237.kxcdn.com\/de\/files\/2026\/03\/DrJulienGrilliat_ebm-papst-1536x864.webp 1536w, https:\/\/ebmpapst-7237.kxcdn.com\/de\/files\/2026\/03\/DrJulienGrilliat_ebm-papst-450x253.webp 450w, https:\/\/ebmpapst-7237.kxcdn.com\/de\/files\/2026\/03\/DrJulienGrilliat_ebm-papst-300x169.webp 300w, https:\/\/ebmpapst-7237.kxcdn.com\/de\/files\/2026\/03\/DrJulienGrilliat_ebm-papst.webp 1796w\" sizes=\"auto, (max-width: 660px) 100vw, 660px\"><\/div>\n\n\t\t<\/figure><!-- .preview-media -->\n\n<div class=\"article-preview-text\">\n\t\t<header class=\"entry-header\">\n\t\t\t<h1 class=\"entry-title\"><span>\u201eWir lassen unsere Kunden mit dieser Aufgabe nicht allein\u201c\t\t<\/span><\/h1><\/header><!-- .entry-header -->\n\t\n\t\t<p>Dr. Julien Gril\u00adliat ist Director Regu\u00adla\u00adtory Affairs bei ebm-papst.&nbsp;Im Inter\u00adview spricht er \u00fcber die neue <b>\u00d6kode\u00ad\u00adsign-Rich\u00adt\u00ad\u00adlinie<\/b>&nbsp;und zuge\u00adh\u00f6\u00adrige <b>Venti\u00adlator-Veror\u00add\u00ad\u00adnung (ErP 2026)<\/b>, was sie f\u00fcr Hersteller und Betreiber bedeutet \u2013 und dar\u00fcber, wie ebm-papst seine Kunden beim Wandel begleitet.<span class=\"more\">\u00bb<\/span><\/p>\t\n<\/div>\n\t\t<\/a>\n\t<\/article><!-- .preview -->\n\n<\/div>\n\n<div class=\"grid-item grid-item\">\n\n\n<article id=\"post-40303\" class=\"entry-preview entry-preview-no-12 post-40303 post type-post status-publish format-standard hentry category-kaelte-klima category-ventilatoren\">\n\t<a href=\"https:\/\/mag.ebmpapst.com\/de\/branchen\/kaelte-klima\/radipac-m-hoehere-effizienz-durch-hochleistungs-metalllaufrad_40303\/\" rel=\"bookmark\" title=\"RadiPac M: H\u00f6here Effi\u00adzienz durch Hoch\u00adleis\u00adtungs-Metall\u00adlaufrad\">\n\n\n\n\t\t<figure class=\"preview-media\">\n\t\t\n \n\t\t\t\t<div class=\"m2g-media-wrapper\"><img loading=\"lazy\" decoding=\"async\" width=\"660\" height=\"371\" src=\"https:\/\/ebmpapst-7237.kxcdn.com\/de\/files\/2026\/03\/Header-Radipac3m-shoot-660x371.webp\" class=\"attachment-medium size-medium\" alt srcset=\"https:\/\/ebmpapst-7237.kxcdn.com\/de\/files\/2026\/03\/Header-Radipac3m-shoot-660x371.webp 660w, https:\/\/ebmpapst-7237.kxcdn.com\/de\/files\/2026\/03\/Header-Radipac3m-shoot-960x540.webp 960w, https:\/\/ebmpapst-7237.kxcdn.com\/de\/files\/2026\/03\/Header-Radipac3m-shoot-260x146.webp 260w, https:\/\/ebmpapst-7237.kxcdn.com\/de\/files\/2026\/03\/Header-Radipac3m-shoot-768x432.webp 768w, https:\/\/ebmpapst-7237.kxcdn.com\/de\/files\/2026\/03\/Header-Radipac3m-shoot-1536x864.webp 1536w, https:\/\/ebmpapst-7237.kxcdn.com\/de\/files\/2026\/03\/Header-Radipac3m-shoot-450x253.webp 450w, https:\/\/ebmpapst-7237.kxcdn.com\/de\/files\/2026\/03\/Header-Radipac3m-shoot-300x169.webp 300w, https:\/\/ebmpapst-7237.kxcdn.com\/de\/files\/2026\/03\/Header-Radipac3m-shoot.webp 1920w\" sizes=\"auto, (max-width: 660px) 100vw, 660px\"><\/div>\n\n\t\t<\/figure><!-- .preview-media -->\n\n<div class=\"article-preview-text\">\n\t\t<header class=\"entry-header\">\n\t\t\t<h1 class=\"entry-title\"><span>RadiPac M: H\u00f6here Effi\u00adzienz durch Hoch\u00ad\u00ad\u00adleis\u00ad\u00adtungs-Metal\u00adl\u00adlaufrad\t\t<\/span><\/h1><\/header><!-- .entry-header -->\n\t\n\t\t<p>Neue M\u00f6glich\u00adkeiten bei der Form\u00adge\u00adbung und Herstel\u00adlung von EC-Radi\u00adal\u00ad\u00adven\u00ad\u00adti\u00adla\u00ad\u00adtoren erm\u00f6g\u00adlichten die Entwick\u00adlung der dritten Gene\u00adra\u00adtion von Hoch\u00adleis\u00adtungs\u00adlauf\u00adr\u00e4\u00addern. Ihre drei\u00addi\u00admen\u00adsional geformten Schau\u00adfeln zeichnen sich durch hohe Festig\u00adkeit und einen verbes\u00adserten Wirkungs\u00adgrad aus. Die <b>Hoch\u00adleis\u00adtungs\u00adven\u00adti\u00adla\u00adtoren mit Metall\u00adlaufrad<\/b> erf\u00fcllen dabei die strengen Brand\u00adschutz\u00advor\u00adschriften in <b>Nord\u00adame\u00adrika und Asien<\/b>, und eignen sich vor allem f\u00fcr den Einsatz in RLT-Anlagen, in Pr\u00e4zi\u00adsi\u00adons\u00adkli\u00adma\u00adge\u00adr\u00e4ten, der Elek\u00adtronik\u00adk\u00fch\u00adlung, in K\u00fchl\u00adt\u00fcrmen und in vielen weiteren k\u00e4lte- und klima\u00adtech\u00adni\u00adschen Anwen\u00addungen.<span class=\"more\">\u00bb<\/span><\/p>\t\n<\/div>\n\t\t<\/a>\n\t<\/article><!-- .preview -->\n\n<\/div>\n\n<div class=\"grid-item grid-item\">\n\n\n<article id=\"post-40080\" class=\"entry-preview entry-preview-no-13 post-40080 post type-post status-publish format-standard has-post-thumbnail hentry category-kaelte-klima category-ventilatoren\">\n\t<a href=\"https:\/\/mag.ebmpapst.com\/de\/branchen\/kaelte-klima\/digitales-retrofit-nexaira-fit-rathaus-center-pankow_40080\/\" rel=\"bookmark\" title=\"Digi\u00adtales Retrofit spart Energie und Kosten&nbsp;\">\n\n\n\n\t\t<figure class=\"preview-media\">\n\t\t\n \n\t\t\t\t<div class=\"m2g-media-wrapper\"><img loading=\"lazy\" decoding=\"async\" width=\"660\" height=\"371\" src=\"https:\/\/ebmpapst-7237.kxcdn.com\/de\/files\/2026\/01\/Retrofit-Rathauscenter-Pankow-660x371.webp\" class=\"attachment-medium size-medium\" alt srcset=\"https:\/\/ebmpapst-7237.kxcdn.com\/de\/files\/2026\/01\/Retrofit-Rathauscenter-Pankow-660x371.webp 660w, https:\/\/ebmpapst-7237.kxcdn.com\/de\/files\/2026\/01\/Retrofit-Rathauscenter-Pankow-960x540.webp 960w, https:\/\/ebmpapst-7237.kxcdn.com\/de\/files\/2026\/01\/Retrofit-Rathauscenter-Pankow-260x146.webp 260w, https:\/\/ebmpapst-7237.kxcdn.com\/de\/files\/2026\/01\/Retrofit-Rathauscenter-Pankow-768x432.webp 768w, https:\/\/ebmpapst-7237.kxcdn.com\/de\/files\/2026\/01\/Retrofit-Rathauscenter-Pankow-1536x864.webp 1536w, https:\/\/ebmpapst-7237.kxcdn.com\/de\/files\/2026\/01\/Retrofit-Rathauscenter-Pankow-450x253.webp 450w, https:\/\/ebmpapst-7237.kxcdn.com\/de\/files\/2026\/01\/Retrofit-Rathauscenter-Pankow-300x169.webp 300w, https:\/\/ebmpapst-7237.kxcdn.com\/de\/files\/2026\/01\/Retrofit-Rathauscenter-Pankow.webp 1920w\" sizes=\"auto, (max-width: 660px) 100vw, 660px\"><\/div>\n\n\t\t<\/figure><!-- .preview-media -->\n\n<div class=\"article-preview-text\">\n\t\t<header class=\"entry-header\">\n\t\t\t<h1 class=\"entry-title\"><span>Digi\u00adtales Retrofit spart Energie und Kosten&nbsp;\t\t<\/span><\/h1><\/header><!-- .entry-header -->\n\t\n\t\t<p>Ein Berliner Einkaufs\u00adzen\u00adtrum moder\u00adni\u00adsiert seine L\u00fcftungs\u00adan\u00adlagen \u2013 und gewinnt dank EC-Tech\u00ad\u00adno\u00ad\u00adlogie von ebm-papst und smarter Anbin\u00addung mit <b>NEXAIRA.Fit<\/b> neue Trans\u00adpa\u00adrenz \u00fcber Ener\u00adgie\u00adver\u00adbrauch und Betriebs\u00adkosten. <span class=\"more\">\u00bb<\/span><\/p>\t\n<\/div>\n\t\t<\/a>\n\t<\/article><!-- .preview -->\n\n<\/div>\n\n<div class=\"grid-item grid-item\">\n\n\n<article id=\"post-39916\" class=\"entry-preview entry-preview-no-14 m2g-video-teaser  post-39916 post type-post status-publish format-standard hentry category-kaelte-klima category-ventilatoren\">\n\t<a href=\"https:\/\/mag.ebmpapst.com\/de\/branchen\/kaelte-klima\/retrofit-radipac-fangrid-druckerei-mayr-miesbach_39916\/\" rel=\"bookmark\" title=\"Frische Luft, frischer Druck\">\n\n\n\n\t\t<figure class=\"preview-media\">\n\t\t\n \n\t <div class=\"video-overlay\">\n\t <svg class=\"video-overlay-play-button\" viewBox=\"0 0 200 200\" alt=\"Play video\">\\\n                    <circle cx=\"100\" cy=\"100\" r=\"90\" fill=\"rgba(33,33,33,0.2)\" stroke-width=\"15\" stroke=\"#fff\" \/>\n                    <polygon points=\"70, 55 70, 145 145, 100\" fill=\"#fff\" \/>\n\t <\/svg><\/div>\n \n\t\t\t\t<div class=\"m2g-media-wrapper\">\n<div class=\"video-container\" style=\" background-image: url(https:\/\/ebmpapst-7237.kxcdn.com\/de\/files\/2026\/01\/Retrofit-Lueftungsanlagen-Mayr-Miesbach-GmbH_01-1-960x540.webp);\"><iframe loading=\"lazy\" class=\"vimeo-iframe\" src=\"https:\/\/player.vimeo.com\/video\/1156400909?dnt=1&amp;autoplay=1&amp;loop=1&amp;autopause=0&amp;muted=1&amp;background=1\" width=\"960\" height=\"540\" frameborder=\"0\" allowfullscreen=\"allowfullscreen\"><\/iframe><\/div>\n<\/div>\n\n\t\t<\/figure><!-- .preview-media -->\n\n<div class=\"article-preview-text\">\n\t\t<header class=\"entry-header\">\n\t\t\t<h1 class=\"entry-title\"><span>Frische Luft, frischer Druck\t\t<\/span><\/h1><\/header><!-- .entry-header -->\n\t\n\t\t<p>In der <b>Mayr Mies\u00adbach GmbH<\/b> sorgt ein Retrofit f\u00fcr mehr Ener\u00adgie\u00adef\u00adfi\u00adzienz, Ausfall\u00adsi\u00adcher\u00adheit und Prozess\u00adsta\u00adbi\u00adlit\u00e4t. Ein Projekt\u00adteam von Breuell &amp; Hilgen\u00adfeldt sowie Kieback&amp;Peter konzi\u00adpierte eine L\u00f6sung, die zeigt, dass sich die Moder\u00adni\u00adsie\u00adrung der L\u00fcftungs\u00adan\u00adlagen sofort lohnt.<span class=\"more\">\u00bb<\/span><\/p>\t\n<\/div>\n\t\t<\/a>\n\t<\/article><!-- .preview -->\n\n<\/div>\n\n<div class=\"grid-item grid-item\">\n\n\n<article id=\"post-39873\" class=\"entry-preview entry-preview-no-15 post-39873 post type-post status-publish format-standard hentry category-kaelte-klima\">\n\t<a href=\"https:\/\/mag.ebmpapst.com\/de\/branchen\/kaelte-klima\/companamic-skalierbare-kompakte-turboverdichter-fuer-die-oelfreie-gasverdichtung_39873\/\" rel=\"bookmark\" title=\"Skalier\u00adbare, kompakte Turbo\u00adver\u00addichter f\u00fcr die \u00f6lfreie Gasver\u00addich\u00adtung\">\n\n\n\n\t\t<figure class=\"preview-media\">\n\t\t\n \n\t\t\t\t<div class=\"m2g-media-wrapper\"><img loading=\"lazy\" decoding=\"async\" width=\"660\" height=\"371\" src=\"https:\/\/ebmpapst-7237.kxcdn.com\/de\/files\/2024\/10\/Highspeed_nachhaltigkeitsbreicht-2023-2024_DSC6205_MONT_COL_02GW-660x371.webp\" class=\"attachment-medium size-medium\" alt style=\"object-position: 50% 0%;\" srcset=\"https:\/\/ebmpapst-7237.kxcdn.com\/de\/files\/2024\/10\/Highspeed_nachhaltigkeitsbreicht-2023-2024_DSC6205_MONT_COL_02GW-660x371.webp 660w, https:\/\/ebmpapst-7237.kxcdn.com\/de\/files\/2024\/10\/Highspeed_nachhaltigkeitsbreicht-2023-2024_DSC6205_MONT_COL_02GW-960x540.webp 960w, https:\/\/ebmpapst-7237.kxcdn.com\/de\/files\/2024\/10\/Highspeed_nachhaltigkeitsbreicht-2023-2024_DSC6205_MONT_COL_02GW-260x146.webp 260w, https:\/\/ebmpapst-7237.kxcdn.com\/de\/files\/2024\/10\/Highspeed_nachhaltigkeitsbreicht-2023-2024_DSC6205_MONT_COL_02GW-768x432.webp 768w, https:\/\/ebmpapst-7237.kxcdn.com\/de\/files\/2024\/10\/Highspeed_nachhaltigkeitsbreicht-2023-2024_DSC6205_MONT_COL_02GW-1536x864.webp 1536w, https:\/\/ebmpapst-7237.kxcdn.com\/de\/files\/2024\/10\/Highspeed_nachhaltigkeitsbreicht-2023-2024_DSC6205_MONT_COL_02GW-450x253.webp 450w, https:\/\/ebmpapst-7237.kxcdn.com\/de\/files\/2024\/10\/Highspeed_nachhaltigkeitsbreicht-2023-2024_DSC6205_MONT_COL_02GW-300x169.webp 300w, https:\/\/ebmpapst-7237.kxcdn.com\/de\/files\/2024\/10\/Highspeed_nachhaltigkeitsbreicht-2023-2024_DSC6205_MONT_COL_02GW.webp 1920w\" sizes=\"auto, (max-width: 660px) 100vw, 660px\"><\/div>\n\n\t\t<\/figure><!-- .preview-media -->\n\n<div class=\"article-preview-text\">\n\t\t<header class=\"entry-header\">\n\t\t\t<h1 class=\"entry-title\"><span>Skalier\u00adbare, kompakte Turbo\u00adver\u00addichter f\u00fcr die \u00f6lfreie Gasver\u00addich\u00adtung\t\t<\/span><\/h1><\/header><!-- .entry-header -->\n\t\n\t\t<p>Ob <b>W\u00e4rme\u00adpumpen f\u00fcr Geb\u00e4ude<\/b> oder <b>K\u00e4lte\u00adtechnik f\u00fcr K\u00fchl\u00adan\u00adwen\u00addungen<\/b> \u2013 das Herz\u00adst\u00fcck ist ein <b>Verdichter f\u00fcr eine konti\u00adnu\u00adier\u00adliche Gasver\u00addich\u00adtung<\/b>. Die neu entwi\u00adckelten, \u00f6lfreien Turbo\u00adver\u00addichter Compa\u00adNamic von ebm-papst erm\u00f6g\u00adli\u00adchen variable F\u00f6rder\u00admengen verschie\u00addener K\u00e4lte\u00admittel und kommen mit <b>deut\u00adlich weniger K\u00e4lte\u00admittel<\/b> aus.&nbsp;<span class=\"more\">\u00bb<\/span><\/p>\t\n<\/div>\n\t\t<\/a>\n\t<\/article><!-- .preview -->\n\n<\/div>\n\n<div class=\"grid-item grid-item\">\n\n\n<article id=\"post-39836\" class=\"entry-preview entry-preview-no-16 post-39836 post type-post status-publish format-standard hentry category-kaelte-klima category-ventilatoren\">\n\t<a href=\"https:\/\/mag.ebmpapst.com\/de\/branchen\/kaelte-klima\/retrofit-mit-radifit-feldschloesschen-brauerei_39836\/\" rel=\"bookmark\" title=\"Hopfen, Malz und Retrofit &nbsp;\">\n\n\n\n\t\t<figure class=\"preview-media\">\n\t\t\n \n\t\t\t\t<div class=\"m2g-media-wrapper\"><img loading=\"lazy\" decoding=\"async\" width=\"660\" height=\"371\" src=\"https:\/\/ebmpapst-7237.kxcdn.com\/de\/files\/2025\/12\/HEADER_Brauerei-Feldschloesschen_Luftaufnahme-2-660x371.webp\" class=\"attachment-medium size-medium\" alt srcset=\"https:\/\/ebmpapst-7237.kxcdn.com\/de\/files\/2025\/12\/HEADER_Brauerei-Feldschloesschen_Luftaufnahme-2-660x371.webp 660w, https:\/\/ebmpapst-7237.kxcdn.com\/de\/files\/2025\/12\/HEADER_Brauerei-Feldschloesschen_Luftaufnahme-2-960x540.webp 960w, https:\/\/ebmpapst-7237.kxcdn.com\/de\/files\/2025\/12\/HEADER_Brauerei-Feldschloesschen_Luftaufnahme-2-260x146.webp 260w, https:\/\/ebmpapst-7237.kxcdn.com\/de\/files\/2025\/12\/HEADER_Brauerei-Feldschloesschen_Luftaufnahme-2-768x432.webp 768w, https:\/\/ebmpapst-7237.kxcdn.com\/de\/files\/2025\/12\/HEADER_Brauerei-Feldschloesschen_Luftaufnahme-2-1536x864.webp 1536w, https:\/\/ebmpapst-7237.kxcdn.com\/de\/files\/2025\/12\/HEADER_Brauerei-Feldschloesschen_Luftaufnahme-2-450x253.webp 450w, https:\/\/ebmpapst-7237.kxcdn.com\/de\/files\/2025\/12\/HEADER_Brauerei-Feldschloesschen_Luftaufnahme-2-300x169.webp 300w, https:\/\/ebmpapst-7237.kxcdn.com\/de\/files\/2025\/12\/HEADER_Brauerei-Feldschloesschen_Luftaufnahme-2.webp 1920w\" sizes=\"auto, (max-width: 660px) 100vw, 660px\"><\/div>\n\n\t\t<\/figure><!-- .preview-media -->\n\n<div class=\"article-preview-text\">\n\t\t<header class=\"entry-header\">\n\t\t\t<h1 class=\"entry-title\"><span>Hopfen, Malz und Retrofit &nbsp;\t\t<\/span><\/h1><\/header><!-- .entry-header -->\n\t\n\t\t<p>Eine herr\u00adschaft\u00adliche Burg thront \u00fcber Rhein\u00adfelden in der Schweiz. Hier, in der <b>Brauerei Feld\u00adschl\u00f6ss\u00adchen<\/b>, wird seit 1876 Bier produ\u00adziert. Doch hinter der histo\u00adri\u00adschen Fassade steckt modernste Technik \u2013 so auch seit kurzem in einer der <b>L\u00fcftungs\u00adan\u00adlagen<\/b>.<span class=\"more\">\u00bb<\/span><\/p>\t\n<\/div>\n\t\t<\/a>\n\t<\/article><!-- .preview -->\n\n<\/div>\n\n<div class=\"grid-item grid-item\">\n\n\n<article id=\"post-38729\" class=\"entry-preview entry-preview-no-17 post-38729 post type-post status-publish format-standard hentry category-kaelte-klima category-ventilatoren\">\n\t<a href=\"https:\/\/mag.ebmpapst.com\/de\/branchen\/kaelte-klima\/sicher-operieren-retrofit-mit-radipac-siloam-hospitals-group_38729\/\" rel=\"bookmark\" title=\"Sicher operieren: Retrofit mit RadiPac\">\n\n\n\n\t\t<figure class=\"preview-media\">\n\t\t\n \n\t\t\t\t<div class=\"m2g-media-wrapper\"><img loading=\"lazy\" decoding=\"async\" width=\"660\" height=\"371\" src=\"https:\/\/ebmpapst-7237.kxcdn.com\/de\/files\/2025\/09\/siloam-hospital-tb-simatupang-luftbild-660x371.webp\" class=\"attachment-medium size-medium\" alt srcset=\"https:\/\/ebmpapst-7237.kxcdn.com\/de\/files\/2025\/09\/siloam-hospital-tb-simatupang-luftbild-660x371.webp 660w, https:\/\/ebmpapst-7237.kxcdn.com\/de\/files\/2025\/09\/siloam-hospital-tb-simatupang-luftbild-960x540.webp 960w, https:\/\/ebmpapst-7237.kxcdn.com\/de\/files\/2025\/09\/siloam-hospital-tb-simatupang-luftbild-260x146.webp 260w, https:\/\/ebmpapst-7237.kxcdn.com\/de\/files\/2025\/09\/siloam-hospital-tb-simatupang-luftbild-768x432.webp 768w, https:\/\/ebmpapst-7237.kxcdn.com\/de\/files\/2025\/09\/siloam-hospital-tb-simatupang-luftbild-1536x864.webp 1536w, https:\/\/ebmpapst-7237.kxcdn.com\/de\/files\/2025\/09\/siloam-hospital-tb-simatupang-luftbild-450x253.webp 450w, https:\/\/ebmpapst-7237.kxcdn.com\/de\/files\/2025\/09\/siloam-hospital-tb-simatupang-luftbild-300x169.webp 300w, https:\/\/ebmpapst-7237.kxcdn.com\/de\/files\/2025\/09\/siloam-hospital-tb-simatupang-luftbild.webp 2048w\" sizes=\"auto, (max-width: 660px) 100vw, 660px\"><\/div>\n\n\t\t<\/figure><!-- .preview-media -->\n\n<div class=\"article-preview-text\">\n\t\t<header class=\"entry-header\">\n\t\t\t<h1 class=\"entry-title\"><span>Sicher operieren: Retrofit mit RadiPac\t\t<\/span><\/h1><\/header><!-- .entry-header -->\n\t\n\t\t<p>Die <b>indo\u00adne\u00adsi\u00adsche Siloam Hospi\u00adtals Group<\/b> moder\u00adni\u00adsiert die L\u00fcftungs\u00adsys\u00adteme an drei Klinik\u00adstand\u00adorten. RadiPac EC-Venti\u00adla\u00ad\u00adtoren von ebm-papst senken nicht nur den Ener\u00adgie\u00adver\u00adbrauch um 65 Prozent, sondern stellen auch opti\u00admale Bedin\u00adgungen f\u00fcr Opera\u00adti\u00adons\u00ads\u00e4le sicher.<span class=\"more\">\u00bb<\/span><\/p>\t\n<\/div>\n\t\t<\/a>\n\t<\/article><!-- .preview -->\n\n<\/div>\n\n\n<div class=\"wp-block-group alignfull grid-break grid-break-sidebox\"><div class=\"wp-block-group__inner-container is-layout-constrained wp-block-group-is-layout-constrained\">\n<div class=\"wp-block-group sidebox sidebox-print\"><div class=\"wp-block-group__inner-container is-layout-flow wp-block-group-is-layout-flow\">\n<figure class=\"wp-block-image size-full img-border\"><img loading=\"lazy\" decoding=\"async\" width=\"260\" height=\"374\" src=\"https:\/\/ebmpapst-7237.kxcdn.com\/de\/files\/2026\/04\/Mag261_DE_COVER_260x374px.png\" alt class=\"wp-image-41051\" style=\"object-fit:cover\"><\/figure>\n\n\n\n<div class=\"wp-block-group\"><div class=\"wp-block-group__inner-container is-layout-constrained wp-block-group-is-layout-constrained\">\n<h2 class=\"wp-block-heading\">Print-Magazin<\/h2>\n\n\n\n<p>Das ebm-papst Magazin <strong>mag<\/strong> gibt es auch als gedrucktes Magazin. Sie k\u00f6nnen die aktu\u00adelle und&nbsp;k\u00fcnf\u00adtige Ausgaben per Post bestellen.<\/p>\n\n\n\n<div class=\"wp-block-buttons is-layout-flex wp-block-buttons-is-layout-flex\">\n<div class=\"wp-block-button is-style-fill\"><a class=\"wp-block-button__link has-background has-custom-font-size wp-element-button\" href=\"https:\/\/mag.ebmpapst.com\/de\/kontakt\/\" style=\"background-color:#0072bb;font-size:18px\">Magazin bestellen <i class=\"mgznkr-icon fa fa-chevron-right fas\"><\/i><\/a><\/div>\n<\/div>\n<\/div><\/div>\n<\/div><\/div>\n\n\n\n<style>\n.sidebox-print img {\nmin-width: 120px;\n}\n<\/style>\n<\/div><\/div>\n\n\n\n\n<div class=\"grid-item grid-item\">\n\n\n<article id=\"post-39153\" class=\"entry-preview entry-preview-no-18 post-39153 post type-post status-publish format-standard hentry category-kaelte-klima category-ventilatoren\">\n\t<a href=\"https:\/\/mag.ebmpapst.com\/de\/branchen\/kaelte-klima\/gruener-wasserstoff-xintc-modulare-elektrolyseure_39153\/\" rel=\"bookmark\" title=\"Gr\u00fcner Wasser\u00adstoff aus der W\u00fcste\">\n\n\n\n\t\t<figure class=\"preview-media\">\n\t\t\n \n\t\t\t\t<div class=\"m2g-media-wrapper\"><img loading=\"lazy\" decoding=\"async\" width=\"660\" height=\"371\" src=\"https:\/\/ebmpapst-7237.kxcdn.com\/de\/files\/2025\/11\/ebm-papst_xintc_header-2-660x371.webp\" class=\"attachment-medium size-medium\" alt srcset=\"https:\/\/ebmpapst-7237.kxcdn.com\/de\/files\/2025\/11\/ebm-papst_xintc_header-2-660x371.webp 660w, https:\/\/ebmpapst-7237.kxcdn.com\/de\/files\/2025\/11\/ebm-papst_xintc_header-2-960x540.webp 960w, https:\/\/ebmpapst-7237.kxcdn.com\/de\/files\/2025\/11\/ebm-papst_xintc_header-2-260x146.webp 260w, https:\/\/ebmpapst-7237.kxcdn.com\/de\/files\/2025\/11\/ebm-papst_xintc_header-2-768x432.webp 768w, https:\/\/ebmpapst-7237.kxcdn.com\/de\/files\/2025\/11\/ebm-papst_xintc_header-2-1536x864.webp 1536w, https:\/\/ebmpapst-7237.kxcdn.com\/de\/files\/2025\/11\/ebm-papst_xintc_header-2-450x253.webp 450w, https:\/\/ebmpapst-7237.kxcdn.com\/de\/files\/2025\/11\/ebm-papst_xintc_header-2-300x169.webp 300w, https:\/\/ebmpapst-7237.kxcdn.com\/de\/files\/2025\/11\/ebm-papst_xintc_header-2.webp 1920w\" sizes=\"auto, (max-width: 660px) 100vw, 660px\"><\/div>\n\n\t\t<\/figure><!-- .preview-media -->\n\n<div class=\"article-preview-text\">\n\t\t<header class=\"entry-header\">\n\t\t\t<h1 class=\"entry-title\"><span>Gr\u00fcner Wasser\u00adstoff aus der W\u00fcste\t\t<\/span><\/h1><\/header><!-- .entry-header -->\n\t\n\t\t<p>Wo viel Sonne scheint, ist viel saubere Energie zu holen: Das nieder\u00adl\u00e4n\u00addi\u00adsche Unter\u00adnehmen <b>XINTC<\/b> zeigt, wie sich selbst in abge\u00adle\u00adgenen W\u00fcsten\u00adre\u00adgionen <b>gr\u00fcner Wasser\u00adstoff<\/b> effi\u00adzient und ausfall\u00adsi\u00adcher herstellen l\u00e4sst \u2013 mit <b>modu\u00adlaren Elek\u00adtro\u00adly\u00adseuren<\/b>, die auch Sand\u00adst\u00fcrmen trotzen. F\u00fcr die Betriebs\u00adsi\u00adcher\u00adheit sorgen auch Axial\u00adven\u00adti\u00adla\u00adtoren von ebm-papst.<span class=\"more\">\u00bb<\/span><\/p>\t\n<\/div>\n\t\t<\/a>\n\t<\/article><!-- .preview -->\n\n<\/div>\n\n<div class=\"grid-item grid-item\">\n\n\n<article id=\"post-39637\" class=\"entry-preview entry-preview-no-19 post-39637 post type-post status-publish format-standard hentry category-einblicke\">\n\t<a href=\"https:\/\/mag.ebmpapst.com\/de\/einblicke\/neues-werk-in-xian-meilenstein-fuer-local-for-local-strategie_39637\/\" rel=\"bookmark\" title=\"Neues Werk in Xi\u00b4an: Meilen\u00adstein f\u00fcr \u201eLocal for Local\u201c-Strategie\">\n\n\n\n\t\t<figure class=\"preview-media\">\n\t\t\n \n\t\t\t\t<div class=\"m2g-media-wrapper\"><img loading=\"lazy\" decoding=\"async\" width=\"660\" height=\"371\" src=\"https:\/\/ebmpapst-7237.kxcdn.com\/de\/files\/2025\/10\/eroeffnung_buehne-02-660x371.webp\" class=\"attachment-medium size-medium\" alt srcset=\"https:\/\/ebmpapst-7237.kxcdn.com\/de\/files\/2025\/10\/eroeffnung_buehne-02-660x371.webp 660w, https:\/\/ebmpapst-7237.kxcdn.com\/de\/files\/2025\/10\/eroeffnung_buehne-02-960x540.webp 960w, https:\/\/ebmpapst-7237.kxcdn.com\/de\/files\/2025\/10\/eroeffnung_buehne-02-260x146.webp 260w, https:\/\/ebmpapst-7237.kxcdn.com\/de\/files\/2025\/10\/eroeffnung_buehne-02-768x432.webp 768w, https:\/\/ebmpapst-7237.kxcdn.com\/de\/files\/2025\/10\/eroeffnung_buehne-02-1536x864.webp 1536w, https:\/\/ebmpapst-7237.kxcdn.com\/de\/files\/2025\/10\/eroeffnung_buehne-02-2048x1152.webp 2048w, https:\/\/ebmpapst-7237.kxcdn.com\/de\/files\/2025\/10\/eroeffnung_buehne-02-450x253.webp 450w, https:\/\/ebmpapst-7237.kxcdn.com\/de\/files\/2025\/10\/eroeffnung_buehne-02-300x169.webp 300w\" sizes=\"auto, (max-width: 660px) 100vw, 660px\"><\/div>\n\n\t\t<\/figure><!-- .preview-media -->\n\n<div class=\"article-preview-text\">\n\t\t<header class=\"entry-header\">\n\t\t\t<h1 class=\"entry-title\"><span>Neues Werk in Xi\u00b4an: Meilen\u00adstein f\u00fcr \u201eLocal for Local\u201c-Strategie\t\t<\/span><\/h1><\/header><!-- .entry-header -->\n\t\n\t\t<p>Mit der Er\u00f6ff\u00adnung des <b>Werks in Xi\u2019an<\/b> st\u00e4rkt ebm-papst seine Posi\u00adtion auf dem chine\u00adsi\u00adschen Markt und setzt ein klares Signal f\u00fcr nach\u00adhal\u00adtiges Wachstum. Das neue Werk vereint <b>Produk\u00adtion, Logistik und Forschung<\/b> unter einem Dach und st\u00e4rkt die \u201eLocal for Local\u201c -Stra\u00adtegie in China. <span class=\"more\">\u00bb<\/span><\/p>\t\n<\/div>\n\t\t<\/a>\n\t<\/article><!-- .preview -->\n\n<\/div>\n\n<div class=\"grid-item grid-item\">\n\n\n<article id=\"post-38830\" class=\"entry-preview entry-preview-no-20 post-38830 post type-post status-publish format-standard has-post-thumbnail hentry category-interview category-ventilatoren\">\n\t<a href=\"https:\/\/mag.ebmpapst.com\/de\/produkte\/ventilatoren\/radipac-m-metall-laufrad-globales-standard-produkt_38830\/\" rel=\"bookmark\" title=\"\u201eDer RadiPac M ist unser globales Stan\u00addard\u00adpro\u00addukt aus Metall\u201c\">\n\n\n\n\t\t<figure class=\"preview-media\">\n\t\t\n \n\t\t\t\t<div class=\"m2g-media-wrapper\"><img loading=\"lazy\" decoding=\"async\" width=\"660\" height=\"371\" src=\"https:\/\/ebmpapst-7237.kxcdn.com\/de\/files\/2025\/09\/RadiPacM_9119_1920-660x371.webp\" class=\"attachment-medium size-medium\" alt srcset=\"https:\/\/ebmpapst-7237.kxcdn.com\/de\/files\/2025\/09\/RadiPacM_9119_1920-660x371.webp 660w, https:\/\/ebmpapst-7237.kxcdn.com\/de\/files\/2025\/09\/RadiPacM_9119_1920-960x540.webp 960w, https:\/\/ebmpapst-7237.kxcdn.com\/de\/files\/2025\/09\/RadiPacM_9119_1920-260x146.webp 260w, https:\/\/ebmpapst-7237.kxcdn.com\/de\/files\/2025\/09\/RadiPacM_9119_1920-768x432.webp 768w, https:\/\/ebmpapst-7237.kxcdn.com\/de\/files\/2025\/09\/RadiPacM_9119_1920-1536x864.webp 1536w, https:\/\/ebmpapst-7237.kxcdn.com\/de\/files\/2025\/09\/RadiPacM_9119_1920-450x253.webp 450w, https:\/\/ebmpapst-7237.kxcdn.com\/de\/files\/2025\/09\/RadiPacM_9119_1920-300x169.webp 300w, https:\/\/ebmpapst-7237.kxcdn.com\/de\/files\/2025\/09\/RadiPacM_9119_1920.webp 1920w\" sizes=\"auto, (max-width: 660px) 100vw, 660px\"><\/div>\n\n\t\t<\/figure><!-- .preview-media -->\n\n<div class=\"article-preview-text\">\n\t\t<header class=\"entry-header\">\n\t\t\t<h1 class=\"entry-title\"><span>\u201eDer RadiPac M ist unser globales Stan\u00addard\u00adpro\u00addukt aus Metall\u201c\t\t<\/span><\/h1><\/header><!-- .entry-header -->\n\t\n\t\t<p>Der RadiPac M setzt neue Ma\u00dfst\u00e4be f\u00fcr <b>Metall\u00adlauf\u00adr\u00e4der<\/b> und hebt das Thema globale Verf\u00fcg\u00adbar\u00adkeit auf das n\u00e4chste Level. <b>Bern\u00adhard Siedler, globaler Produkt\u00adma\u00adnager f\u00fcr die RadiPac Baureihe<\/b>, erkl\u00e4rt, was dahin\u00adter\u00adsteckt. <span class=\"more\">\u00bb<\/span><\/p>\t\n<\/div>\n\t\t<\/a>\n\t<\/article><!-- .preview -->\n\n<\/div>\n\n<div class=\"grid-item grid-item\">\n\n\n<article id=\"post-38796\" class=\"entry-preview entry-preview-no-21 post-38796 post type-post status-publish format-standard hentry category-heizung\">\n\t<a href=\"https:\/\/mag.ebmpapst.com\/de\/branchen\/heizung\/die-formel-fuer-das-verbrennungsluftverhaeltnis-im-elektronisch-pneumatischen-verbund_38796\/\" rel=\"bookmark\" title=\"Die Formel f\u00fcr das Verbren\u00adnungs\u00adluft\u00adver\u00adh\u00e4ltnis im elek\u00adtro\u00adnisch-pneu\u00adma\u00adti\u00adschen Verbund&nbsp;\">\n\n\n\n\t\t<figure class=\"preview-media\">\n\t\t\n \n\t\t\t\t<div class=\"m2g-media-wrapper\"><img loading=\"lazy\" decoding=\"async\" width=\"660\" height=\"371\" src=\"https:\/\/ebmpapst-7237.kxcdn.com\/de\/files\/2025\/10\/Formel_Verbrennungsluftverhaeltnis-660x371.webp\" class=\"attachment-medium size-medium\" alt srcset=\"https:\/\/ebmpapst-7237.kxcdn.com\/de\/files\/2025\/10\/Formel_Verbrennungsluftverhaeltnis-660x371.webp 660w, https:\/\/ebmpapst-7237.kxcdn.com\/de\/files\/2025\/10\/Formel_Verbrennungsluftverhaeltnis-960x540.webp 960w, https:\/\/ebmpapst-7237.kxcdn.com\/de\/files\/2025\/10\/Formel_Verbrennungsluftverhaeltnis-260x146.webp 260w, https:\/\/ebmpapst-7237.kxcdn.com\/de\/files\/2025\/10\/Formel_Verbrennungsluftverhaeltnis-768x432.webp 768w, https:\/\/ebmpapst-7237.kxcdn.com\/de\/files\/2025\/10\/Formel_Verbrennungsluftverhaeltnis-1536x864.webp 1536w, https:\/\/ebmpapst-7237.kxcdn.com\/de\/files\/2025\/10\/Formel_Verbrennungsluftverhaeltnis-450x253.webp 450w, https:\/\/ebmpapst-7237.kxcdn.com\/de\/files\/2025\/10\/Formel_Verbrennungsluftverhaeltnis-300x169.webp 300w, https:\/\/ebmpapst-7237.kxcdn.com\/de\/files\/2025\/10\/Formel_Verbrennungsluftverhaeltnis.webp 1920w\" sizes=\"auto, (max-width: 660px) 100vw, 660px\"><\/div>\n\n\t\t<\/figure><!-- .preview-media -->\n\n<div class=\"article-preview-text\">\n\t\t<header class=\"entry-header\">\n\t\t\t<h1 class=\"entry-title\"><span>Die Formel f\u00fcr das Verbren\u00adnungs\u00adluft\u00adver\u00adh\u00e4ltnis im elek\u00ad\u00adtro\u00ad\u00adnisch-pneu\u00ad\u00adma\u00ad\u00adti\u00ad\u00adschen Verbund&nbsp;\t\t<\/span><\/h1><\/header><!-- .entry-header -->\n\t\n\t\t<p>Der mecha\u00ad\u00adnisch-pneu\u00ad\u00adma\u00ad\u00adti\u00ad\u00adsche Verbund kommt in einer <b>Brenn\u00adwer\u00adtherme<\/b> an seine Grenzen, wenn ein hoher Modu\u00adla\u00adti\u00adons\u00adgrad gefragt ist oder gar Wasser\u00adstoff zum Einsatz kommt. Mit dem <b>elek\u00adtro\u00adni\u00adschen Gasventil<\/b> l\u00e4sst sich das \u00e4ndern.<span class=\"more\">\u00bb<\/span><\/p>\t\n<\/div>\n\t\t<\/a>\n\t<\/article><!-- .preview -->\n\n<\/div>\n\n<div class=\"grid-item grid-item\">\n\n\n<article id=\"post-39489\" class=\"entry-preview entry-preview-no-22 m2g-video-teaser  post-39489 post type-post status-publish format-standard hentry category-kaelte-klima category-ventilatoren\">\n\t<a href=\"https:\/\/mag.ebmpapst.com\/de\/branchen\/kaelte-klima\/retrofit-technikwechsel-ohne-stillstand-landeskrankenhaus-bruck-radipac_39489\/\" rel=\"bookmark\" title=\"Tech\u00adnik\u00adwechsel ohne Still\u00adstand: Retrofit am LKH Hoch\u00adstei\u00ader\u00admark Standort Bruck\">\n\n\n\n\t\t<figure class=\"preview-media\">\n\t\t\n \n\t <div class=\"video-overlay\">\n\t <svg class=\"video-overlay-play-button\" viewBox=\"0 0 200 200\" alt=\"Play video\">\\\n                    <circle cx=\"100\" cy=\"100\" r=\"90\" fill=\"rgba(33,33,33,0.2)\" stroke-width=\"15\" stroke=\"#fff\" \/>\n                    <polygon points=\"70, 55 70, 145 145, 100\" fill=\"#fff\" \/>\n\t <\/svg><\/div>\n \n\t\t\t\t<div class=\"m2g-media-wrapper\">\n<div class=\"video-container\" style=\" background-image: url(https:\/\/ebmpapst-7237.kxcdn.com\/de\/files\/2025\/10\/Video-Header_HD1080p-0-18-59-95-960x540.jpg);\"><iframe loading=\"lazy\" class=\"vimeo-iframe\" src=\"https:\/\/player.vimeo.com\/video\/1129105739?dnt=1&amp;autoplay=1&amp;loop=1&amp;autopause=0&amp;muted=1&amp;background=1\" width=\"960\" height=\"540\" frameborder=\"0\" allowfullscreen=\"allowfullscreen\"><\/iframe><\/div>\n<\/div>\n\n\t\t<\/figure><!-- .preview-media -->\n\n<div class=\"article-preview-text\">\n\t\t<header class=\"entry-header\">\n\t\t\t<h1 class=\"entry-title\"><span>Tech\u00adnik\u00adwechsel ohne Still\u00adstand: Retrofit am LKH Hoch\u00adstei\u00ader\u00admark Standort Bruck\t\t<\/span><\/h1><\/header><!-- .entry-header -->\n\t\n\t\t<p>\u00dcber 30 Jahre alte L\u00fcftungs\u00adan\u00adlagen versorgten das <b>Landes\u00adkran\u00adken\u00adhaus am Standort Bruck an der Mur<\/b> \u2013 mit hohen Ener\u00adgie\u00adkosten und immer h\u00e4ufi\u00adgerem Repa\u00adra\u00adtur\u00adbe\u00addarf. Seit 2021 stellt es schritt\u00adweise auf <b>moderne EC-Tech\u00ad\u00adno\u00ad\u00adlogie<\/b> um \u2013 und sichert damit seine Betriebs\u00adsi\u00adcher\u00adheit lang\u00adfristig ab.<span class=\"more\">\u00bb<\/span><\/p>\t\n<\/div>\n\t\t<\/a>\n\t<\/article><!-- .preview -->\n\n<\/div>\n\n<div class=\"grid-item grid-item\">\n\n\n<article id=\"post-39356\" class=\"entry-preview entry-preview-no-23 post-39356 post type-post status-publish format-standard hentry category-kaelte-klima category-ventilatoren\">\n\t<a href=\"https:\/\/mag.ebmpapst.com\/de\/branchen\/kaelte-klima\/retrofit-mit-radifit-hotel-flueelerhof-fast-so-gut-wie-bergluft_39356\/\" rel=\"bookmark\" title=\"Retrofit im Hotel Fl\u00fcelerhof: Fast so gut wie Berg\u00adluft\">\n\n\n\n\t\t<figure class=\"preview-media\">\n\t\t\n \n\t\t\t\t<div class=\"m2g-media-wrapper\"><img loading=\"lazy\" decoding=\"async\" width=\"660\" height=\"371\" src=\"https:\/\/ebmpapst-7237.kxcdn.com\/de\/files\/2025\/10\/hotel-fluelerhof-aussenansicht-schweiz-660x371.webp\" class=\"attachment-medium size-medium\" alt srcset=\"https:\/\/ebmpapst-7237.kxcdn.com\/de\/files\/2025\/10\/hotel-fluelerhof-aussenansicht-schweiz-660x371.webp 660w, https:\/\/ebmpapst-7237.kxcdn.com\/de\/files\/2025\/10\/hotel-fluelerhof-aussenansicht-schweiz-960x540.webp 960w, https:\/\/ebmpapst-7237.kxcdn.com\/de\/files\/2025\/10\/hotel-fluelerhof-aussenansicht-schweiz-260x146.webp 260w, https:\/\/ebmpapst-7237.kxcdn.com\/de\/files\/2025\/10\/hotel-fluelerhof-aussenansicht-schweiz-768x432.webp 768w, https:\/\/ebmpapst-7237.kxcdn.com\/de\/files\/2025\/10\/hotel-fluelerhof-aussenansicht-schweiz-450x253.webp 450w, https:\/\/ebmpapst-7237.kxcdn.com\/de\/files\/2025\/10\/hotel-fluelerhof-aussenansicht-schweiz-300x169.webp 300w, https:\/\/ebmpapst-7237.kxcdn.com\/de\/files\/2025\/10\/hotel-fluelerhof-aussenansicht-schweiz.webp 1000w\" sizes=\"auto, (max-width: 660px) 100vw, 660px\"><\/div>\n\n\t\t<\/figure><!-- .preview-media -->\n\n<div class=\"article-preview-text\">\n\t\t<header class=\"entry-header\">\n\t\t\t<h1 class=\"entry-title\"><span>Retrofit im Hotel Fl\u00fcelerhof: Fast so gut wie Berg\u00adluft\t\t<\/span><\/h1><\/header><!-- .entry-header -->\n\t\n\t\t<p>Im Zuge seiner Wieder\u00ader\u00f6ff\u00adnung als modernes 4-Sterne-Hotel stand der <b>Fl\u00fcelerhof in der Schweiz<\/b> vor einer beson\u00adderen Heraus\u00adfor\u00adde\u00adrung: Die in die Jahre gekom\u00admene L\u00fcftungs\u00adan\u00adlage musste moder\u00adni\u00adsiert werden. Ein <b>Retrofit<\/b> mit RadiFit Venti\u00adla\u00adtoren von ebm-papst erwies sich dabei als ideale L\u00f6sung.<span class=\"more\">\u00bb<\/span><\/p>\t\n<\/div>\n\t\t<\/a>\n\t<\/article><!-- .preview -->\n\n<\/div>\n\n<div class=\"grid-item grid-item\">\n\n\n<article id=\"post-39219\" class=\"entry-preview entry-preview-no-24 post-39219 post type-post status-publish format-standard hentry category-geblaese category-hausgeraete category-kaelte-klima category-ventilatoren\">\n\t<a href=\"https:\/\/mag.ebmpapst.com\/de\/branchen\/hausgeraete\/coolcooking-box-fuer-gemeinschafts-verpflegung-kuehlen-und-regenerieren_39219\/\" rel=\"bookmark\" title=\"Hei\u00df\u00adkalt serviert: Die Cool\u00adCoo\u00adking Box f\u00fcr Schulen, Kitas und Pfle\u00adge\u00adheime\">\n\n\n\n\t\t<figure class=\"preview-media\">\n\t\t\n \n\t\t\t\t<div class=\"m2g-media-wrapper\"><img loading=\"lazy\" decoding=\"async\" width=\"660\" height=\"371\" src=\"https:\/\/ebmpapst-7237.kxcdn.com\/de\/files\/2025\/10\/headerbild-coolcooking-gemeinschaftsverpflegung-essen-catering-cafeteria-660x371.webp\" class=\"attachment-medium size-medium\" alt srcset=\"https:\/\/ebmpapst-7237.kxcdn.com\/de\/files\/2025\/10\/headerbild-coolcooking-gemeinschaftsverpflegung-essen-catering-cafeteria-660x371.webp 660w, https:\/\/ebmpapst-7237.kxcdn.com\/de\/files\/2025\/10\/headerbild-coolcooking-gemeinschaftsverpflegung-essen-catering-cafeteria-960x540.webp 960w, https:\/\/ebmpapst-7237.kxcdn.com\/de\/files\/2025\/10\/headerbild-coolcooking-gemeinschaftsverpflegung-essen-catering-cafeteria-260x146.webp 260w, https:\/\/ebmpapst-7237.kxcdn.com\/de\/files\/2025\/10\/headerbild-coolcooking-gemeinschaftsverpflegung-essen-catering-cafeteria-768x432.webp 768w, https:\/\/ebmpapst-7237.kxcdn.com\/de\/files\/2025\/10\/headerbild-coolcooking-gemeinschaftsverpflegung-essen-catering-cafeteria-1536x864.webp 1536w, https:\/\/ebmpapst-7237.kxcdn.com\/de\/files\/2025\/10\/headerbild-coolcooking-gemeinschaftsverpflegung-essen-catering-cafeteria-2048x1152.webp 2048w, https:\/\/ebmpapst-7237.kxcdn.com\/de\/files\/2025\/10\/headerbild-coolcooking-gemeinschaftsverpflegung-essen-catering-cafeteria-450x253.webp 450w, https:\/\/ebmpapst-7237.kxcdn.com\/de\/files\/2025\/10\/headerbild-coolcooking-gemeinschaftsverpflegung-essen-catering-cafeteria-300x169.webp 300w\" sizes=\"auto, (max-width: 660px) 100vw, 660px\"><\/div>\n\n\t\t<\/figure><!-- .preview-media -->\n\n<div class=\"article-preview-text\">\n\t\t<header class=\"entry-header\">\n\t\t\t<h1 class=\"entry-title\"><span>Hei\u00df\u00adkalt serviert: Die Cool\u00adCoo\u00adking Box f\u00fcr Schulen, Kitas und Pfle\u00adge\u00adheime\t\t<\/span><\/h1><\/header><!-- .entry-header -->\n\t\n\t\t<p>Eine Box, die&nbsp;<b>K\u00fchl\u00adschrank und&nbsp;gleich\u00adzeitig&nbsp;Ofen<\/b>&nbsp;ist? Gibt es. Und erreicht damit ein neues Level in der Gemein\u00adschafts\u00adver\u00adpfle\u00adgung. Entspannter kochen, einfa\u00adcher auslie\u00adfern und auto\u00adma\u00adti\u00adsiert vor Ort auf den Punkt genau zube\u00adreiten. So kann man es sich schme\u00adcken lassen!&nbsp;<span class=\"more\">\u00bb<\/span><\/p>\t\n<\/div>\n\t\t<\/a>\n\t<\/article><!-- .preview -->\n\n<\/div>\n\n<div class=\"grid-item grid-item\">\n\n\n<article id=\"post-38929\" class=\"entry-preview entry-preview-no-25 post-38929 post type-post status-publish format-standard hentry category-kaelte-klima category-ventilatoren\">\n\t<a href=\"https:\/\/mag.ebmpapst.com\/de\/branchen\/kaelte-klima\/saubere-luft-saubere-waesche-rentex-luftreinigung-mit-zehnder-und-nexaira_38929\/\" rel=\"bookmark\" title=\"Saubere Luft, saubere W\u00e4sche\">\n\n\n\n\t\t<figure class=\"preview-media\">\n\t\t\n \n\t <div class=\"video-overlay\">\n\t <svg class=\"video-overlay-play-button\" viewBox=\"0 0 200 200\" alt=\"Play video\">\\\n                    <circle cx=\"100\" cy=\"100\" r=\"90\" fill=\"rgba(33,33,33,0.2)\" stroke-width=\"15\" stroke=\"#fff\" \/>\n                    <polygon points=\"70, 55 70, 145 145, 100\" fill=\"#fff\" \/>\n\t <\/svg><\/div>\n \n\t\t\t\t<div class=\"m2g-media-wrapper\"><img loading=\"lazy\" decoding=\"async\" width=\"660\" height=\"371\" src=\"https:\/\/ebmpapst-7237.kxcdn.com\/de\/files\/2025\/09\/luftreinigung-rentex-mitarbeiter-industriereinigung-660x371.webp\" class=\"attachment-medium size-medium\" alt srcset=\"https:\/\/ebmpapst-7237.kxcdn.com\/de\/files\/2025\/09\/luftreinigung-rentex-mitarbeiter-industriereinigung-660x371.webp 660w, https:\/\/ebmpapst-7237.kxcdn.com\/de\/files\/2025\/09\/luftreinigung-rentex-mitarbeiter-industriereinigung-960x540.webp 960w, https:\/\/ebmpapst-7237.kxcdn.com\/de\/files\/2025\/09\/luftreinigung-rentex-mitarbeiter-industriereinigung-260x146.webp 260w, https:\/\/ebmpapst-7237.kxcdn.com\/de\/files\/2025\/09\/luftreinigung-rentex-mitarbeiter-industriereinigung-768x432.webp 768w, https:\/\/ebmpapst-7237.kxcdn.com\/de\/files\/2025\/09\/luftreinigung-rentex-mitarbeiter-industriereinigung-1536x864.webp 1536w, https:\/\/ebmpapst-7237.kxcdn.com\/de\/files\/2025\/09\/luftreinigung-rentex-mitarbeiter-industriereinigung-450x253.webp 450w, https:\/\/ebmpapst-7237.kxcdn.com\/de\/files\/2025\/09\/luftreinigung-rentex-mitarbeiter-industriereinigung-300x169.webp 300w, https:\/\/ebmpapst-7237.kxcdn.com\/de\/files\/2025\/09\/luftreinigung-rentex-mitarbeiter-industriereinigung.webp 1920w\" sizes=\"auto, (max-width: 660px) 100vw, 660px\"><\/div>\n\n\t\t<\/figure><!-- .preview-media -->\n\n<div class=\"article-preview-text\">\n\t\t<header class=\"entry-header\">\n\t\t\t<h1 class=\"entry-title\"><span>Saubere Luft, saubere W\u00e4sche\t\t<\/span><\/h1><\/header><!-- .entry-header -->\n\t\n\t\t<p>Titus Mulder f\u00fchrt in vierter Gene\u00adra\u00adtion Rentex, eine der <b>gr\u00f6\u00dften W\u00e4sche\u00adrei\u00adbe\u00adtriebe der Nieder\u00adlande<\/b>. Seine Mitar\u00adbei\u00adtenden sind f\u00fcr ihn wie eine Familie. Um immer die best\u00adm\u00f6g\u00adli\u00adchen Arbeits\u00adbe\u00addin\u00adgungen f\u00fcr sie zu schaffen, setzt er jetzt auf intel\u00adli\u00adgente Luft\u00adrei\u00adniger mit einer digi\u00adtalen Anbin\u00addung.<span class=\"more\">\u00bb<\/span><\/p>\t\n<\/div>\n\t\t<\/a>\n\t<\/article><!-- .preview -->\n\n<\/div>\n\n<div class=\"grid-item grid-item\">\n\n\n<article id=\"post-39050\" class=\"entry-preview entry-preview-no-26 post-39050 post type-post status-publish format-standard has-post-thumbnail hentry category-kaelte-klima category-ventilatoren\">\n\t<a href=\"https:\/\/mag.ebmpapst.com\/de\/branchen\/kaelte-klima\/interview-magnus-bladh-zehnder-clean-air-solutions-mit-nexaira_39050\/\" rel=\"bookmark\" title=\"\u201eUnsere Kunden erwarten mehr als saubere Luft\u201c\">\n\n\n\n\t\t<figure class=\"preview-media\">\n\t\t\n \n\t\t\t\t<div class=\"m2g-media-wrapper\"><img loading=\"lazy\" decoding=\"async\" width=\"660\" height=\"371\" src=\"https:\/\/ebmpapst-7237.kxcdn.com\/de\/files\/2025\/09\/Zehnder_CAS_IMG-CleanAir-Max-Unit-Family_1920-660x371.webp\" class=\"attachment-medium size-medium\" alt srcset=\"https:\/\/ebmpapst-7237.kxcdn.com\/de\/files\/2025\/09\/Zehnder_CAS_IMG-CleanAir-Max-Unit-Family_1920-660x371.webp 660w, https:\/\/ebmpapst-7237.kxcdn.com\/de\/files\/2025\/09\/Zehnder_CAS_IMG-CleanAir-Max-Unit-Family_1920-960x540.webp 960w, https:\/\/ebmpapst-7237.kxcdn.com\/de\/files\/2025\/09\/Zehnder_CAS_IMG-CleanAir-Max-Unit-Family_1920-260x146.webp 260w, https:\/\/ebmpapst-7237.kxcdn.com\/de\/files\/2025\/09\/Zehnder_CAS_IMG-CleanAir-Max-Unit-Family_1920-768x432.webp 768w, https:\/\/ebmpapst-7237.kxcdn.com\/de\/files\/2025\/09\/Zehnder_CAS_IMG-CleanAir-Max-Unit-Family_1920-1536x864.webp 1536w, https:\/\/ebmpapst-7237.kxcdn.com\/de\/files\/2025\/09\/Zehnder_CAS_IMG-CleanAir-Max-Unit-Family_1920-450x253.webp 450w, https:\/\/ebmpapst-7237.kxcdn.com\/de\/files\/2025\/09\/Zehnder_CAS_IMG-CleanAir-Max-Unit-Family_1920-300x169.webp 300w, https:\/\/ebmpapst-7237.kxcdn.com\/de\/files\/2025\/09\/Zehnder_CAS_IMG-CleanAir-Max-Unit-Family_1920.webp 1920w\" sizes=\"auto, (max-width: 660px) 100vw, 660px\"><\/div>\n\n\t\t<\/figure><!-- .preview-media -->\n\n<div class=\"article-preview-text\">\n\t\t<header class=\"entry-header\">\n\t\t\t<h1 class=\"entry-title\"><span>\u201eUnsere Kunden erwarten mehr als saubere Luft\u201c\t\t<\/span><\/h1><\/header><!-- .entry-header -->\n\t\n\t\t<p><b>Zehnder Clean Air Solu\u00adtions<\/b> ist ein f\u00fchrender Anbieter in der indus\u00adtri\u00adellen Luft\u00adrei\u00adni\u00adgung. In einer lang\u00adj\u00e4h\u00adrigen Entwick\u00adlungs\u00adzu\u00adsam\u00admen\u00adar\u00adbeit entstand die IoT-Plat\u00adt\u00ad\u00adform Zehnder CARA und ebm-papst konnte sein digi\u00adtales \u00d6kosystem <b>NEXAIRA<\/b> voran\u00adbringen. Magnus Bladh, Head of Tech\u00adno\u00adlogy bei Zehnder Clean Air Solu\u00adtions erkl\u00e4rt, wie intel\u00adli\u00adgente, vernetzte L\u00f6sungen einen mess\u00adbaren Mehr\u00adwert f\u00fcr Kunden schaffen.<span class=\"more\">\u00bb<\/span><\/p>\t\n<\/div>\n\t\t<\/a>\n\t<\/article><!-- .preview -->\n\n<\/div>\n\n<div class=\"grid-item grid-item\">\n\n\n<article id=\"post-38863\" class=\"entry-preview entry-preview-no-27 post-38863 post type-post status-publish format-standard hentry category-kaelte-klima category-ventilatoren tag-rechenzentrum\">\n\t<a href=\"https:\/\/mag.ebmpapst.com\/de\/branchen\/kaelte-klima\/infomaniak-d4-nachhaltiges-rechenzentrum-heizen-mit-abwaerme_38863\/\" rel=\"bookmark\" title=\"Dieser CEO verschenkt Data\u00adcenter\">\n\n\n\n\t\t<figure class=\"preview-media\">\n\t\t\n \n\t\t\t\t<div class=\"m2g-media-wrapper\"><img loading=\"lazy\" decoding=\"async\" width=\"660\" height=\"371\" src=\"https:\/\/ebmpapst-7237.kxcdn.com\/de\/files\/2025\/09\/header-infomaniak-d4-boris-siegenthaler-660x371.webp\" class=\"attachment-medium size-medium\" alt srcset=\"https:\/\/ebmpapst-7237.kxcdn.com\/de\/files\/2025\/09\/header-infomaniak-d4-boris-siegenthaler-660x371.webp 660w, https:\/\/ebmpapst-7237.kxcdn.com\/de\/files\/2025\/09\/header-infomaniak-d4-boris-siegenthaler-960x540.webp 960w, https:\/\/ebmpapst-7237.kxcdn.com\/de\/files\/2025\/09\/header-infomaniak-d4-boris-siegenthaler-260x146.webp 260w, https:\/\/ebmpapst-7237.kxcdn.com\/de\/files\/2025\/09\/header-infomaniak-d4-boris-siegenthaler-768x432.webp 768w, https:\/\/ebmpapst-7237.kxcdn.com\/de\/files\/2025\/09\/header-infomaniak-d4-boris-siegenthaler-1536x864.webp 1536w, https:\/\/ebmpapst-7237.kxcdn.com\/de\/files\/2025\/09\/header-infomaniak-d4-boris-siegenthaler-2048x1152.webp 2048w, https:\/\/ebmpapst-7237.kxcdn.com\/de\/files\/2025\/09\/header-infomaniak-d4-boris-siegenthaler-450x253.webp 450w, https:\/\/ebmpapst-7237.kxcdn.com\/de\/files\/2025\/09\/header-infomaniak-d4-boris-siegenthaler-300x169.webp 300w\" sizes=\"auto, (max-width: 660px) 100vw, 660px\"><\/div>\n\n\t\t<\/figure><!-- .preview-media -->\n\n<div class=\"article-preview-text\">\n\t\t<header class=\"entry-header\">\n\t\t\t<h1 class=\"entry-title\"><span>Dieser CEO verschenkt Data\u00adcenter\t\t<\/span><\/h1><\/header><!-- .entry-header -->\n\t\n\t\t<p>Das <b>D4<\/b> unter einem Park in Genf ist <b>das nach\u00adhal\u00adtigste Rechen\u00adzen\u00adtrum Europas<\/b>. Es verbraucht kein Wasser und so gut wie keinen Strom. Und es verwendet die verbrauchte Energie gleich nochmal. Damit beweist der Betreiber <b>Info\u00adma\u00adniak<\/b>, dass <b>Cloud\u00adcom\u00adpu\u00adting<\/b> ein wich\u00adtiger Teil der <b>Ener\u00adgie\u00adwende<\/b> sein kann. Und sagt allen: \u201eBitte nach\u00adma\u00adchen!\u201c<span class=\"more\">\u00bb<\/span><\/p>\t\n<\/div>\n\t\t<\/a>\n\t<\/article><!-- .preview -->\n\n<\/div>\n\n\n<div class=\"wp-block-group alignfull air-data-to-page-banner has-background\" style=\"background-color:#a2b91e\"><div class=\"wp-block-group__inner-container is-layout-constrained wp-block-group-is-layout-constrained\">\n<div class=\"wp-block-columns alignwide banner-width is-layout-flex wp-container-core-columns-is-layout-9d6595d7 wp-block-columns-is-layout-flex\">\n<div class=\"wp-block-column is-vertically-aligned-bottom is-layout-flow wp-block-column-is-layout-flow\" style=\"flex-basis:50%\">\n<figure class=\"wp-block-image size-full is-resized\"><img loading=\"lazy\" decoding=\"async\" width=\"500\" height=\"70\" src=\"https:\/\/ebmpapst-7237.kxcdn.com\/de\/files\/2024\/03\/EP_LOGO_AIR-L-DATA_SMALL_240318-1005gw_500px_FREI-WEISS.png\" alt class=\"wp-image-32259\" style=\"width:220px\" srcset=\"https:\/\/ebmpapst-7237.kxcdn.com\/de\/files\/2024\/03\/EP_LOGO_AIR-L-DATA_SMALL_240318-1005gw_500px_FREI-WEISS.png 500w, https:\/\/ebmpapst-7237.kxcdn.com\/de\/files\/2024\/03\/EP_LOGO_AIR-L-DATA_SMALL_240318-1005gw_500px_FREI-WEISS-260x36.png 260w, https:\/\/ebmpapst-7237.kxcdn.com\/de\/files\/2024\/03\/EP_LOGO_AIR-L-DATA_SMALL_240318-1005gw_500px_FREI-WEISS-450x63.png 450w, https:\/\/ebmpapst-7237.kxcdn.com\/de\/files\/2024\/03\/EP_LOGO_AIR-L-DATA_SMALL_240318-1005gw_500px_FREI-WEISS-300x42.png 300w\" sizes=\"auto, (max-width: 500px) 100vw, 500px\"><\/figure>\n\n\n\n<h3 class=\"wp-block-heading has-white-color has-text-color has-link-color wp-elements-762bd14933b46d8c8d2b30402d69475a\">Special: Kundensto\u00adries mit digi\u00adtalem Mehr\u00adwert!<\/h3>\n\n\n\n<p class=\"has-white-color has-text-color has-link-color wp-elements-4780b3e3c417ecf5402f42f004562a78\">Wir \u00f6ffnen unseren Kund*innen T\u00fcren in eine Welt voller Mehr\u00adwerte durch Digital Services. Sensoren, Gate\u00adways und KI erm\u00f6g\u00adli\u00adchen bei bestehenden und neuen Anlagen echte Vorteile. Ener\u00adgie\u00adein\u00adspa\u00adrungen sind dabei nur der Anfang \u2013 auto\u00adma\u00adti\u00adsierte Daten\u00adbe\u00adreit\u00adstel\u00adlung f\u00fcrs ESG-Reportings, Predic\u00adtive Main\u00adten\u00adance oder Filter\u00adver\u00adschmut\u00adzungs\u00ader\u00adken\u00adnung. Alles keine Zukunfts\u00admusik.<\/p>\n\n\n\n<div class=\"wp-block-buttons is-layout-flex wp-block-buttons-is-layout-flex\">\n<div class=\"wp-block-button has-custom-font-size button-chevron-right\" style=\"font-size:16px;text-transform:none\"><a class=\"wp-block-button__link has-background wp-element-button\" href=\"https:\/\/mag.ebmpapst.com\/de\/air-loves-data-unsere-digitalen-services\/\" style=\"background-color:#007cbc\">Zur Special-Seite<\/a><\/div>\n<\/div>\n<\/div>\n\n\n\n<div class=\"wp-block-column is-vertically-aligned-bottom hidden-image is-layout-flow wp-block-column-is-layout-flow\" style=\"flex-basis:50%\">\n<figure class=\"wp-block-image size-medium is-resized\"><img loading=\"lazy\" decoding=\"async\" width=\"660\" height=\"440\" src=\"https:\/\/ebmpapst-7237.kxcdn.com\/de\/files\/2024\/03\/AirLovesData-Bild-660x440.jpg\" alt class=\"wp-image-31996\" style=\"width:520px\" srcset=\"https:\/\/ebmpapst-7237.kxcdn.com\/de\/files\/2024\/03\/AirLovesData-Bild-660x440.jpg 660w, https:\/\/ebmpapst-7237.kxcdn.com\/de\/files\/2024\/03\/AirLovesData-Bild-960x640.jpg 960w, https:\/\/ebmpapst-7237.kxcdn.com\/de\/files\/2024\/03\/AirLovesData-Bild-260x173.jpg 260w, https:\/\/ebmpapst-7237.kxcdn.com\/de\/files\/2024\/03\/AirLovesData-Bild-768x512.jpg 768w, https:\/\/ebmpapst-7237.kxcdn.com\/de\/files\/2024\/03\/AirLovesData-Bild-1536x1024.jpg 1536w, https:\/\/ebmpapst-7237.kxcdn.com\/de\/files\/2024\/03\/AirLovesData-Bild-450x300.jpg 450w, https:\/\/ebmpapst-7237.kxcdn.com\/de\/files\/2024\/03\/AirLovesData-Bild-300x200.jpg 300w, https:\/\/ebmpapst-7237.kxcdn.com\/de\/files\/2024\/03\/AirLovesData-Bild.jpg 1920w\" sizes=\"auto, (max-width: 660px) 100vw, 660px\"><\/figure>\n<\/div>\n<\/div>\n\n\n\n<style>\n.alignwide.banner-width {\nmax-width: 100%;\nwidth: 1240px;\npadding: 30px;\nmargin-bottom: 0;\n}\n.air-data-to-page-banner{\nmargin-bottom:100px\n}\nbody.single .air-data-to-page-banner {\n  margin-bottom: 80px;\n  margin-top: 60px;\n}\n.air-data-to-page-banner .wp-block-button a {\ntext-transform: unset;\n}\n.air-data-to-page-banner h3 {\nmargin-top: 20px;\n}\n.air-data-to-page-banner .wp-block-buttons,\n.air-data-to-page-banner .wp-block-image  {\nmargin-bottom: 0;\n}\n.air-data-to-page-banner > div {\nposition: relative;\nz-index: 0;\n}\n.air-data-to-page-banner > div:before {\ncontent:'';\ndisplay: block;\nposition: absolute;\nz-index: -1;\ntop:0;\nwidth: 100%;\nheight: 100%;\nopacity: 0.25;\nbackground-image: url('\/\/ebmpapst-7237.kxcdn.com\/de\/wp-content\/themes\/mag-ebmpapst\/img\/bg-mag-dots-white-moved.png');\nbackground-repeat: no-repeat;\nbackground-position: -25px -10px;\n  background-size: auto calc(100% + 10px);\n}\n@media (max-width: 781px) { .hidden-image {display: none;} }\n<\/style>\n<\/div><\/div>\n\n\n\n\n<div class=\"grid-item grid-item\">\n\n\n<article id=\"post-38758\" class=\"entry-preview entry-preview-no-28 post-38758 post type-post status-publish format-standard hentry category-kaelte-klima category-ventilatoren\">\n\t<a href=\"https:\/\/mag.ebmpapst.com\/de\/branchen\/kaelte-klima\/energetische-gebaeudesanierung-mehr-als-nur-fassade_38758\/\" rel=\"bookmark\" title=\"Ener\u00adge\u00adti\u00adsche Geb\u00e4u\u00adde\u00adsa\u00adnie\u00adrung: Mehr als nur Fassade\">\n\n\n\n\t\t<figure class=\"preview-media\">\n\t\t\n \n\t\t\t\t<div class=\"m2g-media-wrapper\"><img loading=\"lazy\" decoding=\"async\" width=\"660\" height=\"371\" src=\"https:\/\/ebmpapst-7237.kxcdn.com\/de\/files\/2025\/09\/Vortice_aus_Infinite_1920-660x371.png\" class=\"attachment-medium size-medium\" alt srcset=\"https:\/\/ebmpapst-7237.kxcdn.com\/de\/files\/2025\/09\/Vortice_aus_Infinite_1920-660x371.png 660w, https:\/\/ebmpapst-7237.kxcdn.com\/de\/files\/2025\/09\/Vortice_aus_Infinite_1920-260x146.png 260w, https:\/\/ebmpapst-7237.kxcdn.com\/de\/files\/2025\/09\/Vortice_aus_Infinite_1920-768x432.png 768w, https:\/\/ebmpapst-7237.kxcdn.com\/de\/files\/2025\/09\/Vortice_aus_Infinite_1920-450x253.png 450w, https:\/\/ebmpapst-7237.kxcdn.com\/de\/files\/2025\/09\/Vortice_aus_Infinite_1920-300x169.png 300w, https:\/\/ebmpapst-7237.kxcdn.com\/de\/files\/2025\/09\/Vortice_aus_Infinite_1920.png 960w\" sizes=\"auto, (max-width: 660px) 100vw, 660px\"><\/div>\n\n\t\t<\/figure><!-- .preview-media -->\n\n<div class=\"article-preview-text\">\n\t\t<header class=\"entry-header\">\n\t\t\t<h1 class=\"entry-title\"><span>Ener\u00adge\u00adti\u00adsche Geb\u00e4u\u00adde\u00adsa\u00adnie\u00adrung: Mehr als nur Fassade\t\t<\/span><\/h1><\/header><!-- .entry-header -->\n\t\n\t\t<p>Wenn wir in Zukunft klima\u00adfreund\u00adlich wohnen m\u00f6chten, f\u00fchrt kein Weg an ener\u00adge\u00adti\u00adschen Sanie\u00adrungen vorbei. Doch die sind meist aufw\u00e4ndig und teuer. Wie l\u00e4sst sich das \u00e4ndern? Ein euro\u00adp\u00e4i\u00adsches Projekt unter\u00adsucht, wie vorge\u00adfer\u00adtigte <b>Fassa\u00adden\u00adele\u00admente mit inte\u00adgrierter Klima\u00adtechnik<\/b> den Sanie\u00adrungs\u00adpro\u00adzess beschleu\u00adnigen und g\u00fcns\u00adtiger machen k\u00f6nnen. Dabei spielen die L\u00fcftungs\u00adge\u00adr\u00e4te des italie\u00adni\u00adschen Herstel\u00adlers  <b>Vortice S. p. A. <\/b> mit den ener\u00adgie\u00adspa\u00adrenden Venti\u00adla\u00adtoren von ebm-papst eine entschei\u00addende Rolle. <span class=\"more\">\u00bb<\/span><\/p>\t\n<\/div>\n\t\t<\/a>\n\t<\/article><!-- .preview -->\n\n<\/div>\n\n<div class=\"grid-item grid-item\">\n\n\n<article id=\"post-38734\" class=\"entry-preview entry-preview-no-29 post-38734 post type-post status-publish format-standard has-post-thumbnail hentry category-interview\">\n\t<a href=\"https:\/\/mag.ebmpapst.com\/de\/interview\/interview-ceo-klaus-geissdoerfer-zukunfts-strategie-mut-zahlt-sich-aus_38734\/\" rel=\"bookmark\" title=\"\u201eMut zahlt sich aus\u201c\">\n\n\n\n\t\t<figure class=\"preview-media\">\n\t\t\n \n\t\t\t\t<div class=\"m2g-media-wrapper\"><img loading=\"lazy\" decoding=\"async\" width=\"660\" height=\"371\" src=\"https:\/\/ebmpapst-7237.kxcdn.com\/de\/files\/2025\/09\/2022_Geissdoerfer_0825_1929-660x371.webp\" class=\"attachment-medium size-medium\" alt srcset=\"https:\/\/ebmpapst-7237.kxcdn.com\/de\/files\/2025\/09\/2022_Geissdoerfer_0825_1929-660x371.webp 660w, https:\/\/ebmpapst-7237.kxcdn.com\/de\/files\/2025\/09\/2022_Geissdoerfer_0825_1929-960x540.webp 960w, https:\/\/ebmpapst-7237.kxcdn.com\/de\/files\/2025\/09\/2022_Geissdoerfer_0825_1929-260x146.webp 260w, https:\/\/ebmpapst-7237.kxcdn.com\/de\/files\/2025\/09\/2022_Geissdoerfer_0825_1929-768x432.webp 768w, https:\/\/ebmpapst-7237.kxcdn.com\/de\/files\/2025\/09\/2022_Geissdoerfer_0825_1929-1536x864.webp 1536w, https:\/\/ebmpapst-7237.kxcdn.com\/de\/files\/2025\/09\/2022_Geissdoerfer_0825_1929-450x253.webp 450w, https:\/\/ebmpapst-7237.kxcdn.com\/de\/files\/2025\/09\/2022_Geissdoerfer_0825_1929-300x169.webp 300w, https:\/\/ebmpapst-7237.kxcdn.com\/de\/files\/2025\/09\/2022_Geissdoerfer_0825_1929.webp 1920w\" sizes=\"auto, (max-width: 660px) 100vw, 660px\"><\/div>\n\n\t\t<\/figure><!-- .preview-media -->\n\n<div class=\"article-preview-text\">\n\t\t<header class=\"entry-header\">\n\t\t\t<h1 class=\"entry-title\"><span>\u201eMut zahlt sich aus\u201c\t\t<\/span><\/h1><\/header><!-- .entry-header -->\n\t\n\t\t<p>Dr. Klaus Gei\u00df\u00add\u00f6rfer, CEO von ebm-papst, \u00fcber <b>Inves\u00adti\u00adtionen in der Krise<\/b>, <b>stra\u00adte\u00adgi\u00adsche Weit\u00adsicht<\/b> und warum Europa jetzt vor einer <b>histo\u00adri\u00adschen Chance<\/b> steht.<span class=\"more\">\u00bb<\/span><\/p>\t\n<\/div>\n\t\t<\/a>\n\t<\/article><!-- .preview -->\n\n<\/div>\n\n<div class=\"grid-item grid-item\">\n\n\n<article id=\"post-38654\" class=\"entry-preview entry-preview-no-30 post-38654 post type-post status-publish format-standard hentry category-kaelte-klima category-ventilatoren\">\n\t<a href=\"https:\/\/mag.ebmpapst.com\/de\/branchen\/kaelte-klima\/anfeuern-mit-kuehlem-kopf-in-der-santa-giulia-arena_38654\/\" rel=\"bookmark\" title=\"Anfeuern mit k\u00fchlem Kopf in der Santa Giulia Arena\">\n\n\n\n\t\t<figure class=\"preview-media\">\n\t\t\n \n\t\t\t\t<div class=\"m2g-media-wrapper\"><img loading=\"lazy\" decoding=\"async\" width=\"660\" height=\"330\" src=\"https:\/\/ebmpapst-7237.kxcdn.com\/de\/files\/2025\/09\/Header_SantaGiuliaArena-660x330.webp\" class=\"attachment-medium size-medium\" alt srcset=\"https:\/\/ebmpapst-7237.kxcdn.com\/de\/files\/2025\/09\/Header_SantaGiuliaArena-660x330.webp 660w, https:\/\/ebmpapst-7237.kxcdn.com\/de\/files\/2025\/09\/Header_SantaGiuliaArena-960x480.webp 960w, https:\/\/ebmpapst-7237.kxcdn.com\/de\/files\/2025\/09\/Header_SantaGiuliaArena-260x130.webp 260w, https:\/\/ebmpapst-7237.kxcdn.com\/de\/files\/2025\/09\/Header_SantaGiuliaArena-768x384.webp 768w, https:\/\/ebmpapst-7237.kxcdn.com\/de\/files\/2025\/09\/Header_SantaGiuliaArena-1536x768.webp 1536w, https:\/\/ebmpapst-7237.kxcdn.com\/de\/files\/2025\/09\/Header_SantaGiuliaArena-2048x1024.webp 2048w, https:\/\/ebmpapst-7237.kxcdn.com\/de\/files\/2025\/09\/Header_SantaGiuliaArena-450x225.webp 450w, https:\/\/ebmpapst-7237.kxcdn.com\/de\/files\/2025\/09\/Header_SantaGiuliaArena-300x150.webp 300w\" sizes=\"auto, (max-width: 660px) 100vw, 660px\"><\/div>\n\n\t\t<\/figure><!-- .preview-media -->\n\n<div class=\"article-preview-text\">\n\t\t<header class=\"entry-header\">\n\t\t\t<h1 class=\"entry-title\"><span>Anfeuern mit k\u00fchlem Kopf in der Santa Giulia Arena\t\t<\/span><\/h1><\/header><!-- .entry-header -->\n\t\n\t\t<p>Jubelnde Eisho\u00adckey\u00adfans oder krei\u00adschendes Konzert\u00adpu\u00adblikum \u2013 das und vieles mehr wird in der multi\u00adfunk\u00adtio\u00adnalen Santa Giulia Arena in Mailand m\u00f6glich. Bei den Olym\u00adpi\u00adschen Winter\u00adspielen 2026 heizen die Zuschauer:innen erst\u00admalig die Stim\u00admung in der Arena ein \u2013 w\u00e4hrend die Installateur:innen von  <b>Arena Impianti <\/b> gemeinsam mit den Experten f\u00fcr Luft\u00adtechnik von  <b>SAMP <\/b> und  <b>210 RadiPac C Venti\u00adla\u00adtoren <\/b> von ebm-papst f\u00fcr opti\u00admales Hallen\u00adklima sorgen. <span class=\"more\">\u00bb<\/span><\/p>\t\n<\/div>\n\t\t<\/a>\n\t<\/article><!-- .preview -->\n\n<\/div>\n\n<div class=\"grid-item grid-item\">\n\n\n<article id=\"post-23739\" class=\"entry-preview entry-preview-no-31 post-23739 post type-post status-publish format-standard has-post-thumbnail hentry category-elektronik category-telekommunikation category-ventilatoren tag-compactpower\">\n\t<a href=\"https:\/\/mag.ebmpapst.com\/de\/branchen\/elektronik\/power-luefter-fuer-die-elektronikkuehlung_23739\/\" rel=\"bookmark\" title=\"Power-L\u00fcfter f\u00fcr die Elek\u00adtronik\u00adk\u00fch\u00adlung\">\n\n\n\n\t\t<figure class=\"preview-media\">\n\t\t\n \n\t\t\t\t<div class=\"m2g-media-wrapper\"><img loading=\"lazy\" decoding=\"async\" width=\"660\" height=\"371\" src=\"https:\/\/ebmpapst-7237.kxcdn.com\/de\/files\/2021\/05\/Firefly_Photorealistic-rendering-of-a-modern-data-center-with-multiple-rows-of-server-racks-i-629131-660x371.jpg\" class=\"attachment-medium size-medium\" alt srcset=\"https:\/\/ebmpapst-7237.kxcdn.com\/de\/files\/2021\/05\/Firefly_Photorealistic-rendering-of-a-modern-data-center-with-multiple-rows-of-server-racks-i-629131-660x371.jpg 660w, https:\/\/ebmpapst-7237.kxcdn.com\/de\/files\/2021\/05\/Firefly_Photorealistic-rendering-of-a-modern-data-center-with-multiple-rows-of-server-racks-i-629131-960x540.jpg 960w, https:\/\/ebmpapst-7237.kxcdn.com\/de\/files\/2021\/05\/Firefly_Photorealistic-rendering-of-a-modern-data-center-with-multiple-rows-of-server-racks-i-629131-260x146.jpg 260w, https:\/\/ebmpapst-7237.kxcdn.com\/de\/files\/2021\/05\/Firefly_Photorealistic-rendering-of-a-modern-data-center-with-multiple-rows-of-server-racks-i-629131-768x432.jpg 768w, https:\/\/ebmpapst-7237.kxcdn.com\/de\/files\/2021\/05\/Firefly_Photorealistic-rendering-of-a-modern-data-center-with-multiple-rows-of-server-racks-i-629131-1536x864.jpg 1536w, https:\/\/ebmpapst-7237.kxcdn.com\/de\/files\/2021\/05\/Firefly_Photorealistic-rendering-of-a-modern-data-center-with-multiple-rows-of-server-racks-i-629131-2048x1152.jpg 2048w, https:\/\/ebmpapst-7237.kxcdn.com\/de\/files\/2021\/05\/Firefly_Photorealistic-rendering-of-a-modern-data-center-with-multiple-rows-of-server-racks-i-629131-450x253.jpg 450w, https:\/\/ebmpapst-7237.kxcdn.com\/de\/files\/2021\/05\/Firefly_Photorealistic-rendering-of-a-modern-data-center-with-multiple-rows-of-server-racks-i-629131-300x169.jpg 300w\" sizes=\"auto, (max-width: 660px) 100vw, 660px\"><\/div>\n\n\t\t<\/figure><!-- .preview-media -->\n\n<div class=\"article-preview-text\">\n\t\t<header class=\"entry-header\">\n\t\t\t<h1 class=\"entry-title\"><span>Power-L\u00fcfter f\u00fcr die Elek\u00adtronik\u00adk\u00fch\u00adlung\t\t<\/span><\/h1><\/header><!-- .entry-header -->\n\t\n\t\t<p>Mit dem rasanten Fort\u00adschritt <b>gene\u00adra\u00adtiver KI<\/b> und <b>daten\u00adge\u00adtrie\u00adbener Systeme<\/b> steigen die Anfor\u00adde\u00adrungen an die Elek\u00adtronik\u00adk\u00fch\u00adlung konti\u00adnu\u00adier\u00adlich. Immer leis\u00adtungs\u00adf\u00e4\u00adhi\u00adgere Kompo\u00adnenten m\u00fcssen auf engem Raum zuver\u00adl\u00e4ssig und leise gek\u00fchlt werden \u2013 ob in der Tele\u00adkom\u00admu\u00adni\u00adka\u00adtion, Auto\u00adma\u00adti\u00adsie\u00adrung oder IT-Infra\u00ad\u00adstruktur. Klas\u00adsi\u00adsche L\u00fcfter\u00adl\u00f6\u00adsungen sto\u00dfen dabei an ihre Grenzen. Der Kompakt\u00adl\u00fcfter DiaForce von ebm\u2011papst liefert bis zu <b>50&nbsp;% mehr Luft\u00adleis\u00adtung<\/b> bei gleich\u00adzeitig redu\u00adzierter Ger\u00e4usch\u00ademis\u00adsion und bietet damit eine zukunfts\u00adsi\u00adchere L\u00f6sung f\u00fcr moderne Elek\u00adtronik\u00adum\u00adge\u00adbungen.<span class=\"more\">\u00bb<\/span><\/p>\t\n<\/div>\n\t\t<\/a>\n\t<\/article><!-- .preview -->\n\n<\/div>\n\n<div class=\"grid-item grid-item\">\n\n\n<article id=\"post-38452\" class=\"entry-preview entry-preview-no-32 m2g-video-teaser  post-38452 post type-post status-publish format-standard hentry category-kaelte-klima category-ventilatoren\">\n\t<a href=\"https:\/\/mag.ebmpapst.com\/de\/branchen\/kaelte-klima\/retrofit-in-der-lufttechnik-effizienzsteigerung-durch-intelligente-nachruestung_38452\/\" rel=\"bookmark\" title=\"Retrofit in der Luft\u00adtechnik: Effi\u00adzi\u00adenz\u00adstei\u00adge\u00adrung durch intel\u00adli\u00adgente Nach\u00adr\u00fcs\u00adtung\">\n\n\n\n\t\t<figure class=\"preview-media\">\n\t\t\n \n\t <div class=\"video-overlay\">\n\t <svg class=\"video-overlay-play-button\" viewBox=\"0 0 200 200\" alt=\"Play video\">\\\n                    <circle cx=\"100\" cy=\"100\" r=\"90\" fill=\"rgba(33,33,33,0.2)\" stroke-width=\"15\" stroke=\"#fff\" \/>\n                    <polygon points=\"70, 55 70, 145 145, 100\" fill=\"#fff\" \/>\n\t <\/svg><\/div>\n \n\t\t\t\t<div class=\"m2g-media-wrapper\">\n<div class=\"video-container\" style=\" background-image: url(https:\/\/ebmpapst-7237.kxcdn.com\/de\/files\/2025\/08\/Image4_Retrofit_ebmpapst-960x540.webp);\"><iframe loading=\"lazy\" class=\"vimeo-iframe\" src=\"https:\/\/player.vimeo.com\/video\/1114172046?dnt=1&amp;autoplay=1&amp;loop=1&amp;autopause=0&amp;muted=1&amp;background=1\" width=\"960\" height=\"540\" frameborder=\"0\" allowfullscreen=\"allowfullscreen\"><\/iframe><\/div>\n<\/div>\n\n\t\t<\/figure><!-- .preview-media -->\n\n<div class=\"article-preview-text\">\n\t\t<header class=\"entry-header\">\n\t\t\t<h1 class=\"entry-title\"><span>Retrofit in der Luft\u00adtechnik: Effi\u00adzi\u00adenz\u00adstei\u00adge\u00adrung durch intel\u00adli\u00adgente Nach\u00adr\u00fcs\u00adtung\t\t<\/span><\/h1><\/header><!-- .entry-header -->\n\t\n\t\t<p>Retrofit ist mehr als ein tech\u00adni\u00adsches Schlag\u00adwort \u2013 es ist ein stra\u00adte\u00adgi\u00adscher Hebel f\u00fcr mehr <b>Ener\u00adgie\u00adef\u00adfi\u00adzienz, Nach\u00adhal\u00adtig\u00adkeit und Zukunfts\u00adsi\u00adcher\u00adheit<\/b> in der indus\u00adtri\u00adellen Luft\u00adtechnik. Durch die gezielte <b>Moder\u00adni\u00adsie\u00adrung<\/b> bestehender L\u00fcftungs\u00adan\u00adlagen lassen sich nicht nur Betriebs\u00adkosten senken, sondern auch gesetz\u00adliche Anfor\u00adde\u00adrungen erf\u00fcllen und die Lebens\u00addauer tech\u00adni\u00adscher Systeme verl\u00e4n\u00adgern. <span class=\"more\">\u00bb<\/span><\/p>\t\n<\/div>\n\t\t<\/a>\n\t<\/article><!-- .preview -->\n\n<\/div>\n\n<div class=\"grid-item grid-item\">\n\n\n<article id=\"post-24314\" class=\"entry-preview entry-preview-no-33 post-24314 post type-post status-publish format-standard hentry category-kaelte-klima category-ventilatoren\">\n\t<a href=\"https:\/\/mag.ebmpapst.com\/de\/branchen\/kaelte-klima\/neuer-ec-radialventilator-fuer-mehr-power-und-effizienz_24314\/\" rel=\"bookmark\" title=\"EC-Radi\u00adal\u00adven\u00adti\u00adlator f\u00fcr mehr Power und Effi\u00adzienz\">\n\n\n\n\t\t<figure class=\"preview-media\">\n\t\t\n \n\t\t\t\t<div class=\"m2g-media-wrapper\"><img loading=\"lazy\" decoding=\"async\" width=\"660\" height=\"388\" src=\"https:\/\/ebmpapst-7237.kxcdn.com\/de\/files\/2021\/09\/DSC1623_FREI_1CK-1-660x388.jpg\" class=\"attachment-medium size-medium\" alt srcset=\"https:\/\/ebmpapst-7237.kxcdn.com\/de\/files\/2021\/09\/DSC1623_FREI_1CK-1-660x388.jpg 660w, https:\/\/ebmpapst-7237.kxcdn.com\/de\/files\/2021\/09\/DSC1623_FREI_1CK-1-960x564.jpg 960w, https:\/\/ebmpapst-7237.kxcdn.com\/de\/files\/2021\/09\/DSC1623_FREI_1CK-1-260x153.jpg 260w, https:\/\/ebmpapst-7237.kxcdn.com\/de\/files\/2021\/09\/DSC1623_FREI_1CK-1-768x451.jpg 768w, https:\/\/ebmpapst-7237.kxcdn.com\/de\/files\/2021\/09\/DSC1623_FREI_1CK-1-1536x903.jpg 1536w, https:\/\/ebmpapst-7237.kxcdn.com\/de\/files\/2021\/09\/DSC1623_FREI_1CK-1-2048x1203.jpg 2048w, https:\/\/ebmpapst-7237.kxcdn.com\/de\/files\/2021\/09\/DSC1623_FREI_1CK-1-450x264.jpg 450w, https:\/\/ebmpapst-7237.kxcdn.com\/de\/files\/2021\/09\/DSC1623_FREI_1CK-1-300x176.jpg 300w\" sizes=\"auto, (max-width: 660px) 100vw, 660px\"><\/div>\n\n\t\t<\/figure><!-- .preview-media -->\n\n<div class=\"article-preview-text\">\n\t\t<header class=\"entry-header\">\n\t\t\t<h1 class=\"entry-title\"><span>EC-Radi\u00adal\u00ad\u00adven\u00ad\u00adti\u00adlator f\u00fcr mehr Power und Effi\u00adzienz\t\t<\/span><\/h1><\/header><!-- .entry-header -->\n\t\n\t\t<p><b>Radi\u00adal\u00adven\u00adti\u00adla\u00adtoren von ebm-papst<\/b> setzen neue Ma\u00dfst\u00e4be: Dank str\u00f6\u00admungs\u00adtech\u00adni\u00adscher Opti\u00admie\u00adrungen, inno\u00adva\u00adtiver Mate\u00adria\u00adlien, durch\u00addachten Konstruk\u00adti\u00adons\u00adde\u00adtails und hoch\u00adef\u00adfi\u00adzi\u00adenter EC-Motoren mit intel\u00adli\u00adgenter Steu\u00ader\u00adelek\u00adtronik bringen sie nicht nur deut\u00adlich mehr Luft\u00adleis\u00adtung als bisher, sondern arbeiten auch noch beson\u00adders leise und effi\u00adzient.<span class=\"more\">\u00bb<\/span><\/p>\t\n<\/div>\n\t\t<\/a>\n\t<\/article><!-- .preview -->\n\n<\/div>\n\n<div class=\"grid-item grid-item\">\n\n\n<article id=\"post-21422\" class=\"entry-preview entry-preview-no-34 post-21422 post type-post status-publish format-standard hentry category-kaelte-klima category-ventilatoren tag-akustik tag-beamforming tag-schall\">\n\t<a href=\"https:\/\/mag.ebmpapst.com\/de\/branchen\/kaelte-klima\/den-schallquellen-auf-der-spur_21422\/\" rel=\"bookmark\" title=\"Den Schall\u00adquellen auf der Spur\">\n\n\n\n\t\t<figure class=\"preview-media\">\n\t\t\n \n\t\t\t\t<div class=\"m2g-media-wrapper\"><img loading=\"lazy\" decoding=\"async\" width=\"660\" height=\"371\" src=\"https:\/\/ebmpapst-7237.kxcdn.com\/de\/files\/2015\/09\/Bild_Psychoakustuik_FireFlyxebm-papst_klein-660x371.jpg\" class=\"attachment-medium size-medium\" alt srcset=\"https:\/\/ebmpapst-7237.kxcdn.com\/de\/files\/2015\/09\/Bild_Psychoakustuik_FireFlyxebm-papst_klein-660x371.jpg 660w, https:\/\/ebmpapst-7237.kxcdn.com\/de\/files\/2015\/09\/Bild_Psychoakustuik_FireFlyxebm-papst_klein-960x540.jpg 960w, https:\/\/ebmpapst-7237.kxcdn.com\/de\/files\/2015\/09\/Bild_Psychoakustuik_FireFlyxebm-papst_klein-260x146.jpg 260w, https:\/\/ebmpapst-7237.kxcdn.com\/de\/files\/2015\/09\/Bild_Psychoakustuik_FireFlyxebm-papst_klein-768x432.jpg 768w, https:\/\/ebmpapst-7237.kxcdn.com\/de\/files\/2015\/09\/Bild_Psychoakustuik_FireFlyxebm-papst_klein-1536x864.jpg 1536w, https:\/\/ebmpapst-7237.kxcdn.com\/de\/files\/2015\/09\/Bild_Psychoakustuik_FireFlyxebm-papst_klein-2048x1152.jpg 2048w, https:\/\/ebmpapst-7237.kxcdn.com\/de\/files\/2015\/09\/Bild_Psychoakustuik_FireFlyxebm-papst_klein-450x253.jpg 450w, https:\/\/ebmpapst-7237.kxcdn.com\/de\/files\/2015\/09\/Bild_Psychoakustuik_FireFlyxebm-papst_klein-300x169.jpg 300w\" sizes=\"auto, (max-width: 660px) 100vw, 660px\"><\/div>\n\n\t\t<\/figure><!-- .preview-media -->\n\n<div class=\"article-preview-text\">\n\t\t<header class=\"entry-header\">\n\t\t\t<h1 class=\"entry-title\"><span>Den Schall\u00adquellen auf der Spur\t\t<\/span><\/h1><\/header><!-- .entry-header -->\n\t\n\t\t<p>In der Venti\u00adla\u00adto\u00adren\u00adtechnik hat sich einiges getan. Str\u00f6\u00admungs\u00adop\u00adti\u00admierte <b>EC-Venti\u00adla\u00ad\u00adtoren<\/b> setzen sich in der K\u00e4lte- und Klima\u00adtechnik durch. Dennoch gibt es noch Opti\u00admie\u00adrungs\u00adpo\u00adten\u00adtial bei der Ger\u00e4usch\u00adent\u00adwick\u00adlung. Mit gr\u00fcnd\u00adli\u00adchen Akustik-Unter\u00ad\u00adsu\u00adchungen wird unter R\u00fcck\u00adsicht auf die Einbau\u00adsi\u00adtua\u00adtion jede einzelne Schall\u00adquelle ausfindig gemacht.<span class=\"more\">\u00bb<\/span><\/p>\t\n<\/div>\n\t\t<\/a>\n\t<\/article><!-- .preview -->\n\n<\/div>\n\n<div class=\"grid-item grid-item\">\n\n\n<article id=\"post-22124\" class=\"entry-preview entry-preview-no-35 post-22124 post type-post status-publish format-standard hentry category-kaelte-klima category-ventilatoren\">\n\t<a href=\"https:\/\/mag.ebmpapst.com\/de\/branchen\/kaelte-klima\/fangrid-loesung-fuer-grosse-luftleistungen_22124\/\" rel=\"bookmark\" title=\"Effi\u00adzi\u00adente FanGrid f\u00fcr gro\u00dfe Luft\u00adleis\u00adtungen\">\n\n\n\n\t\t<figure class=\"preview-media\">\n\t\t\n \n\t\t\t\t<div class=\"m2g-media-wrapper\"><img loading=\"lazy\" decoding=\"async\" width=\"660\" height=\"467\" src=\"https:\/\/ebmpapst-7237.kxcdn.com\/de\/files\/2020\/05\/ebmpapst_RLT_Retrofit_FanGrid_230110-660x467.jpg\" class=\"attachment-medium size-medium\" alt srcset=\"https:\/\/ebmpapst-7237.kxcdn.com\/de\/files\/2020\/05\/ebmpapst_RLT_Retrofit_FanGrid_230110-660x467.jpg 660w, https:\/\/ebmpapst-7237.kxcdn.com\/de\/files\/2020\/05\/ebmpapst_RLT_Retrofit_FanGrid_230110-960x679.jpg 960w, https:\/\/ebmpapst-7237.kxcdn.com\/de\/files\/2020\/05\/ebmpapst_RLT_Retrofit_FanGrid_230110-260x184.jpg 260w, https:\/\/ebmpapst-7237.kxcdn.com\/de\/files\/2020\/05\/ebmpapst_RLT_Retrofit_FanGrid_230110-768x543.jpg 768w, https:\/\/ebmpapst-7237.kxcdn.com\/de\/files\/2020\/05\/ebmpapst_RLT_Retrofit_FanGrid_230110-1536x1086.jpg 1536w, https:\/\/ebmpapst-7237.kxcdn.com\/de\/files\/2020\/05\/ebmpapst_RLT_Retrofit_FanGrid_230110-2048x1448.jpg 2048w, https:\/\/ebmpapst-7237.kxcdn.com\/de\/files\/2020\/05\/ebmpapst_RLT_Retrofit_FanGrid_230110-450x318.jpg 450w, https:\/\/ebmpapst-7237.kxcdn.com\/de\/files\/2020\/05\/ebmpapst_RLT_Retrofit_FanGrid_230110-300x212.jpg 300w\" sizes=\"auto, (max-width: 660px) 100vw, 660px\"><\/div>\n\n\t\t<\/figure><!-- .preview-media -->\n\n<div class=\"article-preview-text\">\n\t\t<header class=\"entry-header\">\n\t\t\t<h1 class=\"entry-title\"><span>Effi\u00adzi\u00adente FanGrid f\u00fcr gro\u00dfe Luft\u00adleis\u00adtungen\t\t<\/span><\/h1><\/header><!-- .entry-header -->\n\t\n\t\t<p>Um hohe Luft\u00adleis\u00adtungen in der Raum\u00adluft\u00adtechnik zu errei\u00adchen, sind gro\u00dfe Einzel\u00adven\u00adti\u00adla\u00adtoren heut\u00adzu\u00adtage nicht mehr das Mittel der Wahl. Statt\u00addessen empfiehlt es sich, mehrere klei\u00adnere Venti\u00adla\u00adtoren in soge\u00adnannten <b>FanGrids<\/b> mitein\u00adander zu kombi\u00adnieren, die dann parallel zusam\u00admen\u00adar\u00adbeiten.<span class=\"more\">\u00bb<\/span><\/p>\t\n<\/div>\n\t\t<\/a>\n\t<\/article><!-- .preview -->\n\n<\/div>\n\n<div class=\"grid-item grid-item\">\n\n\n<article id=\"post-20053\" class=\"entry-preview entry-preview-no-36 post-20053 post type-post status-publish format-standard hentry category-branchen category-elektronik category-telekommunikation category-ventilatoren tag-antrieb tag-energieeffizienz tag-motor\">\n\t<a href=\"https:\/\/mag.ebmpapst.com\/de\/branchen\/aktive-gleichrichtung-minimiert-netzrueckwirkungen_20053\/\" rel=\"bookmark\" title=\"Aktive Gleich\u00adrich\u00adtung mini\u00admiert Netz\u00adr\u00fcck\u00adwir\u00adkungen\">\n\n\n\n\t\t<figure class=\"preview-media\">\n\t\t\n \n\t\t\t\t<div class=\"m2g-media-wrapper\"><img loading=\"lazy\" decoding=\"async\" width=\"660\" height=\"513\" src=\"https:\/\/ebmpapst-7237.kxcdn.com\/de\/files\/2019\/04\/ebm-papst_Aktiv-PFC_Firefly_AI-generated-660x513.jpg\" class=\"attachment-medium size-medium\" alt srcset=\"https:\/\/ebmpapst-7237.kxcdn.com\/de\/files\/2019\/04\/ebm-papst_Aktiv-PFC_Firefly_AI-generated-660x513.jpg 660w, https:\/\/ebmpapst-7237.kxcdn.com\/de\/files\/2019\/04\/ebm-papst_Aktiv-PFC_Firefly_AI-generated-960x747.jpg 960w, https:\/\/ebmpapst-7237.kxcdn.com\/de\/files\/2019\/04\/ebm-papst_Aktiv-PFC_Firefly_AI-generated-260x202.jpg 260w, https:\/\/ebmpapst-7237.kxcdn.com\/de\/files\/2019\/04\/ebm-papst_Aktiv-PFC_Firefly_AI-generated-768x597.jpg 768w, https:\/\/ebmpapst-7237.kxcdn.com\/de\/files\/2019\/04\/ebm-papst_Aktiv-PFC_Firefly_AI-generated-1536x1195.jpg 1536w, https:\/\/ebmpapst-7237.kxcdn.com\/de\/files\/2019\/04\/ebm-papst_Aktiv-PFC_Firefly_AI-generated-2048x1593.jpg 2048w, https:\/\/ebmpapst-7237.kxcdn.com\/de\/files\/2019\/04\/ebm-papst_Aktiv-PFC_Firefly_AI-generated-450x350.jpg 450w, https:\/\/ebmpapst-7237.kxcdn.com\/de\/files\/2019\/04\/ebm-papst_Aktiv-PFC_Firefly_AI-generated-300x233.jpg 300w\" sizes=\"auto, (max-width: 660px) 100vw, 660px\"><\/div>\n\n\t\t<\/figure><!-- .preview-media -->\n\n<div class=\"article-preview-text\">\n\t\t<header class=\"entry-header\">\n\t\t\t<h1 class=\"entry-title\"><span>Aktive Gleich\u00adrich\u00adtung mini\u00admiert Netz\u00adr\u00fcck\u00adwir\u00adkungen\t\t<\/span><\/h1><\/header><!-- .entry-header -->\n\t\n\t\t<p><b>Dank inte\u00adgrierter aktiver Gleich\u00adrich\u00adtung (PFC) <\/b> erf\u00fcllen drei\u00adphasig gespeiste EC-Venti\u00adla\u00ad\u00adtoren die hohen Anfor\u00adde\u00adrungen, die in Rechen\u00adzen\u00adtren bez\u00fcg\u00adlich der Netz\u00adr\u00fcck\u00adwir\u00adkungen bzw. des Ober\u00adschwingsge\u00adhaltes des Aufnah\u00adme\u00adstroms gelten.<span class=\"more\">\u00bb<\/span><\/p>\t\n<\/div>\n\t\t<\/a>\n\t<\/article><!-- .preview -->\n\n<\/div>\n\n<div class=\"grid-item grid-item\">\n\n\n<article id=\"post-37925\" class=\"entry-preview entry-preview-no-37 post-37925 post type-post status-publish format-standard hentry category-allgemein\">\n\t<a href=\"https:\/\/mag.ebmpapst.com\/de\/allgemein\/radipac-fuer-filter-fan-units-im-reinraum_37925\/\" rel=\"bookmark\" title=\"RadiPac f\u00fcr Filter-Fan-Units im Rein\u00adraum\">\n\n\n\n\t\t<figure class=\"preview-media\">\n\t\t\n \n\t\t\t\t<div class=\"m2g-media-wrapper\"><img loading=\"lazy\" decoding=\"async\" width=\"660\" height=\"371\" src=\"https:\/\/ebmpapst-7237.kxcdn.com\/de\/files\/2025\/07\/Image_1_Intro_Reinraum_kl-660x371.jpg\" class=\"attachment-medium size-medium\" alt srcset=\"https:\/\/ebmpapst-7237.kxcdn.com\/de\/files\/2025\/07\/Image_1_Intro_Reinraum_kl-660x371.jpg 660w, https:\/\/ebmpapst-7237.kxcdn.com\/de\/files\/2025\/07\/Image_1_Intro_Reinraum_kl-960x540.jpg 960w, https:\/\/ebmpapst-7237.kxcdn.com\/de\/files\/2025\/07\/Image_1_Intro_Reinraum_kl-260x146.jpg 260w, https:\/\/ebmpapst-7237.kxcdn.com\/de\/files\/2025\/07\/Image_1_Intro_Reinraum_kl-768x432.jpg 768w, https:\/\/ebmpapst-7237.kxcdn.com\/de\/files\/2025\/07\/Image_1_Intro_Reinraum_kl-1536x864.jpg 1536w, https:\/\/ebmpapst-7237.kxcdn.com\/de\/files\/2025\/07\/Image_1_Intro_Reinraum_kl-2048x1152.jpg 2048w, https:\/\/ebmpapst-7237.kxcdn.com\/de\/files\/2025\/07\/Image_1_Intro_Reinraum_kl-450x253.jpg 450w, https:\/\/ebmpapst-7237.kxcdn.com\/de\/files\/2025\/07\/Image_1_Intro_Reinraum_kl-300x169.jpg 300w\" sizes=\"auto, (max-width: 660px) 100vw, 660px\"><\/div>\n\n\t\t<\/figure><!-- .preview-media -->\n\n<div class=\"article-preview-text\">\n\t\t<header class=\"entry-header\">\n\t\t\t<h1 class=\"entry-title\"><span>RadiPac f\u00fcr Filter-Fan-Units im Rein\u00adraum\t\t<\/span><\/h1><\/header><!-- .entry-header -->\n\t\n\t\t<p><b>Rein\u00adraum\u00adbe\u00addin\u00adgungen<\/b> sind heute f\u00fcr viele Produk\u00adti\u00adons\u00adver\u00adfahren obli\u00adga\u00adto\u00adrisch, nicht nur in der Halb\u00adlei\u00adter\u00adfer\u00adti\u00adgung und der Flat-Panel-Indus\u00ad\u00adtrie. Typi\u00adsche Beispiele sind auch die <b>Optik- und Laser\u00adtech\u00adno\u00adlogie<\/b>, die Luft- und Raum\u00adfahrt\u00adtechnik, die Biowis\u00adsen\u00adschaften, die <b>medi\u00adzi\u00adni\u00adsche Forschung<\/b> und Behand\u00adlung, die Produk\u00adtion von Lebens- und Arznei\u00admit\u00adteln oder die <b>Nano\u00adtech\u00adno\u00adlogie<\/b>.<span class=\"more\">\u00bb<\/span><\/p>\t\n<\/div>\n\t\t<\/a>\n\t<\/article><!-- .preview -->\n\n<\/div>\n\n\n<div class=\"wp-block-cover alignfull grid-break page_list_teaser1\"><span aria-hidden=\"true\" class=\"wp-block-cover__background has-background-dim-0 has-background-dim\"><\/span><img loading=\"lazy\" decoding=\"async\" width=\"1920\" height=\"344\" class=\"wp-block-cover__image-background wp-image-30526\" alt src=\"https:\/\/ebmpapst-7237.kxcdn.com\/de\/files\/2023\/11\/techmag_STOERER1.webp\" style=\"object-position:35% 52%\" data-object-fit=\"cover\" data-object-position=\"35% 52%\" srcset=\"https:\/\/ebmpapst-7237.kxcdn.com\/de\/files\/2023\/11\/techmag_STOERER1.webp 1920w, https:\/\/ebmpapst-7237.kxcdn.com\/de\/files\/2023\/11\/techmag_STOERER1-660x118.webp 660w, https:\/\/ebmpapst-7237.kxcdn.com\/de\/files\/2023\/11\/techmag_STOERER1-960x172.webp 960w, https:\/\/ebmpapst-7237.kxcdn.com\/de\/files\/2023\/11\/techmag_STOERER1-260x47.webp 260w, https:\/\/ebmpapst-7237.kxcdn.com\/de\/files\/2023\/11\/techmag_STOERER1-768x138.webp 768w, https:\/\/ebmpapst-7237.kxcdn.com\/de\/files\/2023\/11\/techmag_STOERER1-1536x275.webp 1536w, https:\/\/ebmpapst-7237.kxcdn.com\/de\/files\/2023\/11\/techmag_STOERER1-450x81.webp 450w, https:\/\/ebmpapst-7237.kxcdn.com\/de\/files\/2023\/11\/techmag_STOERER1-300x54.webp 300w\" sizes=\"auto, (max-width: 1920px) 100vw, 1920px\"><div class=\"wp-block-cover__inner-container is-layout-flow wp-block-cover-is-layout-flow\">\n<h3 class=\"wp-block-heading\">LUFT UND ANTRIEBSTECHNIK<br>So viel KI steckt schon in unseren Produkten!<\/h3>\n\n\n\n<p style=\"font-size:19px\"><strong>K\u00fcnst\u00adliche Intel\u00adli\u00adgenzen*<\/strong> ver\u00e4n\u00addern die Welt grund\u00adle\u00adgend. Die Inge\u00adnieu\u00adrinnen und Inge\u00adnieure bei ebm-papst arbeiten schon heute damit, um immer nach\u00adhal\u00adti\u00adgere und digi\u00adta\u00adlere L\u00f6sungen zu finden. So sch\u00fctzen wir das Klima und helfen Ihnen dabei, dasselbe zu tun.<\/p>\n\n\n\n<div class=\"wp-block-buttons is-layout-flex wp-block-buttons-is-layout-flex\">\n<div class=\"wp-block-button button-orange\"><a class=\"wp-block-button__link has-background wp-element-button\" href=\"https:\/\/mag.ebmpapst.com\/de\/ki-tech-mag\/\" style=\"background-color:#e07a0c\">Entde\u00adcken Sie das tech.mag KI-Spezial \u279e<\/a><\/div>\n<\/div>\n\n\n\n<p style=\"font-size:19px\">*Die Titel\u00adbilder des tech.mag wurden nat\u00fcr\u00adlich auch von einer KI erstellt.<\/p>\n\n\n\n<style>\n\n.page_list_teaser1.wp-block-cover .wp-block-cover__inner-container {\nmax-width: 100%;\n  width: 1220px;\n}\n\n.page_list_teaser1 div h3,\n.page_list_teaser1 div p {\n  color: #fff;\nmax-width: 660px;\n}\n\n.page_list_teaser1 h3 {\nmargin-top: 1.5em;\nfont-size: 1.5em;\n}\n\n.page_list_teaser1 p {\nmargin: 1em 0 1.6em;\n}\n\n.page_list_teaser1 .wp-block-button.button-orange a {\n  font-family: \"NeueHelvetica67CondensedMedium\";\n  -webkit-font-smoothing: antialiased;\n  -moz-osx-font-smoothing: grayscale;\n  letter-spacing: 2px;\n  padding: 0.4em 0.8em;\n  font-size: 1.2em;\ntext-transform: none;\n}\n\n\n\n\n\n@media (max-width: 479px) {\n\n.page_list_teaser1 {\nmargin: 70px 0;\n}\n\n.page_list_teaser1 .container {\n    padding-left: 15px;\n}\n.page_list_teaser1 h3 {\npadding-right: 0;\n}\n\n}\n<\/style>\n<\/div><\/div>\n\n\n\n\n<div class=\"grid-item grid-item\">\n\n\n<article id=\"post-37804\" class=\"entry-preview entry-preview-no-38 post-37804 post type-post status-publish format-standard hentry category-kaelte-klima category-ventilatoren tag-retrofit\">\n\t<a href=\"https:\/\/mag.ebmpapst.com\/de\/branchen\/kaelte-klima\/operation-energiesparen-franziskus-stiftung-muenster-retrofit-rlt-anlagen-in-krankenhaeusern_37804\/\" rel=\"bookmark\" title=\"Opera\u00adtion Ener\u00adgie\u00adsparen: Fran\u00adziskus Stif\u00adtung moder\u00adni\u00adsiert RLT-Anlagen in Kran\u00adken\u00adh\u00e4u\u00adsern\">\n\n\n\n\t\t<figure class=\"preview-media\">\n\t\t\n \n\t\t\t\t<div class=\"m2g-media-wrapper\"><img loading=\"lazy\" decoding=\"async\" width=\"660\" height=\"440\" src=\"https:\/\/ebmpapst-7237.kxcdn.com\/de\/files\/2025\/06\/Retrofit-Franziskusstiftung_DSC1919_RadiPac-660x440.jpg\" class=\"attachment-medium size-medium\" alt srcset=\"https:\/\/ebmpapst-7237.kxcdn.com\/de\/files\/2025\/06\/Retrofit-Franziskusstiftung_DSC1919_RadiPac-660x440.jpg 660w, https:\/\/ebmpapst-7237.kxcdn.com\/de\/files\/2025\/06\/Retrofit-Franziskusstiftung_DSC1919_RadiPac-960x640.jpg 960w, https:\/\/ebmpapst-7237.kxcdn.com\/de\/files\/2025\/06\/Retrofit-Franziskusstiftung_DSC1919_RadiPac-260x173.jpg 260w, https:\/\/ebmpapst-7237.kxcdn.com\/de\/files\/2025\/06\/Retrofit-Franziskusstiftung_DSC1919_RadiPac-768x512.jpg 768w, https:\/\/ebmpapst-7237.kxcdn.com\/de\/files\/2025\/06\/Retrofit-Franziskusstiftung_DSC1919_RadiPac-1536x1024.jpg 1536w, https:\/\/ebmpapst-7237.kxcdn.com\/de\/files\/2025\/06\/Retrofit-Franziskusstiftung_DSC1919_RadiPac-2048x1365.jpg 2048w, https:\/\/ebmpapst-7237.kxcdn.com\/de\/files\/2025\/06\/Retrofit-Franziskusstiftung_DSC1919_RadiPac-450x300.jpg 450w, https:\/\/ebmpapst-7237.kxcdn.com\/de\/files\/2025\/06\/Retrofit-Franziskusstiftung_DSC1919_RadiPac-300x200.jpg 300w\" sizes=\"auto, (max-width: 660px) 100vw, 660px\"><\/div>\n\n\t\t<\/figure><!-- .preview-media -->\n\n<div class=\"article-preview-text\">\n\t\t<header class=\"entry-header\">\n\t\t\t<h1 class=\"entry-title\"><span>Opera\u00adtion Ener\u00adgie\u00adsparen: Fran\u00adziskus Stif\u00adtung moder\u00adni\u00adsiert RLT-Anlagen in Kran\u00adken\u00adh\u00e4u\u00adsern\t\t<\/span><\/h1><\/header><!-- .entry-header -->\n\t\n\t\t<p>Laut der Deut\u00adschen Kran\u00adken\u00adhaus\u00adge\u00adsell\u00adschaft verbraucht ein Kran\u00adken\u00adhaus\u00adbett j\u00e4hr\u00adlich so viel Energie wie drei Einfa\u00admi\u00adli\u00aden\u00adh\u00e4user. Kran\u00adken\u00adh\u00e4user spielen mit ihrem hohen Ener\u00adgie\u00adbe\u00addarf somit eine zentrale Rolle im Klima\u00adschutz. Ener\u00adgie\u00adein\u00adspa\u00adrungen bedeuten auch gleich\u00adzeitig Kosten\u00adein\u00adspa\u00adrungen \u2013 in der ohnehin ange\u00adspannten wirt\u00adschaft\u00adli\u00adchen Lage vieler deut\u00adscher Kran\u00adken\u00adh\u00e4user ein enormer Kosten\u00adhebel. Die <b>St. Fran\u00ad\u00adziskus-Stif\u00ad\u00adtung M\u00fcnster<\/b> will mit ihren 14 Kran\u00adken\u00adh\u00e4u\u00adsern an diesem Hebel ziehen.<span class=\"more\">\u00bb<\/span><\/p>\t\n<\/div>\n\t\t<\/a>\n\t<\/article><!-- .preview -->\n\n<\/div>\n\n<div class=\"grid-item grid-item\">\n\n\n<article id=\"post-37764\" class=\"entry-preview entry-preview-no-39 post-37764 post type-post status-publish format-standard hentry category-heizung category-kaelte-klima category-ventilatoren\">\n\t<a href=\"https:\/\/mag.ebmpapst.com\/de\/branchen\/heizung\/emv-bei-luft-wasser-waermepumpen-elekromagnetische-vertraeglichkeit_37764\/\" rel=\"bookmark\" title=\"EMV bei Luft-Wasser-W\u00e4rme\u00adpumpen: Bitte nicht st\u00f6ren!\">\n\n\n\n\t\t<figure class=\"preview-media\">\n\t\t\n \n\t\t\t\t<div class=\"m2g-media-wrapper\"><img loading=\"lazy\" decoding=\"async\" width=\"660\" height=\"371\" src=\"https:\/\/ebmpapst-7237.kxcdn.com\/de\/files\/2025\/06\/Bild_5_EMV-Labor_Beratung_quer_ebm-papst-660x371.webp\" class=\"attachment-medium size-medium\" alt srcset=\"https:\/\/ebmpapst-7237.kxcdn.com\/de\/files\/2025\/06\/Bild_5_EMV-Labor_Beratung_quer_ebm-papst-660x371.webp 660w, https:\/\/ebmpapst-7237.kxcdn.com\/de\/files\/2025\/06\/Bild_5_EMV-Labor_Beratung_quer_ebm-papst-960x540.webp 960w, https:\/\/ebmpapst-7237.kxcdn.com\/de\/files\/2025\/06\/Bild_5_EMV-Labor_Beratung_quer_ebm-papst-260x146.webp 260w, https:\/\/ebmpapst-7237.kxcdn.com\/de\/files\/2025\/06\/Bild_5_EMV-Labor_Beratung_quer_ebm-papst-768x432.webp 768w, https:\/\/ebmpapst-7237.kxcdn.com\/de\/files\/2025\/06\/Bild_5_EMV-Labor_Beratung_quer_ebm-papst-1536x864.webp 1536w, https:\/\/ebmpapst-7237.kxcdn.com\/de\/files\/2025\/06\/Bild_5_EMV-Labor_Beratung_quer_ebm-papst-450x253.webp 450w, https:\/\/ebmpapst-7237.kxcdn.com\/de\/files\/2025\/06\/Bild_5_EMV-Labor_Beratung_quer_ebm-papst-300x169.webp 300w, https:\/\/ebmpapst-7237.kxcdn.com\/de\/files\/2025\/06\/Bild_5_EMV-Labor_Beratung_quer_ebm-papst.webp 1920w\" sizes=\"auto, (max-width: 660px) 100vw, 660px\"><\/div>\n\n\t\t<\/figure><!-- .preview-media -->\n\n<div class=\"article-preview-text\">\n\t\t<header class=\"entry-header\">\n\t\t\t<h1 class=\"entry-title\"><span>EMV bei Luft-Wasser-W\u00e4rme\u00ad\u00adpumpen: Bitte nicht st\u00f6ren!\t\t<\/span><\/h1><\/header><!-- .entry-header -->\n\t\n\t\t<p>Die Euro\u00adp\u00e4i\u00adsche EMV-Rich\u00adt\u00ad\u00adlinie 2014\/30\/EU defi\u00adniert die elek\u00adtro\u00adma\u00adgne\u00adti\u00adsche Vertr\u00e4g\u00adlich\u00adkeit als \u201edie F\u00e4hig\u00adkeit eines Betriebs\u00admit\u00adtels, in seiner elek\u00adtro\u00adma\u00adgne\u00adti\u00adschen Umge\u00adbung zufrie\u00adden\u00adstel\u00adlend zu arbeiten, ohne dabei selbst elek\u00adtro\u00adma\u00adgne\u00adti\u00adsche St\u00f6rungen zu verur\u00adsa\u00adchen\u201c. Betroffen sind alle elek\u00adtri\u00adschen Verbrau\u00adcher, also auch <b>Luft-Wasser-W\u00e4rme\u00ad\u00adpumpen<\/b>. Das bedeutet, dass sowohl die in den W\u00e4rme\u00adpumpen verbauten Kompo\u00adnenten \u2013 zum Beispiel Venti\u00adla\u00adtoren \u2013 als auch das Komplett\u00adger\u00e4t St\u00f6rungen  nur bis zu einem gewissen Pegel aussenden und auch selbst nur zu einem gewissen Pegel von ihnen beein\u00adflusst werden d\u00fcrfen. Dies m\u00fcssen die W\u00e4rme\u00adpum\u00adpen\u00adher\u00adsteller sicher\u00adstellen. Gut ausge\u00adstat\u00adtete <b>EMV-Pr\u00fcf\u00adla\u00ad\u00adbore<\/b> gepaart mit Inge\u00ad\u00adnieurs-Knowhow bieten daf\u00fcr die Voraus\u00adset\u00adzung.<span class=\"more\">\u00bb<\/span><\/p>\t\n<\/div>\n\t\t<\/a>\n\t<\/article><!-- .preview -->\n\n<\/div>\n\n<div class=\"grid-item grid-item\">\n\n\n<article id=\"post-37523\" class=\"entry-preview entry-preview-no-40 post-37523 post type-post status-publish format-standard has-post-thumbnail hentry category-kaelte-klima category-ventilatoren\">\n\t<a href=\"https:\/\/mag.ebmpapst.com\/de\/branchen\/kaelte-klima\/move-on-europas-groesster-solarpark-witznitz-radical-kuehlt-transformator-stationen_37523\/\" rel=\"bookmark\" title=\"Keine Hitze\u00adpausen im Ener\u00adgie\u00adpark Witz\u00adnitz\">\n\n\n\n\t\t<figure class=\"preview-media\">\n\t\t\n \n\t\t\t\t<div class=\"m2g-media-wrapper\"><img loading=\"lazy\" decoding=\"async\" width=\"660\" height=\"371\" src=\"https:\/\/ebmpapst-7237.kxcdn.com\/de\/files\/2025\/04\/5-660x371.png\" class=\"attachment-medium size-medium\" alt srcset=\"https:\/\/ebmpapst-7237.kxcdn.com\/de\/files\/2025\/04\/5-660x371.png 660w, https:\/\/ebmpapst-7237.kxcdn.com\/de\/files\/2025\/04\/5-960x540.png 960w, https:\/\/ebmpapst-7237.kxcdn.com\/de\/files\/2025\/04\/5-260x146.png 260w, https:\/\/ebmpapst-7237.kxcdn.com\/de\/files\/2025\/04\/5-768x432.png 768w, https:\/\/ebmpapst-7237.kxcdn.com\/de\/files\/2025\/04\/5-1536x864.png 1536w, https:\/\/ebmpapst-7237.kxcdn.com\/de\/files\/2025\/04\/5-450x253.png 450w, https:\/\/ebmpapst-7237.kxcdn.com\/de\/files\/2025\/04\/5-300x169.png 300w, https:\/\/ebmpapst-7237.kxcdn.com\/de\/files\/2025\/04\/5.png 1920w\" sizes=\"auto, (max-width: 660px) 100vw, 660px\"><\/div>\n\n\t\t<\/figure><!-- .preview-media -->\n\n<div class=\"article-preview-text\">\n\t\t<header class=\"entry-header\">\n\t\t\t<h1 class=\"entry-title\"><span>Keine Hitze\u00adpausen im Ener\u00adgie\u00adpark Witz\u00adnitz\t\t<\/span><\/h1><\/header><!-- .entry-header -->\n\t\n\t\t<p>In Deutsch\u00adlands gr\u00f6\u00dftem Solar\u00adpark sorgen 207 Trans\u00adfor\u00adma\u00adtor\u00adsta\u00adtionen daf\u00fcr, dass der erzeugte Strom die rich\u00adtige Span\u00adnung hat, um ins Strom\u00adnetz einge\u00adspeist zu werden. Hitze schadet jedoch den Bauteilen des Trans\u00adfor\u00adma\u00adtors. Die Folge: Sie m\u00fcssen schneller ausge\u00adtauscht werden. 207 RadiCal Radi\u00adal\u00adven\u00adti\u00adla\u00adtoren von ebm-papst <b>k\u00fchlen die Trans\u00adfor\u00adma\u00adtoren<\/b> und helfen so, einen <b>zuver\u00adl\u00e4s\u00adsigen Betrieb sicher\u00adzu\u00adstellen<\/b>. Auch, wenn die Sonne beson\u00adders viel Leis\u00adtung bereit\u00adstellt!<span class=\"more\">\u00bb<\/span><\/p>\t\n<\/div>\n\t\t<\/a>\n\t<\/article><!-- .preview -->\n\n<\/div>\n\n<div class=\"grid-item grid-item\">\n\n\n<article id=\"post-37624\" class=\"entry-preview entry-preview-no-41 post-37624 post type-post status-publish format-standard hentry category-kaelte-klima category-ventilatoren\">\n\t<a href=\"https:\/\/mag.ebmpapst.com\/de\/branchen\/kaelte-klima\/ventilatoren-im-einsatz-resonanzen-erkennen-und-vermeiden_37624\/\" rel=\"bookmark\" title=\"Venti\u00adla\u00adtoren im Einsatz: Reso\u00adnanzen erkennen und vermeiden\">\n\n\n\n\t\t<figure class=\"preview-media\">\n\t\t\n \n\t\t\t\t<div class=\"m2g-media-wrapper\"><img loading=\"lazy\" decoding=\"async\" width=\"660\" height=\"371\" src=\"https:\/\/ebmpapst-7237.kxcdn.com\/de\/files\/2025\/05\/Header_FA-Vibrationen_RadiPac800-AHU_SpringDampers-660x371.jpg\" class=\"attachment-medium size-medium\" alt srcset=\"https:\/\/ebmpapst-7237.kxcdn.com\/de\/files\/2025\/05\/Header_FA-Vibrationen_RadiPac800-AHU_SpringDampers-660x371.jpg 660w, https:\/\/ebmpapst-7237.kxcdn.com\/de\/files\/2025\/05\/Header_FA-Vibrationen_RadiPac800-AHU_SpringDampers-960x540.jpg 960w, https:\/\/ebmpapst-7237.kxcdn.com\/de\/files\/2025\/05\/Header_FA-Vibrationen_RadiPac800-AHU_SpringDampers-260x146.jpg 260w, https:\/\/ebmpapst-7237.kxcdn.com\/de\/files\/2025\/05\/Header_FA-Vibrationen_RadiPac800-AHU_SpringDampers-768x432.jpg 768w, https:\/\/ebmpapst-7237.kxcdn.com\/de\/files\/2025\/05\/Header_FA-Vibrationen_RadiPac800-AHU_SpringDampers-1536x864.jpg 1536w, https:\/\/ebmpapst-7237.kxcdn.com\/de\/files\/2025\/05\/Header_FA-Vibrationen_RadiPac800-AHU_SpringDampers-450x253.jpg 450w, https:\/\/ebmpapst-7237.kxcdn.com\/de\/files\/2025\/05\/Header_FA-Vibrationen_RadiPac800-AHU_SpringDampers-300x169.jpg 300w, https:\/\/ebmpapst-7237.kxcdn.com\/de\/files\/2025\/05\/Header_FA-Vibrationen_RadiPac800-AHU_SpringDampers.jpg 1920w\" sizes=\"auto, (max-width: 660px) 100vw, 660px\"><\/div>\n\n\t\t<\/figure><!-- .preview-media -->\n\n<div class=\"article-preview-text\">\n\t\t<header class=\"entry-header\">\n\t\t\t<h1 class=\"entry-title\"><span>Venti\u00adla\u00adtoren im Einsatz: Reso\u00adnanzen erkennen und vermeiden\t\t<\/span><\/h1><\/header><!-- .entry-header -->\n\t\n\t\t<p>Venti\u00adla\u00adtoren f\u00fcr den Einsatz in Luft-, K\u00e4lte- und Klima\u00adtechnik oder anderen indus\u00adtri\u00adellen Anwen\u00addungen werden in der Regel auf Herz und Nieren gepr\u00fcft. Dennoch passiert es, dass es in der Anwen\u00addung bereits nach kurzer Zeit zu Ausf\u00e4llen kommt. Ursache daf\u00fcr sind meist Schwin\u00adgungen bedingt durch die Einbau\u00adsi\u00adtua\u00adtion. Deshalbt muss das <b>Reso\u00adnanz\u00adver\u00adhalten eines Venti\u00adla\u00adtors<\/b> im Betrieb und im Zusam\u00admen\u00adwirken mit dem Umfeld gepr\u00fcft werden, um gege\u00adbe\u00adnen\u00adfalls Ma\u00dfnahmen zu ergreifen.<span class=\"more\">\u00bb<\/span><\/p>\t\n<\/div>\n\t\t<\/a>\n\t<\/article><!-- .preview -->\n\n<\/div>\n\n<div class=\"grid-item grid-item\">\n\n\n<article id=\"post-37415\" class=\"entry-preview entry-preview-no-42 post-37415 post type-post status-publish format-standard hentry category-kaelte-klima category-ventilatoren\">\n\t<a href=\"https:\/\/mag.ebmpapst.com\/de\/branchen\/kaelte-klima\/technotrans-kuehlsystem-fuer-ladestationen-mit-batteriespeicher_37415\/\" rel=\"bookmark\" title=\"Kompakte Power f\u00fcr Lade\u00adsta\u00adtionen mit Batte\u00adrie\u00adspei\u00adcher\">\n\n\n\n\t\t<figure class=\"preview-media\">\n\t\t\n \n\t\t\t\t<div class=\"m2g-media-wrapper\"><img loading=\"lazy\" decoding=\"async\" width=\"660\" height=\"371\" src=\"https:\/\/ebmpapst-7237.kxcdn.com\/de\/files\/2026\/03\/technotrans_ebm-papst_Cooling-Module-660x371.webp\" class=\"attachment-medium size-medium\" alt srcset=\"https:\/\/ebmpapst-7237.kxcdn.com\/de\/files\/2026\/03\/technotrans_ebm-papst_Cooling-Module-660x371.webp 660w, https:\/\/ebmpapst-7237.kxcdn.com\/de\/files\/2026\/03\/technotrans_ebm-papst_Cooling-Module-960x540.webp 960w, https:\/\/ebmpapst-7237.kxcdn.com\/de\/files\/2026\/03\/technotrans_ebm-papst_Cooling-Module-260x146.webp 260w, https:\/\/ebmpapst-7237.kxcdn.com\/de\/files\/2026\/03\/technotrans_ebm-papst_Cooling-Module-768x432.webp 768w, https:\/\/ebmpapst-7237.kxcdn.com\/de\/files\/2026\/03\/technotrans_ebm-papst_Cooling-Module-1536x864.webp 1536w, https:\/\/ebmpapst-7237.kxcdn.com\/de\/files\/2026\/03\/technotrans_ebm-papst_Cooling-Module-450x253.webp 450w, https:\/\/ebmpapst-7237.kxcdn.com\/de\/files\/2026\/03\/technotrans_ebm-papst_Cooling-Module-300x169.webp 300w, https:\/\/ebmpapst-7237.kxcdn.com\/de\/files\/2026\/03\/technotrans_ebm-papst_Cooling-Module.webp 1920w\" sizes=\"auto, (max-width: 660px) 100vw, 660px\"><\/div>\n\n\t\t<\/figure><!-- .preview-media -->\n\n<div class=\"article-preview-text\">\n\t\t<header class=\"entry-header\">\n\t\t\t<h1 class=\"entry-title\"><span>Kompakte Power f\u00fcr Lade\u00adsta\u00adtionen mit Batte\u00adrie\u00adspei\u00adcher\t\t<\/span><\/h1><\/header><!-- .entry-header -->\n\t\n\t\t<p>Noch eben schnell aufladen und weiter\u00add\u00fcsen \u2013 davon tr\u00e4umen viele, die Elek\u00adtro\u00adautos fahren. Das west\u00adf\u00e4\u00adli\u00adsche Unter\u00adnehmen <b>tech\u00adno\u00adtrans<\/b> tr\u00e4gt mit ihrem <b>K\u00fchl\u00adsystem f\u00fcr Lade\u00adsta\u00adtionen mit Batte\u00adrie\u00adspei\u00adcher<\/b> fix dazu bei, aus Traum Realit\u00e4t zu machen. Und setzt auf den kompakten AxiEco 200. <span class=\"more\">\u00bb<\/span><\/p>\t\n<\/div>\n\t\t<\/a>\n\t<\/article><!-- .preview -->\n\n<\/div>\n\n<div class=\"grid-item grid-item\">\n\n\n<article id=\"post-37369\" class=\"entry-preview entry-preview-no-43 post-37369 post type-post status-publish format-standard hentry category-elektronik\">\n\t<a href=\"https:\/\/mag.ebmpapst.com\/de\/branchen\/elektronik\/new-e-drive-solution-labs-staerkung-forschung-entwicklung-mulfingen_37369\/\" rel=\"bookmark\" title=\"E-Drive Solu\u00adtion Labs: St\u00e4r\u00adkung von F&amp;E in Mulfingen\">\n\n\n\n\t\t<figure class=\"preview-media\">\n\t\t\n \n\t\t\t\t<div class=\"m2g-media-wrapper\"><img loading=\"lazy\" decoding=\"async\" width=\"660\" height=\"371\" src=\"https:\/\/ebmpapst-7237.kxcdn.com\/de\/files\/2025\/04\/E-Drive_Solution-Labs_ebm-papst_opening-660x371.jpg\" class=\"attachment-medium size-medium\" alt srcset=\"https:\/\/ebmpapst-7237.kxcdn.com\/de\/files\/2025\/04\/E-Drive_Solution-Labs_ebm-papst_opening-660x371.jpg 660w, https:\/\/ebmpapst-7237.kxcdn.com\/de\/files\/2025\/04\/E-Drive_Solution-Labs_ebm-papst_opening-960x540.jpg 960w, https:\/\/ebmpapst-7237.kxcdn.com\/de\/files\/2025\/04\/E-Drive_Solution-Labs_ebm-papst_opening-260x146.jpg 260w, https:\/\/ebmpapst-7237.kxcdn.com\/de\/files\/2025\/04\/E-Drive_Solution-Labs_ebm-papst_opening-768x432.jpg 768w, https:\/\/ebmpapst-7237.kxcdn.com\/de\/files\/2025\/04\/E-Drive_Solution-Labs_ebm-papst_opening-1536x864.jpg 1536w, https:\/\/ebmpapst-7237.kxcdn.com\/de\/files\/2025\/04\/E-Drive_Solution-Labs_ebm-papst_opening-450x253.jpg 450w, https:\/\/ebmpapst-7237.kxcdn.com\/de\/files\/2025\/04\/E-Drive_Solution-Labs_ebm-papst_opening-300x169.jpg 300w, https:\/\/ebmpapst-7237.kxcdn.com\/de\/files\/2025\/04\/E-Drive_Solution-Labs_ebm-papst_opening.jpg 1920w\" sizes=\"auto, (max-width: 660px) 100vw, 660px\"><\/div>\n\n\t\t<\/figure><!-- .preview-media -->\n\n<div class=\"article-preview-text\">\n\t\t<header class=\"entry-header\">\n\t\t\t<h1 class=\"entry-title\"><span>E-Drive Solu\u00adtion Labs: St\u00e4r\u00adkung von F&amp;E in Mulfingen\t\t<\/span><\/h1><\/header><!-- .entry-header -->\n\t\n\t\t<p>In den neu er\u00f6ff\u00adneten <b>E-Drive Solu\u00adtion Labs in Mulfingen<\/b> arbeiten rund 130 Inge\u00adnieure, Entwickler und Spezia\u00adlisten gemeinsam daran, Inno\u00adva\u00adtion auf ein neues Level zu heben. Hier entstehen im Zusam\u00admen\u00adspiel der Diszi\u00adplinen Elek\u00adtronik, Soft\u00adware, Motor\u00adtechnik und System\u00adent\u00adwick\u00adlung <b>inter\u00addis\u00adzi\u00adplin\u00e4r neue Konzepte<\/b> f\u00fcr die intel\u00adli\u00adgenten und ma\u00dfge\u00adschnei\u00adderten <b>L\u00f6sungen der Luft\u00adtechnik<\/b> von ebm-papst.<span class=\"more\">\u00bb<\/span><\/p>\t\n<\/div>\n\t\t<\/a>\n\t<\/article><!-- .preview -->\n\n<\/div>\n\n<div class=\"grid-item grid-item\">\n\n\n<article id=\"post-37261\" class=\"entry-preview entry-preview-no-44 post-37261 post type-post status-publish format-standard hentry category-kaelte-klima category-ventilatoren\">\n\t<a href=\"https:\/\/mag.ebmpapst.com\/de\/branchen\/kaelte-klima\/stroemungstechnik-einbausituation-im-klimageraet-mit-simulation-optimieren-radical-2_37261\/\" rel=\"bookmark\" title=\"Geb\u00e4u\u00adde\u00adkli\u00adma\u00adti\u00adsie\u00adrung mit Simu\u00adla\u00adtion opti\u00admieren\">\n\n\n\n\t\t<figure class=\"preview-media\">\n\t\t\n \n\t\t\t\t<div class=\"m2g-media-wrapper\"><img loading=\"lazy\" decoding=\"async\" width=\"660\" height=\"378\" src=\"https:\/\/ebmpapst-7237.kxcdn.com\/de\/files\/2025\/03\/Bild_1_RadiCal2_Separated_FlowGrid_ebm-papst-1-660x378.png\" class=\"attachment-medium size-medium\" alt srcset=\"https:\/\/ebmpapst-7237.kxcdn.com\/de\/files\/2025\/03\/Bild_1_RadiCal2_Separated_FlowGrid_ebm-papst-1-660x378.png 660w, https:\/\/ebmpapst-7237.kxcdn.com\/de\/files\/2025\/03\/Bild_1_RadiCal2_Separated_FlowGrid_ebm-papst-1-960x550.png 960w, https:\/\/ebmpapst-7237.kxcdn.com\/de\/files\/2025\/03\/Bild_1_RadiCal2_Separated_FlowGrid_ebm-papst-1-260x149.png 260w, https:\/\/ebmpapst-7237.kxcdn.com\/de\/files\/2025\/03\/Bild_1_RadiCal2_Separated_FlowGrid_ebm-papst-1-768x440.png 768w, https:\/\/ebmpapst-7237.kxcdn.com\/de\/files\/2025\/03\/Bild_1_RadiCal2_Separated_FlowGrid_ebm-papst-1-1536x880.png 1536w, https:\/\/ebmpapst-7237.kxcdn.com\/de\/files\/2025\/03\/Bild_1_RadiCal2_Separated_FlowGrid_ebm-papst-1-450x258.png 450w, https:\/\/ebmpapst-7237.kxcdn.com\/de\/files\/2025\/03\/Bild_1_RadiCal2_Separated_FlowGrid_ebm-papst-1-300x172.png 300w, https:\/\/ebmpapst-7237.kxcdn.com\/de\/files\/2025\/03\/Bild_1_RadiCal2_Separated_FlowGrid_ebm-papst-1.png 1920w\" sizes=\"auto, (max-width: 660px) 100vw, 660px\"><\/div>\n\n\t\t<\/figure><!-- .preview-media -->\n\n<div class=\"article-preview-text\">\n\t\t<header class=\"entry-header\">\n\t\t\t<h1 class=\"entry-title\"><span>Geb\u00e4u\u00adde\u00adkli\u00adma\u00adti\u00adsie\u00adrung mit Simu\u00adla\u00adtion opti\u00admieren\t\t<\/span><\/h1><\/header><!-- .entry-header -->\n\t\n\t\t<p>Venti\u00adla\u00adtoren sind Str\u00f6\u00admungs\u00adma\u00adschinen. Nach <b>str\u00f6\u00admungs\u00adtech\u00adni\u00adschen Krite\u00adrien opti\u00admierte Venti\u00adla\u00adtoren<\/b> f\u00f6rdern zuver\u00adl\u00e4ssig im jewei\u00adligen Betriebs\u00adpunkt die gew\u00fcnschten Volu\u00admen\u00adstr\u00f6me und arbeiten dabei ener\u00adgie\u00adef\u00adfi\u00adzient und leise. Gleich\u00adzeitig spielt aber auch die Einbau\u00adsi\u00adtua\u00adtion eine wich\u00adtige Rolle. Ein in der Anwen\u00addung verbauter Venti\u00adlator ist oft nicht so leise wie erhofft oder weniger effi\u00adzient als die Angaben im Daten\u00adblatt verspre\u00adchen, weil Wech\u00adsel\u00adwir\u00adkungen zwischen Venti\u00adlator und dem Kunden\u00adger\u00e4t Einfluss auf die Str\u00f6\u00admungs\u00adgr\u00f6\u00dfen haben. Hier <b>hilft Simu\u00adla\u00adtion weiter<\/b>. Mit CFD (Compu\u00adta\u00adtional Fluid Dyna\u00admics, also nume\u00adri\u00adscher Str\u00f6\u00admungs\u00adme\u00adchanik) kann das Verhalten eines Venti\u00adla\u00adtors in der konkreten Anwen\u00addung genau berechnet und visua\u00adli\u00adsiert werden.<span class=\"more\">\u00bb<\/span><\/p>\t\n<\/div>\n\t\t<\/a>\n\t<\/article><!-- .preview -->\n\n<\/div>\n\n<div class=\"grid-item grid-item\">\n\n\n<article id=\"post-37127\" class=\"entry-preview entry-preview-no-45 post-37127 post type-post status-publish format-standard hentry category-kaelte-klima category-ventilatoren\">\n\t<a href=\"https:\/\/mag.ebmpapst.com\/de\/branchen\/kaelte-klima\/farmzstory-singapur-urban-farming-macht-schule_37127\/\" rel=\"bookmark\" title=\"In Singapur macht Urban Farming Schule\">\n\n\n\n\t\t<figure class=\"preview-media\">\n\t\t\n \n\t\t\t\t<div class=\"m2g-media-wrapper\"><img loading=\"lazy\" decoding=\"async\" width=\"660\" height=\"440\" src=\"https:\/\/ebmpapst-7237.kxcdn.com\/de\/files\/2025\/03\/147B8141-660x440.jpg\" class=\"attachment-medium size-medium\" alt srcset=\"https:\/\/ebmpapst-7237.kxcdn.com\/de\/files\/2025\/03\/147B8141-660x440.jpg 660w, https:\/\/ebmpapst-7237.kxcdn.com\/de\/files\/2025\/03\/147B8141-960x640.jpg 960w, https:\/\/ebmpapst-7237.kxcdn.com\/de\/files\/2025\/03\/147B8141-260x173.jpg 260w, https:\/\/ebmpapst-7237.kxcdn.com\/de\/files\/2025\/03\/147B8141-768x512.jpg 768w, https:\/\/ebmpapst-7237.kxcdn.com\/de\/files\/2025\/03\/147B8141-1536x1024.jpg 1536w, https:\/\/ebmpapst-7237.kxcdn.com\/de\/files\/2025\/03\/147B8141-2048x1365.jpg 2048w, https:\/\/ebmpapst-7237.kxcdn.com\/de\/files\/2025\/03\/147B8141-450x300.jpg 450w, https:\/\/ebmpapst-7237.kxcdn.com\/de\/files\/2025\/03\/147B8141-300x200.jpg 300w\" sizes=\"auto, (max-width: 660px) 100vw, 660px\"><\/div>\n\n\t\t<\/figure><!-- .preview-media -->\n\n<div class=\"article-preview-text\">\n\t\t<header class=\"entry-header\">\n\t\t\t<h1 class=\"entry-title\"><span>In Singapur macht Urban Farming Schule\t\t<\/span><\/h1><\/header><!-- .entry-header -->\n\t\n\t\t<p>Singapur setzt auf eine lokale und nach\u00adhal\u00adtige Lebens\u00admit\u00adtel\u00adpro\u00adduk\u00adtion. Das Unter\u00adnehmen <b>FarmzStory<\/b> errichtet daf\u00fcr an Schulen moderne Gew\u00e4chs\u00adh\u00e4user. Darin verbaut: <b>EC-Axial\u00ad\u00adven\u00ad\u00adti\u00adla\u00ad\u00adtoren<\/b> von ebm-papst f\u00fcr die perfekte Luft bei der Gem\u00fc\u00adse\u00adzucht.<span class=\"more\">\u00bb<\/span><\/p>\t\n<\/div>\n\t\t<\/a>\n\t<\/article><!-- .preview -->\n\n<\/div>\n\n<div class=\"grid-item grid-item\">\n\n\n<article id=\"post-36967\" class=\"entry-preview entry-preview-no-46 post-36967 post type-post status-publish format-standard hentry category-kaelte-klima category-ventilatoren\">\n\t<a href=\"https:\/\/mag.ebmpapst.com\/de\/branchen\/kaelte-klima\/retrofit-hallenbelueftung-fangrid-airnorm_36967\/\" rel=\"bookmark\" title=\"Mit FanGrid auf Nummer sicher: Retrofit einer Hallen\u00adbe\u00adl\u00fcf\u00adtung\">\n\n\n\n\t\t<figure class=\"preview-media\">\n\t\t\n \n\t\t\t\t<div class=\"m2g-media-wrapper\"><img loading=\"lazy\" decoding=\"async\" width=\"660\" height=\"371\" src=\"https:\/\/ebmpapst-7237.kxcdn.com\/de\/files\/2025\/02\/Header-Kombi_1920-660x371.webp\" class=\"attachment-medium size-medium\" alt srcset=\"https:\/\/ebmpapst-7237.kxcdn.com\/de\/files\/2025\/02\/Header-Kombi_1920-660x371.webp 660w, https:\/\/ebmpapst-7237.kxcdn.com\/de\/files\/2025\/02\/Header-Kombi_1920-960x540.webp 960w, https:\/\/ebmpapst-7237.kxcdn.com\/de\/files\/2025\/02\/Header-Kombi_1920-260x146.webp 260w, https:\/\/ebmpapst-7237.kxcdn.com\/de\/files\/2025\/02\/Header-Kombi_1920-768x432.webp 768w, https:\/\/ebmpapst-7237.kxcdn.com\/de\/files\/2025\/02\/Header-Kombi_1920-1536x864.webp 1536w, https:\/\/ebmpapst-7237.kxcdn.com\/de\/files\/2025\/02\/Header-Kombi_1920-450x253.webp 450w, https:\/\/ebmpapst-7237.kxcdn.com\/de\/files\/2025\/02\/Header-Kombi_1920-300x169.webp 300w, https:\/\/ebmpapst-7237.kxcdn.com\/de\/files\/2025\/02\/Header-Kombi_1920.webp 1920w\" sizes=\"auto, (max-width: 660px) 100vw, 660px\"><\/div>\n\n\t\t<\/figure><!-- .preview-media -->\n\n<div class=\"article-preview-text\">\n\t\t<header class=\"entry-header\">\n\t\t\t<h1 class=\"entry-title\"><span>Mit FanGrid auf Nummer sicher: Retrofit einer Hallen\u00adbe\u00adl\u00fcf\u00adtung\t\t<\/span><\/h1><\/header><!-- .entry-header -->\n\t\n\t\t<p>Die Hallen\u00adbe\u00adl\u00fcf\u00adtung eines namhaften Teile\u00adher\u00adstel\u00adlers war dank bereits durch\u00adge\u00adf\u00fchrter ener\u00adge\u00adti\u00adscher Verbes\u00adse\u00adrungs\u00adma\u00df\u00adnahmen eigent\u00adlich auf einem \u201eguten tech\u00adni\u00adschem\u201c Stand. Trotzdem lie\u00df der Verant\u00adwort\u00adliche f\u00fcr die Geb\u00e4ude- und Anlagen\u00adtechnik die Spezia\u00adlisten der <b>AIRnorm GmbH<\/b> einen kriti\u00adschen Blick darauf werfen. Sie entdeckten nicht nur Ener\u00adgie\u00adein\u00adspar\u00adpo\u00adten\u00adziale von <b>rund 30 Prozent<\/b>, sondern sorgten mit einem kleinen Hinweis zum Thema <b>Anla\u00adgen\u00adver\u00adf\u00fcg\u00adbar\u00adkeit<\/b> daf\u00fcr, dass beim Kunden die Alarm\u00adglo\u00adcken schrillten.<span class=\"more\">\u00bb<\/span><\/p>\t\n<\/div>\n\t\t<\/a>\n\t<\/article><!-- .preview -->\n\n<\/div>\n\n<div class=\"grid-item grid-item\">\n\n\n<article id=\"post-36910\" class=\"entry-preview entry-preview-no-47 post-36910 post type-post status-publish format-standard hentry category-kaelte-klima category-ventilatoren\">\n\t<a href=\"https:\/\/mag.ebmpapst.com\/de\/branchen\/kaelte-klima\/gute-reise-retrofit-am-flughafen-muenchen_36910\/\" rel=\"bookmark\" title=\"Gute Reise! Retrofit am Flug\u00adhafen M\u00fcnchen\">\n\n\n\n\t\t<figure class=\"preview-media\">\n\t\t\n \n\t\t\t\t<div class=\"m2g-media-wrapper\"><img loading=\"lazy\" decoding=\"async\" width=\"660\" height=\"371\" src=\"https:\/\/ebmpapst-7237.kxcdn.com\/de\/files\/2025\/01\/ebm-papst_Retrofit-Flugahfen-Muenchen_web_CAM06111-660x371.jpg\" class=\"attachment-medium size-medium\" alt srcset=\"https:\/\/ebmpapst-7237.kxcdn.com\/de\/files\/2025\/01\/ebm-papst_Retrofit-Flugahfen-Muenchen_web_CAM06111-660x371.jpg 660w, https:\/\/ebmpapst-7237.kxcdn.com\/de\/files\/2025\/01\/ebm-papst_Retrofit-Flugahfen-Muenchen_web_CAM06111-960x540.jpg 960w, https:\/\/ebmpapst-7237.kxcdn.com\/de\/files\/2025\/01\/ebm-papst_Retrofit-Flugahfen-Muenchen_web_CAM06111-260x146.jpg 260w, https:\/\/ebmpapst-7237.kxcdn.com\/de\/files\/2025\/01\/ebm-papst_Retrofit-Flugahfen-Muenchen_web_CAM06111-768x432.jpg 768w, https:\/\/ebmpapst-7237.kxcdn.com\/de\/files\/2025\/01\/ebm-papst_Retrofit-Flugahfen-Muenchen_web_CAM06111-1536x864.jpg 1536w, https:\/\/ebmpapst-7237.kxcdn.com\/de\/files\/2025\/01\/ebm-papst_Retrofit-Flugahfen-Muenchen_web_CAM06111-450x253.jpg 450w, https:\/\/ebmpapst-7237.kxcdn.com\/de\/files\/2025\/01\/ebm-papst_Retrofit-Flugahfen-Muenchen_web_CAM06111-300x169.jpg 300w, https:\/\/ebmpapst-7237.kxcdn.com\/de\/files\/2025\/01\/ebm-papst_Retrofit-Flugahfen-Muenchen_web_CAM06111.jpg 1920w\" sizes=\"auto, (max-width: 660px) 100vw, 660px\"><\/div>\n\n\t\t<\/figure><!-- .preview-media -->\n\n<div class=\"article-preview-text\">\n\t\t<header class=\"entry-header\">\n\t\t\t<h1 class=\"entry-title\"><span>Gute Reise! Retrofit am Flug\u00adhafen M\u00fcnchen\t\t<\/span><\/h1><\/header><!-- .entry-header -->\n\t\n\t\t<p>2024 verzeich\u00adnete der <b>Flug\u00adhafen M\u00fcnchen<\/b> \u00fcber 41 Millionen Passa\u00adgiere \u2013 eine leis\u00adtungs\u00adf\u00e4\u00adhige Infra\u00adstruktur ist da uner\u00adl\u00e4ss\u00adlich. Nach \u00fcber 30 Jahren stand daher ein <b>Retrofit zweier L\u00fcftungs\u00adan\u00adlagen<\/b> an, die Verbin\u00addungs\u00adtunnel bel\u00fcften. Jetzt spart der Flug\u00adhafen rund 252.000 kWh Energie, hat mehr Betriebs\u00adsi\u00adcher\u00adheit und arbeitet an seinen Nach\u00adhal\u00adtig\u00adkeits\u00adzielen.<span class=\"more\">\u00bb<\/span><\/p>\t\n<\/div>\n\t\t<\/a>\n\t<\/article><!-- .preview -->\n\n<\/div>\n\n\n<div class=\"wp-block-group alignfull grid-break row tags-links\"><div class=\"wp-block-group__inner-container is-layout-constrained wp-block-group-is-layout-constrained\">\n<div class=\"wp-block-group tagcloud-container\"><div class=\"wp-block-group__inner-container is-layout-constrained wp-block-group-is-layout-constrained\"><p class=\"wp-block-tag-cloud\"><a href=\"https:\/\/mag.ebmpapst.com\/de\/tag\/axicool\/\" class=\"tag-cloud-link tag-link-186 tag-link-position-1\" style=\"font-size: 14px;\" aria-label=\"axicool (2&nbsp;Eintr\u00e4ge)\">axicool<\/a>\n<a href=\"https:\/\/mag.ebmpapst.com\/de\/tag\/betriebssicherheit\/\" class=\"tag-cloud-link tag-link-244 tag-link-position-2\" style=\"font-size: 14px;\" aria-label=\"Betriebssicherheit (2&nbsp;Eintr\u00e4ge)\">Betriebs\u00adsi\u00adcher\u00adheit<\/a>\n<a href=\"https:\/\/mag.ebmpapst.com\/de\/tag\/compactpower\/\" class=\"tag-cloud-link tag-link-199 tag-link-position-3\" style=\"font-size: 23.0434782609px;\" aria-label=\"compactpower (9&nbsp;Eintr\u00e4ge)\">compact\u00adpower<\/a>\n<a href=\"https:\/\/mag.ebmpapst.com\/de\/tag\/dach\/\" class=\"tag-cloud-link tag-link-258 tag-link-position-4\" style=\"font-size: 14px;\" aria-label=\"Dach (2&nbsp;Eintr\u00e4ge)\">Dach<\/a>\n<a href=\"https:\/\/mag.ebmpapst.com\/de\/tag\/digitalisierung\/\" class=\"tag-cloud-link tag-link-296 tag-link-position-5\" style=\"font-size: 19.2173913043px;\" aria-label=\"Digitalisierung (5&nbsp;Eintr\u00e4ge)\">Digi\u00adta\u00adli\u00adsie\u00adrung<\/a>\n<a href=\"https:\/\/mag.ebmpapst.com\/de\/tag\/ec\/\" class=\"tag-cloud-link tag-link-148 tag-link-position-6\" style=\"font-size: 17.8260869565px;\" aria-label=\"EC (4&nbsp;Eintr\u00e4ge)\">EC<\/a>\n<a href=\"https:\/\/mag.ebmpapst.com\/de\/tag\/ec-motor\/\" class=\"tag-cloud-link tag-link-31 tag-link-position-7\" style=\"font-size: 16.0869565217px;\" aria-label=\"EC-Motor (3&nbsp;Eintr\u00e4ge)\">EC-Motor<\/a>\n<a href=\"https:\/\/mag.ebmpapst.com\/de\/tag\/ec-technologie\/\" class=\"tag-cloud-link tag-link-32 tag-link-position-8\" style=\"font-size: 20.4347826087px;\" aria-label=\"EC-Technologie (6&nbsp;Eintr\u00e4ge)\">EC-Tech\u00adno\u00adlogie<\/a>\n<a href=\"https:\/\/mag.ebmpapst.com\/de\/tag\/ec-ventilatoren\/\" class=\"tag-cloud-link tag-link-33 tag-link-position-9\" style=\"font-size: 29.652173913px;\" aria-label=\"EC-Ventilatoren (23&nbsp;Eintr\u00e4ge)\">EC-Venti\u00adla\u00adtoren<\/a>\n<a href=\"https:\/\/mag.ebmpapst.com\/de\/tag\/effizienz\/\" class=\"tag-cloud-link tag-link-34 tag-link-position-10\" style=\"font-size: 19.2173913043px;\" aria-label=\"Effizienz (5&nbsp;Eintr\u00e4ge)\">Effi\u00adzienz<\/a>\n<a href=\"https:\/\/mag.ebmpapst.com\/de\/tag\/energieeffizienz\/\" class=\"tag-cloud-link tag-link-127 tag-link-position-11\" style=\"font-size: 23.7391304348px;\" aria-label=\"Energieeffizienz (10&nbsp;Eintr\u00e4ge)\">Ener\u00adgie\u00adef\u00adfi\u00adzienz<\/a>\n<a href=\"https:\/\/mag.ebmpapst.com\/de\/tag\/energie-sparen\/\" class=\"tag-cloud-link tag-link-35 tag-link-position-12\" style=\"font-size: 30px;\" aria-label=\"Energie sparen (24&nbsp;Eintr\u00e4ge)\">Energie sparen<\/a>\n<a href=\"https:\/\/mag.ebmpapst.com\/de\/tag\/f-gase\/\" class=\"tag-cloud-link tag-link-270 tag-link-position-13\" style=\"font-size: 14px;\" aria-label=\"F-Gase (2&nbsp;Eintr\u00e4ge)\">F-Gase<\/a>\n<a href=\"https:\/\/mag.ebmpapst.com\/de\/tag\/fangrid\/\" class=\"tag-cloud-link tag-link-176 tag-link-position-14\" style=\"font-size: 19.2173913043px;\" aria-label=\"FanGrid (5&nbsp;Eintr\u00e4ge)\">FanGrid<\/a>\n<a href=\"https:\/\/mag.ebmpapst.com\/de\/tag\/geraeusch\/\" class=\"tag-cloud-link tag-link-243 tag-link-position-15\" style=\"font-size: 16.0869565217px;\" aria-label=\"Ger\u00e4usch (3&nbsp;Eintr\u00e4ge)\">Ger\u00e4usch<\/a>\n<a href=\"https:\/\/mag.ebmpapst.com\/de\/tag\/hotelklimatisierung\/\" class=\"tag-cloud-link tag-link-94 tag-link-position-16\" style=\"font-size: 17.8260869565px;\" aria-label=\"Hotelklimatisierung (4&nbsp;Eintr\u00e4ge)\">Hotel\u00adkli\u00adma\u00adti\u00adsie\u00adrung<\/a>\n<a href=\"https:\/\/mag.ebmpapst.com\/de\/tag\/iaq\/\" class=\"tag-cloud-link tag-link-207 tag-link-position-17\" style=\"font-size: 17.8260869565px;\" aria-label=\"IAQ (4&nbsp;Eintr\u00e4ge)\">IAQ<\/a>\n<a href=\"https:\/\/mag.ebmpapst.com\/de\/tag\/innovation\/\" class=\"tag-cloud-link tag-link-295 tag-link-position-18\" style=\"font-size: 24.4347826087px;\" aria-label=\"Innovation (11&nbsp;Eintr\u00e4ge)\">Inno\u00adva\u00adtion<\/a>\n<a href=\"https:\/\/mag.ebmpapst.com\/de\/tag\/kuehltechnik\/\" class=\"tag-cloud-link tag-link-117 tag-link-position-19\" style=\"font-size: 16.0869565217px;\" aria-label=\"K\u00fchltechnik (3&nbsp;Eintr\u00e4ge)\">K\u00fchl\u00adtechnik<\/a>\n<a href=\"https:\/\/mag.ebmpapst.com\/de\/tag\/kuehlung\/\" class=\"tag-cloud-link tag-link-180 tag-link-position-20\" style=\"font-size: 23.7391304348px;\" aria-label=\"k\u00fchlung (10&nbsp;Eintr\u00e4ge)\">k\u00fchlung<\/a>\n<a href=\"https:\/\/mag.ebmpapst.com\/de\/tag\/luefter\/\" class=\"tag-cloud-link tag-link-166 tag-link-position-21\" style=\"font-size: 14px;\" aria-label=\"L\u00fcfter (2&nbsp;Eintr\u00e4ge)\">L\u00fcfter<\/a>\n<a href=\"https:\/\/mag.ebmpapst.com\/de\/tag\/lueftungsanlage\/\" class=\"tag-cloud-link tag-link-130 tag-link-position-22\" style=\"font-size: 16.0869565217px;\" aria-label=\"L\u00fcftungsanlage (3&nbsp;Eintr\u00e4ge)\">L\u00fcftungs\u00adan\u00adlage<\/a>\n<a href=\"https:\/\/mag.ebmpapst.com\/de\/tag\/nachhaltigkeit\/\" class=\"tag-cloud-link tag-link-177 tag-link-position-23\" style=\"font-size: 26.1739130435px;\" aria-label=\"Nachhaltigkeit (14&nbsp;Eintr\u00e4ge)\">Nach\u00adhal\u00adtig\u00adkeit<\/a>\n<a href=\"https:\/\/mag.ebmpapst.com\/de\/tag\/radialventilator\/\" class=\"tag-cloud-link tag-link-133 tag-link-position-24\" style=\"font-size: 20.4347826087px;\" aria-label=\"Radialventilator (6&nbsp;Eintr\u00e4ge)\">Radi\u00adal\u00adven\u00adti\u00adlator<\/a>\n<a href=\"https:\/\/mag.ebmpapst.com\/de\/tag\/radical\/\" class=\"tag-cloud-link tag-link-201 tag-link-position-25\" style=\"font-size: 17.8260869565px;\" aria-label=\"RadiCal (4&nbsp;Eintr\u00e4ge)\">RadiCal<\/a>\n<a href=\"https:\/\/mag.ebmpapst.com\/de\/tag\/radipac\/\" class=\"tag-cloud-link tag-link-142 tag-link-position-26\" style=\"font-size: 17.8260869565px;\" aria-label=\"RadiPac (4&nbsp;Eintr\u00e4ge)\">RadiPac<\/a>\n<a href=\"https:\/\/mag.ebmpapst.com\/de\/tag\/raumlufttechnik\/\" class=\"tag-cloud-link tag-link-239 tag-link-position-27\" style=\"font-size: 26.1739130435px;\" aria-label=\"Raumlufttechnik (14&nbsp;Eintr\u00e4ge)\">Raum\u00adluft\u00adtechnik<\/a>\n<a href=\"https:\/\/mag.ebmpapst.com\/de\/tag\/resonanz\/\" class=\"tag-cloud-link tag-link-242 tag-link-position-28\" style=\"font-size: 14px;\" aria-label=\"Resonanz (2&nbsp;Eintr\u00e4ge)\">Reso\u00adnanz<\/a>\n<a href=\"https:\/\/mag.ebmpapst.com\/de\/tag\/retrofit\/\" class=\"tag-cloud-link tag-link-160 tag-link-position-29\" style=\"font-size: 29.3043478261px;\" aria-label=\"Retrofit (22&nbsp;Eintr\u00e4ge)\">Retrofit<\/a>\n<a href=\"https:\/\/mag.ebmpapst.com\/de\/tag\/tga\/\" class=\"tag-cloud-link tag-link-140 tag-link-position-30\" style=\"font-size: 17.8260869565px;\" aria-label=\"TGA \/ Energieberater (4&nbsp;Eintr\u00e4ge)\">TGA \/ Ener\u00adgie\u00adbe\u00adrater<\/a>\n<a href=\"https:\/\/mag.ebmpapst.com\/de\/tag\/upgrade\/\" class=\"tag-cloud-link tag-link-161 tag-link-position-31\" style=\"font-size: 17.8260869565px;\" aria-label=\"Upgrade (4&nbsp;Eintr\u00e4ge)\">Upgrade<\/a>\n<a href=\"https:\/\/mag.ebmpapst.com\/de\/tag\/wohnraumbelueftung\/\" class=\"tag-cloud-link tag-link-256 tag-link-position-32\" style=\"font-size: 14px;\" aria-label=\"Wohnraumbel\u00fcftung (2&nbsp;Eintr\u00e4ge)\">Wohn\u00adraum\u00adbe\u00adl\u00fcf\u00adtung<\/a><\/p><\/div><\/div>\n\n\n\n<style>\n.row.tags-links {\nmargin-bottom: 10rem;\n}\n\n.row.tags-links .tagcloud-container {\nmax-width: 100%;\n  width: 660px;\nfloat: none;\nmargin: 0 auto 0;\n}\n\n.tagcloud-container a[style*=\"font-size: 14\"],\n.tagcloud-container a[style*=\"font-size: 15\"]{\n  font-family:'NeueHelvetica67CondensedMedium';\n\t\tcolor: #56748E;\n\tletter-spacing: 0.07em;\n}\n\n.tagcloud-container a[style*=\"font-size: 16\"],\n.tagcloud-container a[style*=\"font-size: 17\"]{\nfont-family:'NeueHelvetica47CondensedLight';\n  letter-spacing: 0.15em;\n}\n\n.tagcloud-container a[style*=\"font-size: 18\"],\n.tagcloud-container a[style*=\"font-size: 19\"] {\n  font-family:'NeueHelvetica67CondensedMedium';\n\tletter-spacing: 0.05em;\n}\n\n.tagcloud-container a[style*=\"font-size: 20\"],\n.tagcloud-container a[style*=\"font-size: 21\"] {\n  font-family:'NeueHelvetica47CondensedLight';\n  color: #43596C;\n}\n\n\n<\/style>\n<\/div><\/div>\n\n\n\n\n<div class=\"grid-item grid-item\">\n\n\n<article id=\"post-36084\" class=\"entry-preview entry-preview-no-48 m2g-video-teaser  post-36084 post type-post status-publish format-standard hentry category-kaelte-klima category-ventilatoren\">\n\t<a href=\"https:\/\/mag.ebmpapst.com\/de\/branchen\/kaelte-klima\/retrofit-netzwerk-waechst-ebm-papst-und-systemair-arbeiten-zusammen_36084\/\" rel=\"bookmark\" title=\"Retrofit-Netz\u00adwerk w\u00e4chst: ebm-papst und Systemair arbeiten zusammen\">\n\n\n\n\t\t<figure class=\"preview-media\">\n\t\t\n \n\t <div class=\"video-overlay\">\n\t <svg class=\"video-overlay-play-button\" viewBox=\"0 0 200 200\" alt=\"Play video\">\\\n                    <circle cx=\"100\" cy=\"100\" r=\"90\" fill=\"rgba(33,33,33,0.2)\" stroke-width=\"15\" stroke=\"#fff\" \/>\n                    <polygon points=\"70, 55 70, 145 145, 100\" fill=\"#fff\" \/>\n\t <\/svg><\/div>\n \n\t\t\t\t<div class=\"m2g-media-wrapper\">\n<div class=\"video-container\" style=\" background-image: url(https:\/\/ebmpapst-7237.kxcdn.com\/de\/files\/2024\/10\/ebm-papst-Systemair-Partnerschaft-Retrofit-Header-960x540.jpg);\"><iframe loading=\"lazy\" class=\"vimeo-iframe\" src=\"https:\/\/player.vimeo.com\/video\/1024688456?dnt=1&amp;autoplay=1&amp;loop=1&amp;autopause=0&amp;muted=1&amp;background=1\" width=\"960\" height=\"540\" frameborder=\"0\" allowfullscreen=\"allowfullscreen\"><\/iframe><\/div>\n<\/div>\n\n\t\t<\/figure><!-- .preview-media -->\n\n<div class=\"article-preview-text\">\n\t\t<header class=\"entry-header\">\n\t\t\t<h1 class=\"entry-title\"><span>Retrofit-Netz\u00ad\u00adwerk w\u00e4chst: ebm-papst und Systemair arbeiten zusammen\t\t<\/span><\/h1><\/header><!-- .entry-header -->\n\t\n\t\t<p>Ein <b>Retrofit<\/b> ist eine einfache und schnelle Ma\u00dfnahme, um Energie- und Kosten\u00adein\u00adspa\u00adrungen zu errei\u00adchen und die Umwelt zu schonen. ebm-papst liefert daf\u00fcr als Tech\u00adno\u00adlo\u00adgie\u00adf\u00fchrer bereits seit Jahren hoch\u00adef\u00adfi\u00adzi\u00adente EC-Venti\u00adla\u00ad\u00adtoren, Sensorik, Gate\u00adways und Digi\u00adtale Services. Mit der <b>Systemair GmbH aus Deutsch\u00adland<\/b> hat ebm-papst nun einen weiteren Partner an der Seite, um Kund:innen beim Retrofit ziel\u00adge\u00adrichtet und tatkr\u00e4ftig zu unter\u00adst\u00fctzen.<span class=\"more\">\u00bb<\/span><\/p>\t\n<\/div>\n\t\t<\/a>\n\t<\/article><!-- .preview -->\n\n<\/div>\n\n<div class=\"grid-item grid-item\">\n\n\n<article id=\"post-35799\" class=\"entry-preview entry-preview-no-49 m2g-video-teaser  post-35799 post type-post status-publish format-standard hentry category-kaelte-klima category-ventilatoren\">\n\t<a href=\"https:\/\/mag.ebmpapst.com\/de\/branchen\/kaelte-klima\/retrofit-krankenhaus-franziskus-stiftung-muenster-fact-gmbh_35799\/\" rel=\"bookmark\" title=\"Retrofit in f\u00fcnf Kran\u00adken\u00adh\u00e4u\u00adsern: Frischer Wind f\u00fcr Pati\u00adenten &amp; Personal\">\n\n\n\n\t\t<figure class=\"preview-media\">\n\t\t\n \n\t <div class=\"video-overlay\">\n\t <svg class=\"video-overlay-play-button\" viewBox=\"0 0 200 200\" alt=\"Play video\">\\\n                    <circle cx=\"100\" cy=\"100\" r=\"90\" fill=\"rgba(33,33,33,0.2)\" stroke-width=\"15\" stroke=\"#fff\" \/>\n                    <polygon points=\"70, 55 70, 145 145, 100\" fill=\"#fff\" \/>\n\t <\/svg><\/div>\n \n\t\t\t\t<div class=\"m2g-media-wrapper\">\n<div class=\"video-container\" style=\" background-image: url(https:\/\/ebmpapst-7237.kxcdn.com\/de\/files\/2024\/10\/franziskusstiftung_retrofit_franziskushospital_muenster_header-960x540.jpg);\"><iframe loading=\"lazy\" class=\"vimeo-iframe\" src=\"https:\/\/player.vimeo.com\/video\/1016992915?dnt=1&amp;autoplay=1&amp;loop=1&amp;autopause=0&amp;muted=1&amp;background=1\" width=\"960\" height=\"540\" frameborder=\"0\" allowfullscreen=\"allowfullscreen\"><\/iframe><\/div>\n<\/div>\n\n\t\t<\/figure><!-- .preview-media -->\n\n<div class=\"article-preview-text\">\n\t\t<header class=\"entry-header\">\n\t\t\t<h1 class=\"entry-title\"><span>Retrofit in f\u00fcnf Kran\u00adken\u00adh\u00e4u\u00adsern: Frischer Wind f\u00fcr Pati\u00adenten &amp; Personal\t\t<\/span><\/h1><\/header><!-- .entry-header -->\n\t\n\t\t<p>Kran\u00adken\u00adh\u00e4user stehen unter enormem Kosten\u00addruck. Die <b>St. Fran\u00ad\u00adziskus-Stif\u00ad\u00adtung M\u00fcnster<\/b> packt in f\u00fcnf ihrer Kran\u00adken\u00adh\u00e4user einen gro\u00dfen Kosten\u00adfaktor an: Mit einem <b>Retrofit ihrer L\u00fcftungs\u00adan\u00adlagen<\/b> auf EC-Venti\u00adla\u00ad\u00adtoren spart sie massiv Energie und Kosten. Ein cleverer Schachzug, der sich doppelt auszahlt \u2013 f\u00fcr die Umwelt und den Geld\u00adbeutel.<span class=\"more\">\u00bb<\/span><\/p>\t\n<\/div>\n\t\t<\/a>\n\t<\/article><!-- .preview -->\n\n<\/div>\n\n<div class=\"grid-item grid-item\">\n\n\n<article id=\"post-36353\" class=\"entry-preview entry-preview-no-50 post-36353 post type-post status-publish format-standard hentry category-heizung category-ventilatoren\">\n\t<a href=\"https:\/\/mag.ebmpapst.com\/de\/branchen\/heizung\/luft-wasser-waermepumpen-natuerliche-kaeltemittel-atex-ventilatoren_36353\/\" rel=\"bookmark\" title=\"Safety first, nicht nur bei Luft-Wasser-W\u00e4rme\u00adpumpen\">\n\n\n\n\t\t<figure class=\"preview-media\">\n\t\t\n \n\t\t\t\t<div class=\"m2g-media-wrapper\"><img loading=\"lazy\" decoding=\"async\" width=\"660\" height=\"371\" src=\"https:\/\/ebmpapst-7237.kxcdn.com\/de\/files\/2024\/11\/waermepumpe_natuerliche-kaeltemittel_header-660x371.jpg\" class=\"attachment-medium size-medium\" alt srcset=\"https:\/\/ebmpapst-7237.kxcdn.com\/de\/files\/2024\/11\/waermepumpe_natuerliche-kaeltemittel_header-660x371.jpg 660w, https:\/\/ebmpapst-7237.kxcdn.com\/de\/files\/2024\/11\/waermepumpe_natuerliche-kaeltemittel_header-960x540.jpg 960w, https:\/\/ebmpapst-7237.kxcdn.com\/de\/files\/2024\/11\/waermepumpe_natuerliche-kaeltemittel_header-260x146.jpg 260w, https:\/\/ebmpapst-7237.kxcdn.com\/de\/files\/2024\/11\/waermepumpe_natuerliche-kaeltemittel_header-768x432.jpg 768w, https:\/\/ebmpapst-7237.kxcdn.com\/de\/files\/2024\/11\/waermepumpe_natuerliche-kaeltemittel_header-1536x864.jpg 1536w, https:\/\/ebmpapst-7237.kxcdn.com\/de\/files\/2024\/11\/waermepumpe_natuerliche-kaeltemittel_header-450x253.jpg 450w, https:\/\/ebmpapst-7237.kxcdn.com\/de\/files\/2024\/11\/waermepumpe_natuerliche-kaeltemittel_header-300x169.jpg 300w, https:\/\/ebmpapst-7237.kxcdn.com\/de\/files\/2024\/11\/waermepumpe_natuerliche-kaeltemittel_header.jpg 1920w\" sizes=\"auto, (max-width: 660px) 100vw, 660px\"><\/div>\n\n\t\t<\/figure><!-- .preview-media -->\n\n<div class=\"article-preview-text\">\n\t\t<header class=\"entry-header\">\n\t\t\t<h1 class=\"entry-title\"><span>Safety first, nicht nur bei Luft-Wasser-W\u00e4rme\u00ad\u00adpumpen\t\t<\/span><\/h1><\/header><!-- .entry-header -->\n\t\n\t\t<p>Die W\u00e4rme\u00adver\u00adsor\u00adgung verlangt heute nach <b>Konzepten, die auf erneu\u00ader\u00adbare Ener\u00adgien setzen<\/b>. W\u00e4rme\u00adpumpen erfreuen sich deshalb sowohl bei Neubauten als auch bei Sanie\u00adrungen immer gr\u00f6\u00dferer Beliebt\u00adheit und werden in vielen F\u00e4llen mit F\u00f6rde\u00adrungen bezu\u00adschusst. <b>Luft-Wasser-W\u00e4rme\u00ad\u00adpumpen<\/b> sind dabei aufgrund ihrer Effi\u00adzienz und einfa\u00adchen Aufstel\u00adlung bzw. Instal\u00adla\u00adtion weit verbreitet. Sie nutzen die W\u00e4rme\u00aden\u00adergie aus der Umge\u00adbungs\u00adluft und \u00fcber\u00adtragen diese \u00fcber einen Zwischen\u00adkreis mit K\u00e4lte\u00admittel auf den Heiz\u00adwas\u00adser\u00adkreis\u00adlauf.<span class=\"more\">\u00bb<\/span><\/p>\t\n<\/div>\n\t\t<\/a>\n\t<\/article><!-- .preview -->\n\n<\/div>\n\n<div class=\"grid-item grid-item\">\n\n\n<article id=\"post-36301\" class=\"entry-preview entry-preview-no-51 post-36301 post type-post status-publish format-standard hentry category-kaelte-klima category-ventilatoren\">\n\t<a href=\"https:\/\/mag.ebmpapst.com\/de\/branchen\/kaelte-klima\/digital-service-demand-controlled-ventilation_36301\/\" rel=\"bookmark\" title=\"Digital Service: Demand-Controlled Venti\u00adla\u00adtion\">\n\n\n\n\t\t<figure class=\"preview-media\">\n\t\t\n \n\t\t\t\t<div class=\"m2g-media-wrapper\"><img loading=\"lazy\" decoding=\"async\" width=\"660\" height=\"371\" src=\"https:\/\/ebmpapst-7237.kxcdn.com\/de\/files\/2024\/11\/demand-controlled-ventilation_digital-services_header-660x371.jpg\" class=\"attachment-medium size-medium\" alt srcset=\"https:\/\/ebmpapst-7237.kxcdn.com\/de\/files\/2024\/11\/demand-controlled-ventilation_digital-services_header-660x371.jpg 660w, https:\/\/ebmpapst-7237.kxcdn.com\/de\/files\/2024\/11\/demand-controlled-ventilation_digital-services_header-960x540.jpg 960w, https:\/\/ebmpapst-7237.kxcdn.com\/de\/files\/2024\/11\/demand-controlled-ventilation_digital-services_header-260x146.jpg 260w, https:\/\/ebmpapst-7237.kxcdn.com\/de\/files\/2024\/11\/demand-controlled-ventilation_digital-services_header-768x432.jpg 768w, https:\/\/ebmpapst-7237.kxcdn.com\/de\/files\/2024\/11\/demand-controlled-ventilation_digital-services_header-1536x864.jpg 1536w, https:\/\/ebmpapst-7237.kxcdn.com\/de\/files\/2024\/11\/demand-controlled-ventilation_digital-services_header-2048x1152.jpg 2048w, https:\/\/ebmpapst-7237.kxcdn.com\/de\/files\/2024\/11\/demand-controlled-ventilation_digital-services_header-450x253.jpg 450w, https:\/\/ebmpapst-7237.kxcdn.com\/de\/files\/2024\/11\/demand-controlled-ventilation_digital-services_header-300x169.jpg 300w\" sizes=\"auto, (max-width: 660px) 100vw, 660px\"><\/div>\n\n\t\t<\/figure><!-- .preview-media -->\n\n<div class=\"article-preview-text\">\n\t\t<header class=\"entry-header\">\n\t\t\t<h1 class=\"entry-title\"><span>Digital Service: Demand-Controlled Venti\u00adla\u00adtion\t\t<\/span><\/h1><\/header><!-- .entry-header -->\n\t\n\t\t<p>Mit der <b>Demand-Controlled Venti\u00adla\u00adtion<\/b> decken Sie <b>Einspar\u00adpo\u00adten\u00adziale auf, sparen Kosten und mini\u00admieren den \u00f6kolo\u00adgi\u00adschen Fu\u00dfab\u00addruck<\/b> der Venti\u00adla\u00adtoren. Gleich\u00adzeitig bleibt die Luft\u00adleis\u00adtung und -qualit\u00e4t sowie die W\u00e4rme- oder K\u00fchl\u00adleis\u00adtung der betref\u00adfenden Anlage optimal.<span class=\"more\">\u00bb<\/span><\/p>\t\n<\/div>\n\t\t<\/a>\n\t<\/article><!-- .preview -->\n\n<\/div>\n\n<div class=\"grid-item grid-item\">\n\n\n<article id=\"post-36318\" class=\"entry-preview entry-preview-no-52 post-36318 post type-post status-publish format-standard hentry category-kaelte-klima category-ventilatoren\">\n\t<a href=\"https:\/\/mag.ebmpapst.com\/de\/branchen\/kaelte-klima\/digital-service-vibration-analysis_36318\/\" rel=\"bookmark\" title=\"Digital Service: Vibra\u00adtion Analysis\">\n\n\n\n\t\t<figure class=\"preview-media\">\n\t\t\n \n\t\t\t\t<div class=\"m2g-media-wrapper\"><img loading=\"lazy\" decoding=\"async\" width=\"660\" height=\"371\" src=\"https:\/\/ebmpapst-7237.kxcdn.com\/de\/files\/2024\/11\/Digital-Service_Vibration-Analysis_CAM03469-LS-660x371.jpg\" class=\"attachment-medium size-medium\" alt srcset=\"https:\/\/ebmpapst-7237.kxcdn.com\/de\/files\/2024\/11\/Digital-Service_Vibration-Analysis_CAM03469-LS-660x371.jpg 660w, https:\/\/ebmpapst-7237.kxcdn.com\/de\/files\/2024\/11\/Digital-Service_Vibration-Analysis_CAM03469-LS-960x540.jpg 960w, https:\/\/ebmpapst-7237.kxcdn.com\/de\/files\/2024\/11\/Digital-Service_Vibration-Analysis_CAM03469-LS-260x146.jpg 260w, https:\/\/ebmpapst-7237.kxcdn.com\/de\/files\/2024\/11\/Digital-Service_Vibration-Analysis_CAM03469-LS-768x432.jpg 768w, https:\/\/ebmpapst-7237.kxcdn.com\/de\/files\/2024\/11\/Digital-Service_Vibration-Analysis_CAM03469-LS-1536x864.jpg 1536w, https:\/\/ebmpapst-7237.kxcdn.com\/de\/files\/2024\/11\/Digital-Service_Vibration-Analysis_CAM03469-LS-450x253.jpg 450w, https:\/\/ebmpapst-7237.kxcdn.com\/de\/files\/2024\/11\/Digital-Service_Vibration-Analysis_CAM03469-LS-300x169.jpg 300w, https:\/\/ebmpapst-7237.kxcdn.com\/de\/files\/2024\/11\/Digital-Service_Vibration-Analysis_CAM03469-LS.jpg 1920w\" sizes=\"auto, (max-width: 660px) 100vw, 660px\"><\/div>\n\n\t\t<\/figure><!-- .preview-media -->\n\n<div class=\"article-preview-text\">\n\t\t<header class=\"entry-header\">\n\t\t\t<h1 class=\"entry-title\"><span>Digital Service: Vibra\u00adtion Analysis\t\t<\/span><\/h1><\/header><!-- .entry-header -->\n\t\n\t\t<p>Der Digital Service Vibra\u00adtion Analysis <b>\u00fcber\u00adwacht und analy\u00adsiert Vibra\u00adtionen und Reso\u00adnanzen<\/b> von Venti\u00adla\u00adtoren in Anlagen in Echt\u00adzeit. Behalten Sie den Wartungs\u00adbe\u00addarf im Blick, verhin\u00addern Sie unvor\u00adher\u00adge\u00adse\u00adhene Ausf\u00e4lle und stei\u00adgern Sie die Betriebs\u00adsi\u00adcher\u00adheit der Anlage.<span class=\"more\">\u00bb<\/span><\/p>\t\n<\/div>\n\t\t<\/a>\n\t<\/article><!-- .preview -->\n\n<\/div>\n\n<div class=\"grid-item grid-item\">\n\n\n<article id=\"post-36467\" class=\"entry-preview entry-preview-no-53 post-36467 post type-post status-publish format-standard hentry category-kaelte-klima category-ventilatoren\">\n\t<a href=\"https:\/\/mag.ebmpapst.com\/de\/branchen\/kaelte-klima\/ventilator-installation-ebm-papst-service-app_36467\/\" rel=\"bookmark\" title=\"Instal\u00adla\u00adtion: Die ebm-papst Service App\">\n\n\n\n\t\t<figure class=\"preview-media\">\n\t\t\n \n\t\t\t\t<div class=\"m2g-media-wrapper\"><img loading=\"lazy\" decoding=\"async\" width=\"660\" height=\"371\" src=\"https:\/\/ebmpapst-7237.kxcdn.com\/de\/files\/2024\/11\/ebm-papst-Service-App_01_web-660x371.png\" class=\"attachment-medium size-medium\" alt srcset=\"https:\/\/ebmpapst-7237.kxcdn.com\/de\/files\/2024\/11\/ebm-papst-Service-App_01_web-660x371.png 660w, https:\/\/ebmpapst-7237.kxcdn.com\/de\/files\/2024\/11\/ebm-papst-Service-App_01_web-960x540.png 960w, https:\/\/ebmpapst-7237.kxcdn.com\/de\/files\/2024\/11\/ebm-papst-Service-App_01_web-260x146.png 260w, https:\/\/ebmpapst-7237.kxcdn.com\/de\/files\/2024\/11\/ebm-papst-Service-App_01_web-768x432.png 768w, https:\/\/ebmpapst-7237.kxcdn.com\/de\/files\/2024\/11\/ebm-papst-Service-App_01_web-1536x864.png 1536w, https:\/\/ebmpapst-7237.kxcdn.com\/de\/files\/2024\/11\/ebm-papst-Service-App_01_web-450x253.png 450w, https:\/\/ebmpapst-7237.kxcdn.com\/de\/files\/2024\/11\/ebm-papst-Service-App_01_web-300x169.png 300w, https:\/\/ebmpapst-7237.kxcdn.com\/de\/files\/2024\/11\/ebm-papst-Service-App_01_web.png 1920w\" sizes=\"auto, (max-width: 660px) 100vw, 660px\"><\/div>\n\n\t\t<\/figure><!-- .preview-media -->\n\n<div class=\"article-preview-text\">\n\t\t<header class=\"entry-header\">\n\t\t\t<h1 class=\"entry-title\"><span>Instal\u00adla\u00adtion: Die ebm-papst Service App\t\t<\/span><\/h1><\/header><!-- .entry-header -->\n\t\n\t\t<p>Die <b>ebm-papst Service App<\/b> verein\u00adfacht die Inbe\u00adtrieb\u00adnahme von Venti\u00adla\u00adtoren f\u00fcr Kunden und Fach\u00adpartner und spart so wert\u00advolle Zeit bei der Instal\u00adla\u00adtion. Damit k\u00f6nnen Sie Ihre <b>Venti\u00adla\u00adtoren m\u00fchelos einrichten, para\u00adme\u00adtrieren und verwalten<\/b> \u2013 inklu\u00adsive Cloud Connec\u00adtion, Venti\u00adlator-Test\u00adlauf und Abschluss\u00adbe\u00adricht.<span class=\"more\">\u00bb<\/span><\/p>\t\n<\/div>\n\t\t<\/a>\n\t<\/article><!-- .preview -->\n\n<\/div>\n\n<div class=\"grid-item grid-item\">\n\n\n<article id=\"post-36248\" class=\"entry-preview entry-preview-no-54 post-36248 post type-post status-publish format-standard hentry category-kaelte-klima category-ventilatoren\">\n\t<a href=\"https:\/\/mag.ebmpapst.com\/de\/branchen\/kaelte-klima\/digital-service-heat-exchanger-clogging-detection_36248\/\" rel=\"bookmark\" title=\"Digital Service: Heat Exch\u00adanger Clog\u00adging Detec\u00adtion\">\n\n\n\n\t\t<figure class=\"preview-media\">\n\t\t\n \n\t\t\t\t<div class=\"m2g-media-wrapper\"><img loading=\"lazy\" decoding=\"async\" width=\"660\" height=\"371\" src=\"https:\/\/ebmpapst-7237.kxcdn.com\/de\/files\/2024\/11\/Digital-Service_Clogging-Detection_CAM03461-LS-660x371.jpg\" class=\"attachment-medium size-medium\" alt srcset=\"https:\/\/ebmpapst-7237.kxcdn.com\/de\/files\/2024\/11\/Digital-Service_Clogging-Detection_CAM03461-LS-660x371.jpg 660w, https:\/\/ebmpapst-7237.kxcdn.com\/de\/files\/2024\/11\/Digital-Service_Clogging-Detection_CAM03461-LS-960x540.jpg 960w, https:\/\/ebmpapst-7237.kxcdn.com\/de\/files\/2024\/11\/Digital-Service_Clogging-Detection_CAM03461-LS-260x146.jpg 260w, https:\/\/ebmpapst-7237.kxcdn.com\/de\/files\/2024\/11\/Digital-Service_Clogging-Detection_CAM03461-LS-768x432.jpg 768w, https:\/\/ebmpapst-7237.kxcdn.com\/de\/files\/2024\/11\/Digital-Service_Clogging-Detection_CAM03461-LS-1536x864.jpg 1536w, https:\/\/ebmpapst-7237.kxcdn.com\/de\/files\/2024\/11\/Digital-Service_Clogging-Detection_CAM03461-LS-450x253.jpg 450w, https:\/\/ebmpapst-7237.kxcdn.com\/de\/files\/2024\/11\/Digital-Service_Clogging-Detection_CAM03461-LS-300x169.jpg 300w, https:\/\/ebmpapst-7237.kxcdn.com\/de\/files\/2024\/11\/Digital-Service_Clogging-Detection_CAM03461-LS.jpg 1920w\" sizes=\"auto, (max-width: 660px) 100vw, 660px\"><\/div>\n\n\t\t<\/figure><!-- .preview-media -->\n\n<div class=\"article-preview-text\">\n\t\t<header class=\"entry-header\">\n\t\t\t<h1 class=\"entry-title\"><span>Digital Service: Heat Exch\u00adanger Clog\u00adging Detec\u00adtion\t\t<\/span><\/h1><\/header><!-- .entry-header -->\n\t\n\t\t<p>Der Digital Service <b>Heat Exch\u00adanger Clog\u00adging Detec\u00adtion<\/b> \u00fcber\u00adwacht laufend die Betriebs\u00addaten von W\u00e4rme\u00adtau\u00adschern. Der Service erm\u00f6g\u00adlicht eben\u00adfalls die <b>Ermitt\u00adlung des Verschmut\u00adzungs\u00adgrades von Filtern<\/b>. Opti\u00admieren Sie die Wartungs\u00adein\u00ads\u00e4tze an Verfl\u00fcs\u00adsi\u00adgern, R\u00fcck\u00adk\u00fchler oder luft\u00adtech\u00adni\u00adschen Anlagen und sichern Sie damit laufend die Effi\u00adzienz und Betriebs\u00adsi\u00adcher\u00adheit.<span class=\"more\">\u00bb<\/span><\/p>\t\n<\/div>\n\t\t<\/a>\n\t<\/article><!-- .preview -->\n\n<\/div>\n\n<div class=\"grid-item grid-item\">\n\n\n<article id=\"post-36465\" class=\"entry-preview entry-preview-no-55 post-36465 post type-post status-publish format-standard hentry category-kaelte-klima category-ventilatoren\">\n\t<a href=\"https:\/\/mag.ebmpapst.com\/de\/branchen\/kaelte-klima\/digital-services-core-functions-cloud-2-cloud-communication_36465\/\" rel=\"bookmark\" title=\"Core Func\u00adtions: Cloud-2-Cloud Commu\u00adni\u00adca\u00adtion\">\n\n\n\n\t\t<figure class=\"preview-media\">\n\t\t\n \n\t\t\t\t<div class=\"m2g-media-wrapper\"><img loading=\"lazy\" decoding=\"async\" width=\"660\" height=\"371\" src=\"https:\/\/ebmpapst-7237.kxcdn.com\/de\/files\/2024\/11\/ebm_AI_08_cloud-2-cloud_1920-1080-1-660x371.jpg\" class=\"attachment-medium size-medium\" alt srcset=\"https:\/\/ebmpapst-7237.kxcdn.com\/de\/files\/2024\/11\/ebm_AI_08_cloud-2-cloud_1920-1080-1-660x371.jpg 660w, https:\/\/ebmpapst-7237.kxcdn.com\/de\/files\/2024\/11\/ebm_AI_08_cloud-2-cloud_1920-1080-1-960x540.jpg 960w, https:\/\/ebmpapst-7237.kxcdn.com\/de\/files\/2024\/11\/ebm_AI_08_cloud-2-cloud_1920-1080-1-260x146.jpg 260w, https:\/\/ebmpapst-7237.kxcdn.com\/de\/files\/2024\/11\/ebm_AI_08_cloud-2-cloud_1920-1080-1-768x432.jpg 768w, https:\/\/ebmpapst-7237.kxcdn.com\/de\/files\/2024\/11\/ebm_AI_08_cloud-2-cloud_1920-1080-1-1536x864.jpg 1536w, https:\/\/ebmpapst-7237.kxcdn.com\/de\/files\/2024\/11\/ebm_AI_08_cloud-2-cloud_1920-1080-1-450x253.jpg 450w, https:\/\/ebmpapst-7237.kxcdn.com\/de\/files\/2024\/11\/ebm_AI_08_cloud-2-cloud_1920-1080-1-300x169.jpg 300w, https:\/\/ebmpapst-7237.kxcdn.com\/de\/files\/2024\/11\/ebm_AI_08_cloud-2-cloud_1920-1080-1.jpg 1920w\" sizes=\"auto, (max-width: 660px) 100vw, 660px\"><\/div>\n\n\t\t<\/figure><!-- .preview-media -->\n\n<div class=\"article-preview-text\">\n\t\t<header class=\"entry-header\">\n\t\t\t<h1 class=\"entry-title\"><span>Core Func\u00adtions: Cloud-2-Cloud Commu\u00adni\u00adca\u00adtion\t\t<\/span><\/h1><\/header><!-- .entry-header -->\n\t\n\t\t<p>Mit <b>Cloud-2-Cloud-Commu\u00ad\u00adni\u00ad\u00adca\u00ad\u00adtion<\/b> werden Ihre Venti\u00adla\u00adto\u00adren\u00addaten sicher zwischen Ihrer eigenen Cloud und der ebm-papst epCloud \u00fcber\u00adtragen, was einen echten Mehr\u00adwert mit Digital Services erm\u00f6g\u00adlicht. Cloud-2-Cloud-Commu\u00ad\u00adni\u00ad\u00adca\u00ad\u00adtion ist der <b>Schl\u00fcssel zu KI-gesteu\u00aderten Prozessen<\/b>, die die Leis\u00adtung Ihres Venti\u00adla\u00adtors analy\u00adsieren und Ihnen helfen, das Beste aus ihm heraus\u00adzu\u00adholen.<span class=\"more\">\u00bb<\/span><\/p>\t\n<\/div>\n\t\t<\/a>\n\t<\/article><!-- .preview -->\n\n<\/div>\n\n<div class=\"grid-item grid-item\">\n\n\n<article id=\"post-36458\" class=\"entry-preview entry-preview-no-56 post-36458 post type-post status-publish format-standard hentry category-kaelte-klima category-ventilatoren\">\n\t<a href=\"https:\/\/mag.ebmpapst.com\/de\/branchen\/kaelte-klima\/digital-services-core-functions-condition-monitoring_36458\/\" rel=\"bookmark\" title=\"Core Func\u00adtions: Condi\u00adtion Moni\u00adto\u00adring\">\n\n\n\n\t\t<figure class=\"preview-media\">\n\t\t\n \n\t\t\t\t<div class=\"m2g-media-wrapper\"><img loading=\"lazy\" decoding=\"async\" width=\"660\" height=\"371\" src=\"https:\/\/ebmpapst-7237.kxcdn.com\/de\/files\/2024\/11\/ebm_AI_04_condition-monitoring_1920-1080-660x371.jpg\" class=\"attachment-medium size-medium\" alt srcset=\"https:\/\/ebmpapst-7237.kxcdn.com\/de\/files\/2024\/11\/ebm_AI_04_condition-monitoring_1920-1080-660x371.jpg 660w, https:\/\/ebmpapst-7237.kxcdn.com\/de\/files\/2024\/11\/ebm_AI_04_condition-monitoring_1920-1080-960x540.jpg 960w, https:\/\/ebmpapst-7237.kxcdn.com\/de\/files\/2024\/11\/ebm_AI_04_condition-monitoring_1920-1080-260x146.jpg 260w, https:\/\/ebmpapst-7237.kxcdn.com\/de\/files\/2024\/11\/ebm_AI_04_condition-monitoring_1920-1080-768x432.jpg 768w, https:\/\/ebmpapst-7237.kxcdn.com\/de\/files\/2024\/11\/ebm_AI_04_condition-monitoring_1920-1080-1536x864.jpg 1536w, https:\/\/ebmpapst-7237.kxcdn.com\/de\/files\/2024\/11\/ebm_AI_04_condition-monitoring_1920-1080-450x253.jpg 450w, https:\/\/ebmpapst-7237.kxcdn.com\/de\/files\/2024\/11\/ebm_AI_04_condition-monitoring_1920-1080-300x169.jpg 300w, https:\/\/ebmpapst-7237.kxcdn.com\/de\/files\/2024\/11\/ebm_AI_04_condition-monitoring_1920-1080.jpg 1920w\" sizes=\"auto, (max-width: 660px) 100vw, 660px\"><\/div>\n\n\t\t<\/figure><!-- .preview-media -->\n\n<div class=\"article-preview-text\">\n\t\t<header class=\"entry-header\">\n\t\t\t<h1 class=\"entry-title\"><span>Core Func\u00adtions: Condi\u00adtion Moni\u00adto\u00adring\t\t<\/span><\/h1><\/header><!-- .entry-header -->\n\t\n\t\t<p>Mit <b>Condi\u00adtion Moni\u00adto\u00adring<\/b> sind Sie in der Lage, den Zustand Ihres Venti\u00adla\u00adtors zu verstehen und anhand der Leis\u00adtungs\u00addaten Opti\u00admie\u00adrungs\u00adpo\u00adten\u00adziale zu erkennen. Condi\u00adtion Moni\u00adto\u00adring macht Ihre <b>Venti\u00adla\u00adto\u00adren\u00addaten sichtbar<\/b> und hilft Ihnen nicht nur zu sehen, dass er l\u00e4uft, sondern auch wie er l\u00e4uft \u2013 in Echt\u00adzeit und \u00fcber\u00adsicht\u00adlich visua\u00adli\u00adsiert.<span class=\"more\">\u00bb<\/span><\/p>\t\n<\/div>\n\t\t<\/a>\n\t<\/article><!-- .preview -->\n\n<\/div>\n\n<div class=\"grid-item grid-item\">\n\n\n<article id=\"post-36137\" class=\"entry-preview entry-preview-no-57 post-36137 post type-post status-publish format-standard hentry category-nachhaltigkeitsbericht-2023-2024\">\n\t<a href=\"https:\/\/mag.ebmpapst.com\/de\/nachhaltigkeitsbericht-2023-2024\/clever-verpackt-ist-halb-gewonnen_36137\/\" rel=\"bookmark\" title=\"Clever verpackt ist halb gewonnen\">\n\n\n\n\t\t<figure class=\"preview-media\">\n\t\t\n \n\t\t\t\t<div class=\"m2g-media-wrapper\"><img loading=\"lazy\" decoding=\"async\" width=\"660\" height=\"371\" src=\"https:\/\/ebmpapst-7237.kxcdn.com\/de\/files\/2024\/10\/ebm-papst_Logistik_02-17_110_nachhaltigkeitsbericht-2023-2024-660x371.jpg\" class=\"attachment-medium size-medium\" alt srcset=\"https:\/\/ebmpapst-7237.kxcdn.com\/de\/files\/2024\/10\/ebm-papst_Logistik_02-17_110_nachhaltigkeitsbericht-2023-2024-660x371.jpg 660w, https:\/\/ebmpapst-7237.kxcdn.com\/de\/files\/2024\/10\/ebm-papst_Logistik_02-17_110_nachhaltigkeitsbericht-2023-2024-960x540.jpg 960w, https:\/\/ebmpapst-7237.kxcdn.com\/de\/files\/2024\/10\/ebm-papst_Logistik_02-17_110_nachhaltigkeitsbericht-2023-2024-260x146.jpg 260w, https:\/\/ebmpapst-7237.kxcdn.com\/de\/files\/2024\/10\/ebm-papst_Logistik_02-17_110_nachhaltigkeitsbericht-2023-2024-768x432.jpg 768w, https:\/\/ebmpapst-7237.kxcdn.com\/de\/files\/2024\/10\/ebm-papst_Logistik_02-17_110_nachhaltigkeitsbericht-2023-2024-1536x864.jpg 1536w, https:\/\/ebmpapst-7237.kxcdn.com\/de\/files\/2024\/10\/ebm-papst_Logistik_02-17_110_nachhaltigkeitsbericht-2023-2024-450x253.jpg 450w, https:\/\/ebmpapst-7237.kxcdn.com\/de\/files\/2024\/10\/ebm-papst_Logistik_02-17_110_nachhaltigkeitsbericht-2023-2024-300x169.jpg 300w, https:\/\/ebmpapst-7237.kxcdn.com\/de\/files\/2024\/10\/ebm-papst_Logistik_02-17_110_nachhaltigkeitsbericht-2023-2024.jpg 1920w\" sizes=\"auto, (max-width: 660px) 100vw, 660px\"><\/div>\n\n\t\t<\/figure><!-- .preview-media -->\n\n<div class=\"article-preview-text\">\n\t\t<header class=\"entry-header\">\n\t\t\t<h1 class=\"entry-title\"><span>Clever verpackt ist halb gewonnen\t\t<\/span><\/h1><\/header><!-- .entry-header -->\n\t\n\t\t<p>Zum Schutz der Umwelt und des Klimas wollen wir Abf\u00e4lle vermeiden. Deshalb setzen wir bei ebm-papst bei unserem <b>Verpa\u00adckungs\u00adma\u00adnage\u00adment auf Wieder\u00adver\u00adwen\u00addung<\/b>. Mit inno\u00adva\u00adtiven L\u00f6sungen in diesen Berei\u00adchen schonen wir nat\u00fcr\u00adliche Ressourcen und f\u00f6rdern eine saubere Umwelt.<span class=\"more\">\u00bb<\/span><\/p>\t\n<\/div>\n\t\t<\/a>\n\t<\/article><!-- .preview -->\n\n<\/div>\n\n<div class=\"grid-item grid-item\">\n\n\n<article id=\"post-36118\" class=\"entry-preview entry-preview-no-58 post-36118 post type-post status-publish format-standard hentry category-nachhaltigkeitsbericht-2023-2024\">\n\t<a href=\"https:\/\/mag.ebmpapst.com\/de\/nachhaltigkeitsbericht-2023-2024\/ideenschmiede-fuers-klima_36118\/\" rel=\"bookmark\" title=\"Ideen\u00adschmiede f\u00fcrs Klima\">\n\n\n\n\t\t<figure class=\"preview-media\">\n\t\t\n \n\t\t\t\t<div class=\"m2g-media-wrapper\"><img loading=\"lazy\" decoding=\"async\" width=\"660\" height=\"371\" src=\"https:\/\/ebmpapst-7237.kxcdn.com\/de\/files\/2024\/10\/Header_ebmpapst_Markus-Mettler_klimaschutz_nachhaltigkeitsbericht_2023-2024-660x371.jpg\" class=\"attachment-medium size-medium\" alt srcset=\"https:\/\/ebmpapst-7237.kxcdn.com\/de\/files\/2024\/10\/Header_ebmpapst_Markus-Mettler_klimaschutz_nachhaltigkeitsbericht_2023-2024-660x371.jpg 660w, https:\/\/ebmpapst-7237.kxcdn.com\/de\/files\/2024\/10\/Header_ebmpapst_Markus-Mettler_klimaschutz_nachhaltigkeitsbericht_2023-2024-960x540.jpg 960w, https:\/\/ebmpapst-7237.kxcdn.com\/de\/files\/2024\/10\/Header_ebmpapst_Markus-Mettler_klimaschutz_nachhaltigkeitsbericht_2023-2024-260x146.jpg 260w, https:\/\/ebmpapst-7237.kxcdn.com\/de\/files\/2024\/10\/Header_ebmpapst_Markus-Mettler_klimaschutz_nachhaltigkeitsbericht_2023-2024-768x432.jpg 768w, https:\/\/ebmpapst-7237.kxcdn.com\/de\/files\/2024\/10\/Header_ebmpapst_Markus-Mettler_klimaschutz_nachhaltigkeitsbericht_2023-2024-1536x864.jpg 1536w, https:\/\/ebmpapst-7237.kxcdn.com\/de\/files\/2024\/10\/Header_ebmpapst_Markus-Mettler_klimaschutz_nachhaltigkeitsbericht_2023-2024-450x253.jpg 450w, https:\/\/ebmpapst-7237.kxcdn.com\/de\/files\/2024\/10\/Header_ebmpapst_Markus-Mettler_klimaschutz_nachhaltigkeitsbericht_2023-2024-300x169.jpg 300w, https:\/\/ebmpapst-7237.kxcdn.com\/de\/files\/2024\/10\/Header_ebmpapst_Markus-Mettler_klimaschutz_nachhaltigkeitsbericht_2023-2024.jpg 1920w\" sizes=\"auto, (max-width: 660px) 100vw, 660px\"><\/div>\n\n\t\t<\/figure><!-- .preview-media -->\n\n<div class=\"article-preview-text\">\n\t\t<header class=\"entry-header\">\n\t\t\t<h1 class=\"entry-title\"><span>Ideen\u00adschmiede f\u00fcrs Klima\t\t<\/span><\/h1><\/header><!-- .entry-header -->\n\t\n\t\t<p>Im Kurz\u00adin\u00adter\u00adview erz\u00e4hlt <b>Markus Mettler<\/b>, Tech\u00adni\u00adscher Betriebs\u00adleiter &amp; stell\u00adver\u00adtre\u00adtender Vorsit\u00adzender der Klima\u00ad\u00adschutz-Unter\u00ad\u00adnehmen, wie sich die <b>Initia\u00adtive f\u00fcr Umwelt und Klima<\/b> einsetzt.<span class=\"more\">\u00bb<\/span><\/p>\t\n<\/div>\n\t\t<\/a>\n\t<\/article><!-- .preview -->\n\n<\/div>\n\n<div class=\"grid-item grid-item\">\n\n\n<article id=\"post-36111\" class=\"entry-preview entry-preview-no-59 post-36111 post type-post status-publish format-standard hentry category-nachhaltigkeitsbericht-2023-2024\">\n\t<a href=\"https:\/\/mag.ebmpapst.com\/de\/nachhaltigkeitsbericht-2023-2024\/generation-highspeed-vorstellung-der-abteilung-und-produktart_36111\/\" rel=\"bookmark\" title=\"Gene\u00adra\u00adtion High\u00adSpeed: Vorstel\u00adlung der Abtei\u00adlung und Produktart\">\n\n\n\n\t\t<figure class=\"preview-media\">\n\t\t\n \n\t\t\t\t<div class=\"m2g-media-wrapper\"><img loading=\"lazy\" decoding=\"async\" width=\"660\" height=\"371\" src=\"https:\/\/ebmpapst-7237.kxcdn.com\/de\/files\/2024\/10\/Highspeed_nachhaltigkeitsbreicht-2023-2024_DSC6205_MONT_COL_02GW-660x371.webp\" class=\"attachment-medium size-medium\" alt srcset=\"https:\/\/ebmpapst-7237.kxcdn.com\/de\/files\/2024\/10\/Highspeed_nachhaltigkeitsbreicht-2023-2024_DSC6205_MONT_COL_02GW-660x371.webp 660w, https:\/\/ebmpapst-7237.kxcdn.com\/de\/files\/2024\/10\/Highspeed_nachhaltigkeitsbreicht-2023-2024_DSC6205_MONT_COL_02GW-960x540.webp 960w, https:\/\/ebmpapst-7237.kxcdn.com\/de\/files\/2024\/10\/Highspeed_nachhaltigkeitsbreicht-2023-2024_DSC6205_MONT_COL_02GW-260x146.webp 260w, https:\/\/ebmpapst-7237.kxcdn.com\/de\/files\/2024\/10\/Highspeed_nachhaltigkeitsbreicht-2023-2024_DSC6205_MONT_COL_02GW-768x432.webp 768w, https:\/\/ebmpapst-7237.kxcdn.com\/de\/files\/2024\/10\/Highspeed_nachhaltigkeitsbreicht-2023-2024_DSC6205_MONT_COL_02GW-1536x864.webp 1536w, https:\/\/ebmpapst-7237.kxcdn.com\/de\/files\/2024\/10\/Highspeed_nachhaltigkeitsbreicht-2023-2024_DSC6205_MONT_COL_02GW-450x253.webp 450w, https:\/\/ebmpapst-7237.kxcdn.com\/de\/files\/2024\/10\/Highspeed_nachhaltigkeitsbreicht-2023-2024_DSC6205_MONT_COL_02GW-300x169.webp 300w, https:\/\/ebmpapst-7237.kxcdn.com\/de\/files\/2024\/10\/Highspeed_nachhaltigkeitsbreicht-2023-2024_DSC6205_MONT_COL_02GW.webp 1920w\" sizes=\"auto, (max-width: 660px) 100vw, 660px\"><\/div>\n\n\t\t<\/figure><!-- .preview-media -->\n\n<div class=\"article-preview-text\">\n\t\t<header class=\"entry-header\">\n\t\t\t<h1 class=\"entry-title\"><span>Gene\u00adra\u00adtion High\u00adSpeed: Vorstel\u00adlung der Abtei\u00adlung und Produktart\t\t<\/span><\/h1><\/header><!-- .entry-header -->\n\t\n\t\t<p>Das Busi\u00adness Incu\u00adbator Field (Eigener Bereich zur Entwick\u00adlung neuer Produkt\u00adfelder und -pfade) \u201eHigh\u00adSpeed solu\u00adtions\u201c steht bei ebm-papst f\u00fcr <b>inno\u00adva\u00adtive und nach\u00adhal\u00adtige Antriebs\u00adtech\u00adno\u00adlo\u00adgien<\/b>. Philipp Hand\u00adschuh und sein Team treiben an den Stand\u00adorten Zaisen\u00adhausen und Hollen\u00adbach die Entwick\u00adlung der neuen Antriebe voran \u2013 von der Konzept\u00adphase bis zur Klein\u00adse\u00adri\u00aden\u00adpro\u00adduk\u00adtion. <span class=\"more\">\u00bb<\/span><\/p>\t\n<\/div>\n\t\t<\/a>\n\t<\/article><!-- .preview -->\n\n<\/div>\n\n<div class=\"grid-item grid-item\">\n\n\n<article id=\"post-36108\" class=\"entry-preview entry-preview-no-60 post-36108 post type-post status-publish format-standard hentry category-nachhaltigkeitsbericht-2023-2024\">\n\t<a href=\"https:\/\/mag.ebmpapst.com\/de\/nachhaltigkeitsbericht-2023-2024\/effizienter-energieeinsatz-in-china_36108\/\" rel=\"bookmark\" title=\"Effi\u00adzi\u00adenter Ener\u00adgie\u00adein\u00adsatz in China\">\n\n\n\n\t\t<figure class=\"preview-media\">\n\t\t\n \n\t\t\t\t<div class=\"m2g-media-wrapper\"><img loading=\"lazy\" decoding=\"async\" width=\"660\" height=\"371\" src=\"https:\/\/ebmpapst-7237.kxcdn.com\/de\/files\/2024\/10\/Header_Xian-plant_bk_nachhaltigkeitsbericht-2023-2024_ebm-papst-660x371.jpg\" class=\"attachment-medium size-medium\" alt srcset=\"https:\/\/ebmpapst-7237.kxcdn.com\/de\/files\/2024\/10\/Header_Xian-plant_bk_nachhaltigkeitsbericht-2023-2024_ebm-papst-660x371.jpg 660w, https:\/\/ebmpapst-7237.kxcdn.com\/de\/files\/2024\/10\/Header_Xian-plant_bk_nachhaltigkeitsbericht-2023-2024_ebm-papst-960x540.jpg 960w, https:\/\/ebmpapst-7237.kxcdn.com\/de\/files\/2024\/10\/Header_Xian-plant_bk_nachhaltigkeitsbericht-2023-2024_ebm-papst-260x146.jpg 260w, https:\/\/ebmpapst-7237.kxcdn.com\/de\/files\/2024\/10\/Header_Xian-plant_bk_nachhaltigkeitsbericht-2023-2024_ebm-papst-768x432.jpg 768w, https:\/\/ebmpapst-7237.kxcdn.com\/de\/files\/2024\/10\/Header_Xian-plant_bk_nachhaltigkeitsbericht-2023-2024_ebm-papst-1536x864.jpg 1536w, https:\/\/ebmpapst-7237.kxcdn.com\/de\/files\/2024\/10\/Header_Xian-plant_bk_nachhaltigkeitsbericht-2023-2024_ebm-papst-450x253.jpg 450w, https:\/\/ebmpapst-7237.kxcdn.com\/de\/files\/2024\/10\/Header_Xian-plant_bk_nachhaltigkeitsbericht-2023-2024_ebm-papst-300x169.jpg 300w, https:\/\/ebmpapst-7237.kxcdn.com\/de\/files\/2024\/10\/Header_Xian-plant_bk_nachhaltigkeitsbericht-2023-2024_ebm-papst.jpg 1920w\" sizes=\"auto, (max-width: 660px) 100vw, 660px\"><\/div>\n\n\t\t<\/figure><!-- .preview-media -->\n\n<div class=\"article-preview-text\">\n\t\t<header class=\"entry-header\">\n\t\t\t<h1 class=\"entry-title\"><span>Effi\u00adzi\u00adenter Ener\u00adgie\u00adein\u00adsatz in China\t\t<\/span><\/h1><\/header><!-- .entry-header -->\n\t\n\t\t<p>Seit Jahren konzen\u00adtriert sich ebm-papst schon auf den Einsatz erneu\u00ader\u00adbarer Ener\u00adgien und die Verbes\u00adse\u00adrung der Ener\u00adgie\u00adbi\u00adlanz. Bestes Beispiel daf\u00fcr ist das 2019 erbaute <b>ebm-papst Werk in Xi\u2019an im Nord\u00adwesten Chinas<\/b>, wo auf mehreren Ebenen die Ener\u00adgie\u00adef\u00adfi\u00adzienz gestei\u00adgert wird \u2013 von Photo\u00advol\u00adtaik \u00fcber Erdw\u00e4rme bis hin zu LED-Beleuch\u00ad\u00adtung.<span class=\"more\">\u00bb<\/span><\/p>\t\n<\/div>\n\t\t<\/a>\n\t<\/article><!-- .preview -->\n\n<\/div>\n\n<div class=\"grid-item grid-item\">\n\n\n<article id=\"post-35628\" class=\"entry-preview entry-preview-no-61 post-35628 post type-post status-publish format-standard hentry category-kaelte-klima category-ventilatoren\">\n\t<a href=\"https:\/\/mag.ebmpapst.com\/de\/branchen\/kaelte-klima\/ef-cooling-bringt-die-power-fuer-high-power-charging_35628\/\" rel=\"bookmark\" title=\"Cool laden: ef cooling bringt die Power f\u00fcr High Power Char\u00adging\">\n\n\n\n\t\t<figure class=\"preview-media\">\n\t\t\n \n\t\t\t\t<div class=\"m2g-media-wrapper\"><img loading=\"lazy\" decoding=\"async\" width=\"660\" height=\"371\" src=\"https:\/\/ebmpapst-7237.kxcdn.com\/de\/files\/2024\/09\/ef_cooling_Kabel_HEADER_02GW-1-660x371.webp\" class=\"attachment-medium size-medium\" alt srcset=\"https:\/\/ebmpapst-7237.kxcdn.com\/de\/files\/2024\/09\/ef_cooling_Kabel_HEADER_02GW-1-660x371.webp 660w, https:\/\/ebmpapst-7237.kxcdn.com\/de\/files\/2024\/09\/ef_cooling_Kabel_HEADER_02GW-1-960x540.webp 960w, https:\/\/ebmpapst-7237.kxcdn.com\/de\/files\/2024\/09\/ef_cooling_Kabel_HEADER_02GW-1-260x146.webp 260w, https:\/\/ebmpapst-7237.kxcdn.com\/de\/files\/2024\/09\/ef_cooling_Kabel_HEADER_02GW-1-768x432.webp 768w, https:\/\/ebmpapst-7237.kxcdn.com\/de\/files\/2024\/09\/ef_cooling_Kabel_HEADER_02GW-1-1536x864.webp 1536w, https:\/\/ebmpapst-7237.kxcdn.com\/de\/files\/2024\/09\/ef_cooling_Kabel_HEADER_02GW-1-450x253.webp 450w, https:\/\/ebmpapst-7237.kxcdn.com\/de\/files\/2024\/09\/ef_cooling_Kabel_HEADER_02GW-1-300x169.webp 300w, https:\/\/ebmpapst-7237.kxcdn.com\/de\/files\/2024\/09\/ef_cooling_Kabel_HEADER_02GW-1.webp 1920w\" sizes=\"auto, (max-width: 660px) 100vw, 660px\"><\/div>\n\n\t\t<\/figure><!-- .preview-media -->\n\n<div class=\"article-preview-text\">\n\t\t<header class=\"entry-header\">\n\t\t\t<h1 class=\"entry-title\"><span>Cool laden: ef cooling bringt die Power f\u00fcr High Power Char\u00adging\t\t<\/span><\/h1><\/header><!-- .entry-header -->\n\t\n\t\t<p>Elek\u00adtro\u00adfahr\u00adzeuge so schnell laden wie Autos tanken: Diese Vision wird immer mehr zur Realit\u00e4t, dank Firmen wie die <b>ef cooling Ernst H. Furrer AG<\/b>. Mit ihren fl\u00fcs\u00adsig\u00adkeits\u00adge\u00adk\u00fchlten Kabeln und W\u00e4rme\u00adtau\u00adschern sorgen sie f\u00fcr die Power in <b>High Power Char\u00adging Lade\u00adsta\u00adtionen<\/b>. Robuste, wetter\u00adbe\u00adst\u00e4n\u00addige Kompakt\u00adl\u00fcfter helfen dabei.  <span class=\"more\">\u00bb<\/span><\/p>\t\n<\/div>\n\t\t<\/a>\n\t<\/article><!-- .preview -->\n\n<\/div>\n\n<div class=\"grid-item grid-item\">\n\n\n<article id=\"post-35694\" class=\"entry-preview entry-preview-no-62 post-35694 post type-post status-publish format-standard hentry category-kaelte-klima category-ventilatoren\">\n\t<a href=\"https:\/\/mag.ebmpapst.com\/de\/branchen\/kaelte-klima\/fangrid-radipac-extremely-large-telescope_35694\/\" rel=\"bookmark\" title=\"FanGrid f\u00fcr das Extre\u00admely Large Telescope: Cooler Blick ins Weltall\">\n\n\n\n\t\t<figure class=\"preview-media\">\n\t\t\n \n\t\t\t\t<div class=\"m2g-media-wrapper\"><img loading=\"lazy\" decoding=\"async\" width=\"660\" height=\"371\" src=\"https:\/\/ebmpapst-7237.kxcdn.com\/de\/files\/2024\/09\/ELT-Chile_ESO_-660x371.webp\" class=\"attachment-medium size-medium\" alt srcset=\"https:\/\/ebmpapst-7237.kxcdn.com\/de\/files\/2024\/09\/ELT-Chile_ESO_-660x371.webp 660w, https:\/\/ebmpapst-7237.kxcdn.com\/de\/files\/2024\/09\/ELT-Chile_ESO_-960x540.webp 960w, https:\/\/ebmpapst-7237.kxcdn.com\/de\/files\/2024\/09\/ELT-Chile_ESO_-260x146.webp 260w, https:\/\/ebmpapst-7237.kxcdn.com\/de\/files\/2024\/09\/ELT-Chile_ESO_-768x432.webp 768w, https:\/\/ebmpapst-7237.kxcdn.com\/de\/files\/2024\/09\/ELT-Chile_ESO_-1536x864.webp 1536w, https:\/\/ebmpapst-7237.kxcdn.com\/de\/files\/2024\/09\/ELT-Chile_ESO_-450x253.webp 450w, https:\/\/ebmpapst-7237.kxcdn.com\/de\/files\/2024\/09\/ELT-Chile_ESO_-300x169.webp 300w, https:\/\/ebmpapst-7237.kxcdn.com\/de\/files\/2024\/09\/ELT-Chile_ESO_.webp 1920w\" sizes=\"auto, (max-width: 660px) 100vw, 660px\"><\/div>\n\n\t\t<\/figure><!-- .preview-media -->\n\n<div class=\"article-preview-text\">\n\t\t<header class=\"entry-header\">\n\t\t\t<h1 class=\"entry-title\"><span>FanGrid f\u00fcr das Extre\u00admely Large Telescope: Cooler Blick ins Weltall\t\t<\/span><\/h1><\/header><!-- .entry-header -->\n\t\n\t\t<p>Leben au\u00dfer\u00adhalb unseres Sonnen\u00adsys\u00adtems. Die ersten Gala\u00adxien. Die uner\u00adforschte, dunkle Seite des Univer\u00adsums. Bald k\u00f6nnten neue Erkennt\u00adnisse \u00fcber die Entste\u00adhung von \u2013 allem \u2013 ans Licht kommen. Denn das <b>Extre\u00admely Large Telescope<\/b> schaut ab 2028 mit seinem 39 Meter gro\u00dfen Spiegel von Chile aus ins Weltall. Eine entschei\u00addende Rolle spielen dabei die Leit\u00ads\u00adtern-Laser\u00ad\u00adsys\u00ad\u00adteme, die von <b>hoch\u00adspe\u00adzia\u00adli\u00adsierten RLT-Anlagen<\/b> der Firma OCRAM CLIMA gek\u00fchlt werden. In den RLT-Anlagen befinden sich 28 FanGrid von ebm-papst.<span class=\"more\">\u00bb<\/span><\/p>\t\n<\/div>\n\t\t<\/a>\n\t<\/article><!-- .preview -->\n\n<\/div>\n\n<div class=\"grid-item grid-item\">\n\n\n<article id=\"post-35607\" class=\"entry-preview entry-preview-no-63 post-35607 post type-post status-publish format-standard hentry category-allgemein\">\n\t<a href=\"https:\/\/mag.ebmpapst.com\/de\/allgemein\/die-formel-fuer-den-volumenstrom-zur-elektronikkuhlung_35607\/\" rel=\"bookmark\" title=\"Die Formel f\u00fcr den Volu\u00admen\u00adstrom zur Elek\u00adtronik\u00adk\u00fch\u00adlung\">\n\n\n\n\t\t<figure class=\"preview-media\">\n\t\t\n \n\t\t\t\t<div class=\"m2g-media-wrapper\"><img loading=\"lazy\" decoding=\"async\" width=\"660\" height=\"372\" src=\"https:\/\/ebmpapst-7237.kxcdn.com\/de\/files\/2024\/09\/Formel-1-660x372.png\" class=\"attachment-medium size-medium\" alt style=\"object-position: 100% 70%;\" srcset=\"https:\/\/ebmpapst-7237.kxcdn.com\/de\/files\/2024\/09\/Formel-1-660x372.png 660w, https:\/\/ebmpapst-7237.kxcdn.com\/de\/files\/2024\/09\/Formel-1-960x541.png 960w, https:\/\/ebmpapst-7237.kxcdn.com\/de\/files\/2024\/09\/Formel-1-260x146.png 260w, https:\/\/ebmpapst-7237.kxcdn.com\/de\/files\/2024\/09\/Formel-1-768x432.png 768w, https:\/\/ebmpapst-7237.kxcdn.com\/de\/files\/2024\/09\/Formel-1-1536x865.png 1536w, https:\/\/ebmpapst-7237.kxcdn.com\/de\/files\/2024\/09\/Formel-1-450x253.png 450w, https:\/\/ebmpapst-7237.kxcdn.com\/de\/files\/2024\/09\/Formel-1-300x169.png 300w, https:\/\/ebmpapst-7237.kxcdn.com\/de\/files\/2024\/09\/Formel-1.png 1920w\" sizes=\"auto, (max-width: 660px) 100vw, 660px\"><\/div>\n\n\t\t<\/figure><!-- .preview-media -->\n\n<div class=\"article-preview-text\">\n\t\t<header class=\"entry-header\">\n\t\t\t<h1 class=\"entry-title\"><span>Die Formel f\u00fcr den Volu\u00admen\u00adstrom zur Elek\u00adtronik\u00adk\u00fch\u00adlung\t\t<\/span><\/h1><\/header><!-- .entry-header -->\n\t\n\t\t<p>Elek\u00adtro\u00adni\u00adsche Bauele\u00admente in Servern oder Rechen\u00adzen\u00adtren werden hei\u00df \u2013 und diese W\u00e4rme muss abge\u00adf\u00fchrt werden. Die \u00fcber\u00adschl\u00e4\u00adgige Berech\u00adnung des erfor\u00adder\u00adli\u00adchen <b>Volumen\u00adstroms zur K\u00fchlung<\/b> von L\u00fcftern oder Ger\u00e4ten ist dabei nur der erste Schritt zur opti\u00admalen K\u00fchlung. <span class=\"more\">\u00bb<\/span><\/p>\t\n<\/div>\n\t\t<\/a>\n\t<\/article><!-- .preview -->\n\n<\/div>\n\n<div class=\"grid-item grid-item\">\n\n\n<article id=\"post-35488\" class=\"entry-preview entry-preview-no-64 post-35488 post type-post status-publish format-standard hentry category-elektronik category-ventilatoren\">\n\t<a href=\"https:\/\/mag.ebmpapst.com\/de\/branchen\/elektronik\/capgemini-spart-energie-und-kosten-retrofits-daten-energy-command-center_35488\/\" rel=\"bookmark\" title=\"Wie Capge\u00admini dank Daten Energie und Kosten spart\">\n\n\n\n\t\t<figure class=\"preview-media\">\n\t\t\n \n\t\t\t\t<div class=\"m2g-media-wrapper\"><img loading=\"lazy\" decoding=\"async\" width=\"660\" height=\"371\" src=\"https:\/\/ebmpapst-7237.kxcdn.com\/de\/files\/2024\/09\/MS202408-Capgemini0221-02ck-660x371.webp\" class=\"attachment-medium size-medium\" alt srcset=\"https:\/\/ebmpapst-7237.kxcdn.com\/de\/files\/2024\/09\/MS202408-Capgemini0221-02ck-660x371.webp 660w, https:\/\/ebmpapst-7237.kxcdn.com\/de\/files\/2024\/09\/MS202408-Capgemini0221-02ck-960x540.webp 960w, https:\/\/ebmpapst-7237.kxcdn.com\/de\/files\/2024\/09\/MS202408-Capgemini0221-02ck-260x146.webp 260w, https:\/\/ebmpapst-7237.kxcdn.com\/de\/files\/2024\/09\/MS202408-Capgemini0221-02ck-768x432.webp 768w, https:\/\/ebmpapst-7237.kxcdn.com\/de\/files\/2024\/09\/MS202408-Capgemini0221-02ck-1536x864.webp 1536w, https:\/\/ebmpapst-7237.kxcdn.com\/de\/files\/2024\/09\/MS202408-Capgemini0221-02ck-450x253.webp 450w, https:\/\/ebmpapst-7237.kxcdn.com\/de\/files\/2024\/09\/MS202408-Capgemini0221-02ck-300x169.webp 300w, https:\/\/ebmpapst-7237.kxcdn.com\/de\/files\/2024\/09\/MS202408-Capgemini0221-02ck.webp 1920w\" sizes=\"auto, (max-width: 660px) 100vw, 660px\"><\/div>\n\n\t\t<\/figure><!-- .preview-media -->\n\n<div class=\"article-preview-text\">\n\t\t<header class=\"entry-header\">\n\t\t\t<h1 class=\"entry-title\"><span>Wie Capge\u00admini dank Daten Energie und Kosten spart\t\t<\/span><\/h1><\/header><!-- .entry-header -->\n\t\n\t\t<p>Der <b>globale Partner f\u00fcr Unter\u00ad\u00adneh\u00ad\u00admens- und Tech\u00adno\u00adlo\u00adgie\u00adtrans\u00adfor\u00adma\u00adtion Capge\u00admini<\/b> arbeitet ambi\u00adtio\u00adniert an seinen Nach\u00adhal\u00adtig\u00adkeits\u00adzielen. Das Energy Command Center am indi\u00adschen Standort Beng\u00adaluru ist ein zentraler Baustein f\u00fcr Einspa\u00adrungen in allen Berei\u00adchen \u2012 neben den unz\u00e4h\u00adligen Retro\u00adfits, die Capge\u00admini mit ebm-papst durch\u00adf\u00fchrt. Der Fokus liegt dabei ganz auf <b>Daten und den Mehr\u00adwerten<\/b>, die sie bieten.<span class=\"more\">\u00bb<\/span><\/p>\t\n<\/div>\n\t\t<\/a>\n\t<\/article><!-- .preview -->\n\n<\/div>\n\n<div class=\"grid-item grid-item\">\n\n\n<article id=\"post-35464\" class=\"entry-preview entry-preview-no-65 post-35464 post type-post status-publish format-standard hentry category-einblicke category-interview category-ventilatoren\">\n\t<a href=\"https:\/\/mag.ebmpapst.com\/de\/einblicke\/strategie-thomas-nuernberger-apac-mea-digitalisierung_35464\/\" rel=\"bookmark\" title=\"\u201eWir bieten unseren Kunden welt\u00adweit die Produkte, die sie brau\u00adchen\u201c&nbsp;\">\n\n\n\n\t\t<figure class=\"preview-media\">\n\t\t\n \n\t\t\t\t<div class=\"m2g-media-wrapper\"><img loading=\"lazy\" decoding=\"async\" width=\"660\" height=\"371\" src=\"https:\/\/ebmpapst-7237.kxcdn.com\/de\/files\/2024\/09\/Aufmacher-660x371.webp\" class=\"attachment-medium size-medium\" alt style=\"object-position: 50% 0%;\" srcset=\"https:\/\/ebmpapst-7237.kxcdn.com\/de\/files\/2024\/09\/Aufmacher-660x371.webp 660w, https:\/\/ebmpapst-7237.kxcdn.com\/de\/files\/2024\/09\/Aufmacher-960x540.webp 960w, https:\/\/ebmpapst-7237.kxcdn.com\/de\/files\/2024\/09\/Aufmacher-260x146.webp 260w, https:\/\/ebmpapst-7237.kxcdn.com\/de\/files\/2024\/09\/Aufmacher-768x432.webp 768w, https:\/\/ebmpapst-7237.kxcdn.com\/de\/files\/2024\/09\/Aufmacher-1536x864.webp 1536w, https:\/\/ebmpapst-7237.kxcdn.com\/de\/files\/2024\/09\/Aufmacher-450x253.webp 450w, https:\/\/ebmpapst-7237.kxcdn.com\/de\/files\/2024\/09\/Aufmacher-300x169.webp 300w, https:\/\/ebmpapst-7237.kxcdn.com\/de\/files\/2024\/09\/Aufmacher.webp 1920w\" sizes=\"auto, (max-width: 660px) 100vw, 660px\"><\/div>\n\n\t\t<\/figure><!-- .preview-media -->\n\n<div class=\"article-preview-text\">\n\t\t<header class=\"entry-header\">\n\t\t\t<h1 class=\"entry-title\"><span>\u201eWir bieten unseren Kunden welt\u00adweit die Produkte, die sie brau\u00adchen\u201c&nbsp;\t\t<\/span><\/h1><\/header><!-- .entry-header -->\n\t\n\t\t<p><b>Thomas N\u00fcrn\u00adberger<\/b> ist bei ebm-papst f\u00fcr den globalen Vertrieb und die Region APAC\u2005&amp;\u2005MEA verant\u00adwort\u00adlich. Im Inter\u00adview spricht er \u00fcber die <b>aktu\u00adelle Markt\u00adsi\u00adtua\u00adtion und die neue Welt der Digital Services<\/b>.  <span class=\"more\">\u00bb<\/span><\/p>\t\n<\/div>\n\t\t<\/a>\n\t<\/article><!-- .preview -->\n\n<\/div>\n\n<div class=\"grid-item grid-item\">\n\n\n<article id=\"post-35451\" class=\"entry-preview entry-preview-no-66 post-35451 post type-post status-publish format-standard hentry category-einblicke category-interview\">\n\t<a href=\"https:\/\/mag.ebmpapst.com\/de\/einblicke\/bedeutende-effizienzgewinne-mit-digital-services_35451\/\" rel=\"bookmark\" title=\"\u201eBedeu\u00adtende Effi\u00adzi\u00adenz\u00adge\u00adwinne gibt\u2019s nur noch digital\u201c\">\n\n\n\n\t\t<figure class=\"preview-media\">\n\t\t\n \n\t\t\t\t<div class=\"m2g-media-wrapper\"><img loading=\"lazy\" decoding=\"async\" width=\"660\" height=\"371\" src=\"https:\/\/ebmpapst-7237.kxcdn.com\/de\/files\/2024\/09\/MAG224_DSC76217622_1920x1080px_MONT-QUER_COL_03GW-1-660x371.webp\" class=\"attachment-medium size-medium\" alt srcset=\"https:\/\/ebmpapst-7237.kxcdn.com\/de\/files\/2024\/09\/MAG224_DSC76217622_1920x1080px_MONT-QUER_COL_03GW-1-660x371.webp 660w, https:\/\/ebmpapst-7237.kxcdn.com\/de\/files\/2024\/09\/MAG224_DSC76217622_1920x1080px_MONT-QUER_COL_03GW-1-960x540.webp 960w, https:\/\/ebmpapst-7237.kxcdn.com\/de\/files\/2024\/09\/MAG224_DSC76217622_1920x1080px_MONT-QUER_COL_03GW-1-260x146.webp 260w, https:\/\/ebmpapst-7237.kxcdn.com\/de\/files\/2024\/09\/MAG224_DSC76217622_1920x1080px_MONT-QUER_COL_03GW-1-768x432.webp 768w, https:\/\/ebmpapst-7237.kxcdn.com\/de\/files\/2024\/09\/MAG224_DSC76217622_1920x1080px_MONT-QUER_COL_03GW-1-1536x864.webp 1536w, https:\/\/ebmpapst-7237.kxcdn.com\/de\/files\/2024\/09\/MAG224_DSC76217622_1920x1080px_MONT-QUER_COL_03GW-1-450x253.webp 450w, https:\/\/ebmpapst-7237.kxcdn.com\/de\/files\/2024\/09\/MAG224_DSC76217622_1920x1080px_MONT-QUER_COL_03GW-1-300x169.webp 300w, https:\/\/ebmpapst-7237.kxcdn.com\/de\/files\/2024\/09\/MAG224_DSC76217622_1920x1080px_MONT-QUER_COL_03GW-1.webp 1920w\" sizes=\"auto, (max-width: 660px) 100vw, 660px\"><\/div>\n\n\t\t<\/figure><!-- .preview-media -->\n\n<div class=\"article-preview-text\">\n\t\t<header class=\"entry-header\">\n\t\t\t<h1 class=\"entry-title\"><span>\u201eBedeu\u00adtende Effi\u00adzi\u00adenz\u00adge\u00adwinne gibt\u2019s nur noch digital\u201c\t\t<\/span><\/h1><\/header><!-- .entry-header -->\n\t\n\t\t<p>Wer seine Venti\u00adla\u00adtoren digital \u00fcber\u00adwacht, sch\u00f6pft deren Poten\u00adzial optimal aus, lebt sicherer und freut sich eine \u00fcber eine h\u00f6here Lebens\u00addauer bei gerin\u00adgerem Wartungs\u00adauf\u00adwand. Wie das alles funk\u00adtioniert, erkl\u00e4rt <b>Stefan Bastian<\/b>, Gesch\u00e4fts\u00adf\u00fchrer von ebm-papst neo.<span class=\"more\">\u00bb<\/span><\/p>\t\n<\/div>\n\t\t<\/a>\n\t<\/article><!-- .preview -->\n\n<\/div>\n\n<div class=\"grid-item grid-item\">\n\n\n<article id=\"post-35405\" class=\"entry-preview entry-preview-no-67 post-35405 post type-post status-publish format-standard hentry category-heizung category-ventilatoren\">\n\t<a href=\"https:\/\/mag.ebmpapst.com\/de\/branchen\/heizung\/effiziente-innovation-die-eureka-luft-waermepumpe-lambda_35405\/\" rel=\"bookmark\" title=\"Effi\u00adzi\u00adente Inno\u00adva\u00adtion \u2013 die Eureka Luft-W\u00e4rme\u00adpumpe\">\n\n\n\n\t\t<figure class=\"preview-media\">\n\t\t\n \n\t\t\t\t<div class=\"m2g-media-wrapper\"><img loading=\"lazy\" decoding=\"async\" width=\"660\" height=\"371\" src=\"https:\/\/ebmpapst-7237.kxcdn.com\/de\/files\/2024\/09\/ebm-papst-mag_Lambda_Waermepumpen_47_HEADER-660x371.webp\" class=\"attachment-medium size-medium\" alt srcset=\"https:\/\/ebmpapst-7237.kxcdn.com\/de\/files\/2024\/09\/ebm-papst-mag_Lambda_Waermepumpen_47_HEADER-660x371.webp 660w, https:\/\/ebmpapst-7237.kxcdn.com\/de\/files\/2024\/09\/ebm-papst-mag_Lambda_Waermepumpen_47_HEADER-960x540.webp 960w, https:\/\/ebmpapst-7237.kxcdn.com\/de\/files\/2024\/09\/ebm-papst-mag_Lambda_Waermepumpen_47_HEADER-260x146.webp 260w, https:\/\/ebmpapst-7237.kxcdn.com\/de\/files\/2024\/09\/ebm-papst-mag_Lambda_Waermepumpen_47_HEADER-768x432.webp 768w, https:\/\/ebmpapst-7237.kxcdn.com\/de\/files\/2024\/09\/ebm-papst-mag_Lambda_Waermepumpen_47_HEADER-1536x864.webp 1536w, https:\/\/ebmpapst-7237.kxcdn.com\/de\/files\/2024\/09\/ebm-papst-mag_Lambda_Waermepumpen_47_HEADER-450x253.webp 450w, https:\/\/ebmpapst-7237.kxcdn.com\/de\/files\/2024\/09\/ebm-papst-mag_Lambda_Waermepumpen_47_HEADER-300x169.webp 300w, https:\/\/ebmpapst-7237.kxcdn.com\/de\/files\/2024\/09\/ebm-papst-mag_Lambda_Waermepumpen_47_HEADER.webp 1920w\" sizes=\"auto, (max-width: 660px) 100vw, 660px\"><\/div>\n\n\t\t<\/figure><!-- .preview-media -->\n\n<div class=\"article-preview-text\">\n\t\t<header class=\"entry-header\">\n\t\t\t<h1 class=\"entry-title\"><span>Effi\u00adzi\u00adente Inno\u00adva\u00adtion \u2013 die Eureka Luft-W\u00e4rme\u00ad\u00adpumpe\t\t<\/span><\/h1><\/header><!-- .entry-header -->\n\t\n\t\t<p>Vom Bastler-Carport ins Start-up-Geb\u00e4ude: <b>Lambda W\u00e4rme\u00adpumpen denkt die Heiz\u00adtech\u00adno\u00adlogie neu<\/b> und dr\u00fcckt sich auf den \u00f6ster\u00adrei\u00adchi\u00adschen Markt \u2013 wie die ebm-papst Venti\u00adla\u00adtoren Luft durch den Verdampfer.<span class=\"more\">\u00bb<\/span><\/p>\t\n<\/div>\n\t\t<\/a>\n\t<\/article><!-- .preview -->\n\n<\/div>\n\n<div class=\"grid-item grid-item\">\n\n\n<article id=\"post-21504\" class=\"entry-preview entry-preview-no-68 post-21504 post type-post status-publish format-standard hentry category-heizung category-ventilatoren\">\n\t<a href=\"https:\/\/mag.ebmpapst.com\/de\/branchen\/heizung\/ventilatoren-fuer-luft-wasser-waermepumpen_21504\/\" rel=\"bookmark\" title=\"Venti\u00adla\u00adtoren f\u00fcr Luft-Wasser-W\u00e4rme\u00adpumpen\">\n\n\n\n\t\t<figure class=\"preview-media\">\n\t\t\n \n\t\t\t\t<div class=\"m2g-media-wrapper\"><img loading=\"lazy\" decoding=\"async\" width=\"660\" height=\"419\" src=\"https:\/\/ebmpapst-7237.kxcdn.com\/de\/files\/2019\/10\/waermepumpe-ebm-papst-660x419.jpg\" class=\"attachment-medium size-medium\" alt srcset=\"https:\/\/ebmpapst-7237.kxcdn.com\/de\/files\/2019\/10\/waermepumpe-ebm-papst-660x419.jpg 660w, https:\/\/ebmpapst-7237.kxcdn.com\/de\/files\/2019\/10\/waermepumpe-ebm-papst-260x165.jpg 260w, https:\/\/ebmpapst-7237.kxcdn.com\/de\/files\/2019\/10\/waermepumpe-ebm-papst-768x488.jpg 768w, https:\/\/ebmpapst-7237.kxcdn.com\/de\/files\/2019\/10\/waermepumpe-ebm-papst-960x609.jpg 960w, https:\/\/ebmpapst-7237.kxcdn.com\/de\/files\/2019\/10\/waermepumpe-ebm-papst-450x286.jpg 450w, https:\/\/ebmpapst-7237.kxcdn.com\/de\/files\/2019\/10\/waermepumpe-ebm-papst-300x190.jpg 300w, https:\/\/ebmpapst-7237.kxcdn.com\/de\/files\/2019\/10\/waermepumpe-ebm-papst.jpg 1024w\" sizes=\"auto, (max-width: 660px) 100vw, 660px\"><\/div>\n\n\t\t<\/figure><!-- .preview-media -->\n\n<div class=\"article-preview-text\">\n\t\t<header class=\"entry-header\">\n\t\t\t<h1 class=\"entry-title\"><span>Venti\u00adla\u00adtoren f\u00fcr Luft-Wasser-W\u00e4rme\u00ad\u00adpumpen\t\t<\/span><\/h1><\/header><!-- .entry-header -->\n\t\n\t\t<p>F\u00fcr viele Ein- und Mehr\u00adfa\u00admi\u00adli\u00aden\u00adh\u00e4user sind <b>Luft-Wasser-W\u00e4rme\u00ad\u00adpumpen<\/b> nicht nur aufgrund ihrer Leis\u00adtung eine sinn\u00advolle L\u00f6sung, sondern auch eine wich\u00adtige S\u00e4ule der nach\u00adhal\u00adti\u00adgeren W\u00e4rme\u00ader\u00adzeu\u00adgung. Nied\u00adrige Anschaf\u00adfungs\u00adkosten, geringer Instal\u00adla\u00adti\u00adons\u00adauf\u00adwand und eine kleine Aufstell\u00adfl\u00e4che machen sie nicht nur in Neubauten zu einer attrak\u00adtiven Heiz\u00adva\u00adri\u00adante. Moderne EC-Venti\u00adla\u00ad\u00adtoren tragen wesent\u00adlich dazu bei, dass die Anlagen sehr effi\u00adzient und kosten\u00adg\u00fcnstig arbeiten.<span class=\"more\">\u00bb<\/span><\/p>\t\n<\/div>\n\t\t<\/a>\n\t<\/article><!-- .preview -->\n\n<\/div>\n\n<div class=\"grid-item grid-item\">\n\n\n<article id=\"post-34489\" class=\"entry-preview entry-preview-no-69 post-34489 post type-post status-publish format-standard hentry category-nachhaltigkeitsbericht-2023-2024\">\n\t<a href=\"https:\/\/mag.ebmpapst.com\/de\/nachhaltigkeitsbericht-2023-2024\/ueber-diesen-bericht-gri-sdg_34489\/\" rel=\"bookmark\" title=\"\u00dcber diesen Bericht: Infos zu GRI und SDGs\">\n\n\n\n\t\t<figure class=\"preview-media\">\n\t\t\n \n\t\t\t\t<div class=\"m2g-media-wrapper\"><img loading=\"lazy\" decoding=\"async\" width=\"660\" height=\"371\" src=\"https:\/\/ebmpapst-7237.kxcdn.com\/de\/files\/2024\/07\/mockup_Nachhaltigkeitsbericht-2023-2024_1920-1080-660x371.jpg\" class=\"attachment-medium size-medium\" alt srcset=\"https:\/\/ebmpapst-7237.kxcdn.com\/de\/files\/2024\/07\/mockup_Nachhaltigkeitsbericht-2023-2024_1920-1080-660x371.jpg 660w, https:\/\/ebmpapst-7237.kxcdn.com\/de\/files\/2024\/07\/mockup_Nachhaltigkeitsbericht-2023-2024_1920-1080-960x540.jpg 960w, https:\/\/ebmpapst-7237.kxcdn.com\/de\/files\/2024\/07\/mockup_Nachhaltigkeitsbericht-2023-2024_1920-1080-260x146.jpg 260w, https:\/\/ebmpapst-7237.kxcdn.com\/de\/files\/2024\/07\/mockup_Nachhaltigkeitsbericht-2023-2024_1920-1080-768x432.jpg 768w, https:\/\/ebmpapst-7237.kxcdn.com\/de\/files\/2024\/07\/mockup_Nachhaltigkeitsbericht-2023-2024_1920-1080-1536x864.jpg 1536w, https:\/\/ebmpapst-7237.kxcdn.com\/de\/files\/2024\/07\/mockup_Nachhaltigkeitsbericht-2023-2024_1920-1080-450x253.jpg 450w, https:\/\/ebmpapst-7237.kxcdn.com\/de\/files\/2024\/07\/mockup_Nachhaltigkeitsbericht-2023-2024_1920-1080-300x169.jpg 300w, https:\/\/ebmpapst-7237.kxcdn.com\/de\/files\/2024\/07\/mockup_Nachhaltigkeitsbericht-2023-2024_1920-1080.jpg 1920w\" sizes=\"auto, (max-width: 660px) 100vw, 660px\"><\/div>\n\n\t\t<\/figure><!-- .preview-media -->\n\n<div class=\"article-preview-text\">\n\t\t<header class=\"entry-header\">\n\t\t\t<h1 class=\"entry-title\"><span>\u00dcber diesen Bericht: Infos zu GRI und SDGs\t\t<\/span><\/h1><\/header><!-- .entry-header -->\n\t\n\t\t<p>Der erste Nach\u00adhal\u00adtig\u00adkeits\u00adbe\u00adricht der ebm-papst Gruppe deckt das Gesch\u00e4fts\u00adjahr 2023\/24 ab. Ber\u00fcck\u00adsich\u00adtigt wird der Zeit\u00adraum vom April 2023 bis zum 31. M\u00e4rz 2024. Unsere Bericht\u00aderstat\u00adtung orien\u00adtiert sich an den inter\u00adna\u00adtio\u00adnalen Stan\u00addards der <b>Global Reporting Initia\u00adtive (GRI)<\/b>. Zus\u00e4tz\u00adlich zahlen unsere Nach\u00adhal\u00adtig\u00adkeits\u00adak\u00adti\u00advi\u00adt\u00e4ten auf zehn der 17 <b>Nach\u00adhal\u00adtig\u00adkeits\u00adziele der Vereinten Nationen (Sustainable Deve\u00adlo\u00adp\u00adment Goals, SDGs)<\/b> ein.<span class=\"more\">\u00bb<\/span><\/p>\t\n<\/div>\n\t\t<\/a>\n\t<\/article><!-- .preview -->\n\n<\/div>\n\n\n<div class=\"wp-block-group alignfull grid-break grid-break-sidebox\"><div class=\"wp-block-group__inner-container is-layout-constrained wp-block-group-is-layout-constrained\">\n<div class=\"wp-block-group sidebox sidebox-newsletter\"><div class=\"wp-block-group__inner-container is-layout-flow wp-block-group-is-layout-flow\">\n<figure class=\"wp-block-image size-full\"><img loading=\"lazy\" decoding=\"async\" width=\"1920\" height=\"1100\" src=\"https:\/\/ebmpapst-7237.kxcdn.com\/de\/files\/2024\/03\/Detherma-GmbH-Muehlhausen-Desinfektionsgeraet_10.jpg\" alt class=\"wp-image-32492\" srcset=\"https:\/\/ebmpapst-7237.kxcdn.com\/de\/files\/2024\/03\/Detherma-GmbH-Muehlhausen-Desinfektionsgeraet_10.jpg 1920w, https:\/\/ebmpapst-7237.kxcdn.com\/de\/files\/2024\/03\/Detherma-GmbH-Muehlhausen-Desinfektionsgeraet_10-660x378.jpg 660w, https:\/\/ebmpapst-7237.kxcdn.com\/de\/files\/2024\/03\/Detherma-GmbH-Muehlhausen-Desinfektionsgeraet_10-960x550.jpg 960w, https:\/\/ebmpapst-7237.kxcdn.com\/de\/files\/2024\/03\/Detherma-GmbH-Muehlhausen-Desinfektionsgeraet_10-260x149.jpg 260w, https:\/\/ebmpapst-7237.kxcdn.com\/de\/files\/2024\/03\/Detherma-GmbH-Muehlhausen-Desinfektionsgeraet_10-768x440.jpg 768w, https:\/\/ebmpapst-7237.kxcdn.com\/de\/files\/2024\/03\/Detherma-GmbH-Muehlhausen-Desinfektionsgeraet_10-1536x880.jpg 1536w, https:\/\/ebmpapst-7237.kxcdn.com\/de\/files\/2024\/03\/Detherma-GmbH-Muehlhausen-Desinfektionsgeraet_10-450x258.jpg 450w, https:\/\/ebmpapst-7237.kxcdn.com\/de\/files\/2024\/03\/Detherma-GmbH-Muehlhausen-Desinfektionsgeraet_10-300x172.jpg 300w\" sizes=\"auto, (max-width: 1920px) 100vw, 1920px\"><\/figure>\n\n\n\n<div class=\"wp-block-group\"><div class=\"wp-block-group__inner-container is-layout-constrained wp-block-group-is-layout-constrained\">\n<h2 class=\"wp-block-heading\" style=\"font-size:1.4em\">Verpassen Sie keine Story<\/h2>\n\n\n\n<p>Melden Sie sich f\u00fcr den ebm-papst News\u00adletter an.<\/p>\n\n\n\n<div class=\"wp-block-buttons is-layout-flex wp-block-buttons-is-layout-flex\">\n<div class=\"wp-block-button has-custom-font-size is-style-fill\" style=\"font-size:18px\"><a class=\"wp-block-button__link has-background wp-element-button\" href=\"https:\/\/www.ebmpapst.com\/de\/de\/newsroom\/newsletter.html?_ga=2.10319606.2132924659.1713166024-1054843545.1707304096\" style=\"background-color:#0072bb\" target=\"_blank\" rel=\"noreferrer noopener\">Jetzt anmelden <i class=\"mgznkr-icon fa fa-chevron-right fas\"><\/i><\/a><\/div>\n<\/div>\n<\/div><\/div>\n<\/div><\/div>\n\n\n\n<style>\n@media (max-width: 1550px) {\n.sidebox-newsletter figure {\nmax-width: 50%;\n}\n}\n@media (max-width: 440px){\n.sidebox-newsletter figure {\nmax-width: 100%;\n}\n.grid-break-sidebox .sidebox.sidebox-newsletter > div {\ndisplay: block;\n}\n.grid-break-sidebox .sidebox.sidebox-newsletter > div > .wp-block-group {\n  margin-left: 0;\n}\n<\/style>\n<\/div><\/div>\n\n\n\n\n<div class=\"grid-item grid-item\">\n\n\n<article id=\"post-34212\" class=\"entry-preview entry-preview-no-70 post-34212 post type-post status-publish format-standard hentry category-nachhaltigkeitsbericht-2023-2024\">\n\t<a href=\"https:\/\/mag.ebmpapst.com\/de\/nachhaltigkeitsbericht-2023-2024\/unser-weg-in-die-zukunft-nachhaltigkeitsziele_34212\/\" rel=\"bookmark\" title=\"Unser Weg in die Zukunft: Nach\u00adhal\u00adtig\u00adkeits\u00adziele\">\n\n\n\n\t\t<figure class=\"preview-media\">\n\t\t\n \n\t\t\t\t<div class=\"m2g-media-wrapper\"><img loading=\"lazy\" decoding=\"async\" width=\"660\" height=\"371\" src=\"https:\/\/ebmpapst-7237.kxcdn.com\/de\/files\/2024\/07\/esg-team_ebm-papst_nhb-2023-24-660x371.jpg\" class=\"attachment-medium size-medium\" alt srcset=\"https:\/\/ebmpapst-7237.kxcdn.com\/de\/files\/2024\/07\/esg-team_ebm-papst_nhb-2023-24-660x371.jpg 660w, https:\/\/ebmpapst-7237.kxcdn.com\/de\/files\/2024\/07\/esg-team_ebm-papst_nhb-2023-24-960x540.jpg 960w, https:\/\/ebmpapst-7237.kxcdn.com\/de\/files\/2024\/07\/esg-team_ebm-papst_nhb-2023-24-260x146.jpg 260w, https:\/\/ebmpapst-7237.kxcdn.com\/de\/files\/2024\/07\/esg-team_ebm-papst_nhb-2023-24-768x432.jpg 768w, https:\/\/ebmpapst-7237.kxcdn.com\/de\/files\/2024\/07\/esg-team_ebm-papst_nhb-2023-24-1536x864.jpg 1536w, https:\/\/ebmpapst-7237.kxcdn.com\/de\/files\/2024\/07\/esg-team_ebm-papst_nhb-2023-24-450x253.jpg 450w, https:\/\/ebmpapst-7237.kxcdn.com\/de\/files\/2024\/07\/esg-team_ebm-papst_nhb-2023-24-300x169.jpg 300w, https:\/\/ebmpapst-7237.kxcdn.com\/de\/files\/2024\/07\/esg-team_ebm-papst_nhb-2023-24.jpg 1920w\" sizes=\"auto, (max-width: 660px) 100vw, 660px\"><\/div>\n\n\t\t<\/figure><!-- .preview-media -->\n\n<div class=\"article-preview-text\">\n\t\t<header class=\"entry-header\">\n\t\t\t<h1 class=\"entry-title\"><span>Unser Weg in die Zukunft: Nach\u00adhal\u00adtig\u00adkeits\u00adziele\t\t<\/span><\/h1><\/header><!-- .entry-header -->\n\t\n\t\t<p>Unser zentrales stra\u00adte\u00adgi\u00adsches Ziel bis 2030 ist die <b>Umset\u00adzung einer Null-Emis\u00ad\u00adsi\u00adons\u00ads\u00adtra\u00ad\u00adtegie<\/b>. Dies erfor\u00addert volle Trans\u00adpa\u00adrenz \u00fcber unsere Emis\u00adsionen in Scope 1, 2 und 3. Daf\u00fcr haben wir eine detail\u00adlierte Roadmap entwi\u00adckelt, die ambi\u00adtio\u00adnierte Ma\u00dfnahmen zur Vermei\u00addung und Redu\u00adzie\u00adrung von Emis\u00adsionen in allen drei Scopes umfasst.  <span class=\"more\">\u00bb<\/span><\/p>\t\n<\/div>\n\t\t<\/a>\n\t<\/article><!-- .preview -->\n\n<\/div>\n\n<div class=\"grid-item grid-item\">\n\n\n<article id=\"post-34286\" class=\"entry-preview entry-preview-no-71 post-34286 post type-post status-publish format-standard hentry category-nachhaltigkeitsbericht-2023-2024\">\n\t<a href=\"https:\/\/mag.ebmpapst.com\/de\/nachhaltigkeitsbericht-2023-2024\/fair-denken-fair-handeln_34286\/\" rel=\"bookmark\" title=\"Fair denken, fair handeln\">\n\n\n\n\t\t<figure class=\"preview-media\">\n\t\t\n \n\t\t\t\t<div class=\"m2g-media-wrapper\"><img loading=\"lazy\" decoding=\"async\" width=\"660\" height=\"371\" src=\"https:\/\/ebmpapst-7237.kxcdn.com\/de\/files\/2024\/07\/fair-denken-fair-handeln_nhb-2023-24_1920-1080-660x371.jpg\" class=\"attachment-medium size-medium\" alt srcset=\"https:\/\/ebmpapst-7237.kxcdn.com\/de\/files\/2024\/07\/fair-denken-fair-handeln_nhb-2023-24_1920-1080-660x371.jpg 660w, https:\/\/ebmpapst-7237.kxcdn.com\/de\/files\/2024\/07\/fair-denken-fair-handeln_nhb-2023-24_1920-1080-960x540.jpg 960w, https:\/\/ebmpapst-7237.kxcdn.com\/de\/files\/2024\/07\/fair-denken-fair-handeln_nhb-2023-24_1920-1080-260x146.jpg 260w, https:\/\/ebmpapst-7237.kxcdn.com\/de\/files\/2024\/07\/fair-denken-fair-handeln_nhb-2023-24_1920-1080-768x432.jpg 768w, https:\/\/ebmpapst-7237.kxcdn.com\/de\/files\/2024\/07\/fair-denken-fair-handeln_nhb-2023-24_1920-1080-1536x864.jpg 1536w, https:\/\/ebmpapst-7237.kxcdn.com\/de\/files\/2024\/07\/fair-denken-fair-handeln_nhb-2023-24_1920-1080-450x253.jpg 450w, https:\/\/ebmpapst-7237.kxcdn.com\/de\/files\/2024\/07\/fair-denken-fair-handeln_nhb-2023-24_1920-1080-300x169.jpg 300w, https:\/\/ebmpapst-7237.kxcdn.com\/de\/files\/2024\/07\/fair-denken-fair-handeln_nhb-2023-24_1920-1080.jpg 1920w\" sizes=\"auto, (max-width: 660px) 100vw, 660px\"><\/div>\n\n\t\t<\/figure><!-- .preview-media -->\n\n<div class=\"article-preview-text\">\n\t\t<header class=\"entry-header\">\n\t\t\t<h1 class=\"entry-title\"><span>Fair denken, fair handeln\t\t<\/span><\/h1><\/header><!-- .entry-header -->\n\t\n\t\t<p>Die Einhal\u00adtung <b>menschen\u00adrecht\u00adli\u00adcher und umwelt\u00adbe\u00adzo\u00adgener Sorg\u00adfalts\u00adpflichten<\/b> hat bei ebm-papst h\u00f6chste Prio\u00adrit\u00e4t. Dies gilt sowohl f\u00fcr unsere eigenen <b>Gesch\u00e4fts\u00adt\u00e4\u00adtig\u00adkeiten<\/b> als auch f\u00fcr die gesamte <b>Liefer- und Wert\u00adsch\u00f6p\u00adfungs\u00adkette.<\/b><span class=\"more\">\u00bb<\/span><\/p>\t\n<\/div>\n\t\t<\/a>\n\t<\/article><!-- .preview -->\n\n<\/div>\n\n<div class=\"grid-item grid-item\">\n\n\n<article id=\"post-34227\" class=\"entry-preview entry-preview-no-72 post-34227 post type-post status-publish format-standard hentry category-nachhaltigkeitsbericht-2023-2024\">\n\t<a href=\"https:\/\/mag.ebmpapst.com\/de\/nachhaltigkeitsbericht-2023-2024\/zusammen-wachsen_34227\/\" rel=\"bookmark\" title=\"Zusammen wachsen\">\n\n\n\n\t\t<figure class=\"preview-media\">\n\t\t\n \n\t\t\t\t<div class=\"m2g-media-wrapper\"><img loading=\"lazy\" decoding=\"async\" width=\"660\" height=\"371\" src=\"https:\/\/ebmpapst-7237.kxcdn.com\/de\/files\/2024\/07\/Header_Nuernberger_1920-1080-660x371.jpg\" class=\"attachment-medium size-medium\" alt srcset=\"https:\/\/ebmpapst-7237.kxcdn.com\/de\/files\/2024\/07\/Header_Nuernberger_1920-1080-660x371.jpg 660w, https:\/\/ebmpapst-7237.kxcdn.com\/de\/files\/2024\/07\/Header_Nuernberger_1920-1080-960x540.jpg 960w, https:\/\/ebmpapst-7237.kxcdn.com\/de\/files\/2024\/07\/Header_Nuernberger_1920-1080-260x146.jpg 260w, https:\/\/ebmpapst-7237.kxcdn.com\/de\/files\/2024\/07\/Header_Nuernberger_1920-1080-768x432.jpg 768w, https:\/\/ebmpapst-7237.kxcdn.com\/de\/files\/2024\/07\/Header_Nuernberger_1920-1080-1536x864.jpg 1536w, https:\/\/ebmpapst-7237.kxcdn.com\/de\/files\/2024\/07\/Header_Nuernberger_1920-1080-450x253.jpg 450w, https:\/\/ebmpapst-7237.kxcdn.com\/de\/files\/2024\/07\/Header_Nuernberger_1920-1080-300x169.jpg 300w, https:\/\/ebmpapst-7237.kxcdn.com\/de\/files\/2024\/07\/Header_Nuernberger_1920-1080.jpg 1920w\" sizes=\"auto, (max-width: 660px) 100vw, 660px\"><\/div>\n\n\t\t<\/figure><!-- .preview-media -->\n\n<div class=\"article-preview-text\">\n\t\t<header class=\"entry-header\">\n\t\t\t<h1 class=\"entry-title\"><span>Zusammen wachsen\t\t<\/span><\/h1><\/header><!-- .entry-header -->\n\t\n\t\t<p>In einer sich rasant wandelnden Welt setzt ebm-papst auf die Kraft der Koope\u00adra\u00adtion, um nach\u00adhal\u00adtige Erfolge zu erzielen. Durch die enge Zusam\u00admen\u00adar\u00adbeit mit unseren <b>Stake\u00adhol\u00addern und stra\u00adte\u00adgi\u00adsche Part\u00adner\u00adschaften<\/b> wollen wir Nach\u00adhal\u00adtig\u00adkeit nicht nur intern veran\u00adkern, sondern auch entlang der gesamten Liefer\u00adkette f\u00f6rdern.<span class=\"more\">\u00bb<\/span><\/p>\t\n<\/div>\n\t\t<\/a>\n\t<\/article><!-- .preview -->\n\n<\/div>\n\n<div class=\"grid-item grid-item\">\n\n\n<article id=\"post-34288\" class=\"entry-preview entry-preview-no-73 post-34288 post type-post status-publish format-standard hentry category-nachhaltigkeitsbericht-2023-2024\">\n\t<a href=\"https:\/\/mag.ebmpapst.com\/de\/nachhaltigkeitsbericht-2023-2024\/lernen-aus-dem-arbeits-leben_34288\/\" rel=\"bookmark\" title=\"Lernen aus dem (Arbeits-) Leben\">\n\n\n\n\t\t<figure class=\"preview-media\">\n\t\t\n \n\t\t\t\t<div class=\"m2g-media-wrapper\"><img loading=\"lazy\" decoding=\"async\" width=\"660\" height=\"371\" src=\"https:\/\/ebmpapst-7237.kxcdn.com\/de\/files\/2024\/07\/ebmpapst_employer-branding_auszubildende_epS_Q1021988_1920-1080-660x371.jpg\" class=\"attachment-medium size-medium\" alt srcset=\"https:\/\/ebmpapst-7237.kxcdn.com\/de\/files\/2024\/07\/ebmpapst_employer-branding_auszubildende_epS_Q1021988_1920-1080-660x371.jpg 660w, https:\/\/ebmpapst-7237.kxcdn.com\/de\/files\/2024\/07\/ebmpapst_employer-branding_auszubildende_epS_Q1021988_1920-1080-960x540.jpg 960w, https:\/\/ebmpapst-7237.kxcdn.com\/de\/files\/2024\/07\/ebmpapst_employer-branding_auszubildende_epS_Q1021988_1920-1080-260x146.jpg 260w, https:\/\/ebmpapst-7237.kxcdn.com\/de\/files\/2024\/07\/ebmpapst_employer-branding_auszubildende_epS_Q1021988_1920-1080-768x432.jpg 768w, https:\/\/ebmpapst-7237.kxcdn.com\/de\/files\/2024\/07\/ebmpapst_employer-branding_auszubildende_epS_Q1021988_1920-1080-1536x864.jpg 1536w, https:\/\/ebmpapst-7237.kxcdn.com\/de\/files\/2024\/07\/ebmpapst_employer-branding_auszubildende_epS_Q1021988_1920-1080-450x253.jpg 450w, https:\/\/ebmpapst-7237.kxcdn.com\/de\/files\/2024\/07\/ebmpapst_employer-branding_auszubildende_epS_Q1021988_1920-1080-300x169.jpg 300w, https:\/\/ebmpapst-7237.kxcdn.com\/de\/files\/2024\/07\/ebmpapst_employer-branding_auszubildende_epS_Q1021988_1920-1080.jpg 1920w\" sizes=\"auto, (max-width: 660px) 100vw, 660px\"><\/div>\n\n\t\t<\/figure><!-- .preview-media -->\n\n<div class=\"article-preview-text\">\n\t\t<header class=\"entry-header\">\n\t\t\t<h1 class=\"entry-title\"><span>Lernen aus dem (Arbeits-) Leben\t\t<\/span><\/h1><\/header><!-- .entry-header -->\n\t\n\t\t<p>Die Inno\u00adva\u00adti\u00adons\u00adkraft, Produk\u00adti\u00advit\u00e4t und das gemein\u00adschaft\u00adliche Enga\u00adge\u00adment von ebm-papst basieren auf der Arbeit von mehr als 13.800 Menschen welt\u00adweit. Um unsere hohen Stan\u00addards zu halten, setzen wir auf ein st\u00e4n\u00addiges <b>Fordern und F\u00f6rdern unserer Mitar\u00adbei\u00adtenden<\/b>.<span class=\"more\">\u00bb<\/span><\/p>\t\n<\/div>\n\t\t<\/a>\n\t<\/article><!-- .preview -->\n\n<\/div>\n\n<div class=\"grid-item grid-item\">\n\n\n<article id=\"post-34236\" class=\"entry-preview entry-preview-no-74 post-34236 post type-post status-publish format-standard hentry category-nachhaltigkeitsbericht-2023-2024\">\n\t<a href=\"https:\/\/mag.ebmpapst.com\/de\/nachhaltigkeitsbericht-2023-2024\/der-mensch-im-mittelpunkt_34236\/\" rel=\"bookmark\" title=\"Der Mensch im Mittel\u00adpunkt\">\n\n\n\n\t\t<figure class=\"preview-media\">\n\t\t\n \n\t\t\t\t<div class=\"m2g-media-wrapper\"><img loading=\"lazy\" decoding=\"async\" width=\"660\" height=\"371\" src=\"https:\/\/ebmpapst-7237.kxcdn.com\/de\/files\/2024\/07\/Header_ebmpapst_brand-2021_300dpi_epS_1920-1080-660x371.jpg\" class=\"attachment-medium size-medium\" alt srcset=\"https:\/\/ebmpapst-7237.kxcdn.com\/de\/files\/2024\/07\/Header_ebmpapst_brand-2021_300dpi_epS_1920-1080-660x371.jpg 660w, https:\/\/ebmpapst-7237.kxcdn.com\/de\/files\/2024\/07\/Header_ebmpapst_brand-2021_300dpi_epS_1920-1080-960x540.jpg 960w, https:\/\/ebmpapst-7237.kxcdn.com\/de\/files\/2024\/07\/Header_ebmpapst_brand-2021_300dpi_epS_1920-1080-260x146.jpg 260w, https:\/\/ebmpapst-7237.kxcdn.com\/de\/files\/2024\/07\/Header_ebmpapst_brand-2021_300dpi_epS_1920-1080-768x432.jpg 768w, https:\/\/ebmpapst-7237.kxcdn.com\/de\/files\/2024\/07\/Header_ebmpapst_brand-2021_300dpi_epS_1920-1080-1536x864.jpg 1536w, https:\/\/ebmpapst-7237.kxcdn.com\/de\/files\/2024\/07\/Header_ebmpapst_brand-2021_300dpi_epS_1920-1080-450x253.jpg 450w, https:\/\/ebmpapst-7237.kxcdn.com\/de\/files\/2024\/07\/Header_ebmpapst_brand-2021_300dpi_epS_1920-1080-300x169.jpg 300w, https:\/\/ebmpapst-7237.kxcdn.com\/de\/files\/2024\/07\/Header_ebmpapst_brand-2021_300dpi_epS_1920-1080.jpg 1920w\" sizes=\"auto, (max-width: 660px) 100vw, 660px\"><\/div>\n\n\t\t<\/figure><!-- .preview-media -->\n\n<div class=\"article-preview-text\">\n\t\t<header class=\"entry-header\">\n\t\t\t<h1 class=\"entry-title\"><span>Der Mensch im Mittel\u00adpunkt\t\t<\/span><\/h1><\/header><!-- .entry-header -->\n\t\n\t\t<p>In dem Unter\u00adneh\u00admens\u00adzweck \u201eEngi\u00adnee\u00adring a better life\u201c spie\u00adgelt sich unser Bestreben wider, nicht nur das Leben der Menschen zu verbes\u00adsern, die ebm-papst Produkte verwenden, sondern auch <b>das unserer Mitar\u00adbei\u00adtenden<\/b>.<span class=\"more\">\u00bb<\/span><\/p>\t\n<\/div>\n\t\t<\/a>\n\t<\/article><!-- .preview -->\n\n<\/div>\n\n<div class=\"grid-item grid-item\">\n\n\n<article id=\"post-34217\" class=\"entry-preview entry-preview-no-75 post-34217 post type-post status-publish format-standard hentry category-nachhaltigkeitsbericht-2023-2024\">\n\t<a href=\"https:\/\/mag.ebmpapst.com\/de\/nachhaltigkeitsbericht-2023-2024\/herzlich-willkommen-im-people-house_34217\/\" rel=\"bookmark\" title=\"Herz\u00adlich will\u00adkommen im People House!\">\n\n\n\n\t\t<figure class=\"preview-media\">\n\t\t\n \n\t\t\t\t<div class=\"m2g-media-wrapper\"><img loading=\"lazy\" decoding=\"async\" width=\"660\" height=\"441\" src=\"https:\/\/ebmpapst-7237.kxcdn.com\/de\/files\/2024\/07\/Header_ebmpapst_employer-branding_basisprofil_epL_L1140534_bearb-660x441.webp\" class=\"attachment-medium size-medium\" alt srcset=\"https:\/\/ebmpapst-7237.kxcdn.com\/de\/files\/2024\/07\/Header_ebmpapst_employer-branding_basisprofil_epL_L1140534_bearb-660x441.webp 660w, https:\/\/ebmpapst-7237.kxcdn.com\/de\/files\/2024\/07\/Header_ebmpapst_employer-branding_basisprofil_epL_L1140534_bearb-960x641.webp 960w, https:\/\/ebmpapst-7237.kxcdn.com\/de\/files\/2024\/07\/Header_ebmpapst_employer-branding_basisprofil_epL_L1140534_bearb-260x174.webp 260w, https:\/\/ebmpapst-7237.kxcdn.com\/de\/files\/2024\/07\/Header_ebmpapst_employer-branding_basisprofil_epL_L1140534_bearb-768x513.webp 768w, https:\/\/ebmpapst-7237.kxcdn.com\/de\/files\/2024\/07\/Header_ebmpapst_employer-branding_basisprofil_epL_L1140534_bearb-1536x1026.webp 1536w, https:\/\/ebmpapst-7237.kxcdn.com\/de\/files\/2024\/07\/Header_ebmpapst_employer-branding_basisprofil_epL_L1140534_bearb-450x300.webp 450w, https:\/\/ebmpapst-7237.kxcdn.com\/de\/files\/2024\/07\/Header_ebmpapst_employer-branding_basisprofil_epL_L1140534_bearb-300x200.webp 300w, https:\/\/ebmpapst-7237.kxcdn.com\/de\/files\/2024\/07\/Header_ebmpapst_employer-branding_basisprofil_epL_L1140534_bearb.webp 1920w\" sizes=\"auto, (max-width: 660px) 100vw, 660px\"><\/div>\n\n\t\t<\/figure><!-- .preview-media -->\n\n<div class=\"article-preview-text\">\n\t\t<header class=\"entry-header\">\n\t\t\t<h1 class=\"entry-title\"><span>Herz\u00adlich will\u00adkommen im People House!\t\t<\/span><\/h1><\/header><!-- .entry-header -->\n\t\n\t\t<p>Das ebm-papst People House ist das <b>gemein\u00adschaft\u00adliche Leit\u00adbild f\u00fcr unser beruf\u00adli\u00adches Zuhause<\/b>. Auf der Basis der Werte Effi\u00adzienz, Begeis\u00adte\u00adrung, Mensch\u00adlich\u00adkeit unter\u00adst\u00fctzt es mit allen seinen Berei\u00adchen unsere Vision, eine nach\u00adhal\u00adtige Zukunft und ein besseres Klima aktiv mitzu\u00adge\u00adstalten.<span class=\"more\">\u00bb<\/span><\/p>\t\n<\/div>\n\t\t<\/a>\n\t<\/article><!-- .preview -->\n\n<\/div>\n\n<div class=\"grid-item grid-item\">\n\n\n<article id=\"post-34321\" class=\"entry-preview entry-preview-no-76 post-34321 post type-post status-publish format-standard hentry category-nachhaltigkeitsbericht-2023-2024\">\n\t<a href=\"https:\/\/mag.ebmpapst.com\/de\/nachhaltigkeitsbericht-2023-2024\/zukunftssicher-pruefen-unser-testzentrum_34321\/\" rel=\"bookmark\" title=\"Zukunfts\u00adsi\u00adcher pr\u00fcfen: unser Test\u00adzen\u00adtrum\">\n\n\n\n\t\t<figure class=\"preview-media\">\n\t\t\n \n\t\t\t\t<div class=\"m2g-media-wrapper\"><img loading=\"lazy\" decoding=\"async\" width=\"660\" height=\"371\" src=\"https:\/\/ebmpapst-7237.kxcdn.com\/de\/files\/2024\/07\/FA_Eprobungszentrum_Station_Salznebel_1920-1080-660x371.jpg\" class=\"attachment-medium size-medium\" alt srcset=\"https:\/\/ebmpapst-7237.kxcdn.com\/de\/files\/2024\/07\/FA_Eprobungszentrum_Station_Salznebel_1920-1080-660x371.jpg 660w, https:\/\/ebmpapst-7237.kxcdn.com\/de\/files\/2024\/07\/FA_Eprobungszentrum_Station_Salznebel_1920-1080-960x540.jpg 960w, https:\/\/ebmpapst-7237.kxcdn.com\/de\/files\/2024\/07\/FA_Eprobungszentrum_Station_Salznebel_1920-1080-260x146.jpg 260w, https:\/\/ebmpapst-7237.kxcdn.com\/de\/files\/2024\/07\/FA_Eprobungszentrum_Station_Salznebel_1920-1080-768x432.jpg 768w, https:\/\/ebmpapst-7237.kxcdn.com\/de\/files\/2024\/07\/FA_Eprobungszentrum_Station_Salznebel_1920-1080-1536x864.jpg 1536w, https:\/\/ebmpapst-7237.kxcdn.com\/de\/files\/2024\/07\/FA_Eprobungszentrum_Station_Salznebel_1920-1080-450x253.jpg 450w, https:\/\/ebmpapst-7237.kxcdn.com\/de\/files\/2024\/07\/FA_Eprobungszentrum_Station_Salznebel_1920-1080-300x169.jpg 300w, https:\/\/ebmpapst-7237.kxcdn.com\/de\/files\/2024\/07\/FA_Eprobungszentrum_Station_Salznebel_1920-1080.jpg 1920w\" sizes=\"auto, (max-width: 660px) 100vw, 660px\"><\/div>\n\n\t\t<\/figure><!-- .preview-media -->\n\n<div class=\"article-preview-text\">\n\t\t<header class=\"entry-header\">\n\t\t\t<h1 class=\"entry-title\"><span>Zukunfts\u00adsi\u00adcher pr\u00fcfen: unser Test\u00adzen\u00adtrum\t\t<\/span><\/h1><\/header><!-- .entry-header -->\n\t\n\t\t<p>Produkte von ebm-papst sind lang\u00adlebig, arbeiten ener\u00adgie\u00adef\u00adfi\u00adzient und schonen die Umwelt \u2013 nach\u00adhal\u00adtige Eigen\u00adschaften, die in umfang\u00adrei\u00adchen Tests immer wieder aufs Neue gepr\u00fcft und doku\u00admen\u00adtiert werden. Ein Gro\u00df\u00adteil dieser metho\u00addi\u00adschen Versuche wird im <b>neuen Test\u00adzen\u00adtrum in Hollen\u00adbach<\/b> durch\u00adge\u00adf\u00fchrt.<span class=\"more\">\u00bb<\/span><\/p>\t\n<\/div>\n\t\t<\/a>\n\t<\/article><!-- .preview -->\n\n<\/div>\n\n<div class=\"grid-item grid-item\">\n\n\n<article id=\"post-34317\" class=\"entry-preview entry-preview-no-77 post-34317 post type-post status-publish format-standard hentry category-nachhaltigkeitsbericht-2023-2024\">\n\t<a href=\"https:\/\/mag.ebmpapst.com\/de\/nachhaltigkeitsbericht-2023-2024\/genial-digital_34317\/\" rel=\"bookmark\" title=\"Genial digital\">\n\n\n\n\t\t<figure class=\"preview-media\">\n\t\t\n \n\t\t\t\t<div class=\"m2g-media-wrapper\"><img loading=\"lazy\" decoding=\"async\" width=\"660\" height=\"371\" src=\"https:\/\/ebmpapst-7237.kxcdn.com\/de\/files\/2024\/07\/ebm_AI_14_300dpi_nhb-2023-2024_1920-1080-660x371.jpg\" class=\"attachment-medium size-medium\" alt srcset=\"https:\/\/ebmpapst-7237.kxcdn.com\/de\/files\/2024\/07\/ebm_AI_14_300dpi_nhb-2023-2024_1920-1080-660x371.jpg 660w, https:\/\/ebmpapst-7237.kxcdn.com\/de\/files\/2024\/07\/ebm_AI_14_300dpi_nhb-2023-2024_1920-1080-960x540.jpg 960w, https:\/\/ebmpapst-7237.kxcdn.com\/de\/files\/2024\/07\/ebm_AI_14_300dpi_nhb-2023-2024_1920-1080-260x146.jpg 260w, https:\/\/ebmpapst-7237.kxcdn.com\/de\/files\/2024\/07\/ebm_AI_14_300dpi_nhb-2023-2024_1920-1080-768x432.jpg 768w, https:\/\/ebmpapst-7237.kxcdn.com\/de\/files\/2024\/07\/ebm_AI_14_300dpi_nhb-2023-2024_1920-1080-1536x864.jpg 1536w, https:\/\/ebmpapst-7237.kxcdn.com\/de\/files\/2024\/07\/ebm_AI_14_300dpi_nhb-2023-2024_1920-1080-450x253.jpg 450w, https:\/\/ebmpapst-7237.kxcdn.com\/de\/files\/2024\/07\/ebm_AI_14_300dpi_nhb-2023-2024_1920-1080-300x169.jpg 300w, https:\/\/ebmpapst-7237.kxcdn.com\/de\/files\/2024\/07\/ebm_AI_14_300dpi_nhb-2023-2024_1920-1080.jpg 1920w\" sizes=\"auto, (max-width: 660px) 100vw, 660px\"><\/div>\n\n\t\t<\/figure><!-- .preview-media -->\n\n<div class=\"article-preview-text\">\n\t\t<header class=\"entry-header\">\n\t\t\t<h1 class=\"entry-title\"><span>Genial digital\t\t<\/span><\/h1><\/header><!-- .entry-header -->\n\t\n\t\t<p>Wir sehen die Digi\u00adta\u00adli\u00adsie\u00adrung als Inno\u00adva\u00adti\u00adons\u00admotor. Durch den Einsatz neuester Tech\u00adno\u00adlo\u00adgien wie <b>IoT und KI<\/b> erschlie\u00dfen wir M\u00f6glich\u00adkeiten f\u00fcr noch effi\u00adzi\u00aden\u00adtere L\u00f6sungen. Immer im Fokus: der Mehr\u00adwert f\u00fcr unsere Kund:innen und die Umwelt.<span class=\"more\">\u00bb<\/span><\/p>\t\n<\/div>\n\t\t<\/a>\n\t<\/article><!-- .preview -->\n\n<\/div>\n\n<div class=\"grid-item grid-item\">\n\n\n<article id=\"post-34361\" class=\"entry-preview entry-preview-no-78 post-34361 post type-post status-publish format-standard hentry category-nachhaltigkeitsbericht-2023-2024\">\n\t<a href=\"https:\/\/mag.ebmpapst.com\/de\/nachhaltigkeitsbericht-2023-2024\/generation-highspeed-optimierung-als-prinzip_34361\/\" rel=\"bookmark\" title=\"Gene\u00adra\u00adtion High\u00adSpeed: Opti\u00admie\u00adrung als Prinzip\">\n\n\n\n\t\t<figure class=\"preview-media\">\n\t\t\n \n\t\t\t\t<div class=\"m2g-media-wrapper\"><img loading=\"lazy\" decoding=\"async\" width=\"660\" height=\"371\" src=\"https:\/\/ebmpapst-7237.kxcdn.com\/de\/files\/2024\/07\/ebm-papst-HighSpeed-Kaeltemittel-02_1920x1080px-660x371.webp\" class=\"attachment-medium size-medium\" alt style=\"object-position: 50% 0%;\" srcset=\"https:\/\/ebmpapst-7237.kxcdn.com\/de\/files\/2024\/07\/ebm-papst-HighSpeed-Kaeltemittel-02_1920x1080px-660x371.webp 660w, https:\/\/ebmpapst-7237.kxcdn.com\/de\/files\/2024\/07\/ebm-papst-HighSpeed-Kaeltemittel-02_1920x1080px-960x540.webp 960w, https:\/\/ebmpapst-7237.kxcdn.com\/de\/files\/2024\/07\/ebm-papst-HighSpeed-Kaeltemittel-02_1920x1080px-260x146.webp 260w, https:\/\/ebmpapst-7237.kxcdn.com\/de\/files\/2024\/07\/ebm-papst-HighSpeed-Kaeltemittel-02_1920x1080px-768x432.webp 768w, https:\/\/ebmpapst-7237.kxcdn.com\/de\/files\/2024\/07\/ebm-papst-HighSpeed-Kaeltemittel-02_1920x1080px-1536x864.webp 1536w, https:\/\/ebmpapst-7237.kxcdn.com\/de\/files\/2024\/07\/ebm-papst-HighSpeed-Kaeltemittel-02_1920x1080px-450x253.webp 450w, https:\/\/ebmpapst-7237.kxcdn.com\/de\/files\/2024\/07\/ebm-papst-HighSpeed-Kaeltemittel-02_1920x1080px-300x169.webp 300w, https:\/\/ebmpapst-7237.kxcdn.com\/de\/files\/2024\/07\/ebm-papst-HighSpeed-Kaeltemittel-02_1920x1080px.webp 1920w\" sizes=\"auto, (max-width: 660px) 100vw, 660px\"><\/div>\n\n\t\t<\/figure><!-- .preview-media -->\n\n<div class=\"article-preview-text\">\n\t\t<header class=\"entry-header\">\n\t\t\t<h1 class=\"entry-title\"><span>Gene\u00adra\u00adtion High\u00adSpeed: Opti\u00admie\u00adrung als Prinzip\t\t<\/span><\/h1><\/header><!-- .entry-header -->\n\t\n\t\t<p>Wie lassen sich betriebs\u00adin\u00adterne <b>Ressourcen- und Mate\u00adri\u00adal\u00adfl\u00fcsse<\/b> ganz\u00adheit\u00adlich opti\u00admieren? Im Inter\u00adview erkl\u00e4rt Director High\u00adSpeed Products Philipp Hand\u00adschuh den neuen Produkt\u00adpfad High\u00adSpeed compres\u00adsors und den beispiel\u00adhaften Aufbau seiner Abtei\u00adlung im Kontext der <b>nach\u00adhal\u00adtigen Produkt\u00adent\u00adwick\u00adlung<\/b>.<span class=\"more\">\u00bb<\/span><\/p>\t\n<\/div>\n\t\t<\/a>\n\t<\/article><!-- .preview -->\n\n<\/div>\n\n<div class=\"grid-item grid-item\">\n\n\n<article id=\"post-34539\" class=\"entry-preview entry-preview-no-79 post-34539 post type-post status-publish format-standard hentry category-nachhaltigkeitsbericht-2023-2024\">\n\t<a href=\"https:\/\/mag.ebmpapst.com\/de\/nachhaltigkeitsbericht-2023-2024\/mit-innovativen-loesungen-ressourcen-schonen_34539\/\" rel=\"bookmark\" title=\"Mit inno\u00adva\u00adtiven L\u00f6sungen Ressourcen schonen\">\n\n\n\n\t\t<figure class=\"preview-media\">\n\t\t\n \n\t\t\t\t<div class=\"m2g-media-wrapper\"><img loading=\"lazy\" decoding=\"async\" width=\"660\" height=\"371\" src=\"https:\/\/ebmpapst-7237.kxcdn.com\/de\/files\/2024\/07\/Header_Lackieranlage_1920-1080-660x371.jpg\" class=\"attachment-medium size-medium\" alt srcset=\"https:\/\/ebmpapst-7237.kxcdn.com\/de\/files\/2024\/07\/Header_Lackieranlage_1920-1080-660x371.jpg 660w, https:\/\/ebmpapst-7237.kxcdn.com\/de\/files\/2024\/07\/Header_Lackieranlage_1920-1080-960x540.jpg 960w, https:\/\/ebmpapst-7237.kxcdn.com\/de\/files\/2024\/07\/Header_Lackieranlage_1920-1080-260x146.jpg 260w, https:\/\/ebmpapst-7237.kxcdn.com\/de\/files\/2024\/07\/Header_Lackieranlage_1920-1080-768x432.jpg 768w, https:\/\/ebmpapst-7237.kxcdn.com\/de\/files\/2024\/07\/Header_Lackieranlage_1920-1080-1536x864.jpg 1536w, https:\/\/ebmpapst-7237.kxcdn.com\/de\/files\/2024\/07\/Header_Lackieranlage_1920-1080-450x253.jpg 450w, https:\/\/ebmpapst-7237.kxcdn.com\/de\/files\/2024\/07\/Header_Lackieranlage_1920-1080-300x169.jpg 300w, https:\/\/ebmpapst-7237.kxcdn.com\/de\/files\/2024\/07\/Header_Lackieranlage_1920-1080.jpg 1920w\" sizes=\"auto, (max-width: 660px) 100vw, 660px\"><\/div>\n\n\t\t<\/figure><!-- .preview-media -->\n\n<div class=\"article-preview-text\">\n\t\t<header class=\"entry-header\">\n\t\t\t<h1 class=\"entry-title\"><span>Mit inno\u00adva\u00adtiven L\u00f6sungen Ressourcen schonen\t\t<\/span><\/h1><\/header><!-- .entry-header -->\n\t\n\t\t<p>Neben der effi\u00adzi\u00adenten Nutzung von Energie und der Reduk\u00adtion von Emis\u00adsionen geh\u00f6ren auch eine <b>nach\u00adhal\u00adtige Wasser\u00adbe\u00adwirt\u00adschaf\u00adtung<\/b> und ein auf <b>Wieder\u00adver\u00adwer\u00adtung ausge\u00adlegtes Abfall\u00adma\u00adnage\u00adment<\/b> zu den zentralen Feldern nach\u00adhal\u00adtigen Handelns bei ebm-papst. Mit den von uns ange\u00adwen\u00addeten L\u00f6sungen streben wir danach, nat\u00fcr\u00adliche Ressourcen zu schonen und einen Beitrag zu einer sauberen Umwelt zu leisten.<span class=\"more\">\u00bb<\/span><\/p>\t\n<\/div>\n\t\t<\/a>\n\t<\/article><!-- .preview -->\n\n<\/div>\n\n<div class=\"grid-item grid-item\">\n\n\n<article id=\"post-34405\" class=\"entry-preview entry-preview-no-80 post-34405 post type-post status-publish format-standard hentry category-nachhaltigkeitsbericht-2023-2024\">\n\t<a href=\"https:\/\/mag.ebmpapst.com\/de\/nachhaltigkeitsbericht-2023-2024\/eigenanteil-an-energieerzeugung-steigt-weiter_34405\/\" rel=\"bookmark\" title=\"Eigen\u00adan\u00adteil an Ener\u00adgie\u00ader\u00adzeu\u00adgung steigt weiter\">\n\n\n\n\t\t<figure class=\"preview-media\">\n\t\t\n \n\t\t\t\t<div class=\"m2g-media-wrapper\"><img loading=\"lazy\" decoding=\"async\" width=\"660\" height=\"371\" src=\"https:\/\/ebmpapst-7237.kxcdn.com\/de\/files\/2024\/07\/eigenanteil_nhb_1920-1080-660x371.webp\" class=\"attachment-medium size-medium\" alt srcset=\"https:\/\/ebmpapst-7237.kxcdn.com\/de\/files\/2024\/07\/eigenanteil_nhb_1920-1080-660x371.webp 660w, https:\/\/ebmpapst-7237.kxcdn.com\/de\/files\/2024\/07\/eigenanteil_nhb_1920-1080-960x540.webp 960w, https:\/\/ebmpapst-7237.kxcdn.com\/de\/files\/2024\/07\/eigenanteil_nhb_1920-1080-260x146.webp 260w, https:\/\/ebmpapst-7237.kxcdn.com\/de\/files\/2024\/07\/eigenanteil_nhb_1920-1080-768x432.webp 768w, https:\/\/ebmpapst-7237.kxcdn.com\/de\/files\/2024\/07\/eigenanteil_nhb_1920-1080-1536x864.webp 1536w, https:\/\/ebmpapst-7237.kxcdn.com\/de\/files\/2024\/07\/eigenanteil_nhb_1920-1080-450x253.webp 450w, https:\/\/ebmpapst-7237.kxcdn.com\/de\/files\/2024\/07\/eigenanteil_nhb_1920-1080-300x169.webp 300w, https:\/\/ebmpapst-7237.kxcdn.com\/de\/files\/2024\/07\/eigenanteil_nhb_1920-1080.webp 1920w\" sizes=\"auto, (max-width: 660px) 100vw, 660px\"><\/div>\n\n\t\t<\/figure><!-- .preview-media -->\n\n<div class=\"article-preview-text\">\n\t\t<header class=\"entry-header\">\n\t\t\t<h1 class=\"entry-title\"><span>Eigen\u00adan\u00adteil an Ener\u00adgie\u00ader\u00adzeu\u00adgung steigt weiter\t\t<\/span><\/h1><\/header><!-- .entry-header -->\n\t\n\t\t<p>Der Einsatz rege\u00adne\u00adra\u00adtiver Ener\u00adgie\u00adquellen und der verant\u00adwor\u00adtungs\u00advolle Umgang mit Energie sind f\u00fcr den Nach\u00adhal\u00adtig\u00adkeits\u00adstatus eines Unter\u00adneh\u00admens von gro\u00dfer Bedeu\u00adtung. Aus diesem Grund konzen\u00adtriert sich ebm-papst schon seit Jahren auf den <b>Einsatz erneu\u00ader\u00adbarer Ener\u00adgien und die Verbes\u00adse\u00adrung der Ener\u00adgie\u00adbi\u00adlanz<\/b>.<span class=\"more\">\u00bb<\/span><\/p>\t\n<\/div>\n\t\t<\/a>\n\t<\/article><!-- .preview -->\n\n<\/div>\n\n<div class=\"grid-item grid-item\">\n\n\n<article id=\"post-34205\" class=\"entry-preview entry-preview-no-81 post-34205 post type-post status-publish format-standard hentry category-nachhaltigkeitsbericht-2023-2024\">\n\t<a href=\"https:\/\/mag.ebmpapst.com\/de\/nachhaltigkeitsbericht-2023-2024\/vermeiden-geht-vor-reduzieren-gesetzliche-rahmenbedingungen_34205\/\" rel=\"bookmark\" title=\"Vermeiden geht vor Redu\u00adzieren: Gesetz\u00adliche Rahmen\u00adbe\u00addin\u00adgungen\">\n\n\n\n\t\t<figure class=\"preview-media\">\n\t\t\n \n\t\t\t\t<div class=\"m2g-media-wrapper\"><img loading=\"lazy\" decoding=\"async\" width=\"660\" height=\"371\" src=\"https:\/\/ebmpapst-7237.kxcdn.com\/de\/files\/2024\/07\/BEITRA2-660x371.jpg\" class=\"attachment-medium size-medium\" alt srcset=\"https:\/\/ebmpapst-7237.kxcdn.com\/de\/files\/2024\/07\/BEITRA2-660x371.jpg 660w, https:\/\/ebmpapst-7237.kxcdn.com\/de\/files\/2024\/07\/BEITRA2-960x540.jpg 960w, https:\/\/ebmpapst-7237.kxcdn.com\/de\/files\/2024\/07\/BEITRA2-260x146.jpg 260w, https:\/\/ebmpapst-7237.kxcdn.com\/de\/files\/2024\/07\/BEITRA2-768x432.jpg 768w, https:\/\/ebmpapst-7237.kxcdn.com\/de\/files\/2024\/07\/BEITRA2-1536x864.jpg 1536w, https:\/\/ebmpapst-7237.kxcdn.com\/de\/files\/2024\/07\/BEITRA2-450x253.jpg 450w, https:\/\/ebmpapst-7237.kxcdn.com\/de\/files\/2024\/07\/BEITRA2-300x169.jpg 300w, https:\/\/ebmpapst-7237.kxcdn.com\/de\/files\/2024\/07\/BEITRA2.jpg 1920w\" sizes=\"auto, (max-width: 660px) 100vw, 660px\"><\/div>\n\n\t\t<\/figure><!-- .preview-media -->\n\n<div class=\"article-preview-text\">\n\t\t<header class=\"entry-header\">\n\t\t\t<h1 class=\"entry-title\"><span>Vermeiden geht vor Redu\u00adzieren: Gesetz\u00adliche Rahmen\u00adbe\u00addin\u00adgungen\t\t<\/span><\/h1><\/header><!-- .entry-header -->\n\t\n\t\t<p>Umwelt\u00adschutz und Klima\u00adwandel sind <b>globale Heraus\u00adfor\u00adde\u00adrungen<\/b>, die nur im Verbund und konstruk\u00adtiven Mitein\u00adander der Nationen und V\u00f6lker welt\u00adweit gel\u00f6st werden k\u00f6nnen. Entspre\u00adchend umfas\u00adsend und komplex sind die <b>gesetz\u00adli\u00adchen Rahmen\u00adbe\u00addin\u00adgungen<\/b>, die es mitt\u00adler\u00adweile auf globaler, euro\u00adp\u00e4i\u00adscher und natio\u00adnaler Ebene gibt, immer verkn\u00fcpft mit dem Ziel, nach\u00adhal\u00adtiges Handeln gemeinsam zu gestalten. <span class=\"more\">\u00bb<\/span><\/p>\t\n<\/div>\n\t\t<\/a>\n\t<\/article><!-- .preview -->\n\n<\/div>\n\n<div class=\"grid-item grid-item\">\n\n\n<article id=\"post-34365\" class=\"entry-preview entry-preview-no-82 post-34365 post type-post status-publish format-standard hentry category-nachhaltigkeitsbericht-2023-2024\">\n\t<a href=\"https:\/\/mag.ebmpapst.com\/de\/nachhaltigkeitsbericht-2023-2024\/klares-bekenntnis-zu-mehr-nachhaltigkeit_34365\/\" rel=\"bookmark\" title=\"Klares Bekenntnis zu mehr Nach\u00adhal\u00adtig\u00adkeit\">\n\n\n\n\t\t<figure class=\"preview-media\">\n\t\t\n \n\t\t\t\t<div class=\"m2g-media-wrapper\"><img loading=\"lazy\" decoding=\"async\" width=\"660\" height=\"371\" src=\"https:\/\/ebmpapst-7237.kxcdn.com\/de\/files\/2024\/07\/PV_Headerbild_NHB_1920-1080-660x371.jpg\" class=\"attachment-medium size-medium\" alt srcset=\"https:\/\/ebmpapst-7237.kxcdn.com\/de\/files\/2024\/07\/PV_Headerbild_NHB_1920-1080-660x371.jpg 660w, https:\/\/ebmpapst-7237.kxcdn.com\/de\/files\/2024\/07\/PV_Headerbild_NHB_1920-1080-960x540.jpg 960w, https:\/\/ebmpapst-7237.kxcdn.com\/de\/files\/2024\/07\/PV_Headerbild_NHB_1920-1080-260x146.jpg 260w, https:\/\/ebmpapst-7237.kxcdn.com\/de\/files\/2024\/07\/PV_Headerbild_NHB_1920-1080-768x432.jpg 768w, https:\/\/ebmpapst-7237.kxcdn.com\/de\/files\/2024\/07\/PV_Headerbild_NHB_1920-1080-1536x864.jpg 1536w, https:\/\/ebmpapst-7237.kxcdn.com\/de\/files\/2024\/07\/PV_Headerbild_NHB_1920-1080-450x253.jpg 450w, https:\/\/ebmpapst-7237.kxcdn.com\/de\/files\/2024\/07\/PV_Headerbild_NHB_1920-1080-300x169.jpg 300w, https:\/\/ebmpapst-7237.kxcdn.com\/de\/files\/2024\/07\/PV_Headerbild_NHB_1920-1080.jpg 1920w\" sizes=\"auto, (max-width: 660px) 100vw, 660px\"><\/div>\n\n\t\t<\/figure><!-- .preview-media -->\n\n<div class=\"article-preview-text\">\n\t\t<header class=\"entry-header\">\n\t\t\t<h1 class=\"entry-title\"><span>Klares Bekenntnis zu mehr Nach\u00adhal\u00adtig\u00adkeit\t\t<\/span><\/h1><\/header><!-- .entry-header -->\n\t\n\t\t<p>\u201eEngi\u00adnee\u00adring a better life\u201c \u2013 der Unter\u00adneh\u00admens\u00adzweck von ebm-papst verbild\u00adlicht gleich\u00adzeitig unser Ziel, einen Beitrag zu einer besseren Zukunft zu leisten. Mit immer <b>effi\u00adzi\u00aden\u00adteren und intel\u00adli\u00adgen\u00adteren L\u00f6sungen<\/b> tragen wir zu mehr Nach\u00adhal\u00adtig\u00adkeit bei. Aber auch <b>Team\u00adgeist und gemein\u00adschaft\u00adli\u00adches Handeln<\/b> spielen eine zentrale Rolle \u2013 und zwar nicht nur inner\u00adhalb des Unter\u00adneh\u00admens, sondern auch im part\u00adner\u00adschaft\u00adli\u00adchen und konstruk\u00adtiven Mitein\u00adander aller Betei\u00adligten. <span class=\"more\">\u00bb<\/span><\/p>\t\n<\/div>\n\t\t<\/a>\n\t<\/article><!-- .preview -->\n\n<\/div>\n\n<div class=\"grid-item grid-item\">\n\n\n<article id=\"post-34203\" class=\"entry-preview entry-preview-no-83 post-34203 post type-post status-publish format-standard hentry category-nachhaltigkeitsbericht-2023-2024\">\n\t<a href=\"https:\/\/mag.ebmpapst.com\/de\/nachhaltigkeitsbericht-2023-2024\/unser-leitbild-der-nachhaltigkeit-die-wesentlichkeitsmatrix_34203\/\" rel=\"bookmark\" title=\"Unser Leit\u00adbild der Nach\u00adhal\u00adtig\u00adkeit: Die Wesent\u00adlich\u00adkeits\u00adma\u00adtrix\">\n\n\n\n\t\t<figure class=\"preview-media\">\n\t\t\n \n\t\t\t\t<div class=\"m2g-media-wrapper\"><img loading=\"lazy\" decoding=\"async\" width=\"660\" height=\"371\" src=\"https:\/\/ebmpapst-7237.kxcdn.com\/de\/files\/2024\/07\/Beitragsbild_Cover-NHB_AdobeStock_1920-1080-660x371.jpg\" class=\"attachment-medium size-medium\" alt srcset=\"https:\/\/ebmpapst-7237.kxcdn.com\/de\/files\/2024\/07\/Beitragsbild_Cover-NHB_AdobeStock_1920-1080-660x371.jpg 660w, https:\/\/ebmpapst-7237.kxcdn.com\/de\/files\/2024\/07\/Beitragsbild_Cover-NHB_AdobeStock_1920-1080-960x540.jpg 960w, https:\/\/ebmpapst-7237.kxcdn.com\/de\/files\/2024\/07\/Beitragsbild_Cover-NHB_AdobeStock_1920-1080-260x146.jpg 260w, https:\/\/ebmpapst-7237.kxcdn.com\/de\/files\/2024\/07\/Beitragsbild_Cover-NHB_AdobeStock_1920-1080-768x432.jpg 768w, https:\/\/ebmpapst-7237.kxcdn.com\/de\/files\/2024\/07\/Beitragsbild_Cover-NHB_AdobeStock_1920-1080-1536x864.jpg 1536w, https:\/\/ebmpapst-7237.kxcdn.com\/de\/files\/2024\/07\/Beitragsbild_Cover-NHB_AdobeStock_1920-1080-450x253.jpg 450w, https:\/\/ebmpapst-7237.kxcdn.com\/de\/files\/2024\/07\/Beitragsbild_Cover-NHB_AdobeStock_1920-1080-300x169.jpg 300w, https:\/\/ebmpapst-7237.kxcdn.com\/de\/files\/2024\/07\/Beitragsbild_Cover-NHB_AdobeStock_1920-1080.jpg 1920w\" sizes=\"auto, (max-width: 660px) 100vw, 660px\"><\/div>\n\n\t\t<\/figure><!-- .preview-media -->\n\n<div class=\"article-preview-text\">\n\t\t<header class=\"entry-header\">\n\t\t\t<h1 class=\"entry-title\"><span>Unser Leit\u00adbild der Nach\u00adhal\u00adtig\u00adkeit: Die Wesent\u00adlich\u00adkeits\u00adma\u00adtrix\t\t<\/span><\/h1><\/header><!-- .entry-header -->\n\t\n\t\t<p>Die <b>Wesent\u00adlich\u00adkeits\u00adma\u00adtrix<\/b> bildet die f\u00fcr ebm-papst rele\u00advan\u00adtesten Themen in den Berei\u00adchen Nach\u00adhal\u00adtig\u00adkeit und Gesch\u00e4fts\u00adent\u00adwick\u00adlung ab. Auf Basis einer umfas\u00adsenden Stake\u00adhol\u00adder\u00adbe\u00adfra\u00adgung im Jahr 2023 haben wir die f\u00fcr ebm-papst und unsere Inter\u00ades\u00adsens\u00adgruppen wich\u00adtigsten <b>\u00f6kolo\u00adgi\u00adschen, sozialen, \u00f6kono\u00admi\u00adschen und produkt\u00adbe\u00adzo\u00adgenen Aspekte<\/b> iden\u00adti\u00adfi\u00adziert und prio\u00adri\u00adsiert.<span class=\"more\">\u00bb<\/span><\/p>\t\n<\/div>\n\t\t<\/a>\n\t<\/article><!-- .preview -->\n\n<\/div>\n\n<div class=\"grid-item grid-item\">\n\n\n<article id=\"post-33745\" class=\"entry-preview entry-preview-no-84 post-33745 post type-post status-publish format-standard hentry category-kaelte-klima category-ventilatoren\">\n\t<a href=\"https:\/\/mag.ebmpapst.com\/de\/branchen\/kaelte-klima\/ventilatoren-fuer-rechenzentren-klimatisierung-kuehlung_33745\/\" rel=\"bookmark\" title=\"Venti\u00adla\u00adtoren f\u00fcr Rechen\u00adzen\u00adtren: Coole Server, sichere Daten\">\n\n\n\n\t\t<figure class=\"preview-media\">\n\t\t\n \n\t\t\t\t<div class=\"m2g-media-wrapper\"><img loading=\"lazy\" decoding=\"async\" width=\"660\" height=\"378\" src=\"https:\/\/ebmpapst-7237.kxcdn.com\/de\/files\/2024\/05\/ebm-papst_datacenter_Bild_6_NTT-DataCenter_inside_-660x378.jpg\" class=\"attachment-medium size-medium\" alt srcset=\"https:\/\/ebmpapst-7237.kxcdn.com\/de\/files\/2024\/05\/ebm-papst_datacenter_Bild_6_NTT-DataCenter_inside_-660x378.jpg 660w, https:\/\/ebmpapst-7237.kxcdn.com\/de\/files\/2024\/05\/ebm-papst_datacenter_Bild_6_NTT-DataCenter_inside_-960x550.jpg 960w, https:\/\/ebmpapst-7237.kxcdn.com\/de\/files\/2024\/05\/ebm-papst_datacenter_Bild_6_NTT-DataCenter_inside_-260x149.jpg 260w, https:\/\/ebmpapst-7237.kxcdn.com\/de\/files\/2024\/05\/ebm-papst_datacenter_Bild_6_NTT-DataCenter_inside_-768x440.jpg 768w, https:\/\/ebmpapst-7237.kxcdn.com\/de\/files\/2024\/05\/ebm-papst_datacenter_Bild_6_NTT-DataCenter_inside_-1536x880.jpg 1536w, https:\/\/ebmpapst-7237.kxcdn.com\/de\/files\/2024\/05\/ebm-papst_datacenter_Bild_6_NTT-DataCenter_inside_-450x258.jpg 450w, https:\/\/ebmpapst-7237.kxcdn.com\/de\/files\/2024\/05\/ebm-papst_datacenter_Bild_6_NTT-DataCenter_inside_-300x172.jpg 300w, https:\/\/ebmpapst-7237.kxcdn.com\/de\/files\/2024\/05\/ebm-papst_datacenter_Bild_6_NTT-DataCenter_inside_.jpg 1920w\" sizes=\"auto, (max-width: 660px) 100vw, 660px\"><\/div>\n\n\t\t<\/figure><!-- .preview-media -->\n\n<div class=\"article-preview-text\">\n\t\t<header class=\"entry-header\">\n\t\t\t<h1 class=\"entry-title\"><span>Venti\u00adla\u00adtoren f\u00fcr Rechen\u00adzen\u00adtren: Coole Server, sichere Daten\t\t<\/span><\/h1><\/header><!-- .entry-header -->\n\t\n\t\t<p>Bei der in <b>Rechen\u00adzen\u00adtren<\/b> unver\u00adzicht\u00adbaren K\u00fchlung ist heute ein <b>ener\u00adgie\u00adbe\u00adwusstes Verhalten<\/b> uner\u00adl\u00e4ss\u00adlich. Ener\u00adgie\u00adef\u00adfi\u00adzi\u00adente Venti\u00adla\u00adtoren mit moderner EC-Tech\u00ad\u00adno\u00ad\u00adlogie tragen dazu bei. Zu den wich\u00adtigsten Eigen\u00adschaften geh\u00f6ren ein m\u00f6glichst ger\u00e4usch\u00adarmer Betrieb sowie eine hohe Verf\u00fcg\u00adbar\u00adkeit. Eine Zustands\u00ad\u00fcber\u00adwa\u00adchung kann vorbeu\u00adgende Wartungs\u00adma\u00df\u00adnahmen erm\u00f6g\u00adli\u00adchen.<span class=\"more\">\u00bb<\/span><\/p>\t\n<\/div>\n\t\t<\/a>\n\t<\/article><!-- .preview -->\n\n<\/div>\n\n<div class=\"grid-item grid-item\">\n\n\n<article id=\"post-33872\" class=\"entry-preview entry-preview-no-85 post-33872 post type-post status-publish format-standard hentry category-kaelte-klima category-ventilatoren\">\n\t<a href=\"https:\/\/mag.ebmpapst.com\/de\/branchen\/kaelte-klima\/radipac-geraeusch-entwicklung-in-rlt-anlagen-vermeiden_33872\/\" rel=\"bookmark\" title=\"RadiPac: Ger\u00e4usch\u00adent\u00adwick\u00adlung in RLT-Anlagen vermeiden\">\n\n\n\n\t\t<figure class=\"preview-media\">\n\t\t\n \n\t\t\t\t<div class=\"m2g-media-wrapper\"><img loading=\"lazy\" decoding=\"async\" width=\"660\" height=\"378\" src=\"https:\/\/ebmpapst-7237.kxcdn.com\/de\/files\/2024\/05\/RadiPac_Collage_ebm-papst-660x378.jpg\" class=\"attachment-medium size-medium\" alt srcset=\"https:\/\/ebmpapst-7237.kxcdn.com\/de\/files\/2024\/05\/RadiPac_Collage_ebm-papst-660x378.jpg 660w, https:\/\/ebmpapst-7237.kxcdn.com\/de\/files\/2024\/05\/RadiPac_Collage_ebm-papst-960x550.jpg 960w, https:\/\/ebmpapst-7237.kxcdn.com\/de\/files\/2024\/05\/RadiPac_Collage_ebm-papst-260x149.jpg 260w, https:\/\/ebmpapst-7237.kxcdn.com\/de\/files\/2024\/05\/RadiPac_Collage_ebm-papst-768x440.jpg 768w, https:\/\/ebmpapst-7237.kxcdn.com\/de\/files\/2024\/05\/RadiPac_Collage_ebm-papst-1536x880.jpg 1536w, https:\/\/ebmpapst-7237.kxcdn.com\/de\/files\/2024\/05\/RadiPac_Collage_ebm-papst-450x258.jpg 450w, https:\/\/ebmpapst-7237.kxcdn.com\/de\/files\/2024\/05\/RadiPac_Collage_ebm-papst-300x172.jpg 300w, https:\/\/ebmpapst-7237.kxcdn.com\/de\/files\/2024\/05\/RadiPac_Collage_ebm-papst.jpg 1920w\" sizes=\"auto, (max-width: 660px) 100vw, 660px\"><\/div>\n\n\t\t<\/figure><!-- .preview-media -->\n\n<div class=\"article-preview-text\">\n\t\t<header class=\"entry-header\">\n\t\t\t<h1 class=\"entry-title\"><span>RadiPac: Ger\u00e4usch\u00adent\u00adwick\u00adlung in RLT-Anlagen vermeiden\t\t<\/span><\/h1><\/header><!-- .entry-header -->\n\t\n\t\t<p>Ger\u00e4usch\u00ademis\u00adsionen beein\u00adtr\u00e4ch\u00adtigen die Leis\u00adtungs\u00adf\u00e4\u00adhig\u00adkeit und Gesund\u00adheit von Menschen ganz unmit\u00adtelbar. Gerade in Innen\u00adr\u00e4umen ist das Thema ein entschei\u00addender Faktor. <b>Die Ursa\u00adchen von Ger\u00e4u\u00adschen bei raum\u00adluft\u00adtech\u00adni\u00adsche Anlagen aufzu\u00adsp\u00fcren und zu besei\u00adtigen<\/b> kann daher ein echter Game\u00adch\u00adanger sein. Leise und effi\u00adzi\u00adente Venti\u00adla\u00adtoren, wie beispiels\u00adweise die der RadiPac-Baureihe, tragen eben\u00adfalls einen Teil dazu bei. <span class=\"more\">\u00bb<\/span><\/p>\t\n<\/div>\n\t\t<\/a>\n\t<\/article><!-- .preview -->\n\n<\/div>\n\n<div class=\"grid-item grid-item\">\n\n\n<article id=\"post-32865\" class=\"entry-preview entry-preview-no-86 post-32865 post type-post status-publish format-standard hentry category-allgemein\">\n\t<a href=\"https:\/\/mag.ebmpapst.com\/de\/allgemein\/weltrekord-formula-student-kompaktluefter-power-to-ground_32865\/\" rel=\"bookmark\" title=\"Formula Student: Welt\u00adre\u00adkord in Sekun\u00adden\u00adschnelle\">\n\n\n\n\t\t<figure class=\"preview-media\">\n\t\t\n \n\t\t\t\t<div class=\"m2g-media-wrapper\"><img loading=\"lazy\" decoding=\"async\" width=\"660\" height=\"371\" src=\"https:\/\/ebmpapst-7237.kxcdn.com\/de\/files\/2024\/04\/AMZ-Racing-erzielt-Weltrekord-mit-E-Fahrzeug-660x371.png\" class=\"attachment-medium size-medium\" alt srcset=\"https:\/\/ebmpapst-7237.kxcdn.com\/de\/files\/2024\/04\/AMZ-Racing-erzielt-Weltrekord-mit-E-Fahrzeug-660x371.png 660w, https:\/\/ebmpapst-7237.kxcdn.com\/de\/files\/2024\/04\/AMZ-Racing-erzielt-Weltrekord-mit-E-Fahrzeug-960x540.png 960w, https:\/\/ebmpapst-7237.kxcdn.com\/de\/files\/2024\/04\/AMZ-Racing-erzielt-Weltrekord-mit-E-Fahrzeug-260x146.png 260w, https:\/\/ebmpapst-7237.kxcdn.com\/de\/files\/2024\/04\/AMZ-Racing-erzielt-Weltrekord-mit-E-Fahrzeug-768x432.png 768w, https:\/\/ebmpapst-7237.kxcdn.com\/de\/files\/2024\/04\/AMZ-Racing-erzielt-Weltrekord-mit-E-Fahrzeug-1536x864.png 1536w, https:\/\/ebmpapst-7237.kxcdn.com\/de\/files\/2024\/04\/AMZ-Racing-erzielt-Weltrekord-mit-E-Fahrzeug-450x253.png 450w, https:\/\/ebmpapst-7237.kxcdn.com\/de\/files\/2024\/04\/AMZ-Racing-erzielt-Weltrekord-mit-E-Fahrzeug-300x169.png 300w, https:\/\/ebmpapst-7237.kxcdn.com\/de\/files\/2024\/04\/AMZ-Racing-erzielt-Weltrekord-mit-E-Fahrzeug.png 1920w\" sizes=\"auto, (max-width: 660px) 100vw, 660px\"><\/div>\n\n\t\t<\/figure><!-- .preview-media -->\n\n<div class=\"article-preview-text\">\n\t\t<header class=\"entry-header\">\n\t\t\t<h1 class=\"entry-title\"><span>Formula Student: Welt\u00adre\u00adkord in <nobr>Sekun\u00adden\u00adschnelle<\/nobr>\t\t<\/span><\/h1><\/header><!-- .entry-header -->\n\t\n\t\t<p>H\u00f6chst\u00adge\u00adschwin\u00addig\u00adkeit ist bei der <b>Formula Student<\/b> gefragt. Und das nicht nur auf der Stra\u00dfe: Bei dem inter\u00adna\u00adtio\u00adnalen Wett\u00adbe\u00adwerb haben die Teams aus Studie\u00adrenden gerade einmal ein Jahr Zeit, um ein renn\u00adtaug\u00adli\u00adches Fahr\u00adzeug zu konzi\u00adpieren, zu bauen und ihr Projekt der Jury gut zu verkaufen. Als tech\u00adni\u00adscher Sponsor unter\u00adst\u00fctzt <b>ebm-papst<\/b> in der Schweiz die Nachwuchsingenieur:innen der ETH Z\u00fcrich und der Berner Fach\u00adhoch\u00adschule \u2013 mit den DiaForce-L\u00fcfter sogar beim Welt\u00adre\u00adkord.<span class=\"more\">\u00bb<\/span><\/p>\t\n<\/div>\n\t\t<\/a>\n\t<\/article><!-- .preview -->\n\n<\/div>\n\n<div class=\"grid-item grid-item\">\n\n\n<article id=\"post-33634\" class=\"entry-preview entry-preview-no-87 post-33634 post type-post status-publish format-standard hentry category-kaelte-klima category-ventilatoren\">\n\t<a href=\"https:\/\/mag.ebmpapst.com\/de\/branchen\/kaelte-klima\/frische-luft-fuer-hochwertige-farben_33634\/\" rel=\"bookmark\" title=\"Frische Luft f\u00fcr hoch\u00adwer\u00adtige Farben\">\n\n\n\n\t\t<figure class=\"preview-media\">\n\t\t\n \n\t\t\t\t<div class=\"m2g-media-wrapper\"><img loading=\"lazy\" decoding=\"async\" width=\"660\" height=\"371\" src=\"https:\/\/ebmpapst-7237.kxcdn.com\/de\/files\/2024\/05\/MercedesBenz_Argentinien_nAnlage-1-Kopie-660x371.jpg\" class=\"attachment-medium size-medium\" alt srcset=\"https:\/\/ebmpapst-7237.kxcdn.com\/de\/files\/2024\/05\/MercedesBenz_Argentinien_nAnlage-1-Kopie-660x371.jpg 660w, https:\/\/ebmpapst-7237.kxcdn.com\/de\/files\/2024\/05\/MercedesBenz_Argentinien_nAnlage-1-Kopie-960x540.jpg 960w, https:\/\/ebmpapst-7237.kxcdn.com\/de\/files\/2024\/05\/MercedesBenz_Argentinien_nAnlage-1-Kopie-260x146.jpg 260w, https:\/\/ebmpapst-7237.kxcdn.com\/de\/files\/2024\/05\/MercedesBenz_Argentinien_nAnlage-1-Kopie-768x432.jpg 768w, https:\/\/ebmpapst-7237.kxcdn.com\/de\/files\/2024\/05\/MercedesBenz_Argentinien_nAnlage-1-Kopie-450x253.jpg 450w, https:\/\/ebmpapst-7237.kxcdn.com\/de\/files\/2024\/05\/MercedesBenz_Argentinien_nAnlage-1-Kopie-300x169.jpg 300w, https:\/\/ebmpapst-7237.kxcdn.com\/de\/files\/2024\/05\/MercedesBenz_Argentinien_nAnlage-1-Kopie.jpg 1200w\" sizes=\"auto, (max-width: 660px) 100vw, 660px\"><\/div>\n\n\t\t<\/figure><!-- .preview-media -->\n\n<div class=\"article-preview-text\">\n\t\t<header class=\"entry-header\">\n\t\t\t<h1 class=\"entry-title\"><span>Frische Luft f\u00fcr hoch\u00adwer\u00adtige Farben\t\t<\/span><\/h1><\/header><!-- .entry-header -->\n\t\n\t\t<p><b>Mercedes-Benz<\/b> moder\u00adni\u00adsiert die <b>L\u00fcftungs\u00adan\u00adlage seiner Lackier\u00adka\u00adbinen<\/b> am Standort Argen\u00adti\u00adnien. Dadurch sichert der Auto\u00admo\u00adbil\u00adher\u00adsteller die <b>Qualit\u00e4t seiner Lackie\u00adrungen<\/b> und sch\u00fctzt die <b>Produk\u00adtion vor Still\u00adst\u00e4nden<\/b>.<span class=\"more\">\u00bb<\/span><\/p>\t\n<\/div>\n\t\t<\/a>\n\t<\/article><!-- .preview -->\n\n<\/div>\n\n<div class=\"grid-item grid-item\">\n\n\n<article id=\"post-33549\" class=\"entry-preview entry-preview-no-88 m2g-video-teaser  post-33549 post type-post status-publish format-standard hentry category-allgemein tag-erneuerbare-energien tag-generatorkuehlung tag-gondelkuehlung tag-kuehlung tag-umrichterkuehlung tag-windkraft\">\n\t<a href=\"https:\/\/mag.ebmpapst.com\/de\/allgemein\/ventilatoren-fuer-windkraftanlagen_33549\/\" rel=\"bookmark\" title=\"Venti\u00adla\u00adtoren f\u00fcr Wind\u00adkraft\u00adan\u00adlagen\">\n\n\n\n\t\t<figure class=\"preview-media\">\n\t\t\n \n\t <div class=\"video-overlay\">\n\t <svg class=\"video-overlay-play-button\" viewBox=\"0 0 200 200\" alt=\"Play video\">\\\n                    <circle cx=\"100\" cy=\"100\" r=\"90\" fill=\"rgba(33,33,33,0.2)\" stroke-width=\"15\" stroke=\"#fff\" \/>\n                    <polygon points=\"70, 55 70, 145 145, 100\" fill=\"#fff\" \/>\n\t <\/svg><\/div>\n \n\t\t\t\t<div class=\"m2g-media-wrapper\">\n<div class=\"video-container\" style=\" background-image: url(https:\/\/ebmpapst-7237.kxcdn.com\/de\/files\/2024\/05\/header_windrad_windturbinen_ventilatoren-960x540.jpg);\"><iframe loading=\"lazy\" class=\"vimeo-iframe\" src=\"https:\/\/player.vimeo.com\/video\/941232779?dnt=1&amp;autoplay=1&amp;loop=1&amp;autopause=0&amp;muted=1&amp;background=1\" width=\"960\" height=\"540\" frameborder=\"0\" allowfullscreen=\"allowfullscreen\"><\/iframe><\/div>\n<\/div>\n\n\t\t<\/figure><!-- .preview-media -->\n\n<div class=\"article-preview-text\">\n\t\t<header class=\"entry-header\">\n\t\t\t<h1 class=\"entry-title\"><span>Venti\u00adla\u00adtoren f\u00fcr Wind\u00adkraft\u00adan\u00adlagen\t\t<\/span><\/h1><\/header><!-- .entry-header -->\n\t\n\t\t<p>Unter den <b>erneu\u00ader\u00adbaren Ener\u00adgien<\/b> gilt die <b>Wind\u00adkraft<\/b> als die mit gro\u00dfem Wachs\u00adtums\u00adpo\u00adten\u00adtial; ihr Anteil am Ener\u00adgie\u00adhaus\u00adhalt wird weiterhin steigen. Dabei nimmt die <b>Leis\u00adtungs\u00adf\u00e4\u00adhig\u00adkeit der Wind\u00adkraft\u00adan\u00adlagen<\/b> gleich\u00adzeitig zu, wozu zum Beispiel Inno\u00adva\u00adtionen bei den verwen\u00addeten Mate\u00adria\u00adlien oder opti\u00admierte Geome\u00adtrien der Fl\u00fcgel beitragen.<span class=\"more\">\u00bb<\/span><\/p>\t\n<\/div>\n\t\t<\/a>\n\t<\/article><!-- .preview -->\n\n<\/div>\n\n<div class=\"grid-item grid-item\">\n\n\n<article id=\"post-32723\" class=\"entry-preview entry-preview-no-89 post-32723 post type-post status-publish format-standard hentry category-kaelte-klima\">\n\t<a href=\"https:\/\/mag.ebmpapst.com\/de\/branchen\/kaelte-klima\/picknpay-distributionszentrum-suedafrika-axicool_32723\/\" rel=\"bookmark\" title=\"Die gr\u00f6\u00dfte K\u00fchl\u00adkammer Afrikas: Distri\u00adbu\u00adti\u00adons\u00adzen\u00adtrum Pick n Pay\">\n\n\n\n\t\t<figure class=\"preview-media\">\n\t\t\n \n\t\t\t\t<div class=\"m2g-media-wrapper\"><img loading=\"lazy\" decoding=\"async\" width=\"660\" height=\"413\" src=\"https:\/\/ebmpapst-7237.kxcdn.com\/de\/files\/2024\/03\/Pick-n-Pay-AMC-Engineers-HC-Heat-Exchangers-Johannesburg-660x413.jpg\" class=\"attachment-medium size-medium\" alt srcset=\"https:\/\/ebmpapst-7237.kxcdn.com\/de\/files\/2024\/03\/Pick-n-Pay-AMC-Engineers-HC-Heat-Exchangers-Johannesburg-660x413.jpg 660w, https:\/\/ebmpapst-7237.kxcdn.com\/de\/files\/2024\/03\/Pick-n-Pay-AMC-Engineers-HC-Heat-Exchangers-Johannesburg-960x600.jpg 960w, https:\/\/ebmpapst-7237.kxcdn.com\/de\/files\/2024\/03\/Pick-n-Pay-AMC-Engineers-HC-Heat-Exchangers-Johannesburg-260x163.jpg 260w, https:\/\/ebmpapst-7237.kxcdn.com\/de\/files\/2024\/03\/Pick-n-Pay-AMC-Engineers-HC-Heat-Exchangers-Johannesburg-768x480.jpg 768w, https:\/\/ebmpapst-7237.kxcdn.com\/de\/files\/2024\/03\/Pick-n-Pay-AMC-Engineers-HC-Heat-Exchangers-Johannesburg-1536x960.jpg 1536w, https:\/\/ebmpapst-7237.kxcdn.com\/de\/files\/2024\/03\/Pick-n-Pay-AMC-Engineers-HC-Heat-Exchangers-Johannesburg-450x281.jpg 450w, https:\/\/ebmpapst-7237.kxcdn.com\/de\/files\/2024\/03\/Pick-n-Pay-AMC-Engineers-HC-Heat-Exchangers-Johannesburg-300x188.jpg 300w, https:\/\/ebmpapst-7237.kxcdn.com\/de\/files\/2024\/03\/Pick-n-Pay-AMC-Engineers-HC-Heat-Exchangers-Johannesburg.jpg 1920w\" sizes=\"auto, (max-width: 660px) 100vw, 660px\"><\/div>\n\n\t\t<\/figure><!-- .preview-media -->\n\n<div class=\"article-preview-text\">\n\t\t<header class=\"entry-header\">\n\t\t\t<h1 class=\"entry-title\"><span>Die gr\u00f6\u00dfte K\u00fchl\u00adkammer Afrikas: Distri\u00adbu\u00adti\u00adons\u00adzen\u00adtrum Pick n Pay\t\t<\/span><\/h1><\/header><!-- .entry-header -->\n\t\n\t\t<p>Das neue Distri\u00adbu\u00adti\u00adons\u00adzen\u00adtrum der <b>Super\u00admarkt\u00adkette Pick n Pay <\/b>bei Johan\u00adnes\u00adburg ist das gr\u00f6\u00dfte in ganz Afrika. Dank des Know-hows des <b>Inge\u00adnieurs\u00adb\u00fcro AMC<\/b> aus Kapstadt und den Ger\u00e4ten des Herstel\u00adlers <b>HC Heat-Exch\u00adan\u00ad\u00adgers<\/b> bleibt die Ware bei geringem Ener\u00adgie\u00adver\u00adbrauch frisch.<span class=\"more\">\u00bb<\/span><\/p>\t\n<\/div>\n\t\t<\/a>\n\t<\/article><!-- .preview -->\n\n<\/div>\n\n<div class=\"grid-item grid-item\">\n\n\n<article id=\"post-32502\" class=\"entry-preview entry-preview-no-90 post-32502 post type-post status-publish format-standard hentry category-einblicke category-maschinen category-motoren category-ventilatoren\">\n\t<a href=\"https:\/\/mag.ebmpapst.com\/de\/einblicke\/die-formel-fuer-den-gesamtwirkungsgrad-von-turboverdichtern_32502\/\" rel=\"bookmark\" title=\"Die Formel f\u00fcr den Gesamt\u00adwir\u00adkungs\u00adgrad von Turbo\u00adver\u00addich\u00adtern\">\n\n\n\n\t\t<figure class=\"preview-media\">\n\t\t\n \n\t\t\t\t<div class=\"m2g-media-wrapper\"><img loading=\"lazy\" decoding=\"async\" width=\"660\" height=\"371\" src=\"https:\/\/ebmpapst-7237.kxcdn.com\/de\/files\/2024\/03\/header_formel_gesamtwirkungsgrad-660x371.png\" class=\"attachment-medium size-medium\" alt srcset=\"https:\/\/ebmpapst-7237.kxcdn.com\/de\/files\/2024\/03\/header_formel_gesamtwirkungsgrad-660x371.png 660w, https:\/\/ebmpapst-7237.kxcdn.com\/de\/files\/2024\/03\/header_formel_gesamtwirkungsgrad-960x540.png 960w, https:\/\/ebmpapst-7237.kxcdn.com\/de\/files\/2024\/03\/header_formel_gesamtwirkungsgrad-260x146.png 260w, https:\/\/ebmpapst-7237.kxcdn.com\/de\/files\/2024\/03\/header_formel_gesamtwirkungsgrad-768x432.png 768w, https:\/\/ebmpapst-7237.kxcdn.com\/de\/files\/2024\/03\/header_formel_gesamtwirkungsgrad-1536x864.png 1536w, https:\/\/ebmpapst-7237.kxcdn.com\/de\/files\/2024\/03\/header_formel_gesamtwirkungsgrad-450x253.png 450w, https:\/\/ebmpapst-7237.kxcdn.com\/de\/files\/2024\/03\/header_formel_gesamtwirkungsgrad-300x169.png 300w, https:\/\/ebmpapst-7237.kxcdn.com\/de\/files\/2024\/03\/header_formel_gesamtwirkungsgrad.png 1920w\" sizes=\"auto, (max-width: 660px) 100vw, 660px\"><\/div>\n\n\t\t<\/figure><!-- .preview-media -->\n\n<div class=\"article-preview-text\">\n\t\t<header class=\"entry-header\">\n\t\t\t<h1 class=\"entry-title\"><span>Die Formel f\u00fcr den Gesamt\u00adwir\u00adkungs\u00adgrad von Turbo\u00adver\u00addich\u00adtern\t\t<\/span><\/h1><\/header><!-- .entry-header -->\n\t\n\t\t<p>Je h\u00f6her der Gesamt\u00adwir\u00adkungs\u00adgrad eines Turbo\u00adver\u00addich\u00adters ist, desto weniger elek\u00adtri\u00adsche Energie braucht er f\u00fcr die gleiche Arbeit. Dabei kommt es auf den Wirkungs\u00adgrad jeder einzelnen Kompo\u00adnente an.<span class=\"more\">\u00bb<\/span><\/p>\t\n<\/div>\n\t\t<\/a>\n\t<\/article><!-- .preview -->\n\n<\/div>\n\n<div class=\"grid-item grid-item\">\n\n\n<article id=\"post-32554\" class=\"entry-preview entry-preview-no-91 post-32554 post type-post status-publish format-standard hentry category-einblicke category-interview category-maschinen\">\n\t<a href=\"https:\/\/mag.ebmpapst.com\/de\/einblicke\/highspeed-turbokompressor-interview_32554\/\" rel=\"bookmark\" title=\"\u201eWir hatten die Exper\u00adtise bereits im Haus\u201c\u2005\">\n\n\n\n\t\t<figure class=\"preview-media\">\n\t\t\n \n\t\t\t\t<div class=\"m2g-media-wrapper\"><img loading=\"lazy\" decoding=\"async\" width=\"660\" height=\"371\" src=\"https:\/\/ebmpapst-7237.kxcdn.com\/de\/files\/2024\/03\/highspeed_highlightprodukt-660x371.jpg\" class=\"attachment-medium size-medium\" alt srcset=\"https:\/\/ebmpapst-7237.kxcdn.com\/de\/files\/2024\/03\/highspeed_highlightprodukt-660x371.jpg 660w, https:\/\/ebmpapst-7237.kxcdn.com\/de\/files\/2024\/03\/highspeed_highlightprodukt-960x540.jpg 960w, https:\/\/ebmpapst-7237.kxcdn.com\/de\/files\/2024\/03\/highspeed_highlightprodukt-260x146.jpg 260w, https:\/\/ebmpapst-7237.kxcdn.com\/de\/files\/2024\/03\/highspeed_highlightprodukt-768x432.jpg 768w, https:\/\/ebmpapst-7237.kxcdn.com\/de\/files\/2024\/03\/highspeed_highlightprodukt-1536x864.jpg 1536w, https:\/\/ebmpapst-7237.kxcdn.com\/de\/files\/2024\/03\/highspeed_highlightprodukt-450x253.jpg 450w, https:\/\/ebmpapst-7237.kxcdn.com\/de\/files\/2024\/03\/highspeed_highlightprodukt-300x169.jpg 300w, https:\/\/ebmpapst-7237.kxcdn.com\/de\/files\/2024\/03\/highspeed_highlightprodukt.jpg 1920w\" sizes=\"auto, (max-width: 660px) 100vw, 660px\"><\/div>\n\n\t\t<\/figure><!-- .preview-media -->\n\n<div class=\"article-preview-text\">\n\t\t<header class=\"entry-header\">\n\t\t\t<h1 class=\"entry-title\"><span>\u201eWir hatten die Exper\u00adtise bereits im Haus\u201c\u2005\t\t<\/span><\/h1><\/header><!-- .entry-header -->\n\t\n\t\t<p>Mit den neuen Turbo\u00adkom\u00adpres\u00adsoren von ebm-papst lassen sich Gase wie Propan oder Isobutan effi\u00adzient kompri\u00admieren. Das kann zum Beispiel in Klima\u00adan\u00adlagen oder W\u00e4rme\u00adpumpen genutzt werden. Wie die Verdichter ganz ohne \u00d6l funk\u00adtio\u00adnieren und warum das beson\u00adders ist, erkl\u00e4rt Philipp Hand\u00adschuh, Abtei\u00adlungs\u00adleiter High\u00adSpeed.<span class=\"more\">\u00bb<\/span><\/p>\t\n<\/div>\n\t\t<\/a>\n\t<\/article><!-- .preview -->\n\n<\/div>\n\n<div class=\"grid-item grid-item\">\n\n\n<article id=\"post-32396\" class=\"entry-preview entry-preview-no-92 post-32396 post type-post status-publish format-standard hentry category-medizin category-ventilatoren\">\n\t<a href=\"https:\/\/mag.ebmpapst.com\/de\/branchen\/medizin\/desinfektionsgeraet-detherma-mukoviszidose_32396\/\" rel=\"bookmark\" title=\"Keime? Wegge\u00adpustet: Desin\u00adfek\u00adti\u00adons\u00adger\u00e4t f\u00fcr Inhaler\">\n\n\n\n\t\t<figure class=\"preview-media\">\n\t\t\n \n\t\t\t\t<div class=\"m2g-media-wrapper\"><img loading=\"lazy\" decoding=\"async\" width=\"660\" height=\"378\" src=\"https:\/\/ebmpapst-7237.kxcdn.com\/de\/files\/2024\/03\/Detherma-GmbH-Muehlhausen-Desinfektionsgeraet_10-1-660x378.jpg\" class=\"attachment-medium size-medium\" alt srcset=\"https:\/\/ebmpapst-7237.kxcdn.com\/de\/files\/2024\/03\/Detherma-GmbH-Muehlhausen-Desinfektionsgeraet_10-1-660x378.jpg 660w, https:\/\/ebmpapst-7237.kxcdn.com\/de\/files\/2024\/03\/Detherma-GmbH-Muehlhausen-Desinfektionsgeraet_10-1-960x550.jpg 960w, https:\/\/ebmpapst-7237.kxcdn.com\/de\/files\/2024\/03\/Detherma-GmbH-Muehlhausen-Desinfektionsgeraet_10-1-260x149.jpg 260w, https:\/\/ebmpapst-7237.kxcdn.com\/de\/files\/2024\/03\/Detherma-GmbH-Muehlhausen-Desinfektionsgeraet_10-1-768x440.jpg 768w, https:\/\/ebmpapst-7237.kxcdn.com\/de\/files\/2024\/03\/Detherma-GmbH-Muehlhausen-Desinfektionsgeraet_10-1-1536x880.jpg 1536w, https:\/\/ebmpapst-7237.kxcdn.com\/de\/files\/2024\/03\/Detherma-GmbH-Muehlhausen-Desinfektionsgeraet_10-1-450x258.jpg 450w, https:\/\/ebmpapst-7237.kxcdn.com\/de\/files\/2024\/03\/Detherma-GmbH-Muehlhausen-Desinfektionsgeraet_10-1-300x172.jpg 300w, https:\/\/ebmpapst-7237.kxcdn.com\/de\/files\/2024\/03\/Detherma-GmbH-Muehlhausen-Desinfektionsgeraet_10-1.jpg 1920w\" sizes=\"auto, (max-width: 660px) 100vw, 660px\"><\/div>\n\n\t\t<\/figure><!-- .preview-media -->\n\n<div class=\"article-preview-text\">\n\t\t<header class=\"entry-header\">\n\t\t\t<h1 class=\"entry-title\"><span>Keime? Wegge\u00adpustet: Desin\u00adfek\u00adti\u00adons\u00adger\u00e4t f\u00fcr Inhaler\t\t<\/span><\/h1><\/header><!-- .entry-header -->\n\t\n\t\t<p>Muko\u00advis\u00adzi\u00addose ist eine schwere Lungen\u00ader\u00adkran\u00adkung. Inha\u00adlieren lindert die Symptome von Erkrankten. Aller\u00addings nur, wenn ihre Medi\u00adka\u00admen\u00adten\u00adver\u00adnebler v\u00f6llig trocken und damit keim\u00adfrei sind. <b>Detherma<\/b> hat daf\u00fcr ein <b>neuar\u00adtiges Desin\u00adfek\u00adti\u00adons\u00adger\u00e4t<\/b> entwi\u00adckelt. Ein kraft\u00advoller Kompakt\u00adl\u00fcfter verteilt darin viel hei\u00dfe Luft.<span class=\"more\">\u00bb<\/span><\/p>\t\n<\/div>\n\t\t<\/a>\n\t<\/article><!-- .preview -->\n\n<\/div>\n\n<div class=\"grid-item grid-item\">\n\n\n<article id=\"post-31252\" class=\"entry-preview entry-preview-no-93 m2g-video-teaser  post-31252 post type-post status-publish format-standard hentry category-kaelte-klima category-motoren\">\n\t<a href=\"https:\/\/mag.ebmpapst.com\/de\/branchen\/kaelte-klima\/bananen-reifetunnel-tropical-caamano-ec-motor_31252\/\" rel=\"bookmark\" title=\"Reife Leis\u00adtung dank EC-Motor\">\n\n\n\n\t\t<figure class=\"preview-media\">\n\t\t\n \n\t <div class=\"video-overlay\">\n\t <svg class=\"video-overlay-play-button\" viewBox=\"0 0 200 200\" alt=\"Play video\">\\\n                    <circle cx=\"100\" cy=\"100\" r=\"90\" fill=\"rgba(33,33,33,0.2)\" stroke-width=\"15\" stroke=\"#fff\" \/>\n                    <polygon points=\"70, 55 70, 145 145, 100\" fill=\"#fff\" \/>\n\t <\/svg><\/div>\n \n\t\t\t\t<div class=\"m2g-media-wrapper\">\n<div class=\"video-container\" style=\" background-image: url(https:\/\/ebmpapst-7237.kxcdn.com\/de\/files\/2024\/02\/ebm-papst_Tropical_Bananenreifetunnel_Aufmacher-960x550.png);\"><iframe loading=\"lazy\" class=\"vimeo-iframe\" src=\"https:\/\/player.vimeo.com\/video\/912520579?dnt=1&amp;autoplay=1&amp;loop=1&amp;autopause=0&amp;muted=1&amp;background=1\" width=\"960\" height=\"540\" frameborder=\"0\" allowfullscreen=\"allowfullscreen\"><\/iframe><\/div>\n<\/div>\n\n\t\t<\/figure><!-- .preview-media -->\n\n<div class=\"article-preview-text\">\n\t\t<header class=\"entry-header\">\n\t\t\t<h1 class=\"entry-title\"><span>Reife Leis\u00adtung dank EC-Motor\t\t<\/span><\/h1><\/header><!-- .entry-header -->\n\t\n\t\t<p>Fr\u00fcchte sind die Leiden\u00adschaft von <b>Tropical Argen\u00adtina SRL<\/b>. Das Unter\u00adnehmen mit Sitz in Buenos Aires lagert Bananen \u2013 und viele weitere Fr\u00fcchte in spezi\u00adellen Reife\u00adtun\u00adneln, bevor sie an Super\u00adm\u00e4rkte und H\u00e4ndler ausge\u00adlie\u00adfert werden. Die neueste von Tropical geplante und gebaute Anlage arbeitet erst\u00admals mit ener\u00adgie\u00adef\u00adfi\u00adzi\u00adenten EC-Motoren von ebm-papst.<span class=\"more\">\u00bb<\/span><\/p>\t\n<\/div>\n\t\t<\/a>\n\t<\/article><!-- .preview -->\n\n<\/div>\n\n<div class=\"grid-item grid-item\">\n\n\n<article id=\"post-32435\" class=\"entry-preview entry-preview-no-94 post-32435 post type-post status-publish format-standard hentry category-einblicke category-ventilatoren\">\n\t<a href=\"https:\/\/mag.ebmpapst.com\/de\/einblicke\/partnerschaft-mit-senai-wissen-das-bleibt_32435\/\" rel=\"bookmark\" title=\"Part\u00adner\u00adschaft mit SENAI: Wissen, das bleibt\">\n\n\n\n\t\t<figure class=\"preview-media\">\n\t\t\n \n\t\t\t\t<div class=\"m2g-media-wrapper\"><img loading=\"lazy\" decoding=\"async\" width=\"660\" height=\"413\" src=\"https:\/\/ebmpapst-7237.kxcdn.com\/de\/files\/2024\/03\/SENAI-School-Sao-Paulo-nachhaltige-Zukunft-660x413.jpg\" class=\"attachment-medium size-medium\" alt srcset=\"https:\/\/ebmpapst-7237.kxcdn.com\/de\/files\/2024\/03\/SENAI-School-Sao-Paulo-nachhaltige-Zukunft-660x413.jpg 660w, https:\/\/ebmpapst-7237.kxcdn.com\/de\/files\/2024\/03\/SENAI-School-Sao-Paulo-nachhaltige-Zukunft-960x600.jpg 960w, https:\/\/ebmpapst-7237.kxcdn.com\/de\/files\/2024\/03\/SENAI-School-Sao-Paulo-nachhaltige-Zukunft-260x163.jpg 260w, https:\/\/ebmpapst-7237.kxcdn.com\/de\/files\/2024\/03\/SENAI-School-Sao-Paulo-nachhaltige-Zukunft-768x480.jpg 768w, https:\/\/ebmpapst-7237.kxcdn.com\/de\/files\/2024\/03\/SENAI-School-Sao-Paulo-nachhaltige-Zukunft-1536x960.jpg 1536w, https:\/\/ebmpapst-7237.kxcdn.com\/de\/files\/2024\/03\/SENAI-School-Sao-Paulo-nachhaltige-Zukunft-450x281.jpg 450w, https:\/\/ebmpapst-7237.kxcdn.com\/de\/files\/2024\/03\/SENAI-School-Sao-Paulo-nachhaltige-Zukunft-300x188.jpg 300w, https:\/\/ebmpapst-7237.kxcdn.com\/de\/files\/2024\/03\/SENAI-School-Sao-Paulo-nachhaltige-Zukunft.jpg 1920w\" sizes=\"auto, (max-width: 660px) 100vw, 660px\"><\/div>\n\n\t\t<\/figure><!-- .preview-media -->\n\n<div class=\"article-preview-text\">\n\t\t<header class=\"entry-header\">\n\t\t\t<h1 class=\"entry-title\"><span>Part\u00adner\u00adschaft mit SENAI: Wissen, das bleibt\t\t<\/span><\/h1><\/header><!-- .entry-header -->\n\t\n\t\t<p>Im neuen Labor der <b>SENAI School in S\u00e3o Paulo<\/b> treffen Theorie und Praxis aufein\u00adander. Mit der Unter\u00adst\u00fct\u00adzung von ebm-papst Brasil bereiten sich die <b>Studie\u00adrenden der K\u00e4lte- und L\u00fcftungs\u00adtechnik<\/b> auf eine nach\u00adhal\u00adtige Zukunft vor. F\u00fcr sich \u2013 und die ganze Branche.<span class=\"more\">\u00bb<\/span><\/p>\t\n<\/div>\n\t\t<\/a>\n\t<\/article><!-- .preview -->\n\n<\/div>\n\n<div class=\"grid-item grid-item\">\n\n\n<article id=\"post-32443\" class=\"entry-preview entry-preview-no-95 post-32443 post type-post status-publish format-standard hentry category-einblicke\">\n\t<a href=\"https:\/\/mag.ebmpapst.com\/de\/einblicke\/interview-cto-tomas-smetana_32443\/\" rel=\"bookmark\" title=\"\u201eInno\u00adva\u00adtion zieht sich als roter Faden durch mein Leben\u201c\">\n\n\n\n\t\t<figure class=\"preview-media\">\n\t\t\n \n\t\t\t\t<div class=\"m2g-media-wrapper\"><img loading=\"lazy\" decoding=\"async\" width=\"660\" height=\"413\" src=\"https:\/\/ebmpapst-7237.kxcdn.com\/de\/files\/2024\/03\/CTO_Tomas_Smetana_ebm-papst_Philipp_Reinhard-660x413.jpg\" class=\"attachment-medium size-medium\" alt style=\"object-position: 50% 0%;\" srcset=\"https:\/\/ebmpapst-7237.kxcdn.com\/de\/files\/2024\/03\/CTO_Tomas_Smetana_ebm-papst_Philipp_Reinhard-660x413.jpg 660w, https:\/\/ebmpapst-7237.kxcdn.com\/de\/files\/2024\/03\/CTO_Tomas_Smetana_ebm-papst_Philipp_Reinhard-960x600.jpg 960w, https:\/\/ebmpapst-7237.kxcdn.com\/de\/files\/2024\/03\/CTO_Tomas_Smetana_ebm-papst_Philipp_Reinhard-260x163.jpg 260w, https:\/\/ebmpapst-7237.kxcdn.com\/de\/files\/2024\/03\/CTO_Tomas_Smetana_ebm-papst_Philipp_Reinhard-768x480.jpg 768w, https:\/\/ebmpapst-7237.kxcdn.com\/de\/files\/2024\/03\/CTO_Tomas_Smetana_ebm-papst_Philipp_Reinhard-1536x960.jpg 1536w, https:\/\/ebmpapst-7237.kxcdn.com\/de\/files\/2024\/03\/CTO_Tomas_Smetana_ebm-papst_Philipp_Reinhard-450x281.jpg 450w, https:\/\/ebmpapst-7237.kxcdn.com\/de\/files\/2024\/03\/CTO_Tomas_Smetana_ebm-papst_Philipp_Reinhard-300x188.jpg 300w, https:\/\/ebmpapst-7237.kxcdn.com\/de\/files\/2024\/03\/CTO_Tomas_Smetana_ebm-papst_Philipp_Reinhard.jpg 1920w\" sizes=\"auto, (max-width: 660px) 100vw, 660px\"><\/div>\n\n\t\t<\/figure><!-- .preview-media -->\n\n<div class=\"article-preview-text\">\n\t\t<header class=\"entry-header\">\n\t\t\t<h1 class=\"entry-title\"><span>\u201eInno\u00adva\u00adtion zieht sich als roter Faden durch mein Leben\u201c\t\t<\/span><\/h1><\/header><!-- .entry-header -->\n\t\n\t\t<p><b>Prof. Dr.-Ing. Tomas Smetana<\/b> ist seit Dezember 2023 <b>Chief Tech\u00adno\u00adlogy Officer der ebm-papst Gruppe<\/b>. Was er in dieser Rolle Inno\u00adva\u00adtives vorhat und wie ebm-papst damit seine Rolle als Tech\u00adno\u00adlo\u00adgie\u00adf\u00fchrer behaupten kann, erz\u00e4hlt er im Inter\u00adview.<span class=\"more\">\u00bb<\/span><\/p>\t\n<\/div>\n\t\t<\/a>\n\t<\/article><!-- .preview -->\n\n<\/div>\n\n<div class=\"grid-item grid-item\">\n\n\n<article id=\"post-32415\" class=\"entry-preview entry-preview-no-96 post-32415 post type-post status-publish format-standard hentry category-kaelte-klima category-medizin category-ventilatoren\">\n\t<a href=\"https:\/\/mag.ebmpapst.com\/de\/branchen\/kaelte-klima\/hightech-fuer-medizinisches-cannabis_32415\/\" rel=\"bookmark\" title=\"High\u00adtech f\u00fcr medi\u00adzi\u00adni\u00adsches Cannabis\">\n\n\n\n\t\t<figure class=\"preview-media\">\n\t\t\n \n\t\t\t\t<div class=\"m2g-media-wrapper\"><img loading=\"lazy\" decoding=\"async\" width=\"660\" height=\"413\" src=\"https:\/\/ebmpapst-7237.kxcdn.com\/de\/files\/2024\/03\/Grow-tec-Klimallco-SA-Israel-Hanf-01-660x413.jpg\" class=\"attachment-medium size-medium\" alt srcset=\"https:\/\/ebmpapst-7237.kxcdn.com\/de\/files\/2024\/03\/Grow-tec-Klimallco-SA-Israel-Hanf-01-660x413.jpg 660w, https:\/\/ebmpapst-7237.kxcdn.com\/de\/files\/2024\/03\/Grow-tec-Klimallco-SA-Israel-Hanf-01-960x600.jpg 960w, https:\/\/ebmpapst-7237.kxcdn.com\/de\/files\/2024\/03\/Grow-tec-Klimallco-SA-Israel-Hanf-01-260x163.jpg 260w, https:\/\/ebmpapst-7237.kxcdn.com\/de\/files\/2024\/03\/Grow-tec-Klimallco-SA-Israel-Hanf-01-768x480.jpg 768w, https:\/\/ebmpapst-7237.kxcdn.com\/de\/files\/2024\/03\/Grow-tec-Klimallco-SA-Israel-Hanf-01-1536x960.jpg 1536w, https:\/\/ebmpapst-7237.kxcdn.com\/de\/files\/2024\/03\/Grow-tec-Klimallco-SA-Israel-Hanf-01-450x281.jpg 450w, https:\/\/ebmpapst-7237.kxcdn.com\/de\/files\/2024\/03\/Grow-tec-Klimallco-SA-Israel-Hanf-01-300x188.jpg 300w, https:\/\/ebmpapst-7237.kxcdn.com\/de\/files\/2024\/03\/Grow-tec-Klimallco-SA-Israel-Hanf-01.jpg 1920w\" sizes=\"auto, (max-width: 660px) 100vw, 660px\"><\/div>\n\n\t\t<\/figure><!-- .preview-media -->\n\n<div class=\"article-preview-text\">\n\t\t<header class=\"entry-header\">\n\t\t\t<h1 class=\"entry-title\"><span>High\u00adtech f\u00fcr medi\u00adzi\u00adni\u00adsches Cannabis\t\t<\/span><\/h1><\/header><!-- .entry-header -->\n\t\n\t\t<p>Der Markt f\u00fcr medi\u00adzi\u00adni\u00adsches Cannabis boomt welt\u00adweit. Das israe\u00adli\u00adsche Unter\u00adnehmen <b>Grow-tec<\/b> bietet die Tech\u00adno\u00adlogie, mit der <b>Hanf\u00adbauern in Indoor-Plan\u00ad\u00adtagen<\/b> eine reiche Ernte einfahren k\u00f6nnen. Dabei spielen die raum\u00adluft\u00adtech\u00adni\u00adschen Anlagen des grie\u00adchi\u00adschen Klima\u00adge\u00adr\u00e4\u00adte\u00adher\u00adstel\u00adlers <b>Klimallco SA<\/b> eine entschei\u00addende Rolle.<span class=\"more\">\u00bb<\/span><\/p>\t\n<\/div>\n\t\t<\/a>\n\t<\/article><!-- .preview -->\n\n<\/div>\n\n<div class=\"grid-item grid-item\">\n\n\n<article id=\"post-31835\" class=\"entry-preview entry-preview-no-97 post-31835 post type-post status-publish format-standard hentry category-kaelte-klima category-ventilatoren\">\n\t<a href=\"https:\/\/mag.ebmpapst.com\/de\/branchen\/kaelte-klima\/artechno-vertical-farming-mit-innovativen-zellen_31835\/\" rel=\"bookmark\" title=\"Artechno: Vertical Farming mit inno\u00adva\u00adtiven Zellen\">\n\n\n\n\t\t<figure class=\"preview-media\">\n\t\t\n \n\t\t\t\t<div class=\"m2g-media-wrapper\"><img loading=\"lazy\" decoding=\"async\" width=\"660\" height=\"371\" src=\"https:\/\/ebmpapst-7237.kxcdn.com\/de\/files\/2024\/03\/vertical-farming_zelle_patrick-de-haan-1-660x371.jpg\" class=\"attachment-medium size-medium\" alt srcset=\"https:\/\/ebmpapst-7237.kxcdn.com\/de\/files\/2024\/03\/vertical-farming_zelle_patrick-de-haan-1-660x371.jpg 660w, https:\/\/ebmpapst-7237.kxcdn.com\/de\/files\/2024\/03\/vertical-farming_zelle_patrick-de-haan-1-960x540.jpg 960w, https:\/\/ebmpapst-7237.kxcdn.com\/de\/files\/2024\/03\/vertical-farming_zelle_patrick-de-haan-1-260x146.jpg 260w, https:\/\/ebmpapst-7237.kxcdn.com\/de\/files\/2024\/03\/vertical-farming_zelle_patrick-de-haan-1-768x432.jpg 768w, https:\/\/ebmpapst-7237.kxcdn.com\/de\/files\/2024\/03\/vertical-farming_zelle_patrick-de-haan-1-1536x864.jpg 1536w, https:\/\/ebmpapst-7237.kxcdn.com\/de\/files\/2024\/03\/vertical-farming_zelle_patrick-de-haan-1-450x253.jpg 450w, https:\/\/ebmpapst-7237.kxcdn.com\/de\/files\/2024\/03\/vertical-farming_zelle_patrick-de-haan-1-300x169.jpg 300w, https:\/\/ebmpapst-7237.kxcdn.com\/de\/files\/2024\/03\/vertical-farming_zelle_patrick-de-haan-1.jpg 1920w\" sizes=\"auto, (max-width: 660px) 100vw, 660px\"><\/div>\n\n\t\t<\/figure><!-- .preview-media -->\n\n<div class=\"article-preview-text\">\n\t\t<header class=\"entry-header\">\n\t\t\t<h1 class=\"entry-title\"><span>Artechno: Vertical Farming mit inno\u00adva\u00adtiven Zellen\t\t<\/span><\/h1><\/header><!-- .entry-header -->\n\t\n\t\t<p><b>Vertical Farming<\/b> steckt vieler\u00adorts noch in den in den Kinder\u00adschuhen. Wenn es nach <b>Artechno Grow\u00adsys\u00adtems<\/b>  geht, wird sich das bald \u00e4ndern: Das nieder\u00adl\u00e4n\u00addi\u00adsche Unter\u00adnehmen erfindet und baut Zellen, in denen Salat, Kr\u00e4uter und Fr\u00fcchte unter perfekten Bedin\u00adgungen wachsen.<span class=\"more\">\u00bb<\/span><\/p>\t\n<\/div>\n\t\t<\/a>\n\t<\/article><!-- .preview -->\n\n<\/div>\n\n<div class=\"grid-item grid-item\">\n\n\n<article id=\"post-32046\" class=\"entry-preview entry-preview-no-98 post-32046 post type-post status-publish format-standard hentry category-geblaese category-heizung tag-brennwerttechnik tag-cleaneco-sense tag-gas-luft-verbund tag-wasserstoff\">\n\t<a href=\"https:\/\/mag.ebmpapst.com\/de\/branchen\/heizung\/gas-luft-verbund-fuer-wasserstoff-cleaneco-sense_32046\/\" rel=\"bookmark\" title=\"Gas-Luft-Verbund f\u00fcr Wasser\u00adstoff: Flexi\u00adbles System f\u00fcr saubere W\u00e4rme\">\n\n\n\n\t\t<figure class=\"preview-media\">\n\t\t\n \n\t\t\t\t<div class=\"m2g-media-wrapper\"><img loading=\"lazy\" decoding=\"async\" width=\"660\" height=\"371\" src=\"https:\/\/ebmpapst-7237.kxcdn.com\/de\/files\/2024\/03\/Verbrennungsregelung-CleanEco-Sense_ebm-papst-660x371.jpg\" class=\"attachment-medium size-medium\" alt srcset=\"https:\/\/ebmpapst-7237.kxcdn.com\/de\/files\/2024\/03\/Verbrennungsregelung-CleanEco-Sense_ebm-papst-660x371.jpg 660w, https:\/\/ebmpapst-7237.kxcdn.com\/de\/files\/2024\/03\/Verbrennungsregelung-CleanEco-Sense_ebm-papst-960x540.jpg 960w, https:\/\/ebmpapst-7237.kxcdn.com\/de\/files\/2024\/03\/Verbrennungsregelung-CleanEco-Sense_ebm-papst-260x146.jpg 260w, https:\/\/ebmpapst-7237.kxcdn.com\/de\/files\/2024\/03\/Verbrennungsregelung-CleanEco-Sense_ebm-papst-768x432.jpg 768w, https:\/\/ebmpapst-7237.kxcdn.com\/de\/files\/2024\/03\/Verbrennungsregelung-CleanEco-Sense_ebm-papst-1536x864.jpg 1536w, https:\/\/ebmpapst-7237.kxcdn.com\/de\/files\/2024\/03\/Verbrennungsregelung-CleanEco-Sense_ebm-papst-450x253.jpg 450w, https:\/\/ebmpapst-7237.kxcdn.com\/de\/files\/2024\/03\/Verbrennungsregelung-CleanEco-Sense_ebm-papst-300x169.jpg 300w, https:\/\/ebmpapst-7237.kxcdn.com\/de\/files\/2024\/03\/Verbrennungsregelung-CleanEco-Sense_ebm-papst.jpg 1920w\" sizes=\"auto, (max-width: 660px) 100vw, 660px\"><\/div>\n\n\t\t<\/figure><!-- .preview-media -->\n\n<div class=\"article-preview-text\">\n\t\t<header class=\"entry-header\">\n\t\t\t<h1 class=\"entry-title\"><span>Gas-Luft-Verbund f\u00fcr Wasser\u00adstoff: Flexi\u00adbles System f\u00fcr saubere W\u00e4rme\t\t<\/span><\/h1><\/header><!-- .entry-header -->\n\t\n\t\t<p>Nur mit klima\u00adfreund\u00adli\u00adchen und effi\u00adzi\u00adenten Heiz\u00adge\u00adr\u00e4ten kann die W\u00e4rme\u00adwende gelingen. Der <b>Gas-Luft-Verbund CleanEco Sense<\/b> von ebm-papst macht es m\u00f6glich, effi\u00adzi\u00adente Heiz\u00adthermen zu bauen, die sich mit Erdgas, Biogas aber auch zu hundert Prozent mit Wasser\u00adstoff betreiben lassen. Damit ist das System eine flexible und zukunfts\u00adf\u00e4\u00adhige L\u00f6sung.<span class=\"more\">\u00bb<\/span><\/p>\t\n<\/div>\n\t\t<\/a>\n\t<\/article><!-- .preview -->\n\n<\/div>\n\n<div class=\"grid-item grid-item\">\n\n\n<article id=\"post-32067\" class=\"entry-preview entry-preview-no-99 m2g-video-teaser  post-32067 post type-post status-publish format-standard hentry category-elektronik category-kaelte-klima category-ventilatoren tag-cloud tag-ec-ventilatoren tag-energie-sparen tag-iaq tag-retrofit tag-wohnraumbelueftung\">\n\t<a href=\"https:\/\/mag.ebmpapst.com\/de\/branchen\/elektronik\/smart-lueften-besser-wohnen-cloud-sensorik-stockholm-exergi_32067\/\" rel=\"bookmark\" title=\"Smart l\u00fcften, besser wohnen: Mit Cloud und Sensorik\">\n\n\n\n\t\t<figure class=\"preview-media\">\n\t\t\n \n\t <div class=\"video-overlay\">\n\t <svg class=\"video-overlay-play-button\" viewBox=\"0 0 200 200\" alt=\"Play video\">\\\n                    <circle cx=\"100\" cy=\"100\" r=\"90\" fill=\"rgba(33,33,33,0.2)\" stroke-width=\"15\" stroke=\"#fff\" \/>\n                    <polygon points=\"70, 55 70, 145 145, 100\" fill=\"#fff\" \/>\n\t <\/svg><\/div>\n \n\t\t\t\t<div class=\"m2g-media-wrapper\">\n<div class=\"video-container\" style=\" background-image: url(https:\/\/ebmpapst-7237.kxcdn.com\/de\/files\/2024\/03\/LBA1974_POC-Stockholm-Exergi_web-960x640.jpg);\"><iframe loading=\"lazy\" class=\"vimeo-iframe\" src=\"https:\/\/player.vimeo.com\/video\/923690948?dnt=1&amp;autoplay=1&amp;loop=1&amp;autopause=0&amp;muted=1&amp;background=1\" width=\"960\" height=\"540\" frameborder=\"0\" allowfullscreen=\"allowfullscreen\"><\/iframe><\/div>\n<\/div>\n\n\t\t<\/figure><!-- .preview-media -->\n\n<div class=\"article-preview-text\">\n\t\t<header class=\"entry-header\">\n\t\t\t<h1 class=\"entry-title\"><span>Smart l\u00fcften, besser wohnen: Mit Cloud und Sensorik\t\t<\/span><\/h1><\/header><!-- .entry-header -->\n\t\n\t\t<p>Strom und W\u00e4rme effi\u00adzient nutzen: Daf\u00fcr moder\u00adni\u00adsiert das Ener\u00adgie\u00adun\u00adter\u00adnehmen <nobr><b>Stock\u00adholm Exergi<\/b><\/nobr> Wohn\u00adge\u00adb\u00e4ude in Schwe\u00addens Haupt\u00adstadt mit Gate\u00adways und Sensoren von <nobr>ebm-papst neo<\/nobr> sowie EC-Dach\u00ad\u00adven\u00ad\u00adti\u00adla\u00ad\u00adtoren von <nobr>ebm-papst<\/nobr>. Diese L\u00f6sung erm\u00f6g\u00adlicht ein bedarfs\u00adge\u00adrechtes L\u00fcften und spart Energie und Kosten.<span class=\"more\">\u00bb<\/span><\/p>\t\n<\/div>\n\t\t<\/a>\n\t<\/article><!-- .preview -->\n\n<\/div>\n\n<div class=\"grid-item grid-item\">\n\n\n<article id=\"post-32057\" class=\"entry-preview entry-preview-no-100 m2g-video-teaser  post-32057 post type-post status-publish format-standard hentry category-kaelte-klima category-ventilatoren\">\n\t<a href=\"https:\/\/mag.ebmpapst.com\/de\/branchen\/kaelte-klima\/digitaler-ruckkuehler-effizienz-betriebssicherheit-heidinger-kappler_32057\/\" rel=\"bookmark\" title=\"Digi\u00adtaler R\u00fcck\u00adk\u00fchler: Next Level Effi\u00adzienz und Betriebs\u00adsi\u00adcher\u00adheit\">\n\n\n\n\t\t<figure class=\"preview-media\">\n\t\t\n \n\t <div class=\"video-overlay\">\n\t <svg class=\"video-overlay-play-button\" viewBox=\"0 0 200 200\" alt=\"Play video\">\\\n                    <circle cx=\"100\" cy=\"100\" r=\"90\" fill=\"rgba(33,33,33,0.2)\" stroke-width=\"15\" stroke=\"#fff\" \/>\n                    <polygon points=\"70, 55 70, 145 145, 100\" fill=\"#fff\" \/>\n\t <\/svg><\/div>\n \n\t\t\t\t<div class=\"m2g-media-wrapper\">\n<div class=\"video-container\" style=\" background-image: url(https:\/\/ebmpapst-7237.kxcdn.com\/de\/files\/2024\/03\/heidinger_brechter_kappler-cnc_dach_anlage-1-960x540.jpg);\"><iframe loading=\"lazy\" class=\"vimeo-iframe\" src=\"https:\/\/player.vimeo.com\/video\/923749443?dnt=1&amp;autoplay=1&amp;loop=1&amp;autopause=0&amp;muted=1&amp;background=1\" width=\"960\" height=\"540\" frameborder=\"0\" allowfullscreen=\"allowfullscreen\"><\/iframe><\/div>\n<\/div>\n\n\t\t<\/figure><!-- .preview-media -->\n\n<div class=\"article-preview-text\">\n\t\t<header class=\"entry-header\">\n\t\t\t<h1 class=\"entry-title\"><span>Digi\u00adtaler R\u00fcck\u00adk\u00fchler: Next Level Effi\u00adzienz und Betriebs\u00adsi\u00adcher\u00adheit\t\t<\/span><\/h1><\/header><!-- .entry-header -->\n\t\n\t\t<p>Mit einem zukunfts\u00adwei\u00adsenden Entwick\u00adlungs\u00adpro\u00adjekt zeigen die Unter\u00adnehmen <b>Heidinger<\/b>, <b>Cabero<\/b> und <b>ebm-papst neo<\/b> bei <b>Kappler CNC<\/b>, wie sich mithilfe eines digi\u00adtalen Zwil\u00adlings die Anla\u00adgen\u00adsi\u00adcher\u00adheit und -effi\u00adzienz auf ein neues Level bringen l\u00e4sst.<span class=\"more\">\u00bb<\/span><\/p>\t\n<\/div>\n\t\t<\/a>\n\t<\/article><!-- .preview -->\n\n<\/div>\n\n\n<div class=\"wp-block-group grid-break m2g-load-next-page  m2g-only-grid-follower\"><div class=\"wp-block-group__inner-container is-layout-flow wp-block-group-is-layout-flow\">\n<div class=\"wp-block-buttons m2g-load-more is-horizontal is-content-justification-center is-nowrap is-layout-flex wp-container-core-buttons-is-layout-fc65f29c wp-block-buttons-is-layout-flex\">\n<div class=\"wp-block-button add-arrow-to-a is-style-fill\"><a class=\"wp-block-button__link has-background has-text-align-center wp-element-button\" href=\"\/de\/start\/start-2\/\" style=\"background-color:#0072bb\">Weitere Artikel laden <i class=\"mgznkr-icon fa fa-chevron-down fas\"><\/i><\/a><\/div>\n<\/div>\n<\/div><\/div>\n","protected":false},"excerpt":{"rendered":"","protected":false},"author":37,"featured_media":0,"parent":0,"menu_order":-1,"comment_status":"closed","ping_status":"closed","template":"page-list2024.php","meta":{"_acf_changed":false,"wp_typography_post_enhancements_disabled":false,"footnotes":""},"class_list":["post-7","page","type-page","status-publish","hentry"],"acf":[],"_links":{"self":[{"href":"https:\/\/mag.ebmpapst.com\/de\/wp-json\/wp\/v2\/pages\/7","targetHints":{"allow":["GET"]}}],"collection":[{"href":"https:\/\/mag.ebmpapst.com\/de\/wp-json\/wp\/v2\/pages"}],"about":[{"href":"https:\/\/mag.ebmpapst.com\/de\/wp-json\/wp\/v2\/types\/page"}],"author":[{"embeddable":true,"href":"https:\/\/mag.ebmpapst.com\/de\/wp-json\/wp\/v2\/users\/37"}],"replies":[{"embeddable":true,"href":"https:\/\/mag.ebmpapst.com\/de\/wp-json\/wp\/v2\/comments?post=7"}],"version-history":[{"count":15,"href":"https:\/\/mag.ebmpapst.com\/de\/wp-json\/wp\/v2\/pages\/7\/revisions"}],"predecessor-version":[{"id":39693,"href":"https:\/\/mag.ebmpapst.com\/de\/wp-json\/wp\/v2\/pages\/7\/revisions\/39693"}],"wp:attachment":[{"href":"https:\/\/mag.ebmpapst.com\/de\/wp-json\/wp\/v2\/media?parent=7"}],"curies":[{"name":"wp","href":"https:\/\/api.w.org\/{rel}","templated":true}]}}